{"id":4592,"date":"2025-04-16T17:02:32","date_gmt":"2025-04-16T15:02:32","guid":{"rendered":"https:\/\/lokart.hu\/?page_id=4592"},"modified":"2025-04-16T17:02:39","modified_gmt":"2025-04-16T15:02:39","slug":"kiallitasok-2023","status":"publish","type":"page","link":"https:\/\/lokart.hu\/en\/kiallitasok-2023\/","title":{"rendered":"Ki\u00e1ll\u00edt\u00e1sok 2023"},"content":{"rendered":"\t\t<div data-elementor-type=\"wp-page\" data-elementor-id=\"4592\" class=\"elementor elementor-4592\" data-elementor-post-type=\"page\">\n\t\t\t\t\t\t<section class=\"elementor-section elementor-top-section elementor-element elementor-element-c86881b elementor-section-height-min-height elementor-section-items-stretch elementor-section-boxed elementor-section-height-default\" data-id=\"c86881b\" data-element_type=\"section\" data-e-type=\"section\" data-settings=\"{&quot;background_background&quot;:&quot;classic&quot;}\">\n\t\t\t\t\t\t\t<div class=\"elementor-background-overlay\"><\/div>\n\t\t\t\t\t\t\t<div class=\"elementor-container elementor-column-gap-default\">\n\t\t\t\t\t<div class=\"elementor-column elementor-col-100 elementor-top-column elementor-element elementor-element-17923269\" data-id=\"17923269\" data-element_type=\"column\" data-e-type=\"column\" data-settings=\"{&quot;background_background&quot;:&quot;classic&quot;,&quot;background_motion_fx_motion_fx_scrolling&quot;:&quot;yes&quot;,&quot;background_motion_fx_translateY_effect&quot;:&quot;yes&quot;,&quot;background_motion_fx_translateY_direction&quot;:&quot;negative&quot;,&quot;background_motion_fx_translateY_speed&quot;:{&quot;unit&quot;:&quot;px&quot;,&quot;size&quot;:&quot;2.5&quot;,&quot;sizes&quot;:[]},&quot;background_motion_fx_translateY_affectedRange&quot;:{&quot;unit&quot;:&quot;%&quot;,&quot;size&quot;:&quot;&quot;,&quot;sizes&quot;:{&quot;start&quot;:0,&quot;end&quot;:100}},&quot;background_motion_fx_devices&quot;:[&quot;desktop&quot;,&quot;tablet&quot;,&quot;mobile&quot;]}\">\n\t\t\t<div class=\"elementor-widget-wrap elementor-element-populated\">\n\t\t\t\t\t<div class=\"elementor-background-overlay\"><\/div>\n\t\t\t\t\t\t<div class=\"elementor-element elementor-element-56d29d82 animated-slow elementor-invisible elementor-widget elementor-widget-heading\" data-id=\"56d29d82\" data-element_type=\"widget\" data-e-type=\"widget\" data-settings=\"{&quot;_animation&quot;:&quot;fadeIn&quot;}\" data-widget_type=\"heading.default\">\n\t\t\t\t<div class=\"elementor-widget-container\">\n\t\t\t\t\t<h1 class=\"elementor-heading-title elementor-size-default\">Lokart<br>Ki\u00e1ll\u00edt\u00e1sok<\/h1>\t\t\t\t<\/div>\n\t\t\t\t<\/div>\n\t\t\t\t<div class=\"elementor-element elementor-element-5bbbb6f3 elementor-icon-list--layout-inline elementor-mobile-align-start elementor-list-item-link-full_width elementor-widget elementor-widget-icon-list\" data-id=\"5bbbb6f3\" data-element_type=\"widget\" data-e-type=\"widget\" data-widget_type=\"icon-list.default\">\n\t\t\t\t<div class=\"elementor-widget-container\">\n\t\t\t\t\t\t\t<ul class=\"elementor-icon-list-items elementor-inline-items\">\n\t\t\t\t\t\t\t<li class=\"elementor-icon-list-item elementor-inline-item\">\n\t\t\t\t\t\t\t\t\t\t<span class=\"elementor-icon-list-text\">80 ki\u00e1ll\u00edt\u00f3<\/span>\n\t\t\t\t\t\t\t\t\t<\/li>\n\t\t\t\t\t\t\t\t<li class=\"elementor-icon-list-item elementor-inline-item\">\n\t\t\t\t\t\t\t\t\t\t\t<span class=\"elementor-icon-list-icon\">\n\t\t\t\t\t\t\t<svg aria-hidden=\"true\" class=\"e-font-icon-svg e-fas-circle\" viewBox=\"0 0 512 512\" xmlns=\"http:\/\/www.w3.org\/2000\/svg\"><path d=\"M256 8C119 8 8 119 8 256s111 248 248 248 248-111 248-248S393 8 256 8z\"><\/path><\/svg>\t\t\t\t\t\t<\/span>\n\t\t\t\t\t\t\t\t\t\t<span class=\"elementor-icon-list-text\">10 helysz\u00ednen<\/span>\n\t\t\t\t\t\t\t\t\t<\/li>\n\t\t\t\t\t\t<\/ul>\n\t\t\t\t\t\t<\/div>\n\t\t\t\t<\/div>\n\t\t\t\t<div class=\"elementor-element elementor-element-503fcc67 elementor-shape-square elementor-grid-1 elementor-widget__width-auto elementor-fixed e-grid-align-center elementor-widget elementor-widget-social-icons\" data-id=\"503fcc67\" data-element_type=\"widget\" data-e-type=\"widget\" data-settings=\"{&quot;_position&quot;:&quot;fixed&quot;}\" data-widget_type=\"social-icons.default\">\n\t\t\t\t<div class=\"elementor-widget-container\">\n\t\t\t\t\t\t\t<div class=\"elementor-social-icons-wrapper elementor-grid\" role=\"list\">\n\t\t\t\t\t\t\t<span class=\"elementor-grid-item\" role=\"listitem\">\n\t\t\t\t\t<a class=\"elementor-icon elementor-social-icon elementor-social-icon-facebook-f elementor-repeater-item-63c08dc\" href=\"https:\/\/www.facebook.com\/lokart.pecs\" target=\"_blank\">\n\t\t\t\t\t\t<span class=\"elementor-screen-only\">Facebook-f<\/span>\n\t\t\t\t\t\t<svg aria-hidden=\"true\" class=\"e-font-icon-svg e-fab-facebook-f\" viewBox=\"0 0 320 512\" xmlns=\"http:\/\/www.w3.org\/2000\/svg\"><path d=\"M279.14 288l14.22-92.66h-88.91v-60.13c0-25.35 12.42-50.06 52.24-50.06h40.42V6.26S260.43 0 225.36 0c-73.22 0-121.08 44.38-121.08 124.72v70.62H22.89V288h81.39v224h100.17V288z\"><\/path><\/svg>\t\t\t\t\t<\/a>\n\t\t\t\t<\/span>\n\t\t\t\t\t\t\t<span class=\"elementor-grid-item\" role=\"listitem\">\n\t\t\t\t\t<a class=\"elementor-icon elementor-social-icon elementor-social-icon-instagram elementor-repeater-item-f90d36f\" href=\"https:\/\/instagram.com\/pecsi_galeriak\" target=\"_blank\">\n\t\t\t\t\t\t<span class=\"elementor-screen-only\">Instagram<\/span>\n\t\t\t\t\t\t<svg aria-hidden=\"true\" class=\"e-font-icon-svg e-fab-instagram\" viewBox=\"0 0 448 512\" xmlns=\"http:\/\/www.w3.org\/2000\/svg\"><path d=\"M224.1 141c-63.6 0-114.9 51.3-114.9 114.9s51.3 114.9 114.9 114.9S339 319.5 339 255.9 287.7 141 224.1 141zm0 189.6c-41.1 0-74.7-33.5-74.7-74.7s33.5-74.7 74.7-74.7 74.7 33.5 74.7 74.7-33.6 74.7-74.7 74.7zm146.4-194.3c0 14.9-12 26.8-26.8 26.8-14.9 0-26.8-12-26.8-26.8s12-26.8 26.8-26.8 26.8 12 26.8 26.8zm76.1 27.2c-1.7-35.9-9.9-67.7-36.2-93.9-26.2-26.2-58-34.4-93.9-36.2-37-2.1-147.9-2.1-184.9 0-35.8 1.7-67.6 9.9-93.9 36.1s-34.4 58-36.2 93.9c-2.1 37-2.1 147.9 0 184.9 1.7 35.9 9.9 67.7 36.2 93.9s58 34.4 93.9 36.2c37 2.1 147.9 2.1 184.9 0 35.9-1.7 67.7-9.9 93.9-36.2 26.2-26.2 34.4-58 36.2-93.9 2.1-37 2.1-147.8 0-184.8zM398.8 388c-7.8 19.6-22.9 34.7-42.6 42.6-29.5 11.7-99.5 9-132.1 9s-102.7 2.6-132.1-9c-19.6-7.8-34.7-22.9-42.6-42.6-11.7-29.5-9-99.5-9-132.1s-2.6-102.7 9-132.1c7.8-19.6 22.9-34.7 42.6-42.6 29.5-11.7 99.5-9 132.1-9s102.7-2.6 132.1 9c19.6 7.8 34.7 22.9 42.6 42.6 11.7 29.5 9 99.5 9 132.1s2.7 102.7-9 132.1z\"><\/path><\/svg>\t\t\t\t\t<\/a>\n\t\t\t\t<\/span>\n\t\t\t\t\t\t\t<span class=\"elementor-grid-item\" role=\"listitem\">\n\t\t\t\t\t<a class=\"elementor-icon elementor-social-icon elementor-social-icon-youtube elementor-repeater-item-90b4e82\" href=\"https:\/\/youtube.com\/@pecsigaleriak\" target=\"_blank\">\n\t\t\t\t\t\t<span class=\"elementor-screen-only\">Youtube<\/span>\n\t\t\t\t\t\t<svg aria-hidden=\"true\" class=\"e-font-icon-svg e-fab-youtube\" viewBox=\"0 0 576 512\" xmlns=\"http:\/\/www.w3.org\/2000\/svg\"><path d=\"M549.655 124.083c-6.281-23.65-24.787-42.276-48.284-48.597C458.781 64 288 64 288 64S117.22 64 74.629 75.486c-23.497 6.322-42.003 24.947-48.284 48.597-11.412 42.867-11.412 132.305-11.412 132.305s0 89.438 11.412 132.305c6.281 23.65 24.787 41.5 48.284 47.821C117.22 448 288 448 288 448s170.78 0 213.371-11.486c23.497-6.321 42.003-24.171 48.284-47.821 11.412-42.867 11.412-132.305 11.412-132.305s0-89.438-11.412-132.305zm-317.51 213.508V175.185l142.739 81.205-142.739 81.201z\"><\/path><\/svg>\t\t\t\t\t<\/a>\n\t\t\t\t<\/span>\n\t\t\t\t\t<\/div>\n\t\t\t\t\t\t<\/div>\n\t\t\t\t<\/div>\n\t\t\t\t\t<\/div>\n\t\t<\/div>\n\t\t\t\t\t<\/div>\n\t\t<\/section>\n\t\t\t\t<section class=\"elementor-section elementor-top-section elementor-element elementor-element-63bbf6c4 elementor-section-boxed elementor-section-height-default elementor-section-height-default\" data-id=\"63bbf6c4\" data-element_type=\"section\" data-e-type=\"section\" data-settings=\"{&quot;background_background&quot;:&quot;classic&quot;}\">\n\t\t\t\t\t\t<div class=\"elementor-container elementor-column-gap-no\">\n\t\t\t\t\t<div class=\"elementor-column elementor-col-100 elementor-top-column elementor-element elementor-element-71047b23\" data-id=\"71047b23\" data-element_type=\"column\" data-e-type=\"column\">\n\t\t\t<div class=\"elementor-widget-wrap elementor-element-populated\">\n\t\t\t\t\t\t<div class=\"elementor-element elementor-element-351b894c elementor-gallery--filter-align-left elementor-widget elementor-widget-gallery\" data-id=\"351b894c\" data-element_type=\"widget\" data-e-type=\"widget\" data-settings=\"{&quot;columns&quot;:3,&quot;aspect_ratio&quot;:&quot;1:1&quot;,&quot;gap_mobile&quot;:{&quot;unit&quot;:&quot;px&quot;,&quot;size&quot;:&quot;5&quot;,&quot;sizes&quot;:[]},&quot;overlay_title&quot;:&quot;title&quot;,&quot;overlay_description&quot;:&quot;description&quot;,&quot;background_overlay_hover_animation&quot;:&quot;enter-from-bottom&quot;,&quot;lazyload&quot;:&quot;yes&quot;,&quot;gallery_layout&quot;:&quot;grid&quot;,&quot;columns_tablet&quot;:2,&quot;columns_mobile&quot;:1,&quot;gap&quot;:{&quot;unit&quot;:&quot;px&quot;,&quot;size&quot;:10,&quot;sizes&quot;:[]},&quot;gap_tablet&quot;:{&quot;unit&quot;:&quot;px&quot;,&quot;size&quot;:10,&quot;sizes&quot;:[]},&quot;show_all_galleries&quot;:&quot;yes&quot;,&quot;overlay_background&quot;:&quot;yes&quot;,&quot;content_hover_animation&quot;:&quot;fade-in&quot;}\" data-widget_type=\"gallery.default\">\n\t\t\t\t<div class=\"elementor-widget-container\">\n\t\t\t\t\t\t\t\t<div class=\"elementor-gallery__titles-container e--pointer-underline e--animation-fade\" aria-label=\"Gallery filter\">\n\t\t\t\t\t\t\t\t\t<a class=\"elementor-item elementor-gallery-title\" role=\"button\" tabindex=\"0\" data-gallery-index=\"all\">\n\t\t\t\t\t\t\t\t\t\t\t<\/a>\n\t\t\t\t\n\t\t\t\t\t\t\t\t\t<a class=\"elementor-item elementor-gallery-title\" role=\"button\" tabindex=\"0\" data-gallery-index=\"0\">\n\t\t\t\t\t\tKir\u00e1ly u. 9\t\t\t\t\t<\/a>\n\t\t\t\t\t\t\t\t\t\t<a class=\"elementor-item elementor-gallery-title\" role=\"button\" tabindex=\"0\" data-gallery-index=\"1\">\n\t\t\t\t\t\tKir\u00e1ly u. 38\t\t\t\t\t<\/a>\n\t\t\t\t\t\t\t\t\t\t<a class=\"elementor-item elementor-gallery-title\" role=\"button\" tabindex=\"0\" data-gallery-index=\"2\">\n\t\t\t\t\t\tKir\u00e1ly u. 50\t\t\t\t\t<\/a>\n\t\t\t\t\t\t\t\t\t\t<a class=\"elementor-item elementor-gallery-title\" role=\"button\" tabindex=\"0\" data-gallery-index=\"3\">\n\t\t\t\t\t\tM21 Gal\u00e9ria\t\t\t\t\t<\/a>\n\t\t\t\t\t\t\t\t\t\t<a class=\"elementor-item elementor-gallery-title\" role=\"button\" tabindex=\"0\" data-gallery-index=\"4\">\n\t\t\t\t\t\tE26\t\t\t\t\t<\/a>\n\t\t\t\t\t\t\t\t\t\t<a class=\"elementor-item elementor-gallery-title\" role=\"button\" tabindex=\"0\" data-gallery-index=\"5\">\n\t\t\t\t\t\tZsolnay Negyed P\u00e1lmah\u00e1z\t\t\t\t\t<\/a>\n\t\t\t\t\t\t\t\t\t\t<a class=\"elementor-item elementor-gallery-title\" role=\"button\" tabindex=\"0\" data-gallery-index=\"6\">\n\t\t\t\t\t\tZSOLNAY NEGYED PARK\t\t\t\t\t<\/a>\n\t\t\t\t\t\t\t\t\t\t<a class=\"elementor-item elementor-gallery-title\" role=\"button\" tabindex=\"0\" data-gallery-index=\"7\">\n\t\t\t\t\t\tANCORA ART GAL\u00c9RIA\t\t\t\t\t<\/a>\n\t\t\t\t\t\t\t\t\t\t<a class=\"elementor-item elementor-gallery-title\" role=\"button\" tabindex=\"0\" data-gallery-index=\"8\">\n\t\t\t\t\t\tM\u0171v\u00e9szetek \u00e9s Irodalom H\u00e1za\t\t\t\t\t<\/a>\n\t\t\t\t\t\t\t\t\t\t<a class=\"elementor-item elementor-gallery-title\" role=\"button\" tabindex=\"0\" data-gallery-index=\"9\">\n\t\t\t\t\t\tP\u00e9csi Gal\u00e9ria\t\t\t\t\t<\/a>\n\t\t\t\t\t\t\t\t<\/div>\n\t\t\t\t\t<div class=\"elementor-gallery__container\">\n\t\t\t\t\t\t\t<div class=\"e-gallery-item elementor-gallery-item elementor-animated-content\" data-e-gallery-tags=\"0\" tabindex=\"0\">\n\t\t\t\t\t<div class=\"e-gallery-image elementor-gallery-item__image\" data-thumbnail=\"https:\/\/lokart.hu\/wp-content\/uploads\/2023\/06\/IMG-8614-768x768.jpg\" data-width=\"768\" data-height=\"768\" aria-label=\"\" role=\"img\" ><\/div>\n\t\t\t\t\t\t\t\t\t\t\t<div class=\"elementor-gallery-item__overlay\"><\/div>\n\t\t\t\t\t\t\t\t\t\t\t\t\t\t\t<div class=\"elementor-gallery-item__content\">\n\t\t\t\t\t\t\t\t\t\t\t\t\t\t<div class=\"elementor-gallery-item__title\">\n\t\t\t\t\t\t\t\t\t\t\t\t\t\t\t\t\t\t\/\/ SZACSVA Y P\u00c1L \/\/\t\t\t\t\t\t\t\t<\/div>\n\t\t\t\t\t\t\t\t\t\t\t\t\t\t\t<div class=\"elementor-gallery-item__description\">\n\t\t\t\t\t\t\t\t\t\t\t\t\t\t\t\t\t\tFest\u0151m\u0171v\u00e9sz, tagja a MAM\u0170 T\u00e1rsas\u00e1gnak. Munk\u00e1ihoz vide\u00f3t \u00e9s fot\u00f3t is felhaszn\u00e1l. Install\u00e1ci\u00f3kat is k\u00e9sz\u00edt. Munk\u00e1it t\u00f6bb d\u00edjjal \u00e9s \u00f6szt\u00f6nd\u00edjjal jutalmazt\u00e1k.\t\t\t\t\t\t\t\t<\/div>\n\t\t\t\t\t\t\t\t\t\t\t\t<\/div>\n\t\t\t\t\t\t\t\t\t<\/div>\n\t\t\t\t\t\t\t<div class=\"e-gallery-item elementor-gallery-item elementor-animated-content\" data-e-gallery-tags=\"0\" tabindex=\"0\">\n\t\t\t\t\t<div class=\"e-gallery-image elementor-gallery-item__image\" data-thumbnail=\"https:\/\/lokart.hu\/wp-content\/uploads\/2023\/06\/IMG-8616-768x768.jpg\" data-width=\"768\" data-height=\"768\" aria-label=\"\" role=\"img\" ><\/div>\n\t\t\t\t\t\t\t\t\t\t\t<div class=\"elementor-gallery-item__overlay\"><\/div>\n\t\t\t\t\t\t\t\t\t\t\t\t\t\t\t<div class=\"elementor-gallery-item__content\">\n\t\t\t\t\t\t\t\t\t\t\t\t\t\t<div class=\"elementor-gallery-item__title\">\n\t\t\t\t\t\t\t\t\t\t\t\t\t\t\t\t\t\t\/\/ SZEGEDY-MASZ\u00c1K ZOLT\u00c1N \/\/\t\t\t\t\t\t\t\t<\/div>\n\t\t\t\t\t\t\t\t\t\t\t\t\t\t\t<div class=\"elementor-gallery-item__description\">\n\t\t\t\t\t\t\t\t\t\t\t\t\t\t\t\t\t\tM\u0171v\u00e9szi megk\u00f6zel\u00edt\u00e9s\u00e9t a technikai m\u00e9diumokhoz szorosan kapcsol\u00f3d\u00f3 k\u00eds\u00e9rletez\u00e9s jellemzi. Szegedy-Masz\u00e1k a m\u00e9diumok sz\u00e9les spektrum\u00e1t haszn\u00e1lja m\u0171veiben, a hagyom\u00e1nyos k\u00e9miai alap\u00fa fotogr\u00e1fiai elj\u00e1r\u00e1sokt\u00f3l a fest\u00e9szeten \u00e9s a grafik\u00e1n \u00e1t az interakt\u00edv virtu\u00e1lis \u00e9s kiterjesztett val\u00f3s\u00e1g install\u00e1ci\u00f3kig.\n\t\t\t\t\t\t\t\t<\/div>\n\t\t\t\t\t\t\t\t\t\t\t\t<\/div>\n\t\t\t\t\t\t\t\t\t<\/div>\n\t\t\t\t\t\t\t<div class=\"e-gallery-item elementor-gallery-item elementor-animated-content\" data-e-gallery-tags=\"0\" tabindex=\"0\">\n\t\t\t\t\t<div class=\"e-gallery-image elementor-gallery-item__image\" data-thumbnail=\"https:\/\/lokart.hu\/wp-content\/uploads\/2023\/06\/Mario-Matokovic-1-768x768.jpg\" data-width=\"768\" data-height=\"768\" aria-label=\"\" role=\"img\" ><\/div>\n\t\t\t\t\t\t\t\t\t\t\t<div class=\"elementor-gallery-item__overlay\"><\/div>\n\t\t\t\t\t\t\t\t\t\t\t\t\t\t\t<div class=\"elementor-gallery-item__content\">\n\t\t\t\t\t\t\t\t\t\t\t\t\t\t<div class=\"elementor-gallery-item__title\">\n\t\t\t\t\t\t\t\t\t\t\t\t\t\t\t\t\t\t\/\/ MARIO MATOKOVI\u0106 \/\/\t\t\t\t\t\t\t\t<\/div>\n\t\t\t\t\t\t\t\t\t\t\t\t\t\t\t<div class=\"elementor-gallery-item__description\">\n\t\t\t\t\t\t\t\t\t\t\t\t\t\t\t\t\t\tMunk\u00e1imban a k\u00f6z\u00f6ss\u00e9g le\u00e9p\u00fcl\u00e9s\u00e9nek folyamata \u00e9s a k\u00f6rnyezetem pusztul\u00e1sa \u00e9rdekel, amelyben nap mint nap \u00e9lek. A t\u00e1rsadalmi elhanyagol\u00e1s, a rombol\u00e1s, a nepotizmus, az elnyom\u00e1s \u00e9s \u00edgy tov\u00e1bb, \"norm\u00e1v\u00e1\" v\u00e1lt, \u00e9s a (nem) m\u0171k\u00f6d\u00e9s ilyen m\u00f3dja reakci\u00f3t v\u00e1lt ki bel\u0151lem, \u00e9s ennek k\u00f6vetkezt\u00e9ben sz\u00fcletnek meg a munk\u00e1im, amelyek v\u00e9gs\u0151 c\u00e9lja nem a t\u00e1rsadalom megv\u00e1ltoztat\u00e1sa, csup\u00e1n a probl\u00e9m\u00e1k megjelen\u00edt\u00e9se, amellyel k\u00f6z\u00f6ss\u00e9geink nap mint nap tal\u00e1lkoznak.\t\t\t\t\t\t\t\t<\/div>\n\t\t\t\t\t\t\t\t\t\t\t\t<\/div>\n\t\t\t\t\t\t\t\t\t<\/div>\n\t\t\t\t\t\t\t<div class=\"e-gallery-item elementor-gallery-item elementor-animated-content\" data-e-gallery-tags=\"0\" tabindex=\"0\">\n\t\t\t\t\t<div class=\"e-gallery-image elementor-gallery-item__image\" data-thumbnail=\"https:\/\/lokart.hu\/wp-content\/uploads\/2023\/06\/Ines-Matijevic-768x768.jpg\" data-width=\"768\" data-height=\"768\" aria-label=\"\" role=\"img\" ><\/div>\n\t\t\t\t\t\t\t\t\t\t\t<div class=\"elementor-gallery-item__overlay\"><\/div>\n\t\t\t\t\t\t\t\t\t\t\t\t\t\t\t<div class=\"elementor-gallery-item__content\">\n\t\t\t\t\t\t\t\t\t\t\t\t\t\t<div class=\"elementor-gallery-item__title\">\n\t\t\t\t\t\t\t\t\t\t\t\t\t\t\t\t\t\t\/\/ INES MATIJEVI\u0106 CAKI\u0106 \/\/\t\t\t\t\t\t\t\t<\/div>\n\t\t\t\t\t\t\t\t\t\t\t\t\t\t\t<div class=\"elementor-gallery-item__description\">\n\t\t\t\t\t\t\t\t\t\t\t\t\t\t\t\t\t\tInes eg\u00e9sz m\u0171ve er\u0151sen autoreferenci\u00e1lis jelleg\u0171, \u00e9s ezek a von\u00e1sok egy\u00e9rtelm\u0171en jelen vannak ebben a m\u0171v\u00e9ben is. A m\u00faltbeli helyzetekre val\u00f3 reflexi\u00f3j\u00e1t szimboliz\u00e1lj\u00e1k a k\u00e9pek \u00e9s a mot\u00edvumok, a v\u00e1ratlan \u00e9s kisz\u00e1m\u00edthatatlan mindennapi \u00e9letr\u0151l val\u00f3 elm\u00e9lked\u00e9st, az \u00e9rzelmi \u00e1llapotok sokf\u00e9les\u00e9g\u00e9t l\u00e1thatjuk minden egyes rajzban \u00e9s az install\u00e1ci\u00f3 eg\u00e9sz\u00e9ben is.\t\t\t\t\t\t\t\t<\/div>\n\t\t\t\t\t\t\t\t\t\t\t\t<\/div>\n\t\t\t\t\t\t\t\t\t<\/div>\n\t\t\t\t\t\t\t<div class=\"e-gallery-item elementor-gallery-item elementor-animated-content\" data-e-gallery-tags=\"0\" tabindex=\"0\">\n\t\t\t\t\t<div class=\"e-gallery-image elementor-gallery-item__image\" data-thumbnail=\"https:\/\/lokart.hu\/wp-content\/uploads\/2023\/06\/SZIJ-KAMILLA.png\" data-width=\"600\" data-height=\"600\" aria-label=\"\" role=\"img\" ><\/div>\n\t\t\t\t\t\t\t\t\t\t\t<div class=\"elementor-gallery-item__overlay\"><\/div>\n\t\t\t\t\t\t\t\t\t\t\t\t\t\t\t<div class=\"elementor-gallery-item__content\">\n\t\t\t\t\t\t\t\t\t\t\t\t\t\t<div class=\"elementor-gallery-item__title\">\n\t\t\t\t\t\t\t\t\t\t\t\t\t\t\t\t\t\t\/\/ SZ\u00cdJ KAMILLA & KO\u00d3S G\u00c1BOR \/\/\t\t\t\t\t\t\t\t<\/div>\n\t\t\t\t\t\t\t\t\t\t\t\t\t\t\t<div class=\"elementor-gallery-item__description\">\n\t\t\t\t\t\t\t\t\t\t\t\t\t\t\t\t\t\tKo\u00f3s G\u00e1bor munk\u00e1ira jellemz\u0151 az \u00f6szt\u00f6nz\u0151 sz\u00e1nd\u00e9ka, hogy meg\u0151rizzen \u00e9letrajzi vonatkoz\u00e1s\u00fa helyeket \u00e9s t\u00e1rgyakat \u00e9s egyben k\u00f6zel\u00edtsen azon \u00e1ltal\u00e1nosabb \u00e9rdekl\u0151d\u00e9s fel\u00e9, hogy felt\u00e1rja, reproduk\u00e1lja \u00e9s ez\u00e1ltal kisaj\u00e1t\u00edtsa a teret \u00e9s annak meghat\u00e1roz\u00f3 strukt\u00far\u00e1j\u00e1t. \nSz\u00edj Kamilla\/\/A rajzair\u00f3l besz\u00e9lve p\u00e9ld\u00e1ul ezeket a szavakat haszn\u00e1lja: \nhidegt\u0171, pap\u00edr, ceruza, redukci\u00f3, strukt\u00fara, szab\u00e1lyok, d\u00f6nt\u00e9sek, elem, vonal, s\u0171r\u0171s\u00f6d\u00e9s, ritkul\u00e1s.  Ezek az eszk\u00f6z\u00f6k k\u00fcl\u00f6n-k\u00fcl\u00f6n, \u00f6nmagukban nem tartalmazz\u00e1k a l\u00e9nyeget. A rajzai koncentr\u00e1tumok; egy r\u00e9szt pr\u00f3b\u00e1l l\u00e9trehozni vel\u00fck, amely az eg\u00e9szre utal.\n\t\t\t\t\t\t\t\t<\/div>\n\t\t\t\t\t\t\t\t\t\t\t\t<\/div>\n\t\t\t\t\t\t\t\t\t<\/div>\n\t\t\t\t\t\t\t<div class=\"e-gallery-item elementor-gallery-item elementor-animated-content\" data-e-gallery-tags=\"0\" tabindex=\"0\">\n\t\t\t\t\t<div class=\"e-gallery-image elementor-gallery-item__image\" data-thumbnail=\"https:\/\/lokart.hu\/wp-content\/uploads\/2023\/06\/NAGY-ADAM-768x768.jpg\" data-width=\"768\" data-height=\"768\" aria-label=\"\" role=\"img\" ><\/div>\n\t\t\t\t\t\t\t\t\t\t\t<div class=\"elementor-gallery-item__overlay\"><\/div>\n\t\t\t\t\t\t\t\t\t\t\t\t\t\t\t<div class=\"elementor-gallery-item__content\">\n\t\t\t\t\t\t\t\t\t\t\t\t\t\t<div class=\"elementor-gallery-item__title\">\n\t\t\t\t\t\t\t\t\t\t\t\t\t\t\t\t\t\t\/\/ SZAB\u00d3 \u00c1D\u00c1M \/\/\t\t\t\t\t\t\t\t<\/div>\n\t\t\t\t\t\t\t\t\t\t\t\t<\/div>\n\t\t\t\t\t\t\t\t\t<\/div>\n\t\t\t\t\t\t\t<div class=\"e-gallery-item elementor-gallery-item elementor-animated-content\" data-e-gallery-tags=\"0\" tabindex=\"0\">\n\t\t\t\t\t<div class=\"e-gallery-image elementor-gallery-item__image\" data-thumbnail=\"https:\/\/lokart.hu\/wp-content\/uploads\/2023\/06\/VARNAI-GYULA.png\" data-width=\"600\" data-height=\"600\" aria-label=\"\" role=\"img\" ><\/div>\n\t\t\t\t\t\t\t\t\t\t\t<div class=\"elementor-gallery-item__overlay\"><\/div>\n\t\t\t\t\t\t\t\t\t\t\t\t\t\t\t<div class=\"elementor-gallery-item__content\">\n\t\t\t\t\t\t\t\t\t\t\t\t\t\t<div class=\"elementor-gallery-item__title\">\n\t\t\t\t\t\t\t\t\t\t\t\t\t\t\t\t\t\t\/\/ V\u00c1RNAI GYULA \/\/\t\t\t\t\t\t\t\t<\/div>\n\t\t\t\t\t\t\t\t\t\t\t\t\t\t\t<div class=\"elementor-gallery-item__description\">\n\t\t\t\t\t\t\t\t\t\t\t\t\t\t\t\t\t\tA nagym\u00e9ret\u0171 install\u00e1ci\u00f3ir\u00f3l sz\u00e9les k\u00f6rben ismert m\u0171v\u00e9sz \nmatematikai \u00e9s fizikai h\u00e1ttere a gyakorlat\u00e1nak nagy r\u00e9sz\u00e9t meghat\u00e1rozza. V\u00e1rnai m\u0171vei a m\u0171v\u00e9szi \u00e9s a h\u00e9tk\u00f6znapi k\u00f6z\u00f6tti finom hat\u00e1rvonalon mozognak, \u00e9s h\u00e9tk\u00f6znapi anyagokb\u00f3l alkot felt\u0171n\u0151 assembl\u00e1zsokat. Munk\u00e1it sz\u00e1mos ki\u00e1ll\u00edt\u00e1son mutatt\u00e1k be Eur\u00f3pa- \u00e9s az Egyes\u00fclt \u00c1llamok-szerte. \t\t\t\t\t\t\t\t<\/div>\n\t\t\t\t\t\t\t\t\t\t\t\t<\/div>\n\t\t\t\t\t\t\t\t\t<\/div>\n\t\t\t\t\t\t\t<div class=\"e-gallery-item elementor-gallery-item elementor-animated-content\" data-e-gallery-tags=\"0\" tabindex=\"0\">\n\t\t\t\t\t<div class=\"e-gallery-image elementor-gallery-item__image\" data-thumbnail=\"https:\/\/lokart.hu\/wp-content\/uploads\/2023\/06\/IMG-8623-768x768.jpg\" data-width=\"768\" data-height=\"768\" aria-label=\"\" role=\"img\" ><\/div>\n\t\t\t\t\t\t\t\t\t\t\t<div class=\"elementor-gallery-item__overlay\"><\/div>\n\t\t\t\t\t\t\t\t\t\t\t\t\t\t\t<div class=\"elementor-gallery-item__content\">\n\t\t\t\t\t\t\t\t\t\t\t\t\t\t<div class=\"elementor-gallery-item__title\">\n\t\t\t\t\t\t\t\t\t\t\t\t\t\t\t\t\t\tANIM\u00c1CI\u00d3T\u00d6RT\u00c9NETI KI\u00c1LL\u00cdT\u00c1S\t\t\t\t\t\t\t\t<\/div>\n\t\t\t\t\t\t\t\t\t\t\t\t\t\t\t<div class=\"elementor-gallery-item__description\">\n\t\t\t\t\t\t\t\t\t\t\t\t\t\t\t\t\t\tJ\u00fanius 21-25. k\u00f6z\u00f6tt l\u00e1togathat\u00f3 14.00-18.00\n\t\t\t\t\t\t\t\t<\/div>\n\t\t\t\t\t\t\t\t\t\t\t\t<\/div>\n\t\t\t\t\t\t\t\t\t<\/div>\n\t\t\t\t\t\t\t<div class=\"e-gallery-item elementor-gallery-item elementor-animated-content\" data-e-gallery-tags=\"1\" tabindex=\"0\">\n\t\t\t\t\t<div class=\"e-gallery-image elementor-gallery-item__image\" data-thumbnail=\"https:\/\/lokart.hu\/wp-content\/uploads\/2023\/06\/nemes-csaba.png\" data-width=\"602\" data-height=\"599\" aria-label=\"\" role=\"img\" ><\/div>\n\t\t\t\t\t\t\t\t\t\t\t<div class=\"elementor-gallery-item__overlay\"><\/div>\n\t\t\t\t\t\t\t\t\t\t\t\t\t\t\t<div class=\"elementor-gallery-item__content\">\n\t\t\t\t\t\t\t\t\t\t\t\t\t\t<div class=\"elementor-gallery-item__title\">\n\t\t\t\t\t\t\t\t\t\t\t\t\t\t\t\t\t\t\/\/NEMES CSABA \u00c9S TAN\u00cdTV\u00c1NYAI\/\/\t\t\t\t\t\t\t\t<\/div>\n\t\t\t\t\t\t\t\t\t\t\t\t<\/div>\n\t\t\t\t\t\t\t\t\t<\/div>\n\t\t\t\t\t\t\t<div class=\"e-gallery-item elementor-gallery-item elementor-animated-content\" data-e-gallery-tags=\"1\" tabindex=\"0\">\n\t\t\t\t\t<div class=\"e-gallery-image elementor-gallery-item__image\" data-thumbnail=\"https:\/\/lokart.hu\/wp-content\/uploads\/2023\/06\/Palatinus-768x768.jpg\" data-width=\"768\" data-height=\"768\" aria-label=\"\" role=\"img\" ><\/div>\n\t\t\t\t\t\t\t\t\t\t\t<div class=\"elementor-gallery-item__overlay\"><\/div>\n\t\t\t\t\t\t\t\t\t\t\t\t\t\t\t<div class=\"elementor-gallery-item__content\">\n\t\t\t\t\t\t\t\t\t\t\t\t\t\t<div class=\"elementor-gallery-item__title\">\n\t\t\t\t\t\t\t\t\t\t\t\t\t\t\t\t\t\t\/\/PALATINUS D\u00d3RA \u00c9S TAN\u00cdTV\u00c1NYAI\/\/\t\t\t\t\t\t\t\t<\/div>\n\t\t\t\t\t\t\t\t\t\t\t\t<\/div>\n\t\t\t\t\t\t\t\t\t<\/div>\n\t\t\t\t\t\t\t<div class=\"e-gallery-item elementor-gallery-item elementor-animated-content\" data-e-gallery-tags=\"2\" tabindex=\"0\">\n\t\t\t\t\t<div class=\"e-gallery-image elementor-gallery-item__image\" data-thumbnail=\"https:\/\/lokart.hu\/wp-content\/uploads\/2023\/06\/OroszK-768x768.jpg\" data-width=\"768\" data-height=\"768\" aria-label=\"\" role=\"img\" ><\/div>\n\t\t\t\t\t\t\t\t\t\t\t<div class=\"elementor-gallery-item__overlay\"><\/div>\n\t\t\t\t\t\t\t\t\t\t\t\t\t\t\t<div class=\"elementor-gallery-item__content\">\n\t\t\t\t\t\t\t\t\t\t\t\t\t\t<div class=\"elementor-gallery-item__title\">\n\t\t\t\t\t\t\t\t\t\t\t\t\t\t\t\t\t\t\/\/ PARAZITA GEOMETRIA \/\/\t\t\t\t\t\t\t\t<\/div>\n\t\t\t\t\t\t\t\t\t\t\t\t\t\t\t<div class=\"elementor-gallery-item__description\">\n\t\t\t\t\t\t\t\t\t\t\t\t\t\t\t\t\t\tOROSZ KL\u00c1RA \u00e9s BABIC M\u00cdRA, B\u00d3V\u00c1RI FANNI, HORTI \u00c1GNES ANNA, KUNKLI D\u00d3RA, a PTE KPVK m\u00e1sod\u00e9ves K\u00f6rnyezetkult\u00fara szakos hallgat\u00f3inak egy\u00fcttm\u0171k\u00f6d\u00e9s\u00e9vel l\u00e9trej\u00f6tt projekt. \n\n\u00dajrahasznos\u00edtott hull\u00e1mkarton alapanyagb\u00f3l hoztunk l\u00e9tre t\u00e9rspecifikus install\u00e1ci\u00f3t, amelyn\u00e9l modul\u00e1ris elemekb\u0151l \u00e1ll\u00f3 geometriai rendszereket alkalmaztunk. \nA modularit\u00e1st, mint konstrukci\u00f3s mint\u00e1t, rendez\u0151 elvet vizsg\u00e1ltuk a design, formatervez\u00e9s ter\u00fclet\u00e9n konkr\u00e9t gyakorlatban megtal\u00e1lhat\u00f3 p\u00e9ld\u00e1kon kereszt\u00fcl. \t\t\t\t\t\t\t\t<\/div>\n\t\t\t\t\t\t\t\t\t\t\t\t<\/div>\n\t\t\t\t\t\t\t\t\t<\/div>\n\t\t\t\t\t\t\t<div class=\"e-gallery-item elementor-gallery-item elementor-animated-content\" data-e-gallery-tags=\"3\" tabindex=\"0\">\n\t\t\t\t\t<div class=\"e-gallery-image elementor-gallery-item__image\" data-thumbnail=\"https:\/\/lokart.hu\/wp-content\/uploads\/2023\/06\/KORODY-ZSUZSANNA-1.png\" data-width=\"600\" data-height=\"600\" aria-label=\"\" role=\"img\" ><\/div>\n\t\t\t\t\t\t\t\t\t\t\t<div class=\"elementor-gallery-item__overlay\"><\/div>\n\t\t\t\t\t\t\t\t\t\t\t\t\t\t\t<div class=\"elementor-gallery-item__content\">\n\t\t\t\t\t\t\t\t\t\t\t\t\t\t<div class=\"elementor-gallery-item__title\">\n\t\t\t\t\t\t\t\t\t\t\t\t\t\t\t\t\t\t\/\/ K\u00d3R\u00d3DY ZSUZSANNA \/\/\t\t\t\t\t\t\t\t<\/div>\n\t\t\t\t\t\t\t\t\t\t\t\t\t\t\t<div class=\"elementor-gallery-item__description\">\n\t\t\t\t\t\t\t\t\t\t\t\t\t\t\t\t\t\tMindig r\u00e9tegekben gondolkodom. A r\u00e9tegek p\u00e1rhuzamos \u00e9s mer\u0151leges k\u00e9peket eredm\u00e9nyeznek, amelyek t\u00e9rben \u00e9s id\u0151ben egyar\u00e1nt mozognak, \u00e9s ism\u00e9tl\u0151d\u0151 ritmus jellemzi \u0151ket. A legt\u00f6bb sorozatom a k\u00fcl\u00f6nb\u00f6z\u0151 k\u00e9perny\u0151k t\u00e9m\u00e1ja k\u00f6r\u00fcl forog, \u00e9s a digit\u00e1lis k\u00f6rnyezet\u00fcnkre reflekt\u00e1l.\n\t\t\t\t\t\t\t\t<\/div>\n\t\t\t\t\t\t\t\t\t\t\t\t<\/div>\n\t\t\t\t\t\t\t\t\t<\/div>\n\t\t\t\t\t\t\t<div class=\"e-gallery-item elementor-gallery-item elementor-animated-content\" data-e-gallery-tags=\"3\" tabindex=\"0\">\n\t\t\t\t\t<div class=\"e-gallery-image elementor-gallery-item__image\" data-thumbnail=\"https:\/\/lokart.hu\/wp-content\/uploads\/2023\/06\/KOVES-EVA.png\" data-width=\"440\" data-height=\"440\" aria-label=\"\" role=\"img\" ><\/div>\n\t\t\t\t\t\t\t\t\t\t\t<div class=\"elementor-gallery-item__overlay\"><\/div>\n\t\t\t\t\t\t\t\t\t\t\t\t\t\t\t<div class=\"elementor-gallery-item__content\">\n\t\t\t\t\t\t\t\t\t\t\t\t\t\t<div class=\"elementor-gallery-item__title\">\n\t\t\t\t\t\t\t\t\t\t\t\t\t\t\t\t\t\t\/\/ K\u00d6VES \u00c9VA \/\/\t\t\t\t\t\t\t\t<\/div>\n\t\t\t\t\t\t\t\t\t\t\t\t\t\t\t<div class=\"elementor-gallery-item__description\">\n\t\t\t\t\t\t\t\t\t\t\t\t\t\t\t\t\t\tKor\u00e1bban a m\u0171v\u00e9sz alkot\u00e1sain ugyan\u00fagy megf\u00e9rtek az ipari vagy mesters\u00e9ges t\u00e1jr\u00e9szletek \u2013 \u00e9p\u00edtett strukt\u00far\u00e1k, \u00e1llv\u00e1nyzatok, t\u00e9rk\u0151mint\u00e1zatok \u2013 mint a geometrikus absztrakci\u00f3 k\u00fcl\u00f6nb\u00f6z\u0151 k\u00e9pz\u0151dm\u00e9nyei. A 2010-es \u00e9vek k\u00f6zep\u00e9t\u0151l a h\u00e9tk\u00f6znapi, l\u00e1that\u00f3 val\u00f3s\u00e1gt\u00f3l a term\u00e9szet elemi-struktur\u00e1lis rendszerei, szerkezetei fel\u00e9 fordult figyelme. Fragmentum- \u00e9s koll\u00e1zsszer\u0171 m\u0171vei m\u00e1r nem konkr\u00e9t \u201el\u00e1tv\u00e1ny-t\u00e9m\u00e1kra\u201d \u00e9p\u00fclnek, mint ink\u00e1bb a percepci\u00f3 mechanizmus\u00e1nak modell\u00e1l\u00e1s\u00e1ra t\u00f6rekednek.\t\t\t\t\t\t\t\t<\/div>\n\t\t\t\t\t\t\t\t\t\t\t\t<\/div>\n\t\t\t\t\t\t\t\t\t<\/div>\n\t\t\t\t\t\t\t<div class=\"e-gallery-item elementor-gallery-item elementor-animated-content\" data-e-gallery-tags=\"3\" tabindex=\"0\">\n\t\t\t\t\t<div class=\"e-gallery-image elementor-gallery-item__image\" data-thumbnail=\"https:\/\/lokart.hu\/wp-content\/uploads\/2023\/06\/GASPAR-GYORGY.png\" data-width=\"600\" data-height=\"600\" aria-label=\"\" role=\"img\" ><\/div>\n\t\t\t\t\t\t\t\t\t\t\t<div class=\"elementor-gallery-item__overlay\"><\/div>\n\t\t\t\t\t\t\t\t\t\t\t\t\t\t\t<div class=\"elementor-gallery-item__content\">\n\t\t\t\t\t\t\t\t\t\t\t\t\t\t<div class=\"elementor-gallery-item__title\">\n\t\t\t\t\t\t\t\t\t\t\t\t\t\t\t\t\t\t\/\/ G\u00c1SP\u00c1R GY\u00d6RGY \/\/\t\t\t\t\t\t\t\t<\/div>\n\t\t\t\t\t\t\t\t\t\t\t\t\t\t\t<div class=\"elementor-gallery-item__description\">\n\t\t\t\t\t\t\t\t\t\t\t\t\t\t\t\t\t\tAz \u00fcveg m\u00e9dium m\u0171v\u00e9szi, els\u0151sorban szobr\u00e1szati min\u0151s\u00e9g\u00e9nek felt\u00e1r\u00e1s\u00e1ra helyezi a hangs\u00falyt az\u00e1ltal, hogy mag\u00e1t a m\u0171fajt is megk\u00e9rd\u0151jelezi, \u00e9s \u00fajra\u00e9rtelmezi annak k\u00eds\u00e9rleti lehet\u0151s\u00e9geit. \u00dcvegobjektjeinek sz\u00e1nd\u00e9ka kev\u00e9sb\u00e9 illuz\u00f3rikus, sokkal ink\u00e1bb a csal\u00f3ka optikai jelens\u00e9g mechanizmus\u00e1nak felt\u00e1r\u00e1sa \u00e9s bemutat\u00e1sa.\n\t\t\t\t\t\t\t\t<\/div>\n\t\t\t\t\t\t\t\t\t\t\t\t<\/div>\n\t\t\t\t\t\t\t\t\t<\/div>\n\t\t\t\t\t\t\t<div class=\"e-gallery-item elementor-gallery-item elementor-animated-content\" data-e-gallery-tags=\"3\" tabindex=\"0\">\n\t\t\t\t\t<div class=\"e-gallery-image elementor-gallery-item__image\" data-thumbnail=\"https:\/\/lokart.hu\/wp-content\/uploads\/2023\/06\/DSC_0228_robi20171219-768x512.jpg\" data-width=\"768\" data-height=\"512\" aria-label=\"\" role=\"img\" ><\/div>\n\t\t\t\t\t\t\t\t\t\t\t<div class=\"elementor-gallery-item__overlay\"><\/div>\n\t\t\t\t\t\t\t\t\t\t\t\t\t\t\t<div class=\"elementor-gallery-item__content\">\n\t\t\t\t\t\t\t\t\t\t\t\t\t\t<div class=\"elementor-gallery-item__title\">\n\t\t\t\t\t\t\t\t\t\t\t\t\t\t\t\t\t\t\/\/ EL\u0150D \u00c1GNES \/\/\t\t\t\t\t\t\t\t<\/div>\n\t\t\t\t\t\t\t\t\t\t\t\t\t\t\t<div class=\"elementor-gallery-item__description\">\n\t\t\t\t\t\t\t\t\t\t\t\t\t\t\t\t\t\tA Magyar K\u00e9pz\u0151m\u0171v\u00e9szeti F\u0151iskola szobr\u00e1sz szak\u00e1n diplom\u00e1zott m\u0171v\u00e9sz 1996 \u00f3ta \u00e1ll\u00edt ki rendszeresen magyar \u00e9s nemzetk\u00f6zi ki\u00e1ll\u00edt\u00f3helyeken. Objekteket, printeket \u00e9s helyspecifikus install\u00e1ci\u00f3kat k\u00e9sz\u00edtett. 1998-ban kezdett sz\u00e1m\u00edt\u00f3g\u00e9pes m\u0171veket k\u00e9sz\u00edteni. Dr\u00f3nos szobrokat 2016 \u00f3ta k\u00e9sz\u00edt, amelyeket nagy \u00e1llami rendezv\u00e9nyeken mutattak be, t\u00f6bbek k\u00f6z\u00f6tt a Buckingham Palot\u00e1ban, vagy a Tajvani Kaohsiung M\u0171v\u00e9szeti K\u00f6zpontban.\t\t\t\t\t\t\t\t<\/div>\n\t\t\t\t\t\t\t\t\t\t\t\t<\/div>\n\t\t\t\t\t\t\t\t\t<\/div>\n\t\t\t\t\t\t\t<div class=\"e-gallery-item elementor-gallery-item elementor-animated-content\" data-e-gallery-tags=\"3\" tabindex=\"0\">\n\t\t\t\t\t<div class=\"e-gallery-image elementor-gallery-item__image\" data-thumbnail=\"https:\/\/lokart.hu\/wp-content\/uploads\/2023\/06\/BULLAS-JOZSEF.png\" data-width=\"600\" data-height=\"600\" aria-label=\"\" role=\"img\" ><\/div>\n\t\t\t\t\t\t\t\t\t\t\t<div class=\"elementor-gallery-item__overlay\"><\/div>\n\t\t\t\t\t\t\t\t\t\t\t\t\t\t\t<div class=\"elementor-gallery-item__content\">\n\t\t\t\t\t\t\t\t\t\t\t\t\t\t<div class=\"elementor-gallery-item__title\">\n\t\t\t\t\t\t\t\t\t\t\t\t\t\t\t\t\t\t\/\/ BULL\u00c1S J\u00d3ZSEF \/\/\t\t\t\t\t\t\t\t<\/div>\n\t\t\t\t\t\t\t\t\t\t\t\t\t\t\t<div class=\"elementor-gallery-item__description\">\n\t\t\t\t\t\t\t\t\t\t\t\t\t\t\t\t\t\tA PTE K\u00e9pz\u0151m\u0171v\u00e9szeti Tansz\u00e9k adjunktusa. Munk\u00e1i mind a magyar mind pedig a nemzetk\u00f6zi sz\u00ednt\u00e9ren reflekt\u00e1lnak a kort\u00e1rs fest\u00e9szet geometrikus, valamint op-art tendenci\u00e1ira. Festm\u00e9nyein egy olyan k\u00e9pi gyakorlat bontakozik ki, melyben a sz\u00edn- \u00e9s formakombin\u00e1ci\u00f3k egy v\u00e9gtelennek t\u0171n\u0151 s\u00edkon terjeszkednek el, \u00e9s az ornamentika, a gesztus \u00e9s a geometria szint\u00e9zis\u00e9ben \u00f6ltenek testet. \t\t\t\t\t\t\t\t<\/div>\n\t\t\t\t\t\t\t\t\t\t\t\t<\/div>\n\t\t\t\t\t\t\t\t\t<\/div>\n\t\t\t\t\t\t\t<div class=\"e-gallery-item elementor-gallery-item elementor-animated-content\" data-e-gallery-tags=\"3\" tabindex=\"0\">\n\t\t\t\t\t<div class=\"e-gallery-image elementor-gallery-item__image\" data-thumbnail=\"https:\/\/lokart.hu\/wp-content\/uploads\/2023\/06\/makra-zoltan-768x768.jpg\" data-width=\"768\" data-height=\"768\" aria-label=\"\" role=\"img\" ><\/div>\n\t\t\t\t\t\t\t\t\t\t\t<div class=\"elementor-gallery-item__overlay\"><\/div>\n\t\t\t\t\t\t\t\t\t\t\t\t\t\t\t<div class=\"elementor-gallery-item__content\">\n\t\t\t\t\t\t\t\t\t\t\t\t\t\t<div class=\"elementor-gallery-item__title\">\n\t\t\t\t\t\t\t\t\t\t\t\t\t\t\t\t\t\t\/\/ MAKRA ZOLT\u00c1N \/\/\t\t\t\t\t\t\t\t<\/div>\n\t\t\t\t\t\t\t\t\t\t\t\t\t\t\t<div class=\"elementor-gallery-item__description\">\n\t\t\t\t\t\t\t\t\t\t\t\t\t\t\t\t\t\tM\u0171t\u00edpusai a tov\u00e1bbgondolt absztrakci\u00f3 lehet\u0151s\u00e9geit k\u00edn\u00e1lja fel, geometri\u00e1i a val\u00f3s\u00e1g \u00e9s az ill\u00fazi\u00f3 sokszor \u00f6sszemos\u00f3d\u00f3 hat\u00e1r\u00e1n egyens\u00falyoznak. Sz\u00e1m\u00e1ra nem a val\u00f3s\u00e1g \u00fajrateremt\u00e9se, hanem \u00faj vizu\u00e1lis strukt\u00far\u00e1k l\u00e9trehoz\u00e1sa az els\u0151dleges szempont.\n\n\t\t\t\t\t\t\t\t<\/div>\n\t\t\t\t\t\t\t\t\t\t\t\t<\/div>\n\t\t\t\t\t\t\t\t\t<\/div>\n\t\t\t\t\t\t\t<div class=\"e-gallery-item elementor-gallery-item elementor-animated-content\" data-e-gallery-tags=\"3\" tabindex=\"0\">\n\t\t\t\t\t<div class=\"e-gallery-image elementor-gallery-item__image\" data-thumbnail=\"https:\/\/lokart.hu\/wp-content\/uploads\/2023\/06\/Somody-Peter-768x1024.jpg\" data-width=\"768\" data-height=\"1024\" aria-label=\"\" role=\"img\" ><\/div>\n\t\t\t\t\t\t\t\t\t\t\t<div class=\"elementor-gallery-item__overlay\"><\/div>\n\t\t\t\t\t\t\t\t\t\t\t\t\t\t\t<div class=\"elementor-gallery-item__content\">\n\t\t\t\t\t\t\t\t\t\t\t\t\t\t<div class=\"elementor-gallery-item__title\">\n\t\t\t\t\t\t\t\t\t\t\t\t\t\t\t\t\t\t\/\/ SOMODY P\u00c9TER \/\/\t\t\t\t\t\t\t\t<\/div>\n\t\t\t\t\t\t\t\t\t\t\t\t\t\t\t<div class=\"elementor-gallery-item__description\">\n\t\t\t\t\t\t\t\t\t\t\t\t\t\t\t\t\t\tJelenleg a PTE M\u0171v\u00e9szeti Kar, Fest\u00e9szet Tansz\u00e9k egyetemi tan\u00e1ra, Munk\u00e1cs Mih\u00e1ly-d\u00edjas fest\u0151m\u0171v\u00e9sz. Festm\u00e9nyein kev\u00e9s eszk\u00f6zzel komplex eszt\u00e9tikai tartalom kifejez\u00e9s\u00e9re t\u00f6rekszik. M\u0171v\u00e9szetfiloz\u00f3fi\u00e1ja mag\u00e1ra a m\u0171alkot\u00e1s anyag\u00e1ra \u00e9p\u00fcl, annak adotts\u00e1gaib\u00f3l t\u00e1rja fel az anyagban benne rejl\u0151 szubsztanci\u00e1t.\t\t\t\t\t\t\t\t<\/div>\n\t\t\t\t\t\t\t\t\t\t\t\t<\/div>\n\t\t\t\t\t\t\t\t\t<\/div>\n\t\t\t\t\t\t\t<div class=\"e-gallery-item elementor-gallery-item elementor-animated-content\" data-e-gallery-tags=\"3\" tabindex=\"0\">\n\t\t\t\t\t<div class=\"e-gallery-image elementor-gallery-item__image\" data-thumbnail=\"https:\/\/lokart.hu\/wp-content\/uploads\/2023\/06\/Ernszt-Andras--768x768.jpg\" data-width=\"768\" data-height=\"768\" aria-label=\"\" role=\"img\" ><\/div>\n\t\t\t\t\t\t\t\t\t\t\t<div class=\"elementor-gallery-item__overlay\"><\/div>\n\t\t\t\t\t\t\t\t\t\t\t\t\t\t\t<div class=\"elementor-gallery-item__content\">\n\t\t\t\t\t\t\t\t\t\t\t\t\t\t<div class=\"elementor-gallery-item__title\">\n\t\t\t\t\t\t\t\t\t\t\t\t\t\t\t\t\t\t\/\/ ERNSZT ANDR\u00c1S \/\/\t\t\t\t\t\t\t\t<\/div>\n\t\t\t\t\t\t\t\t\t\t\t\t\t\t\t<div class=\"elementor-gallery-item__description\">\n\t\t\t\t\t\t\t\t\t\t\t\t\t\t\t\t\t\tErnszt Andr\u00e1s P\u00e9csett \u00e9l\u0151 \u00e9s alkot\u00f3 m\u0171v\u00e9sz. 2022-ben Munk\u00e1csy Mih\u00e1ly-d\u00edjjal t\u00fcntett\u00e9k ki, 2003-ban a Strabag Fest\u00e9szeti D\u00edj d\u00edjazottjai k\u00f6z\u00f6tt volt.\nNon-figur\u00e1lis m\u0171veire a struktur\u00e1lts\u00e1g, dinamikuss\u00e1g, r\u00e9tegz\u0151d\u00e9s jellemz\u0151, melyek a term\u00e9szetut\u00e1nz\u00e1s- \u00e9s k\u00f6zels\u00e9g illuz\u00f3rikus volt\u00e1t er\u0151s\u00edtik.\nA ki\u00e1ll\u00edt\u00e1son bemutat\u00e1sra ker\u00fcl\u0151 k\u00e9t munk\u00e1n a festett fel\u00fcletek dinamik\u00e1ja, lend\u00fclete a mozg\u00e1s \u00e9rzet\u00e9t kelti. A k\u00e9pek fest\u0151i fel\u00fcleteire n\u00f6v\u00e9nyi form\u00e1kra eml\u00e9keztet\u0151 mot\u00edvumok ker\u00fcltek, ezek egy\u00fcttese egy term\u00e9szeti l\u00e1tv\u00e1ny eml\u00e9k\u00e9t, ill\u00fazi\u00f3j\u00e1t id\u00e9zi. \t\t\t\t\t\t\t\t<\/div>\n\t\t\t\t\t\t\t\t\t\t\t\t<\/div>\n\t\t\t\t\t\t\t\t\t<\/div>\n\t\t\t\t\t\t\t<div class=\"e-gallery-item elementor-gallery-item elementor-animated-content\" data-e-gallery-tags=\"3\" tabindex=\"0\">\n\t\t\t\t\t<div class=\"e-gallery-image elementor-gallery-item__image\" data-thumbnail=\"https:\/\/lokart.hu\/wp-content\/uploads\/2023\/06\/LOSONCZY-ISTVAN-768x768.jpg\" data-width=\"768\" data-height=\"768\" aria-label=\"\" role=\"img\" ><\/div>\n\t\t\t\t\t\t\t\t\t\t\t<div class=\"elementor-gallery-item__overlay\"><\/div>\n\t\t\t\t\t\t\t\t\t\t\t\t\t\t\t<div class=\"elementor-gallery-item__content\">\n\t\t\t\t\t\t\t\t\t\t\t\t\t\t<div class=\"elementor-gallery-item__title\">\n\t\t\t\t\t\t\t\t\t\t\t\t\t\t\t\t\t\t\/\/ LOSONCZY ISTV\u00c1N \/\/\t\t\t\t\t\t\t\t<\/div>\n\t\t\t\t\t\t\t\t\t\t\t\t\t\t\t<div class=\"elementor-gallery-item__description\">\n\t\t\t\t\t\t\t\t\t\t\t\t\t\t\t\t\t\tMunk\u00e1it a fest\u00e9szet analitikus megk\u00f6zel\u00edt\u00e9se jellemzi. Olyan fest\u00e9szeti alapprobl\u00e9m\u00e1k foglalkoztatj\u00e1k, mint a sz\u00ednviszonyok, a form\u00e1k \u00e9s a sz\u00ednek, a sz\u00edn\u00e9rt\u00e9kek, fel\u00fcletek \u00e9s a kompoz\u00edci\u00f3 kapcsolata vagy a t\u00e9r megjelen\u00edt\u00e9s\u00e9nek probl\u00e9m\u00e1ja k\u00fcl\u00f6nb\u00f6z\u0151 fest\u00e9szeti eszk\u00f6z\u00f6kkel, melyeket sz\u00edntani \u00e9s t\u00e9relm\u00e9leti kutat\u00e1sokra alapozva dolgoz fel, sok esetben nonfigurat\u00edv sorozatokon, ciklusokon kereszt\u00fcl. \t\t\t\t\t\t\t\t<\/div>\n\t\t\t\t\t\t\t\t\t\t\t\t<\/div>\n\t\t\t\t\t\t\t\t\t<\/div>\n\t\t\t\t\t\t\t<div class=\"e-gallery-item elementor-gallery-item elementor-animated-content\" data-e-gallery-tags=\"3\" tabindex=\"0\">\n\t\t\t\t\t<div class=\"e-gallery-image elementor-gallery-item__image\" data-thumbnail=\"https:\/\/lokart.hu\/wp-content\/uploads\/2023\/06\/JEREMIE-SETTON-768x745.jpg\" data-width=\"768\" data-height=\"745\" aria-label=\"\" role=\"img\" ><\/div>\n\t\t\t\t\t\t\t\t\t\t\t<div class=\"elementor-gallery-item__overlay\"><\/div>\n\t\t\t\t\t\t\t\t\t\t\t\t\t\t\t<div class=\"elementor-gallery-item__content\">\n\t\t\t\t\t\t\t\t\t\t\t\t\t\t<div class=\"elementor-gallery-item__title\">\n\t\t\t\t\t\t\t\t\t\t\t\t\t\t\t\t\t\t\/\/ JEREMIE SETTON \/\/\t\t\t\t\t\t\t\t<\/div>\n\t\t\t\t\t\t\t\t\t\t\t\t\t\t\t<div class=\"elementor-gallery-item__description\">\n\t\t\t\t\t\t\t\t\t\t\t\t\t\t\t\t\t\tJ\u00e9r\u00e9mie Setton megk\u00e9rd\u0151jelezi a fest\u00e9szetet \u00e9s annak k\u00e9pen k\u00edv\u00fcli l\u00e9tez\u00e9s\u00e9t. \"K\u00e9toldalas moduljai\" f\u00e1b\u00f3l k\u00e9sz\u00fcltek, amit oldalir\u00e1ny\u00fa f\u00e9nybe helyezett a m\u0171v\u00e9sz. A tetej\u00fck\u00f6n egy titokzatos, monokr\u00f3m fel\u00fclet van... ami nem l\u00e9tezik.  \nEz a fel\u00fclet a val\u00f3s\u00e1gban k\u00e9t fel\u00fcletb\u0151l \u00e1ll, amelyeket apr\u00f3l\u00e9kosan festett meg \u00fagy, hogy az \u00e1rny\u00e9kban elhelyezett vil\u00e1gos sz\u00ednt a f\u00e9nyben alkalmazott s\u00f6t\u00e9t sz\u00ednnek l\u00e1tjuk. Ily m\u00f3don a t\u00e9rfogat elt\u0171nik a mag\u00e1val ragad\u00f3 sz\u00edn jav\u00e1ra. Olyan lesz, mint egy \"szellem\", amely egyszerre jelen van \u00e9s hi\u00e1nyzik.\t\t\t\t\t\t\t\t<\/div>\n\t\t\t\t\t\t\t\t\t\t\t\t<\/div>\n\t\t\t\t\t\t\t\t\t<\/div>\n\t\t\t\t\t\t\t<div class=\"e-gallery-item elementor-gallery-item elementor-animated-content\" data-e-gallery-tags=\"3\" tabindex=\"0\">\n\t\t\t\t\t<div class=\"e-gallery-image elementor-gallery-item__image\" data-thumbnail=\"https:\/\/lokart.hu\/wp-content\/uploads\/2023\/06\/Nevtelen-terv.png\" data-width=\"600\" data-height=\"600\" aria-label=\"\" role=\"img\" ><\/div>\n\t\t\t\t\t\t\t\t\t\t\t<div class=\"elementor-gallery-item__overlay\"><\/div>\n\t\t\t\t\t\t\t\t\t\t\t\t\t\t\t<div class=\"elementor-gallery-item__content\">\n\t\t\t\t\t\t\t\t\t\t\t\t\t\t<div class=\"elementor-gallery-item__title\">\n\t\t\t\t\t\t\t\t\t\t\t\t\t\t\t\t\t\t\/\/ SZENTGR\u00d3TI D\u00c1VID \/\/\t\t\t\t\t\t\t\t<\/div>\n\t\t\t\t\t\t\t\t\t\t\t\t\t\t\t<div class=\"elementor-gallery-item__description\">\n\t\t\t\t\t\t\t\t\t\t\t\t\t\t\t\t\t\tA Lokart ki\u00e1ll\u00edt\u00e1sra bek\u00fcld\u00f6tt munk\u00e1im a legfrissebbek az elm\u00falt \u00e9vek k\u00e9psorozataib\u00f3l. \u00d6tv\u00f6zik \u00e9s \u00f6ssze s\u0171r\u00edtik az eddigi t\u00f6rekv\u00e9seimet. Olyan absztrakt fest\u00e9szeti alkot\u00e1sok, amelyek a fest\u00e9s aktus\u00e1t, a k\u00e9p r\u00e9tegz\u0151d\u00e9s\u00e9t t\u00e1rj\u00e1k fel. A k\u00fcl\u00f6nb\u00f6z\u0151 formai elemek, k\u00e9palkot\u00e1si strat\u00e9gi\u00e1k k\u00f6lcs\u00f6nhat\u00e1sba ker\u00fclnek egym\u00e1ssal, fel\u00fcl\u00edrj\u00e1k \u00e9s \u00e1tszabj\u00e1k egym\u00e1st. Amit l\u00e1tunk egyszerre konkr\u00e9t meghat\u00e1rozott \u00e9s folyamatban l\u00e9v\u0151, alakul\u00f3.\n\n\t\t\t\t\t\t\t\t<\/div>\n\t\t\t\t\t\t\t\t\t\t\t\t<\/div>\n\t\t\t\t\t\t\t\t\t<\/div>\n\t\t\t\t\t\t\t<div class=\"e-gallery-item elementor-gallery-item elementor-animated-content\" data-e-gallery-tags=\"3\" tabindex=\"0\">\n\t\t\t\t\t<div class=\"e-gallery-image elementor-gallery-item__image\" data-thumbnail=\"https:\/\/lokart.hu\/wp-content\/uploads\/2023\/06\/IMG-8484-768x768.jpg\" data-width=\"768\" data-height=\"768\" aria-label=\"\" role=\"img\" ><\/div>\n\t\t\t\t\t\t\t\t\t\t\t<div class=\"elementor-gallery-item__overlay\"><\/div>\n\t\t\t\t\t\t\t\t\t\t\t\t\t\t\t<div class=\"elementor-gallery-item__content\">\n\t\t\t\t\t\t\t\t\t\t\t\t\t\t<div class=\"elementor-gallery-item__title\">\n\t\t\t\t\t\t\t\t\t\t\t\t\t\t\t\t\t\t\/\/ M\u00c1TIS RITA \/\/\t\t\t\t\t\t\t\t<\/div>\n\t\t\t\t\t\t\t\t\t\t\t\t\t\t\t<div class=\"elementor-gallery-item__description\">\n\t\t\t\t\t\t\t\t\t\t\t\t\t\t\t\t\t\tA l\u00e9t \u00e1br\u00e1zolhat\u00f3s\u00e1g\u00e1nak \u00f6r\u00f6k probl\u00e9m\u00e1ja foglalkoztat, ezt pr\u00f3b\u00e1lom visszaadni a m\u0171teremben vagy a t\u00e1jban be\u00e1ll\u00edtott sz\u00ednpadias, er\u0151s gesztusokkal tel\u00edtett, dr\u00e1mai vagy idilli szitu\u00e1ci\u00f3kban, melyek megjelen\u00edt\u00e9s\u00e9hez \u201ev\u00e1lasztott trad\u00edci\u00f3khoz\u201d ny\u00falok vissza. Festm\u00e9nyeim visszat\u00e9r\u0151 szerepl\u0151je vagyok, n\u00e9hol megsokszorozva, n\u00e9hol m\u00e1sokkal egy\u00fctt.\n\t\t\t\t\t\t\t\t<\/div>\n\t\t\t\t\t\t\t\t\t\t\t\t<\/div>\n\t\t\t\t\t\t\t\t\t<\/div>\n\t\t\t\t\t\t\t<div class=\"e-gallery-item elementor-gallery-item elementor-animated-content\" data-e-gallery-tags=\"3\" tabindex=\"0\">\n\t\t\t\t\t<div class=\"e-gallery-image elementor-gallery-item__image\" data-thumbnail=\"https:\/\/lokart.hu\/wp-content\/uploads\/2023\/06\/IMG-8451-1-768x768.jpg\" data-width=\"768\" data-height=\"768\" aria-label=\"\" role=\"img\" ><\/div>\n\t\t\t\t\t\t\t\t\t\t\t<div class=\"elementor-gallery-item__overlay\"><\/div>\n\t\t\t\t\t\t\t\t\t\t\t\t\t\t\t<div class=\"elementor-gallery-item__content\">\n\t\t\t\t\t\t\t\t\t\t\t\t\t\t<div class=\"elementor-gallery-item__title\">\n\t\t\t\t\t\t\t\t\t\t\t\t\t\t\t\t\t\t\/\/ MARC DESGRANDCHAMPS(FR)  \/\/\t\t\t\t\t\t\t\t<\/div>\n\t\t\t\t\t\t\t\t\t\t\t\t\t\t\t<div class=\"elementor-gallery-item__description\">\n\t\t\t\t\t\t\t\t\t\t\t\t\t\t\t\t\t\tMarc Desgrandchamps, a francia m\u0171v\u00e9szeti szc\u00e9na vezet\u0151 fest\u0151m\u0171v\u00e9sze az \u00e1ttetsz\u0151s\u00e9g \u00e9s az egym\u00e1sra helyez\u00e9s fogalmaival j\u00e1tszik. Figur\u00e1lis fest\u00e9szet\u00e9ben val\u00f3ban testeket \u00e9s t\u00e1rgyakat ismer\u00fcnk fel, a perspekt\u00edva gyakran elferd\u00fcl, a t\u00e9r meghat\u00e1rozhatatlan, \u00e9s hirtelen anom\u00e1li\u00e1k keletkeznek.\n\t\t\t\t\t\t\t\t<\/div>\n\t\t\t\t\t\t\t\t\t\t\t\t<\/div>\n\t\t\t\t\t\t\t\t\t<\/div>\n\t\t\t\t\t\t\t<div class=\"e-gallery-item elementor-gallery-item elementor-animated-content\" data-e-gallery-tags=\"3\" tabindex=\"0\">\n\t\t\t\t\t<div class=\"e-gallery-image elementor-gallery-item__image\" data-thumbnail=\"https:\/\/lokart.hu\/wp-content\/uploads\/2023\/06\/IMG-8495-768x768.jpg\" data-width=\"768\" data-height=\"768\" aria-label=\"\" role=\"img\" ><\/div>\n\t\t\t\t\t\t\t\t\t\t\t<div class=\"elementor-gallery-item__overlay\"><\/div>\n\t\t\t\t\t\t\t\t\t\t\t\t\t\t\t<div class=\"elementor-gallery-item__content\">\n\t\t\t\t\t\t\t\t\t\t\t\t\t\t<div class=\"elementor-gallery-item__title\">\n\t\t\t\t\t\t\t\t\t\t\t\t\t\t\t\t\t\t\/\/ HAL\u00c1SZ P\u00c9TER TAM\u00c1S \/\/\t\t\t\t\t\t\t\t<\/div>\n\t\t\t\t\t\t\t\t\t\t\t\t\t\t\t<div class=\"elementor-gallery-item__description\">\n\t\t\t\t\t\t\t\t\t\t\t\t\t\t\t\t\t\tHal\u00e1sz P\u00e9ter Tam\u00e1s a 2000-es \u00e9vek eleje \u00f3ta rendszeresen \u00e1ll\u00edt ki magyar \u00e9s nemzetk\u00f6zi ki\u00e1ll\u00edt\u00e1sokon. B\u00e1r diplom\u00e1j\u00e1t fest\u0151 szakon szerezte, az egyetem ut\u00e1n objekteket \u00e9s install\u00e1ci\u00f3kat kezdett k\u00e9sz\u00edteni. M\u0171vei az elm\u00falt t\u00edz \u00e9vben egyre ink\u00e1bb a t\u00e1rsadalmi \u00e9s k\u00f6rnyezeti probl\u00e9m\u00e1kra f\u00f3kusz\u00e1lnak\t\t\t\t\t\t\t\t<\/div>\n\t\t\t\t\t\t\t\t\t\t\t\t<\/div>\n\t\t\t\t\t\t\t\t\t<\/div>\n\t\t\t\t\t\t\t<div class=\"e-gallery-item elementor-gallery-item elementor-animated-content\" data-e-gallery-tags=\"3\" tabindex=\"0\">\n\t\t\t\t\t<div class=\"e-gallery-image elementor-gallery-item__image\" data-thumbnail=\"https:\/\/lokart.hu\/wp-content\/uploads\/2023\/06\/WALICZKY-TAMAS-768x768.jpg\" data-width=\"768\" data-height=\"768\" aria-label=\"\" role=\"img\" ><\/div>\n\t\t\t\t\t\t\t\t\t\t\t<div class=\"elementor-gallery-item__overlay\"><\/div>\n\t\t\t\t\t\t\t\t\t\t\t\t\t\t\t<div class=\"elementor-gallery-item__content\">\n\t\t\t\t\t\t\t\t\t\t\t\t\t\t<div class=\"elementor-gallery-item__title\">\n\t\t\t\t\t\t\t\t\t\t\t\t\t\t\t\t\t\t\/\/ WALICZKY TAM\u00c1S \/\/\t\t\t\t\t\t\t\t<\/div>\n\t\t\t\t\t\t\t\t\t\t\t\t\t\t\t<div class=\"elementor-gallery-item__description\">\n\t\t\t\t\t\t\t\t\t\t\t\t\t\t\t\t\t\t1980-ban lett a Pannonia Rajzfilmst\u00fadi\u00f3ban rajzfilmk\u00e9sz\u00edt\u0151-asszisztense. 1982-t\u0151l k\u00e9sz\u00edt \u00f6n\u00e1ll\u00f3 filmeket \u00e9s festm\u00e9nyeket. Az els\u0151 nemzetk\u00f6zi elismer\u00e9st a rangos m\u00e9diam\u0171v\u00e9szeti fesztiv\u00e1lon, a linzi Ars Electronic\u00e1n d\u00edjnyertes m\u0171ve, a Pictures hozta meg sz\u00e1m\u00e1ra 1988-ban, majd 1989-ben Gramophone c\u00edm\u0171 sz\u00e1m\u00edt\u00f3g\u00e9pes grafik\u00e1j\u00e1val a kateg\u00f3ria nagyd\u00edj\u00e1t, az Arany Nik\u00e9t (Golden Nica) is elnyerte.\n\t\t\t\t\t\t\t\t<\/div>\n\t\t\t\t\t\t\t\t\t\t\t\t<\/div>\n\t\t\t\t\t\t\t\t\t<\/div>\n\t\t\t\t\t\t\t<div class=\"e-gallery-item elementor-gallery-item elementor-animated-content\" data-e-gallery-tags=\"3\" tabindex=\"0\">\n\t\t\t\t\t<div class=\"e-gallery-image elementor-gallery-item__image\" data-thumbnail=\"https:\/\/lokart.hu\/wp-content\/uploads\/2023\/06\/ROMHANY-VERA.png\" data-width=\"600\" data-height=\"600\" aria-label=\"\" role=\"img\" ><\/div>\n\t\t\t\t\t\t\t\t\t\t\t<div class=\"elementor-gallery-item__overlay\"><\/div>\n\t\t\t\t\t\t\t\t\t\t\t\t\t\t\t<div class=\"elementor-gallery-item__content\">\n\t\t\t\t\t\t\t\t\t\t\t\t\t\t<div class=\"elementor-gallery-item__title\">\n\t\t\t\t\t\t\t\t\t\t\t\t\t\t\t\t\t\t\/\/ ROMH\u00c1NY VERA \/\/\t\t\t\t\t\t\t\t<\/div>\n\t\t\t\t\t\t\t\t\t\t\t\t\t\t\t<div class=\"elementor-gallery-item__description\">\n\t\t\t\t\t\t\t\t\t\t\t\t\t\t\t\t\t\tRomh\u00e1ny Vera  Br\u00fcsszelben \u00e9l\u0151 \u00e9s alkot\u00f3 k\u00e9pz\u0151m\u0171v\u00e9sz. Fest\u0151 \u00e9s k\u00e9pz\u0151m\u0171v\u00e9sz tan\u00e1r diplom\u00e1it a Magyar K\u00e9pz\u0151m\u0171v\u00e9szeti Egyetemen szerezte. 2017 \u00f3ta a M\u0170T\u0150 akt\u00edv tagja, 2011 \u00f3ta a Fiatal K\u00e9pz\u0151m\u0171v\u00e9szek St\u00fadi\u00f3ja Egyes\u00fclet\u00e9nek tagja.\n\t\t\t\t\t\t\t\t<\/div>\n\t\t\t\t\t\t\t\t\t\t\t\t<\/div>\n\t\t\t\t\t\t\t\t\t<\/div>\n\t\t\t\t\t\t\t<div class=\"e-gallery-item elementor-gallery-item elementor-animated-content\" data-e-gallery-tags=\"3\" tabindex=\"0\">\n\t\t\t\t\t<div class=\"e-gallery-image elementor-gallery-item__image\" data-thumbnail=\"https:\/\/lokart.hu\/wp-content\/uploads\/2023\/06\/SZAUDER-DAVID-768x768.jpg\" data-width=\"768\" data-height=\"768\" aria-label=\"\" role=\"img\" ><\/div>\n\t\t\t\t\t\t\t\t\t\t\t<div class=\"elementor-gallery-item__overlay\"><\/div>\n\t\t\t\t\t\t\t\t\t\t\t\t\t\t\t<div class=\"elementor-gallery-item__content\">\n\t\t\t\t\t\t\t\t\t\t\t\t\t\t<div class=\"elementor-gallery-item__title\">\n\t\t\t\t\t\t\t\t\t\t\t\t\t\t\t\t\t\t\/\/ SZAUDER D\u00c1VID \/\/\t\t\t\t\t\t\t\t<\/div>\n\t\t\t\t\t\t\t\t\t\t\t\t\t\t\t<div class=\"elementor-gallery-item__description\">\n\t\t\t\t\t\t\t\t\t\t\t\t\t\t\t\t\t\tBudapesten \u00e9s Helsinkiben tanult, majd a berlini Magyar Kultur\u00e1lis Int\u00e9zetben dolgozott kur\u00e1tork\u00e9nt. Sz\u00e1mos nemzetk\u00f6zi projektben vett r\u00e9szt m\u0171v\u00e9szk\u00e9nt \u00e9s kur\u00e1tork\u00e9nt egyar\u00e1nt. Alkot\u00e1saival sokszor aktu\u00e1lis t\u00e9m\u00e1kra reflekt\u00e1l, munk\u00e1i sor\u00e1n f\u0151k\u00e9nt a digit\u00e1lis eszk\u00f6z\u00f6ket veszi ig\u00e9nybe, anim\u00e1ci\u00f3k\u00e9sz\u00edt\u00e9ssel is fogllakozik.\n\n\t\t\t\t\t\t\t\t<\/div>\n\t\t\t\t\t\t\t\t\t\t\t\t<\/div>\n\t\t\t\t\t\t\t\t\t<\/div>\n\t\t\t\t\t\t\t<div class=\"e-gallery-item elementor-gallery-item elementor-animated-content\" data-e-gallery-tags=\"3\" tabindex=\"0\">\n\t\t\t\t\t<div class=\"e-gallery-image elementor-gallery-item__image\" data-thumbnail=\"https:\/\/lokart.hu\/wp-content\/uploads\/2023\/06\/MANUEL-GRAND.png\" data-width=\"600\" data-height=\"600\" aria-label=\"\" role=\"img\" ><\/div>\n\t\t\t\t\t\t\t\t\t\t\t<div class=\"elementor-gallery-item__overlay\"><\/div>\n\t\t\t\t\t\t\t\t\t\t\t\t\t\t\t<div class=\"elementor-gallery-item__content\">\n\t\t\t\t\t\t\t\t\t\t\t\t\t\t<div class=\"elementor-gallery-item__title\">\n\t\t\t\t\t\t\t\t\t\t\t\t\t\t\t\t\t\t\/\/ GRAND MANUEL(FR) \/\/\t\t\t\t\t\t\t\t<\/div>\n\t\t\t\t\t\t\t\t\t\t\t\t\t\t\t<div class=\"elementor-gallery-item__description\">\n\t\t\t\t\t\t\t\t\t\t\t\t\t\t\t\t\t\tAz ill\u00fazi\u00f3 fontos sz\u00f3 ennek a m\u0171nek a meg\u00e9rt\u00e9s\u00e9hez. A fotogr\u00e1fia fontos helyet foglal el benne, nevezetesen a fest\u00e9szethez val\u00f3 k\u00f6zels\u00e9ge miatt. Meg\u00e1lltam minden egyes pillanatban, ahol a k\u00e9p az ill\u00fazi\u00f3 j\u00e1t\u00e9k\u00e1b\u00f3l indul ki. A k\u00e9pek n\u00e9ha a k\u00f6r\u00fcl\u00f6tt\u00fck \u00e9letre keltett elbesz\u00e9l\u00e9seknek k\u00f6lcs\u00f6nzik a val\u00f3s\u00e1gh\u0171s\u00e9g\u00fcket\t\t\t\t\t\t\t\t<\/div>\n\t\t\t\t\t\t\t\t\t\t\t\t<\/div>\n\t\t\t\t\t\t\t\t\t<\/div>\n\t\t\t\t\t\t\t<div class=\"e-gallery-item elementor-gallery-item elementor-animated-content\" data-e-gallery-tags=\"3\" tabindex=\"0\">\n\t\t\t\t\t<div class=\"e-gallery-image elementor-gallery-item__image\" data-thumbnail=\"https:\/\/lokart.hu\/wp-content\/uploads\/2023\/06\/JEREMY-LIRON-768x768.jpg\" data-width=\"768\" data-height=\"768\" aria-label=\"\" role=\"img\" ><\/div>\n\t\t\t\t\t\t\t\t\t\t\t<div class=\"elementor-gallery-item__overlay\"><\/div>\n\t\t\t\t\t\t\t\t\t\t\t\t\t\t\t<div class=\"elementor-gallery-item__content\">\n\t\t\t\t\t\t\t\t\t\t\t\t\t\t<div class=\"elementor-gallery-item__title\">\n\t\t\t\t\t\t\t\t\t\t\t\t\t\t\t\t\t\t\/\/ JEREMY LIRON \/\/\t\t\t\t\t\t\t\t<\/div>\n\t\t\t\t\t\t\t\t\t\t\t\t\t\t\t<div class=\"elementor-gallery-item__description\">\n\t\t\t\t\t\t\t\t\t\t\t\t\t\t\t\t\t\tJ\u00e9r\u00e9my Liron fest\u00e9szete szinte teljes eg\u00e9sz\u00e9ben a t\u00e1jra, a t\u00e1j t\u00e9m\u00e1j\u00e1ra, a t\u00e1j m\u0171faj\u00e1ra, a t\u00e1j eg\u00e9sz\u00e9re \u00f6sszpontosul. M\u0171veit f\u00e9nyk\u00e9pekb\u0151l \u00e9s nem a mot\u00edvumra festett t\u00e1jk\u00e9pekb\u0151l alkotja meg.\n\t\t\t\t\t\t\t\t<\/div>\n\t\t\t\t\t\t\t\t\t\t\t\t<\/div>\n\t\t\t\t\t\t\t\t\t<\/div>\n\t\t\t\t\t\t\t<div class=\"e-gallery-item elementor-gallery-item elementor-animated-content\" data-e-gallery-tags=\"3\" tabindex=\"0\">\n\t\t\t\t\t<div class=\"e-gallery-image elementor-gallery-item__image\" data-thumbnail=\"https:\/\/lokart.hu\/wp-content\/uploads\/2023\/06\/KRISTOF-MARTON.png\" data-width=\"600\" data-height=\"600\" aria-label=\"\" role=\"img\" ><\/div>\n\t\t\t\t\t\t\t\t\t\t\t<div class=\"elementor-gallery-item__overlay\"><\/div>\n\t\t\t\t\t\t\t\t\t\t\t\t\t\t\t<div class=\"elementor-gallery-item__content\">\n\t\t\t\t\t\t\t\t\t\t\t\t\t\t<div class=\"elementor-gallery-item__title\">\n\t\t\t\t\t\t\t\t\t\t\t\t\t\t\t\t\t\t\/\/ KRIST\u00d3F M\u00c1RTON \/\/\t\t\t\t\t\t\t\t<\/div>\n\t\t\t\t\t\t\t\t\t\t\t\t<\/div>\n\t\t\t\t\t\t\t\t\t<\/div>\n\t\t\t\t\t\t\t<div class=\"e-gallery-item elementor-gallery-item elementor-animated-content\" data-e-gallery-tags=\"3\" tabindex=\"0\">\n\t\t\t\t\t<div class=\"e-gallery-image elementor-gallery-item__image\" data-thumbnail=\"https:\/\/lokart.hu\/wp-content\/uploads\/2023\/06\/DELPHINE-BALLEY.jpg\" data-width=\"377\" data-height=\"480\" aria-label=\"\" role=\"img\" ><\/div>\n\t\t\t\t\t\t\t\t\t\t\t<div class=\"elementor-gallery-item__overlay\"><\/div>\n\t\t\t\t\t\t\t\t\t\t\t\t\t\t\t<div class=\"elementor-gallery-item__content\">\n\t\t\t\t\t\t\t\t\t\t\t\t\t\t<div class=\"elementor-gallery-item__title\">\n\t\t\t\t\t\t\t\t\t\t\t\t\t\t\t\t\t\t\/\/ DELPHINE BALLEY \/\/\t\t\t\t\t\t\t\t<\/div>\n\t\t\t\t\t\t\t\t\t\t\t\t\t\t\t<div class=\"elementor-gallery-item__description\">\n\t\t\t\t\t\t\t\t\t\t\t\t\t\t\t\t\t\tBalley fot\u00f3sk\u00e9nt \u00e9s vide\u00f3k\u00e9sz\u00edt\u0151k\u00e9nt h\u00fasz \u00e9ve k\u00f6veti a k\u00e9pk\u00e9sz\u00edt\u00e9s saj\u00e1tos st\u00edlus\u00e1t. Nagy form\u00e1tum\u00fa kamer\u00e1val sorozatban dolgoz\u00f3 munk\u00e1iban szem\u00e9lyes vagy k\u00f6z\u00f6ss\u00e9gi ritu\u00e1l\u00e9k \u00e1br\u00e1zol\u00e1s\u00e1t vizsg\u00e1lja.\n\t\t\t\t\t\t\t\t<\/div>\n\t\t\t\t\t\t\t\t\t\t\t\t<\/div>\n\t\t\t\t\t\t\t\t\t<\/div>\n\t\t\t\t\t\t\t<div class=\"e-gallery-item elementor-gallery-item elementor-animated-content\" data-e-gallery-tags=\"3\" tabindex=\"0\">\n\t\t\t\t\t<div class=\"e-gallery-image elementor-gallery-item__image\" data-thumbnail=\"https:\/\/lokart.hu\/wp-content\/uploads\/2023\/06\/ANA-PETROVIC.png\" data-width=\"600\" data-height=\"600\" aria-label=\"\" role=\"img\" ><\/div>\n\t\t\t\t\t\t\t\t\t\t\t<div class=\"elementor-gallery-item__overlay\"><\/div>\n\t\t\t\t\t\t\t\t\t\t\t\t\t\t\t<div class=\"elementor-gallery-item__content\">\n\t\t\t\t\t\t\t\t\t\t\t\t\t\t<div class=\"elementor-gallery-item__title\">\n\t\t\t\t\t\t\t\t\t\t\t\t\t\t\t\t\t\t\/\/ ANA PETROVI\u0106(HR) \/\/\t\t\t\t\t\t\t\t<\/div>\n\t\t\t\t\t\t\t\t\t\t\t\t<\/div>\n\t\t\t\t\t\t\t\t\t<\/div>\n\t\t\t\t\t\t\t<div class=\"e-gallery-item elementor-gallery-item elementor-animated-content\" data-e-gallery-tags=\"3\" tabindex=\"0\">\n\t\t\t\t\t<div class=\"e-gallery-image elementor-gallery-item__image\" data-thumbnail=\"https:\/\/lokart.hu\/wp-content\/uploads\/2023\/06\/IMG-8452-1-768x768.jpg\" data-width=\"768\" data-height=\"768\" aria-label=\"\" role=\"img\" ><\/div>\n\t\t\t\t\t\t\t\t\t\t\t<div class=\"elementor-gallery-item__overlay\"><\/div>\n\t\t\t\t\t\t\t\t\t\t\t\t\t\t\t<div class=\"elementor-gallery-item__content\">\n\t\t\t\t\t\t\t\t\t\t\t\t\t\t<div class=\"elementor-gallery-item__title\">\n\t\t\t\t\t\t\t\t\t\t\t\t\t\t\t\t\t\tB\u00d3BICS DI\u00c1NA\t\t\t\t\t\t\t\t<\/div>\n\t\t\t\t\t\t\t\t\t\t\t\t<\/div>\n\t\t\t\t\t\t\t\t\t<\/div>\n\t\t\t\t\t\t\t<div class=\"e-gallery-item elementor-gallery-item elementor-animated-content\" data-e-gallery-tags=\"3\" tabindex=\"0\">\n\t\t\t\t\t<div class=\"e-gallery-image elementor-gallery-item__image\" data-thumbnail=\"https:\/\/lokart.hu\/wp-content\/uploads\/2023\/06\/KANICS-DOROTTYA-MIH-768x768.jpg\" data-width=\"768\" data-height=\"768\" aria-label=\"\" role=\"img\" ><\/div>\n\t\t\t\t\t\t\t\t\t\t\t<div class=\"elementor-gallery-item__overlay\"><\/div>\n\t\t\t\t\t\t\t\t\t\t\t\t\t\t\t<div class=\"elementor-gallery-item__content\">\n\t\t\t\t\t\t\t\t\t\t\t\t\t\t<div class=\"elementor-gallery-item__title\">\n\t\t\t\t\t\t\t\t\t\t\t\t\t\t\t\t\t\t\/\/ KANICS DOROTTYA \/\/\t\t\t\t\t\t\t\t<\/div>\n\t\t\t\t\t\t\t\t\t\t\t\t\t\t\t<div class=\"elementor-gallery-item__description\">\n\t\t\t\t\t\t\t\t\t\t\t\t\t\t\t\t\t\tKutatva figyelem gyermekeim, felszabadult folthagy\u00e1si k\u00eds\u00e9rleteit, gyakran haszn\u00e1lom tiszta (elv\u00e1r\u00e1sokt\u00f3l, tanult, begyakorolt vonalakt\u00f3l mentes) v\u00e1zlataikat, hogy azt\u00e1n ezeknek az \u00f6szt\u00f6n\u00f6s form\u00e1knak a dinamik\u00e1j\u00e1val haladjak tov\u00e1bb.\nNemr\u00e9g megismerkedtem a sz\u0151nyegk\u00e9sz\u00edt\u0151 \nsz\u00e1lbel\u00f6v\u0151 pisztollyal, amivel \u00e9l\u00e9nk sz\u00edn\u0171 gyapj\u00fasz\u0151nyegeket k\u00e9sz\u00edtek.\t\t\t\t\t\t\t\t<\/div>\n\t\t\t\t\t\t\t\t\t\t\t\t<\/div>\n\t\t\t\t\t\t\t\t\t<\/div>\n\t\t\t\t\t\t\t<div class=\"e-gallery-item elementor-gallery-item elementor-animated-content\" data-e-gallery-tags=\"3\" tabindex=\"0\">\n\t\t\t\t\t<div class=\"e-gallery-image elementor-gallery-item__image\" data-thumbnail=\"https:\/\/lokart.hu\/wp-content\/uploads\/2023\/06\/SZEGEDI-MASZAK-ZOLTAN-768x780.jpg\" data-width=\"768\" data-height=\"780\" aria-label=\"\" role=\"img\" ><\/div>\n\t\t\t\t\t\t\t\t\t\t\t<div class=\"elementor-gallery-item__overlay\"><\/div>\n\t\t\t\t\t\t\t\t\t\t\t\t\t\t\t<div class=\"elementor-gallery-item__content\">\n\t\t\t\t\t\t\t\t\t\t\t\t\t\t<div class=\"elementor-gallery-item__title\">\n\t\t\t\t\t\t\t\t\t\t\t\t\t\t\t\t\t\t\/\/ SZEGEDI-MASZ\u00c1K ZOLT\u00c1N \/\/\t\t\t\t\t\t\t\t<\/div>\n\t\t\t\t\t\t\t\t\t\t\t\t\t\t\t<div class=\"elementor-gallery-item__description\">\n\t\t\t\t\t\t\t\t\t\t\t\t\t\t\t\t\t\tM\u0171v\u00e9szi megk\u00f6zel\u00edt\u00e9s\u00e9t a technikai m\u00e9diumokhoz szorosan kapcsol\u00f3d\u00f3 k\u00eds\u00e9rletez\u00e9s jellemzi. Szegedy-Masz\u00e1k a m\u00e9diumok sz\u00e9les spektrum\u00e1t haszn\u00e1lja m\u0171veiben, a hagyom\u00e1nyos k\u00e9miai alap\u00fa fotogr\u00e1fiai elj\u00e1r\u00e1sokt\u00f3l a fest\u00e9szeten \u00e9s a grafik\u00e1n \u00e1t az interakt\u00edv virtu\u00e1lis \u00e9s kiterjesztett val\u00f3s\u00e1g install\u00e1ci\u00f3kig.\n\t\t\t\t\t\t\t\t<\/div>\n\t\t\t\t\t\t\t\t\t\t\t\t<\/div>\n\t\t\t\t\t\t\t\t\t<\/div>\n\t\t\t\t\t\t\t<div class=\"e-gallery-item elementor-gallery-item elementor-animated-content\" data-e-gallery-tags=\"3\" tabindex=\"0\">\n\t\t\t\t\t<div class=\"e-gallery-image elementor-gallery-item__image\" data-thumbnail=\"https:\/\/lokart.hu\/wp-content\/uploads\/2023\/06\/BENCZUR-EMESE.png\" data-width=\"600\" data-height=\"600\" aria-label=\"\" role=\"img\" ><\/div>\n\t\t\t\t\t\t\t\t\t\t\t<div class=\"elementor-gallery-item__overlay\"><\/div>\n\t\t\t\t\t\t\t\t\t\t\t\t\t\t\t<div class=\"elementor-gallery-item__content\">\n\t\t\t\t\t\t\t\t\t\t\t\t\t\t<div class=\"elementor-gallery-item__title\">\n\t\t\t\t\t\t\t\t\t\t\t\t\t\t\t\t\t\t\/\/ BENCZ\u00daR EMESE \/\/\t\t\t\t\t\t\t\t<\/div>\n\t\t\t\t\t\t\t\t\t\t\t\t<\/div>\n\t\t\t\t\t\t\t\t\t<\/div>\n\t\t\t\t\t\t\t<div class=\"e-gallery-item elementor-gallery-item elementor-animated-content\" data-e-gallery-tags=\"3\" tabindex=\"0\">\n\t\t\t\t\t<div class=\"e-gallery-image elementor-gallery-item__image\" data-thumbnail=\"https:\/\/lokart.hu\/wp-content\/uploads\/2023\/06\/ERELL-768x768.jpg\" data-width=\"768\" data-height=\"768\" aria-label=\"\" role=\"img\" ><\/div>\n\t\t\t\t\t\t\t\t\t\t\t<div class=\"elementor-gallery-item__overlay\"><\/div>\n\t\t\t\t\t\t\t\t\t\t\t\t\t\t\t<div class=\"elementor-gallery-item__content\">\n\t\t\t\t\t\t\t\t\t\t\t\t\t\t<div class=\"elementor-gallery-item__title\">\n\t\t\t\t\t\t\t\t\t\t\t\t\t\t\t\t\t\t\/\/ ERELL \/\/\t\t\t\t\t\t\t\t<\/div>\n\t\t\t\t\t\t\t\t\t\t\t\t\t\t\t<div class=\"elementor-gallery-item__description\">\n\t\t\t\t\t\t\t\t\t\t\t\t\t\t\t\t\t\tA m\u0171v\u00e9sz \u00e9s tervez\u0151, \u00cbrell ny\u00edltan k\u00eds\u00e9rletezik a v\u00e1rosi t\u00e9r muland\u00f3 kisaj\u00e1t\u00edt\u00e1s\u00e1nak egy form\u00e1j\u00e1val.\t\t\t\t\t\t\t\t<\/div>\n\t\t\t\t\t\t\t\t\t\t\t\t<\/div>\n\t\t\t\t\t\t\t\t\t<\/div>\n\t\t\t\t\t\t\t<div class=\"e-gallery-item elementor-gallery-item elementor-animated-content\" data-e-gallery-tags=\"3\" tabindex=\"0\">\n\t\t\t\t\t<div class=\"e-gallery-image elementor-gallery-item__image\" data-thumbnail=\"https:\/\/lokart.hu\/wp-content\/uploads\/2023\/06\/IMG-8471-768x768.jpg\" data-width=\"768\" data-height=\"768\" aria-label=\"\" role=\"img\" ><\/div>\n\t\t\t\t\t\t\t\t\t\t\t<div class=\"elementor-gallery-item__overlay\"><\/div>\n\t\t\t\t\t\t\t\t\t\t\t\t\t\t\t<div class=\"elementor-gallery-item__content\">\n\t\t\t\t\t\t\t\t\t\t\t\t\t\t<div class=\"elementor-gallery-item__title\">\n\t\t\t\t\t\t\t\t\t\t\t\t\t\t\t\t\t\t\/\/ ECSEDI ZSOLT \/\/\t\t\t\t\t\t\t\t<\/div>\n\t\t\t\t\t\t\t\t\t\t\t\t<\/div>\n\t\t\t\t\t\t\t\t\t<\/div>\n\t\t\t\t\t\t\t<div class=\"e-gallery-item elementor-gallery-item elementor-animated-content\" data-e-gallery-tags=\"3\" tabindex=\"0\">\n\t\t\t\t\t<div class=\"e-gallery-image elementor-gallery-item__image\" data-thumbnail=\"https:\/\/lokart.hu\/wp-content\/uploads\/2023\/06\/PHILIPPE-DROGUET-768x768.jpg\" data-width=\"768\" data-height=\"768\" aria-label=\"\" role=\"img\" ><\/div>\n\t\t\t\t\t\t\t\t\t\t\t<div class=\"elementor-gallery-item__overlay\"><\/div>\n\t\t\t\t\t\t\t\t\t\t\t\t\t\t\t<div class=\"elementor-gallery-item__content\">\n\t\t\t\t\t\t\t\t\t\t\t\t\t\t<div class=\"elementor-gallery-item__title\">\n\t\t\t\t\t\t\t\t\t\t\t\t\t\t\t\t\t\t\/\/ PHILIPPE DROGUET \/\/\t\t\t\t\t\t\t\t<\/div>\n\t\t\t\t\t\t\t\t\t\t\t\t\t\t\t<div class=\"elementor-gallery-item__description\">\n\t\t\t\t\t\t\t\t\t\t\t\t\t\t\t\t\t\tA m\u00e2coni Ecole des Beaux-Arts-on folytatott tanulm\u00e1nyai ut\u00e1n Philippe Droguet vizu\u00e1lis munk\u00e1ss\u00e1ga a nyomok szisztematikus felhalmoz\u00e1sa fel\u00e9 fordult, amelyek sz\u00e1zadunknak a kimondhatatlanba val\u00f3 \u00e1tbillen\u00e9s\u00e9r\u0151l tan\u00faskodnak.\n\t\t\t\t\t\t\t\t<\/div>\n\t\t\t\t\t\t\t\t\t\t\t\t<\/div>\n\t\t\t\t\t\t\t\t\t<\/div>\n\t\t\t\t\t\t\t<div class=\"e-gallery-item elementor-gallery-item elementor-animated-content\" data-e-gallery-tags=\"3\" tabindex=\"0\">\n\t\t\t\t\t<div class=\"e-gallery-image elementor-gallery-item__image\" data-thumbnail=\"https:\/\/lokart.hu\/wp-content\/uploads\/2023\/06\/Vladimir-Frelih-768x768.jpg\" data-width=\"768\" data-height=\"768\" aria-label=\"\" role=\"img\" ><\/div>\n\t\t\t\t\t\t\t\t\t\t\t<div class=\"elementor-gallery-item__overlay\"><\/div>\n\t\t\t\t\t\t\t\t\t\t\t\t\t\t\t<div class=\"elementor-gallery-item__content\">\n\t\t\t\t\t\t\t\t\t\t\t\t\t\t<div class=\"elementor-gallery-item__title\">\n\t\t\t\t\t\t\t\t\t\t\t\t\t\t\t\t\t\t\/\/ VLADIMIR FRELIH&SELMAN TRTOVAC \/\/\t\t\t\t\t\t\t\t<\/div>\n\t\t\t\t\t\t\t\t\t\t\t\t\t\t\t<div class=\"elementor-gallery-item__description\">\n\t\t\t\t\t\t\t\t\t\t\t\t\t\t\t\t\t\tM\u0171veiben Frelih gyakran vizsg\u00e1lja az anal\u00f3g m\u00e9diumok, valamint ezek kommunik\u00e1ci\u00f3j\u00e1t, leford\u00edthat\u00f3s\u00e1g\u00e1t \u00e9s kompatibilit\u00e1s\u00e1t. A v\u00e9gterm\u00e9k, a m\u0171alkot\u00e1s gyakran eszt\u00e9tikai mell\u00e9khat\u00e1s, f\u00fcggetlen\u00fcl att\u00f3l, hogy vide\u00f3, videoinstall\u00e1ci\u00f3, fotogr\u00e1fia, web, sz\u00e1m\u00edt\u00f3g\u00e9pes program, t\u00e1rgy vagy festm\u00e9ny. Az egy\u00e9n \u00e9s a k\u00f6z\u00f6ss\u00e9g, a t\u00e1rsadalom elv\u00e1laszthatatlan elemei m\u0171v\u00e9szeti \u00e9s pedag\u00f3giai gondolkod\u00e1s\u00e1nak. Trtovac fest\u00e9szetet tanult a belgr\u00e1di K\u00e9pz\u0151m\u0171v\u00e9szeti Akad\u00e9mi\u00e1n. \nEzt k\u00f6vet\u0151en a d\u00fcsseldorfi M\u0171v\u00e9szeti Akad\u00e9mi\u00e1n folytatta tanulm\u00e1nyait. Tagja az IKG-nek (Nemzetk\u00f6zi M\u0171v\u00e9szeti\nGremium). A F\u00fcggetlen M\u0171v\u00e9szet megteremt\u0151je \u00e9s t\u00e1rsalap\u00edt\u00f3ja volt. A belgr\u00e1di K\u00e9pz\u0151m\u0171v\u00e9szeti Kar szobr\u00e1szati tansz\u00e9k\u00e9n  a k\u00e9pz\u0151m\u0171v\u00e9szetek doktor\u00e1v\u00e1 avatt\u00e1k.\t\t\t\t\t\t\t\t<\/div>\n\t\t\t\t\t\t\t\t\t\t\t\t<\/div>\n\t\t\t\t\t\t\t\t\t<\/div>\n\t\t\t\t\t\t\t<div class=\"e-gallery-item elementor-gallery-item elementor-animated-content\" data-e-gallery-tags=\"3\" tabindex=\"0\">\n\t\t\t\t\t<div class=\"e-gallery-image elementor-gallery-item__image\" data-thumbnail=\"https:\/\/lokart.hu\/wp-content\/uploads\/2023\/06\/Josipa-Stojanovic-768x768.jpg\" data-width=\"768\" data-height=\"768\" aria-label=\"\" role=\"img\" ><\/div>\n\t\t\t\t\t\t\t\t\t\t\t<div class=\"elementor-gallery-item__overlay\"><\/div>\n\t\t\t\t\t\t\t\t\t\t\t\t\t\t\t<div class=\"elementor-gallery-item__content\">\n\t\t\t\t\t\t\t\t\t\t\t\t\t\t<div class=\"elementor-gallery-item__title\">\n\t\t\t\t\t\t\t\t\t\t\t\t\t\t\t\t\t\t\/\/JOSIPA&MARIO STOJANOVI\u0106(HR)\/\/\t\t\t\t\t\t\t\t<\/div>\n\t\t\t\t\t\t\t\t\t\t\t\t<\/div>\n\t\t\t\t\t\t\t\t\t<\/div>\n\t\t\t\t\t\t\t<div class=\"e-gallery-item elementor-gallery-item elementor-animated-content\" data-e-gallery-tags=\"3\" tabindex=\"0\">\n\t\t\t\t\t<div class=\"e-gallery-image elementor-gallery-item__image\" data-thumbnail=\"https:\/\/lokart.hu\/wp-content\/uploads\/2023\/06\/AURELIE-PETREL-768x768.jpg\" data-width=\"768\" data-height=\"768\" aria-label=\"\" role=\"img\" ><\/div>\n\t\t\t\t\t\t\t\t\t\t\t<div class=\"elementor-gallery-item__overlay\"><\/div>\n\t\t\t\t\t\t\t\t\t\t\t\t\t\t\t<div class=\"elementor-gallery-item__content\">\n\t\t\t\t\t\t\t\t\t\t\t\t\t\t<div class=\"elementor-gallery-item__title\">\n\t\t\t\t\t\t\t\t\t\t\t\t\t\t\t\t\t\t\/\/ AURELIE PETREL \/\/\t\t\t\t\t\t\t\t<\/div>\n\t\t\t\t\t\t\t\t\t\t\t\t<\/div>\n\t\t\t\t\t\t\t\t\t<\/div>\n\t\t\t\t\t\t\t<div class=\"e-gallery-item elementor-gallery-item elementor-animated-content\" data-e-gallery-tags=\"3\" tabindex=\"0\">\n\t\t\t\t\t<div class=\"e-gallery-image elementor-gallery-item__image\" data-thumbnail=\"https:\/\/lokart.hu\/wp-content\/uploads\/2023\/06\/LOLA-GONZALEZ_Les-courants-vaganbonds-768x768.jpg\" data-width=\"768\" data-height=\"768\" aria-label=\"\" role=\"img\" ><\/div>\n\t\t\t\t\t\t\t\t\t\t\t<div class=\"elementor-gallery-item__overlay\"><\/div>\n\t\t\t\t\t\t\t\t\t\t\t\t\t\t\t<div class=\"elementor-gallery-item__content\">\n\t\t\t\t\t\t\t\t\t\t\t\t\t\t<div class=\"elementor-gallery-item__title\">\n\t\t\t\t\t\t\t\t\t\t\t\t\t\t\t\t\t\t\/\/ LOLA GONZALEZ(FR) \/\/\t\t\t\t\t\t\t\t<\/div>\n\t\t\t\t\t\t\t\t\t\t\t\t\t\t\t<div class=\"elementor-gallery-item__description\">\n\t\t\t\t\t\t\t\t\t\t\t\t\t\t\t\t\t\tLes courants vaganbonds\nM\u0171vei a hiteless\u00e9gre, a spontaneit\u00e1sra \u00e9s a foly\u00e9konys\u00e1gra val\u00f3 hajlamot, az \u00e9rzelmi kapcsolatok megteremt\u00e9s\u00e9t mutatj\u00e1k. F\u0151k\u00e9nt olyan vide\u00f3kat k\u00e9sz\u00edt, amelyekben visszat\u00e9r\u0151en egy csapat fiatalt \u00e1ll\u00edt sz\u00ednpadra, akik vad k\u00f6rnyezetben fejl\u0151dnek.\n\t\t\t\t\t\t\t\t<\/div>\n\t\t\t\t\t\t\t\t\t\t\t\t<\/div>\n\t\t\t\t\t\t\t\t\t<\/div>\n\t\t\t\t\t\t\t<div class=\"e-gallery-item elementor-gallery-item elementor-animated-content\" data-e-gallery-tags=\"3\" tabindex=\"0\">\n\t\t\t\t\t<div class=\"e-gallery-image elementor-gallery-item__image\" data-thumbnail=\"https:\/\/lokart.hu\/wp-content\/uploads\/2023\/06\/IMG-8723-768x768.jpg\" data-width=\"768\" data-height=\"768\" aria-label=\"\" role=\"img\" ><\/div>\n\t\t\t\t\t\t\t\t\t\t\t<div class=\"elementor-gallery-item__overlay\"><\/div>\n\t\t\t\t\t\t\t\t\t\t\t\t\t\t\t<div class=\"elementor-gallery-item__content\">\n\t\t\t\t\t\t\t\t\t\t\t\t\t\t<div class=\"elementor-gallery-item__title\">\n\t\t\t\t\t\t\t\t\t\t\t\t\t\t\t\t\t\t\/\/  HELENE HULAK(FR) \/\/\t\t\t\t\t\t\t\t<\/div>\n\t\t\t\t\t\t\t\t\t\t\t\t\t\t\t<div class=\"elementor-gallery-item__description\">\n\t\t\t\t\t\t\t\t\t\t\t\t\t\t\t\t\t\tA n\u0151i testre ir\u00e1nyul\u00f3 tekintet term\u00e9szete, k\u00fcl\u00f6n\u00f6sen a m\u00e9di\u00e1ban, bele\u00e9rtve a mozit \u00e9s a rekl\u00e1mokat, H\u00e9l\u00e8ne Hulak munk\u00e1j\u00e1ban szisztematikus dekonstrukci\u00f3 t\u00e1rgya. Munk\u00e1j\u00e1ban olyan ban\u00e1lis k\u00e9pek inspir\u00e1lt\u00e1k, amelyek a test t\u00e1rgyias\u00edt\u00f3 erotik\u00e1j\u00e1t n\u00e9pszer\u0171s\u00edtik.\n\t\t\t\t\t\t\t\t<\/div>\n\t\t\t\t\t\t\t\t\t\t\t\t<\/div>\n\t\t\t\t\t\t\t\t\t<\/div>\n\t\t\t\t\t\t\t<div class=\"e-gallery-item elementor-gallery-item elementor-animated-content\" data-e-gallery-tags=\"3\" tabindex=\"0\">\n\t\t\t\t\t<div class=\"e-gallery-image elementor-gallery-item__image\" data-thumbnail=\"https:\/\/lokart.hu\/wp-content\/uploads\/2023\/06\/IMG-8725-768x768.jpg\" data-width=\"768\" data-height=\"768\" aria-label=\"\" role=\"img\" ><\/div>\n\t\t\t\t\t\t\t\t\t\t\t<div class=\"elementor-gallery-item__overlay\"><\/div>\n\t\t\t\t\t\t\t\t\t\t\t\t\t\t\t<div class=\"elementor-gallery-item__content\">\n\t\t\t\t\t\t\t\t\t\t\t\t\t\t<div class=\"elementor-gallery-item__title\">\n\t\t\t\t\t\t\t\t\t\t\t\t\t\t\t\t\t\t\/\/ KARIM KAL \/\/\t\t\t\t\t\t\t\t<\/div>\n\t\t\t\t\t\t\t\t\t\t\t\t\t\t\t<div class=\"elementor-gallery-item__description\">\n\t\t\t\t\t\t\t\t\t\t\t\t\t\t\t\t\t\tKarim Kal mintegy tizen\u00f6t \u00e9ve dolgozik dokumentumfilmes szemsz\u00f6gb\u0151l. Az \u00e1ltala alkotott k\u00e9pek le\u00edr\u00f3 jellege\nf\u00e9nyk\u00e9pez\u00e9s\u00e9nek \u00e1rnyalts\u00e1g\u00e1t a f\u00e9ny \u00e9s a kompoz\u00edci\u00f3 ter\u00e9n v\u00e9gzett munk\u00e1ja adja. F\u00e9nyk\u00e9pei indexikus felfog\u00e1st ny\u00fajtanak a\n\u00e9s egyens\u00falyt keres a t\u00e9ma t\u00e1rsadalmi \u00e9s politikai olvasat\u00e1t lehet\u0151v\u00e9 tev\u0151 elemek, valamint a formai gazdas\u00e1goss\u00e1g k\u00f6z\u00f6tt,\naz absztrakci\u00f3 sz\u00f3kincs\u00e9b\u0151l mer\u00edtve.\t\t\t\t\t\t\t\t<\/div>\n\t\t\t\t\t\t\t\t\t\t\t\t<\/div>\n\t\t\t\t\t\t\t\t\t<\/div>\n\t\t\t\t\t\t\t<div class=\"e-gallery-item elementor-gallery-item elementor-animated-content\" data-e-gallery-tags=\"4\" tabindex=\"0\">\n\t\t\t\t\t<div class=\"e-gallery-image elementor-gallery-item__image\" data-thumbnail=\"https:\/\/lokart.hu\/wp-content\/uploads\/2023\/06\/4_1-768x768.jpg\" data-width=\"768\" data-height=\"768\" aria-label=\"\" role=\"img\" ><\/div>\n\t\t\t\t\t\t\t\t\t\t\t<div class=\"elementor-gallery-item__overlay\"><\/div>\n\t\t\t\t\t\t\t\t\t\t\t\t\t\t\t<div class=\"elementor-gallery-item__content\">\n\t\t\t\t\t\t\t\t\t\t\t\t\t\t<div class=\"elementor-gallery-item__title\">\n\t\t\t\t\t\t\t\t\t\t\t\t\t\t\t\t\t\t\/\/ FUSZ M\u00c1TY\u00c1S \/\/\t\t\t\t\t\t\t\t<\/div>\n\t\t\t\t\t\t\t\t\t\t\t\t\t\t\t<div class=\"elementor-gallery-item__description\">\n\t\t\t\t\t\t\t\t\t\t\t\t\t\t\t\t\t\tM\u0171v\u00e9szet\u00e9ben keverednek a h\u00e1lyogkov\u00e1cs fenomenol\u00f3gus, a meleg \u00e9s a hideg\nkonceptualizmus, a vastag- \u00e9s a v\u00e9konyb\u0151r\u0171 realista k\u00e9pz\u0151m\u0171v\u00e9szeti attit\u0171d\u00f6k.\nKiindul\u00f3pontja legt\u00f6bbsz\u00f6r az ember viszonya mag\u00e1hoz, illetve az \u0151t k\u00f6r\u00fclvev\u0151 terekhez,\nt\u00e1rgyakhoz, emberekhez. A\u00a0m\u00e1s\u00a0\u00e9s az\u00a0ugyanaz\u00a0k\u00f6z\u00f6s meghat\u00e1roz\u00e1s\u00e1nak lehet\u0151s\u00e9geit vagy\n\u00e9ppen lehetetlens\u00e9geit megjelen\u00edt\u0151 munk\u00e1i, sorozatai a lehet\u0151 legegyszer\u0171bb \u00e9szlel\u00e9si esetek\ntanulm\u00e1nyai.\t\t\t\t\t\t\t\t<\/div>\n\t\t\t\t\t\t\t\t\t\t\t\t<\/div>\n\t\t\t\t\t\t\t\t\t<\/div>\n\t\t\t\t\t\t\t<div class=\"e-gallery-item elementor-gallery-item elementor-animated-content\" data-e-gallery-tags=\"4\" tabindex=\"0\">\n\t\t\t\t\t<div class=\"e-gallery-image elementor-gallery-item__image\" data-thumbnail=\"https:\/\/lokart.hu\/wp-content\/uploads\/2023\/06\/IMG-8569-768x768.jpg\" data-width=\"768\" data-height=\"768\" aria-label=\"\" role=\"img\" ><\/div>\n\t\t\t\t\t\t\t\t\t\t\t<div class=\"elementor-gallery-item__overlay\"><\/div>\n\t\t\t\t\t\t\t\t\t\t\t\t\t\t\t<div class=\"elementor-gallery-item__content\">\n\t\t\t\t\t\t\t\t\t\t\t\t\t\t<div class=\"elementor-gallery-item__title\">\n\t\t\t\t\t\t\t\t\t\t\t\t\t\t\t\t\t\t\/\/ SZ\u00c9CS\u00c9NYI-NAGY L\u00d3R\u00c1ND \/\/\t\t\t\t\t\t\t\t<\/div>\n\t\t\t\t\t\t\t\t\t\t\t\t\t\t\t<div class=\"elementor-gallery-item__description\">\n\t\t\t\t\t\t\t\t\t\t\t\t\t\t\t\t\t\tEls\u0151sorban csillag\u00e1szati \u00f6sszef\u00fcgg\u00e9seket vizsg\u00e1l munk\u00e1iban arra\nf\u00f3kusz\u00e1lva, hogy mik\u00e9nt t\u00e1rhat\u00f3 fel \u00e9s tehet\u0151 \u00e1br\u00e1zolhat\u00f3v\u00e1 a minket k\u00f6r\u00fclvev\u0151 t\u00e9r \u00e9s id\u0151\nkapcsolata. Projektjeiben els\u0151sorban technikai m\u00e9diumokat haszn\u00e1l olyan szokv\u00e1nyos\nmegk\u00f6zel\u00edt\u00e9sekt\u0151l elt\u00e9r\u0151 \u00f6sszef\u00fcgg\u00e9sek ut\u00e1n kutatva, amelyek felt\u00e1rj\u00e1k a rendes m\u0171k\u00f6d\u00e9s\nr\u00e9tege alatt megh\u00faz\u00f3d\u00f3 rejtett folyamatokat. Alkot\u00f3munk\u00e1ja sor\u00e1n az anal\u00f3g \u00e9s a digit\u00e1lis\nlek\u00e9pez\u00e9s mellett k\u00fcl\u00f6nb\u00f6z\u0151 f\u00e9ny- \u00e9s hanginstall\u00e1ci\u00f3kkal k\u00eds\u00e9rletezik.\t\t\t\t\t\t\t\t<\/div>\n\t\t\t\t\t\t\t\t\t\t\t\t<\/div>\n\t\t\t\t\t\t\t\t\t<\/div>\n\t\t\t\t\t\t\t<div class=\"e-gallery-item elementor-gallery-item elementor-animated-content\" data-e-gallery-tags=\"4\" tabindex=\"0\">\n\t\t\t\t\t<div class=\"e-gallery-image elementor-gallery-item__image\" data-thumbnail=\"https:\/\/lokart.hu\/wp-content\/uploads\/2023\/06\/KRISTOF-MARTON-E26-768x768.jpg\" data-width=\"768\" data-height=\"768\" aria-label=\"\" role=\"img\" ><\/div>\n\t\t\t\t\t\t\t\t\t\t\t<div class=\"elementor-gallery-item__overlay\"><\/div>\n\t\t\t\t\t\t\t\t\t\t\t\t\t\t\t<div class=\"elementor-gallery-item__content\">\n\t\t\t\t\t\t\t\t\t\t\t\t\t\t<div class=\"elementor-gallery-item__title\">\n\t\t\t\t\t\t\t\t\t\t\t\t\t\t\t\t\t\t\/\/ KRIST\u00d3F M\u00c1RTON \/\/\t\t\t\t\t\t\t\t<\/div>\n\t\t\t\t\t\t\t\t\t\t\t\t<\/div>\n\t\t\t\t\t\t\t\t\t<\/div>\n\t\t\t\t\t\t\t<div class=\"e-gallery-item elementor-gallery-item elementor-animated-content\" data-e-gallery-tags=\"4\" tabindex=\"0\">\n\t\t\t\t\t<div class=\"e-gallery-image elementor-gallery-item__image\" data-thumbnail=\"https:\/\/lokart.hu\/wp-content\/uploads\/2023\/06\/NILOUFAR-BASIRI-768x768.jpg\" data-width=\"768\" data-height=\"768\" aria-label=\"\" role=\"img\" ><\/div>\n\t\t\t\t\t\t\t\t\t\t\t<div class=\"elementor-gallery-item__overlay\"><\/div>\n\t\t\t\t\t\t\t\t\t\t\t\t\t\t\t<div class=\"elementor-gallery-item__content\">\n\t\t\t\t\t\t\t\t\t\t\t\t\t\t<div class=\"elementor-gallery-item__title\">\n\t\t\t\t\t\t\t\t\t\t\t\t\t\t\t\t\t\t\/\/ NILOUFAR BASIRI \/\/\t\t\t\t\t\t\t\t<\/div>\n\t\t\t\t\t\t\t\t\t\t\t\t\t\t\t<div class=\"elementor-gallery-item__description\">\n\t\t\t\t\t\t\t\t\t\t\t\t\t\t\t\t\t\tA RENCONTRE egy k\u00e9zi h\u00edmz\u00e9sekb\u0151l \u00e1ll\u00f3 sorozat Jouy sz\u00f6vetekre. K\u00e9t orsz\u00e1g tal\u00e1lkoz\u00e1s\u00e1nak t\u00f6rt\u00e9net\u00e9t mes\u00e9li el, k\u00e9t orsz\u00e1g kult\u00far\u00e1j\u00e1nak tal\u00e1lkoz\u00e1s\u00e1t, egy kapcsolatot, amely e tipikusan francia sz\u00f6vet \u00e9s perzsa miniat\u0171r\u00f6k k\u00f6z\u00f6tt sz\u00f6v\u0151dik. Mindkett\u0151 a mindennapi \u00e9letet, a szerepl\u0151k, az \u00e1llatok \u00e9s a t\u00e1jak jeleneteit hozza \u00f6ssze. T\u00f6rt\u00e9netek, amelyek valahol m\u00e1shol, a vil\u00e1g m\u00e1sik fel\u00e9n is megt\u00f6rt\u00e9nhetn\u00e9nek.\nA perzsa miniat\u00fara elemei megpr\u00f3b\u00e1lnak behatolni ebbe a m\u00e1r l\u00e9tez\u0151 vil\u00e1gba, mik\u00f6zben meg\u0151rzik eredetis\u00e9g\u00fcket. Ez a m\u0171\naz integr\u00e1ci\u00f3 folyamat\u00e1t k\u00e9pviseli, amely nagy er\u0151fesz\u00edt\u00e9st \u00e9s id\u0151t ig\u00e9nyel, ak\u00e1rcsak a v\u00e1lasztott k\u00e9zi technika, a h\u00edmz\u00e9s.\t\t\t\t\t\t\t\t<\/div>\n\t\t\t\t\t\t\t\t\t\t\t\t<\/div>\n\t\t\t\t\t\t\t\t\t<\/div>\n\t\t\t\t\t\t\t<div class=\"e-gallery-item elementor-gallery-item elementor-animated-content\" data-e-gallery-tags=\"4\" tabindex=\"0\">\n\t\t\t\t\t<div class=\"e-gallery-image elementor-gallery-item__image\" data-thumbnail=\"https:\/\/lokart.hu\/wp-content\/uploads\/2023\/06\/NEOGRADY-KISS-BARNABAS-768x768.jpg\" data-width=\"768\" data-height=\"768\" aria-label=\"\" role=\"img\" ><\/div>\n\t\t\t\t\t\t\t\t\t\t\t<div class=\"elementor-gallery-item__overlay\"><\/div>\n\t\t\t\t\t\t\t\t\t\t\t\t\t\t\t<div class=\"elementor-gallery-item__content\">\n\t\t\t\t\t\t\t\t\t\t\t\t\t\t<div class=\"elementor-gallery-item__title\">\n\t\t\t\t\t\t\t\t\t\t\t\t\t\t\t\t\t\t\/\/ NEOGR\u00c1DY-KISS BARNAB\u00c1S \/\/\t\t\t\t\t\t\t\t<\/div>\n\t\t\t\t\t\t\t\t\t\t\t\t\t\t\t<div class=\"elementor-gallery-item__description\">\n\t\t\t\t\t\t\t\t\t\t\t\t\t\t\t\t\t\tFot\u00f3i alkotta \u00e9rz\u00e9keny vizu\u00e1lis nyelvezet egyik legfontosabb\nt\u00e9m\u00e1ja, de ink\u00e1bb egyfajta cselekv\u00e9sm\u00f3dja az \u00e9rz\u00e9kel\u00e9s, \u00e9szlel\u00e9s megfigyel\u00e9se. Ekk\u00e9pp,\nmivel ez a fotogr\u00e1fia eszk\u00f6z\u00e9vel t\u00f6rt\u00e9nik, ez mag\u00e1nak a m\u00e9diumnak, emellett a k\u00e9pek\nbefogad\u00e1s\u00e1nak, \u00e9szlel\u00e9s\u00e9nek is a folyamatos reflexi\u00f3ja.\nJelen ki\u00e1ll\u00edt\u00e1sa kor\u00e1bbi munk\u00e1inak \u00e9s legfrissebb m\u0171veinek adott teret\nlegmesszemen\u0151bbig kihaszn\u00e1l\u00f3 \u00fajraszitu\u00e1l\u00e1sa.\t\t\t\t\t\t\t\t<\/div>\n\t\t\t\t\t\t\t\t\t\t\t\t<\/div>\n\t\t\t\t\t\t\t\t\t<\/div>\n\t\t\t\t\t\t\t<div class=\"e-gallery-item elementor-gallery-item elementor-animated-content\" data-e-gallery-tags=\"4\" tabindex=\"0\">\n\t\t\t\t\t<div class=\"e-gallery-image elementor-gallery-item__image\" data-thumbnail=\"https:\/\/lokart.hu\/wp-content\/uploads\/2023\/06\/01-Gyertya-2-768x960.png\" data-width=\"768\" data-height=\"960\" aria-label=\"\" role=\"img\" ><\/div>\n\t\t\t\t\t\t\t\t\t\t\t<div class=\"elementor-gallery-item__overlay\"><\/div>\n\t\t\t\t\t\t\t\t\t\t\t\t\t\t\t<div class=\"elementor-gallery-item__content\">\n\t\t\t\t\t\t\t\t\t\t\t\t\t\t<div class=\"elementor-gallery-item__title\">\n\t\t\t\t\t\t\t\t\t\t\t\t\t\t\t\t\t\t\/\/ PACSIKA RUDOLF \/\/\t\t\t\t\t\t\t\t<\/div>\n\t\t\t\t\t\t\t\t\t\t\t\t\t\t\t<div class=\"elementor-gallery-item__description\">\n\t\t\t\t\t\t\t\t\t\t\t\t\t\t\t\t\t\tM\u0171veiben sokszor haszn\u00e1l szem\u00e9lyes hangulat\u00fa, mindennapi t\u00e1rgyakat. Ennek megfelel\u0151en rendk\u00edv\u00fcl szabadon v\u00e1ltogatja\nalkot\u00e1sainak megjelen\u00e9si form\u00e1it: objekt, szobor, fot\u00f3, anim\u00e1ci\u00f3, vide\u00f3, rajz, festm\u00e9ny, kinetikus \u00e9s\ndigit\u00e1lis megold\u00e1sok, megh\u00f6kkent\u0151 egyens\u00falyi szitu\u00e1ci\u00f3k. A sz\u00e9les kifejez\u00e9si spektrum ellen\u00e9re egy\ntechnikailag ig\u00e9nyesen kivitelezett computer-install\u00e1ci\u00f3ban ugyan\u00fagy valami fajta m\u00e9dia n\u00e9lk\u00fcli,\nk\u00f6zvetlen (immediate), energiatelt megjelen\u00e9s a c\u00e9lja, mint a legegyszer\u0171bb vonalrajzaiban.\t\t\t\t\t\t\t\t<\/div>\n\t\t\t\t\t\t\t\t\t\t\t\t<\/div>\n\t\t\t\t\t\t\t\t\t<\/div>\n\t\t\t\t\t\t\t<div class=\"e-gallery-item elementor-gallery-item elementor-animated-content\" data-e-gallery-tags=\"4\" tabindex=\"0\">\n\t\t\t\t\t<div class=\"e-gallery-image elementor-gallery-item__image\" data-thumbnail=\"https:\/\/lokart.hu\/wp-content\/uploads\/2023\/06\/VARNAI-AGNES-TINA-KULT-768x768.jpg\" data-width=\"768\" data-height=\"768\" aria-label=\"\" role=\"img\" ><\/div>\n\t\t\t\t\t\t\t\t\t\t\t<div class=\"elementor-gallery-item__overlay\"><\/div>\n\t\t\t\t\t\t\t\t\t\t\t\t\t\t\t<div class=\"elementor-gallery-item__content\">\n\t\t\t\t\t\t\t\t\t\t\t\t\t\t<div class=\"elementor-gallery-item__title\">\n\t\t\t\t\t\t\t\t\t\t\t\t\t\t\t\t\t\t\/\/ V\u00c1RNAI \u00c1GNES & TINA KULT \/\/\t\t\t\t\t\t\t\t<\/div>\n\t\t\t\t\t\t\t\t\t\t\t\t\t\t\t<div class=\"elementor-gallery-item__description\">\n\t\t\t\t\t\t\t\t\t\t\t\t\t\t\t\t\t\tA T(n)C-t 2017-ben alap\u00edtotta V\u00e1rnai \u00c1gnes \u00e9s Tina Kult. B\u00e9csben \u00e9lnek \u00e9s dolgoznak: a\nm\u00e9diumok sz\u00e9les sk\u00e1l\u00e1j\u00e1val k\u00eds\u00e9rleteznek, bele\u00e9rtve a virtu\u00e1lis val\u00f3s\u00e1got, a 3D-t, az\ninstall\u00e1ci\u00f3t \u00e9s a divatot. A k\u00fcl\u00f6nb\u00f6z\u0151 diszcipl\u00edn\u00e1k kombin\u00e1l\u00e1s\u00e1val immerz\u00edv \u00e9lm\u00e9nyeket\nkutatnak, hogy \u00f6sszekapcsolj\u00e1k a val\u00f3s\u00e1gok digit\u00e1lis \u00e9s fizikai szintj\u00e9t. A T(n)C hisz a\nk\u00f6z\u00f6s er\u0151fesz\u00edt\u00e9sek erej\u00e9ben. C\u00e9ljuk a kollekt\u00edv t\u00f6rt\u00e9netmes\u00e9l\u00e9s gyakorlat\u00e1nak kiterjeszt\u00e9se\naz egy\u00fcttm\u0171k\u00f6d\u00e9sen alapul\u00f3 megk\u00f6zel\u00edt\u00e9ssel.\t\t\t\t\t\t\t\t<\/div>\n\t\t\t\t\t\t\t\t\t\t\t\t<\/div>\n\t\t\t\t\t\t\t\t\t<\/div>\n\t\t\t\t\t\t\t<div class=\"e-gallery-item elementor-gallery-item elementor-animated-content\" data-e-gallery-tags=\"4\" tabindex=\"0\">\n\t\t\t\t\t<div class=\"e-gallery-image elementor-gallery-item__image\" data-thumbnail=\"https:\/\/lokart.hu\/wp-content\/uploads\/2023\/06\/IMG-8573-768x768.jpg\" data-width=\"768\" data-height=\"768\" aria-label=\"\" role=\"img\" ><\/div>\n\t\t\t\t\t\t\t\t\t\t\t<div class=\"elementor-gallery-item__overlay\"><\/div>\n\t\t\t\t\t\t\t\t\t\t\t\t\t\t\t<div class=\"elementor-gallery-item__content\">\n\t\t\t\t\t\t\t\t\t\t\t\t\t\t<div class=\"elementor-gallery-item__title\">\n\t\t\t\t\t\t\t\t\t\t\t\t\t\t\t\t\t\t\/\/ ZALAV\u00c1RI ANDR\u00c1S \/\/\t\t\t\t\t\t\t\t<\/div>\n\t\t\t\t\t\t\t\t\t\t\t\t\t\t\t<div class=\"elementor-gallery-item__description\">\n\t\t\t\t\t\t\t\t\t\t\t\t\t\t\t\t\t\tMinden egyes munk\u00e1ja k\u00fcl\u00f6nb\u00f6z\u0151 eszk\u00f6z\u00f6ket indokol, amelyeket haszn\u00e1l vagy kombin\u00e1l, legyen sz\u00f3 a rajz, a fotogram, a szobr\u00e1szat klasszikus m\u00f3dszereir\u0151l vagy a modern sz\u00e1m\u00edt\u00f3g\u00e9pes szoftverekr\u0151l \u00e9s programoz\u00e1si nyelvekr\u0151l. M\u0171v\u00e9szi gyakorlat\u00e1ban a l\u00e1tv\u00e1ny, a l\u00e1t\u00e1s \u00e9s az \u00e9rtelmez\u00e9s k\u00f6z\u00f6tti kapcsolatokat vizsg\u00e1lja. C\u00e9lja nem az emberi tapasztalat magyar\u00e1zata vagy ill\u00fazi\u00f3 l\u00e9trehoz\u00e1sa, \u00e9s nem is az emberi l\u00e1t\u00e1s \u00e9rtelmez\u00e9se. Ehelyett a szem\u00fcnket, l\u00e1t\u00e1sunkat \u00e9s agyunkat, egy m\u00e9diumnak kezeli a sok k\u00f6z\u00fcl. Munk\u00e1i ezzel a k\u00fcl\u00f6nleges m\u00e9diummal val\u00f3 k\u00eds\u00e9rletek.\t\t\t\t\t\t\t\t<\/div>\n\t\t\t\t\t\t\t\t\t\t\t\t<\/div>\n\t\t\t\t\t\t\t\t\t<\/div>\n\t\t\t\t\t\t\t<div class=\"e-gallery-item elementor-gallery-item elementor-animated-content\" data-e-gallery-tags=\"4\" tabindex=\"0\">\n\t\t\t\t\t<div class=\"e-gallery-image elementor-gallery-item__image\" data-thumbnail=\"https:\/\/lokart.hu\/wp-content\/uploads\/2023\/06\/SZIJ-KAMILLA-KOOS-GABOR-768x768.jpg\" data-width=\"768\" data-height=\"768\" aria-label=\"\" role=\"img\" ><\/div>\n\t\t\t\t\t\t\t\t\t\t\t<div class=\"elementor-gallery-item__overlay\"><\/div>\n\t\t\t\t\t\t\t\t\t\t\t\t\t\t\t<div class=\"elementor-gallery-item__content\">\n\t\t\t\t\t\t\t\t\t\t\t\t\t\t<div class=\"elementor-gallery-item__title\">\n\t\t\t\t\t\t\t\t\t\t\t\t\t\t\t\t\t\t\/\/ SZ\u00cdJ KAMILLA KO\u00d3S G\u00c1BOR \/\/\t\t\t\t\t\t\t\t<\/div>\n\t\t\t\t\t\t\t\t\t\t\t\t\t\t\t<div class=\"elementor-gallery-item__description\">\n\t\t\t\t\t\t\t\t\t\t\t\t\t\t\t\t\t\tKo\u00f3s G\u00e1bor munk\u00e1ira jellemz\u0151 az \u00f6szt\u00f6nz\u0151 sz\u00e1nd\u00e9ka, hogy meg\u0151rizzen \u00e9letrajzi vonatkoz\u00e1s\u00fa helyeket \u00e9s t\u00e1rgyakat \u00e9s egyben k\u00f6zel\u00edtsen azon \u00e1ltal\u00e1nosabb \u00e9rdekl\u0151d\u00e9s fel\u00e9, hogy felt\u00e1rja, reproduk\u00e1lja \u00e9s ez\u00e1ltal kisaj\u00e1t\u00edtsa a teret \u00e9s annak meghat\u00e1roz\u00f3 strukt\u00far\u00e1j\u00e1t. Sz\u00edj Kamilla\/\/A rajzair\u00f3l besz\u00e9lve p\u00e9ld\u00e1ul ezeket a szavakat haszn\u00e1lja: hidegt\u0171, pap\u00edr, ceruza, redukci\u00f3, strukt\u00fara, szab\u00e1lyok, d\u00f6nt\u00e9sek, elem, vonal, s\u0171r\u0171s\u00f6d\u00e9s, ritkul\u00e1s.  Ezek az eszk\u00f6z\u00f6k k\u00fcl\u00f6n-k\u00fcl\u00f6n, \u00f6nmagukban nem tartalmazz\u00e1k a l\u00e9nyeget. A rajzai koncentr\u00e1tumok; egy r\u00e9szt pr\u00f3b\u00e1l l\u00e9trehozni vel\u00fck, amely az eg\u00e9szre utal.\t\t\t\t\t\t\t\t<\/div>\n\t\t\t\t\t\t\t\t\t\t\t\t<\/div>\n\t\t\t\t\t\t\t\t\t<\/div>\n\t\t\t\t\t\t\t<div class=\"e-gallery-item elementor-gallery-item elementor-animated-content\" data-e-gallery-tags=\"4\" tabindex=\"0\">\n\t\t\t\t\t<div class=\"e-gallery-image elementor-gallery-item__image\" data-thumbnail=\"https:\/\/lokart.hu\/wp-content\/uploads\/2023\/06\/0005-768x768.jpg\" data-width=\"768\" data-height=\"768\" aria-label=\"\" role=\"img\" ><\/div>\n\t\t\t\t\t\t\t\t\t\t\t<div class=\"elementor-gallery-item__overlay\"><\/div>\n\t\t\t\t\t\t\t\t\t\t\t\t\t\t\t<div class=\"elementor-gallery-item__content\">\n\t\t\t\t\t\t\t\t\t\t\t\t\t\t<div class=\"elementor-gallery-item__title\">\n\t\t\t\t\t\t\t\t\t\t\t\t\t\t\t\t\t\t\/\/ NAGY \u00c1GOSTON \/\/\t\t\t\t\t\t\t\t<\/div>\n\t\t\t\t\t\t\t\t\t\t\t\t\t\t\t<div class=\"elementor-gallery-item__description\">\n\t\t\t\t\t\t\t\t\t\t\t\t\t\t\t\t\t\tAlgoritmikus m\u0171v\u00e9szet, rendszergondolkod\u00e1s, m\u0171helyek: m\u0171v\u00e9szi vizualiz\u00e1ci\u00f3 \u00e9s val\u00f3s idej\u0171 szonifik\u00e1ci\u00f3 k\u00f3ddal. Alulr\u00f3l szervez\u0151d\u0151 k\u00f6z\u00f6ss\u00e9gek, decentraliz\u00e1lt h\u00e1l\u00f3zatok, auton\u00f3mia \u00e9s ellen\u00e1ll\u00f3 k\u00e9pess\u00e9g vizsg\u00e1lata a limin\u00e1lis weben \u00e9s azon t\u00fal.\t\t\t\t\t\t\t\t<\/div>\n\t\t\t\t\t\t\t\t\t\t\t\t<\/div>\n\t\t\t\t\t\t\t\t\t<\/div>\n\t\t\t\t\t\t\t<div class=\"e-gallery-item elementor-gallery-item elementor-animated-content\" data-e-gallery-tags=\"4\" tabindex=\"0\">\n\t\t\t\t\t<div class=\"e-gallery-image elementor-gallery-item__image\" data-thumbnail=\"https:\/\/lokart.hu\/wp-content\/uploads\/2023\/06\/Marcell_Mostoha_lokart_Still001-768x432.jpg\" data-width=\"768\" data-height=\"432\" aria-label=\"\" role=\"img\" ><\/div>\n\t\t\t\t\t\t\t\t\t\t\t<div class=\"elementor-gallery-item__overlay\"><\/div>\n\t\t\t\t\t\t\t\t\t\t\t\t\t\t\t<div class=\"elementor-gallery-item__content\">\n\t\t\t\t\t\t\t\t\t\t\t\t\t\t<div class=\"elementor-gallery-item__title\">\n\t\t\t\t\t\t\t\t\t\t\t\t\t\t\t\t\t\t\/\/ MOSTOHA MARCELL \/\/\t\t\t\t\t\t\t\t<\/div>\n\t\t\t\t\t\t\t\t\t\t\t\t\t\t\t<div class=\"elementor-gallery-item__description\">\n\t\t\t\t\t\t\t\t\t\t\t\t\t\t\t\t\t\tAnim\u00e1ci\u00f3s filmrendez\u0151. Diplomafilmje 2020-ban a Franciaorsz\u00e1gban megrendezett 60. Annecy Nemzetk\u00f6zi Anim\u00e1ci\u00f3sfilm Fesztiv\u00e1lon a zs\u0171ri d\u00edj\u00e1t nyerte el. Meghat\u00e1roz\u00f3nak tartja az interdiszciplin\u00e1ris gondolkod\u00e1sban rejl\u0151 lehet\u0151s\u00e9geket, hisz a m\u0171fajok k\u00f6z\u00f6tti szabad \u00e1tj\u00e1rhat\u00f3s\u00e1gban. Sz\u00e1m\u00e1ra az anim\u00e1ci\u00f3 mint m\u0171faj t\u00f6k\u00e9letesen fedi ezt a fajta gondolkod\u00e1st. A mozg\u00f3k\u00e9p \u00e9s zene mellett k\u00e9pz\u0151m\u0171v\u00e9szk\u00e9nt is dolgozik; tradicion\u00e1lis grafik\u00e1val foglalkozik, \u00e9rdekl\u0151d\u00e9se az absztrakci\u00f3 fel\u00e9 ir\u00e1nyul.\t\t\t\t\t\t\t\t<\/div>\n\t\t\t\t\t\t\t\t\t\t\t\t<\/div>\n\t\t\t\t\t\t\t\t\t<\/div>\n\t\t\t\t\t\t\t<div class=\"e-gallery-item elementor-gallery-item elementor-animated-content\" data-e-gallery-tags=\"4\" tabindex=\"0\">\n\t\t\t\t\t<div class=\"e-gallery-image elementor-gallery-item__image\" data-thumbnail=\"https:\/\/lokart.hu\/wp-content\/uploads\/2023\/06\/EGLE-ANITA.png\" data-width=\"600\" data-height=\"600\" aria-label=\"\" role=\"img\" ><\/div>\n\t\t\t\t\t\t\t\t\t\t\t<div class=\"elementor-gallery-item__overlay\"><\/div>\n\t\t\t\t\t\t\t\t\t\t\t\t\t\t\t<div class=\"elementor-gallery-item__content\">\n\t\t\t\t\t\t\t\t\t\t\t\t\t\t<div class=\"elementor-gallery-item__title\">\n\t\t\t\t\t\t\t\t\t\t\t\t\t\t\t\t\t\t\/\/ EGLE ANITA \/\/\t\t\t\t\t\t\t\t<\/div>\n\t\t\t\t\t\t\t\t\t\t\t\t<\/div>\n\t\t\t\t\t\t\t\t\t<\/div>\n\t\t\t\t\t\t\t<div class=\"e-gallery-item elementor-gallery-item elementor-animated-content\" data-e-gallery-tags=\"4\" tabindex=\"0\">\n\t\t\t\t\t<div class=\"e-gallery-image elementor-gallery-item__image\" data-thumbnail=\"https:\/\/lokart.hu\/wp-content\/uploads\/2023\/06\/GROF-FERENC-GYENES-ZSOFIA-768x768.jpg\" data-width=\"768\" data-height=\"768\" aria-label=\"\" role=\"img\" ><\/div>\n\t\t\t\t\t\t\t\t\t\t\t<div class=\"elementor-gallery-item__overlay\"><\/div>\n\t\t\t\t\t\t\t\t\t\t\t\t\t\t\t<div class=\"elementor-gallery-item__content\">\n\t\t\t\t\t\t\t\t\t\t\t\t\t\t<div class=\"elementor-gallery-item__title\">\n\t\t\t\t\t\t\t\t\t\t\t\t\t\t\t\t\t\t\/\/ GR\u00d3F FERENC & GYENES ZS\u00d3FIA \/\/\t\t\t\t\t\t\t\t<\/div>\n\t\t\t\t\t\t\t\t\t\t\t\t\t\t\t<div class=\"elementor-gallery-item__description\">\n\t\t\t\t\t\t\t\t\t\t\t\t\t\t\t\t\t\tGR\u00d3F Ferenc K\u00e9pz\u0151m\u0171v\u00e9sz, tan\u00e1r \u00e9s kur\u00e1tor, 2001 \u00f3ta P\u00e1rizsba \u00e9l \u00e9s dolgozik. A Soci\u00e9t\u00e9 R\u00e9aliste tagjak\u00e9nt, majd sz\u00f3l\u00f3ban, t\u00f6bb hazai \u00e9s k\u00fclf\u00f6ldi, egy\u00e9ni \u00e9s csoportos ki\u00e1ll\u00edt\u00e1son szerepelt. Munk\u00e1iban ideol\u00f3giai lenyomatokat vizsg\u00e1l a grafikai tervez\u00e9s \u00e9s a\nt\u00e9r\u00e9lm\u00e9ny metsz\u00e9spontj\u00e1ban. Praxisa ebb\u0151l k\u00f6vetkez\u0151en m\u0171fajilag soksz\u00edn\u0171, nyelvi \u00e9s tipogr\u00e1fiai elemekb\u0151l, kartogr\u00e1fiai \u00e9s heraldikai elemekb\u0151l \u00e9p\u00edtkezik.\nGYENES Zs\u00f3fia P\u00e1rizsban szerzett diplom\u00e1t k\u00e9pz\u0151m\u0171v\u00e9szk\u00e9nt, majd felv\u00e9telt nyert az Arts Deco\n(ENSAD) textil szak\u00e1ra. Az ipari textiltervez\u00e9s k\u00fcl\u00f6nb\u00f6z\u0151 met\u00f3dusai mellett, a tradicion\u00e1lis\nk\u00e9zm\u0171ves technik\u00e1k vil\u00e1ga fel\u00e9 is t\u00e1j\u00e9koz\u00f3dott. Sz\u00e1mos divat \u00e9s lakberendez\u00e9si c\u00e9gn\u00e9l dolgozott designerk\u00e9nt. 2022 tavasz\u00e1n alap\u00edtotta meg f\u00fcggetlen st\u00fadi\u00f3j\u00e1t P\u00e1rizsban.\t\t\t\t\t\t\t\t<\/div>\n\t\t\t\t\t\t\t\t\t\t\t\t<\/div>\n\t\t\t\t\t\t\t\t\t<\/div>\n\t\t\t\t\t\t\t<div class=\"e-gallery-item elementor-gallery-item elementor-animated-content\" data-e-gallery-tags=\"4\" tabindex=\"0\">\n\t\t\t\t\t<div class=\"e-gallery-image elementor-gallery-item__image\" data-thumbnail=\"https:\/\/lokart.hu\/wp-content\/uploads\/2023\/06\/Kantor_Nyugalom_II-768x507.jpg\" data-width=\"768\" data-height=\"507\" aria-label=\"\" role=\"img\" ><\/div>\n\t\t\t\t\t\t\t\t\t\t\t<div class=\"elementor-gallery-item__overlay\"><\/div>\n\t\t\t\t\t\t\t\t\t\t\t\t\t\t\t<div class=\"elementor-gallery-item__content\">\n\t\t\t\t\t\t\t\t\t\t\t\t\t\t<div class=\"elementor-gallery-item__title\">\n\t\t\t\t\t\t\t\t\t\t\t\t\t\t\t\t\t\t\/\/ K\u00c1NTOR \u00c1GNES \/\/\t\t\t\t\t\t\t\t<\/div>\n\t\t\t\t\t\t\t\t\t\t\t\t\t\t\t<div class=\"elementor-gallery-item__description\">\n\t\t\t\t\t\t\t\t\t\t\t\t\t\t\t\t\t\tEz csak k\u00e9p, nem tud b\u00e1ntani - gondoljuk, \u00e9s megnyitjuk a cikket a katasztr\u00f3fa fot\u00f3ival, vagy egy sorozatgyilkosokr\u00f3l sz\u00f3l\u00f3 filmmel z\u00e1rjuk a napot. Sz\u00e1m\u00edtunk r\u00e1, hogy az alkotott k\u00e9pek eszt\u00e9tiz\u00e1lj\u00e1k, komfortoss\u00e1 teszik a val\u00f3s\u00e1got. Azt az ill\u00fazi\u00f3t keltik, hogy megfelel\u0151 filterrel b\u00e1rmi elviselhet\u0151.\t\t\t\t\t\t\t\t<\/div>\n\t\t\t\t\t\t\t\t\t\t\t\t<\/div>\n\t\t\t\t\t\t\t\t\t<\/div>\n\t\t\t\t\t\t\t<div class=\"e-gallery-item elementor-gallery-item elementor-animated-content\" data-e-gallery-tags=\"4\" tabindex=\"0\">\n\t\t\t\t\t<div class=\"e-gallery-image elementor-gallery-item__image\" data-thumbnail=\"https:\/\/lokart.hu\/wp-content\/uploads\/2023\/06\/SALAMON-ESZTER-FILM.png\" data-width=\"302\" data-height=\"302\" aria-label=\"\" role=\"img\" ><\/div>\n\t\t\t\t\t\t\t\t\t\t\t<div class=\"elementor-gallery-item__overlay\"><\/div>\n\t\t\t\t\t\t\t\t\t\t\t\t\t\t\t<div class=\"elementor-gallery-item__content\">\n\t\t\t\t\t\t\t\t\t\t\t\t\t\t<div class=\"elementor-gallery-item__title\">\n\t\t\t\t\t\t\t\t\t\t\t\t\t\t\t\t\t\t\/\/ REAPPEARANCE \/\/              SALAMON ESZTER\t\t\t\t\t\t\t\t<\/div>\n\t\t\t\t\t\t\t\t\t\t\t\t<\/div>\n\t\t\t\t\t\t\t\t\t<\/div>\n\t\t\t\t\t\t\t<div class=\"e-gallery-item elementor-gallery-item elementor-animated-content\" data-e-gallery-tags=\"5\" tabindex=\"0\">\n\t\t\t\t\t<div class=\"e-gallery-image elementor-gallery-item__image\" data-thumbnail=\"https:\/\/lokart.hu\/wp-content\/uploads\/2023\/06\/IMG-8688-768x768.jpg\" data-width=\"768\" data-height=\"768\" aria-label=\"\" role=\"img\" ><\/div>\n\t\t\t\t\t\t\t\t\t\t\t<div class=\"elementor-gallery-item__overlay\"><\/div>\n\t\t\t\t\t\t\t\t\t\t\t\t\t\t\t<div class=\"elementor-gallery-item__content\">\n\t\t\t\t\t\t\t\t\t\t\t\t\t\t<div class=\"elementor-gallery-item__title\">\n\t\t\t\t\t\t\t\t\t\t\t\t\t\t\t\t\t\t\/\/ SARFENSTEIN DITTA \/\/\t\t\t\t\t\t\t\t<\/div>\n\t\t\t\t\t\t\t\t\t\t\t\t\t\t\t<div class=\"elementor-gallery-item__description\">\n\t\t\t\t\t\t\t\t\t\t\t\t\t\t\t\t\t\tA Magyar K\u00e9pz\u0151m\u0171v\u00e9szeti Egyetem negyed\u00e9ves hallgat\u00f3ja. Filigr\u00e1n, kimerev\u00edtett, \u00e1ttetsz\u0151 h\u00e1romdimenzi\u00f3s h\u00e1l\u00f3b\u00f3l k\u00e9sz\u00edt szobrokat \u00e9s fedezi fel a transzparencia adta lehet\u0151s\u00e9geket, amivel egy alternat\u00edv univerzum k\u00e9p\u00e9t mutathatja be. Munk\u00e1it gyakran vil\u00e1g\u00edtja meg pontszer\u0171 f\u00e9nnyel, az \u00edgy megjelent \u00e1rny\u00e9k \u00e1ltal a forma s\u00edkk\u00e1 v\u00e1lik a falon, a dimenzi\u00f3k hordoz\u00f3j\u00e1v\u00e1 \u00e9s vet\u00edt\u0151j\u00e9v\u00e9 v\u00e1lik.  Elm\u00e9leti kutat\u00e1sai t\u00e1rgy\u00e1t virtualit\u00e1s, felejt\u00e9s, a kognit\u00edv pszichol\u00f3gia k\u00fcl\u00f6nb\u00f6z\u0151 r\u00e9tegei, illetve a t\u00e9r \u00e9s az ember viszony\u00e1nak a vizsg\u00e1lata k\u00e9pezi. \n\t\t\t\t\t\t\t\t<\/div>\n\t\t\t\t\t\t\t\t\t\t\t\t<\/div>\n\t\t\t\t\t\t\t\t\t<\/div>\n\t\t\t\t\t\t\t<div class=\"e-gallery-item elementor-gallery-item elementor-animated-content\" data-e-gallery-tags=\"5\" tabindex=\"0\">\n\t\t\t\t\t<div class=\"e-gallery-image elementor-gallery-item__image\" data-thumbnail=\"https:\/\/lokart.hu\/wp-content\/uploads\/2023\/06\/some-of-pure-water-ii-768x903.jpg\" data-width=\"768\" data-height=\"903\" aria-label=\"\" role=\"img\" ><\/div>\n\t\t\t\t\t\t\t\t\t\t\t<div class=\"elementor-gallery-item__overlay\"><\/div>\n\t\t\t\t\t\t\t\t\t\t\t\t\t\t\t<div class=\"elementor-gallery-item__content\">\n\t\t\t\t\t\t\t\t\t\t\t\t\t\t<div class=\"elementor-gallery-item__title\">\n\t\t\t\t\t\t\t\t\t\t\t\t\t\t\t\t\t\t\/\/ CSORBA-SIMON ISTV\u00c1N \/\/\t\t\t\t\t\t\t\t<\/div>\n\t\t\t\t\t\t\t\t\t\t\t\t\t\t\t<div class=\"elementor-gallery-item__description\">\n\t\t\t\t\t\t\t\t\t\t\t\t\t\t\t\t\t\tA Magyar K\u00e9pz\u0151m\u0171v\u00e9szeti Egyetem k\u00e9pgrafika tansz\u00e9k\u00e9n tanult. Szerte\u00e1gaz\u00f3 munk\u00e1inak k\u00f6z\u00f6s metszet\u00e9t \u00e9s koherenci\u00e1j\u00e1t az id\u0151 k\u00fcl\u00f6nb\u00f6z\u0151 m\u00f3dokon t\u00f6rt\u00e9n\u0151 \u00e9rz\u00e9kel\u00e9se, megismer\u00e9se \u00e9s a benne l\u00e9v\u0151 hely\u00fcnk keres\u00e9se adja. Ez az eml\u00e9kez\u00e9s, r\u00f6gz\u00edt\u00e9s, elm\u00e9ly\u00fcl\u00e9s, id\u0151h\u00faz\u00e1s \u00e9s v\u00e1rakoz\u00e1s form\u00e1it \u00f6ltheti mag\u00e1ra a munk\u00e1kkal val\u00f3 foglalkoz\u00e1s k\u00f6zben, kigondol\u00e1suk lass\u00fa folyamat\u00e1ban.\n\t\t\t\t\t\t\t\t<\/div>\n\t\t\t\t\t\t\t\t\t\t\t\t<\/div>\n\t\t\t\t\t\t\t\t\t<\/div>\n\t\t\t\t\t\t\t<div class=\"e-gallery-item elementor-gallery-item elementor-animated-content\" data-e-gallery-tags=\"5\" tabindex=\"0\">\n\t\t\t\t\t<div class=\"e-gallery-image elementor-gallery-item__image\" data-thumbnail=\"https:\/\/lokart.hu\/wp-content\/uploads\/2023\/06\/Nevtelen-terv-1.png\" data-width=\"600\" data-height=\"600\" aria-label=\"\" role=\"img\" ><\/div>\n\t\t\t\t\t\t\t\t\t\t\t<div class=\"elementor-gallery-item__overlay\"><\/div>\n\t\t\t\t\t\t\t\t\t\t\t\t\t\t\t<div class=\"elementor-gallery-item__content\">\n\t\t\t\t\t\t\t\t\t\t\t\t\t\t<div class=\"elementor-gallery-item__title\">\n\t\t\t\t\t\t\t\t\t\t\t\t\t\t\t\t\t\t\/\/ MECZING ESZTER \/\/\t\t\t\t\t\t\t\t<\/div>\n\t\t\t\t\t\t\t\t\t\t\t\t\t\t\t<div class=\"elementor-gallery-item__description\">\n\t\t\t\t\t\t\t\t\t\t\t\t\t\t\t\t\t\tMetzing Eszter m\u0171v\u00e9szete egy ismeretlen univerzum sugallatait k\u00f6zvet\u00edti. Egy teljesen ismeretlen vil\u00e1g h\u00edv\u00e1sa, s\u00f6t\u00e9t v\u00e9gletek, amelyek alattomosan cs\u00fasznak be a megt\u00f6rt \u00e9s sz\u00e9tszakadt elm\u00e9kbe. Ha \u00e1tadjuk magunkat ennek az \u00e1talakul\u00e1snak, r\u00e1j\u00f6v\u00fcnk, hogy mindv\u00e9gig mi voltunk az idegen univerzum. \t\t\t\t\t\t\t\t<\/div>\n\t\t\t\t\t\t\t\t\t\t\t\t<\/div>\n\t\t\t\t\t\t\t\t\t<\/div>\n\t\t\t\t\t\t\t<div class=\"e-gallery-item elementor-gallery-item elementor-animated-content\" data-e-gallery-tags=\"6\" tabindex=\"0\">\n\t\t\t\t\t<div class=\"e-gallery-image elementor-gallery-item__image\" data-thumbnail=\"https:\/\/lokart.hu\/wp-content\/uploads\/2023\/06\/valaszto-csik-2-768x296.png\" data-width=\"768\" data-height=\"296\" aria-label=\"\" role=\"img\" ><\/div>\n\t\t\t\t\t\t\t\t\t\t\t<div class=\"elementor-gallery-item__overlay\"><\/div>\n\t\t\t\t\t\t\t\t\t\t\t\t\t\t\t<div class=\"elementor-gallery-item__content\">\n\t\t\t\t\t\t\t\t\t\t\t\t\t\t<div class=\"elementor-gallery-item__title\">\n\t\t\t\t\t\t\t\t\t\t\t\t\t\t\t\t\t\t\/\/ LENGYEL P\u00c9TER TAN\u00cdTV\u00c1NYAI \/\/\t\t\t\t\t\t\t\t<\/div>\n\t\t\t\t\t\t\t\t\t\t\t\t<\/div>\n\t\t\t\t\t\t\t\t\t<\/div>\n\t\t\t\t\t\t\t<div class=\"e-gallery-item elementor-gallery-item elementor-animated-content\" data-e-gallery-tags=\"7\" tabindex=\"0\">\n\t\t\t\t\t<div class=\"e-gallery-image elementor-gallery-item__image\" data-thumbnail=\"https:\/\/lokart.hu\/wp-content\/uploads\/2023\/06\/FARKAS-JULIA-1.png\" data-width=\"300\" data-height=\"300\" aria-label=\"\" role=\"img\" ><\/div>\n\t\t\t\t\t\t\t\t\t\t\t<div class=\"elementor-gallery-item__overlay\"><\/div>\n\t\t\t\t\t\t\t\t\t\t\t\t\t\t\t<div class=\"elementor-gallery-item__content\">\n\t\t\t\t\t\t\t\t\t\t\t\t\t\t<div class=\"elementor-gallery-item__title\">\n\t\t\t\t\t\t\t\t\t\t\t\t\t\t\t\t\t\t\/\/ FARKAS J\u00daLIA \/\/\t\t\t\t\t\t\t\t<\/div>\n\t\t\t\t\t\t\t\t\t\t\t\t\t\t\t<div class=\"elementor-gallery-item__description\">\n\t\t\t\t\t\t\t\t\t\t\t\t\t\t\t\t\t\tAnim\u00e1ci\u00f3s rendez\u0151, karaktertervez\u0151, multiplatform m\u0171v\u00e9sz. Munk\u00e1ival egyedi vizu\u00e1lis univerzumot hozott l\u00e9tre, b\u00e1tran haszn\u00e1l k\u00fcl\u00f6nb\u00f6z\u0151 platformokat \u00e9s k\u00eds\u00e9rletezik \u00faj technol\u00f3gi\u00e1kkal. Furcsa \u00e9s humoros munk\u00e1i t\u00f6k\u00e9letesen illeszkednek minden form\u00e1tumba, legyen az GIF, NFT vagy ak\u00e1r AR. Giphy profilja 21 milli\u00e1rd megtekint\u00e9sn\u00e9l tart, \u00e9s olyan m\u00e1rk\u00e1kkal dolgozott egy\u00fctt, mint a Warner Bros., az Adult Swim \u00e9s az MTV. Juli m\u0171v\u00e9szi karrierje mellett a Moholy-Nagy M\u0171v\u00e9szeti Egyetem anim\u00e1ci\u00f3s tansz\u00e9k\u00e9nek oktat\u00f3jak\u00e9nt is inspir\u00e1lja az \u00faj gener\u00e1ci\u00f3kat.\n\t\t\t\t\t\t\t\t<\/div>\n\t\t\t\t\t\t\t\t\t\t\t\t<\/div>\n\t\t\t\t\t\t\t\t\t<\/div>\n\t\t\t\t\t\t\t<div class=\"e-gallery-item elementor-gallery-item elementor-animated-content\" data-e-gallery-tags=\"7\" tabindex=\"0\">\n\t\t\t\t\t<div class=\"e-gallery-image elementor-gallery-item__image\" data-thumbnail=\"https:\/\/lokart.hu\/wp-content\/uploads\/2023\/06\/KADAR-MELINDA.png\" data-width=\"301\" data-height=\"301\" aria-label=\"\" role=\"img\" ><\/div>\n\t\t\t\t\t\t\t\t\t\t\t<div class=\"elementor-gallery-item__overlay\"><\/div>\n\t\t\t\t\t\t\t\t\t\t\t\t\t\t\t<div class=\"elementor-gallery-item__content\">\n\t\t\t\t\t\t\t\t\t\t\t\t\t\t<div class=\"elementor-gallery-item__title\">\n\t\t\t\t\t\t\t\t\t\t\t\t\t\t\t\t\t\t\/\/ K\u00c1D\u00c1R MELINDA \/\/\t\t\t\t\t\t\t\t<\/div>\n\t\t\t\t\t\t\t\t\t\t\t\t\t\t\t<div class=\"elementor-gallery-item__description\">\n\t\t\t\t\t\t\t\t\t\t\t\t\t\t\t\t\t\tK\u00e1d\u00e1r Melinda rom\u00e1niai sz\u00e1rmaz\u00e1s\u00fa anim\u00e1ci\u00f3s rendez\u0151 \u00e9s mozg\u00f3k\u00e9pes alkot\u00f3. K\u00eds\u00e9rleti anim\u00e1ci\u00f3s diplomafilmj\u00e9t t\u00f6bb nemzetk\u00f6zi fesztiv\u00e1lokon d\u00edjazt\u00e1k, gyakran dolgozik munkat\u00e1rsk\u00e9nt anim\u00e1lt audiovizu\u00e1lis install\u00e1ci\u00f3kban, illetve m\u0171v\u00e9sztan\u00e1rk\u00e9nt a budapesti Moholy-Nagy M\u0171v\u00e9szeti Egyetemen. Melinda munk\u00e1ss\u00e1g\u00e1nak k\u00f6z\u00e9ppontj\u00e1ban f\u00e1radhatatlanul mozgol\u00f3d\u00f3 ellentmond\u00e1s, hogy egyszerre szeretne hat\u00e1rokat feszegetni, \u00e9s a sz\u00e9ps\u00e9g, a j\u00f3s\u00e1g, \u00e9s az igazs\u00e1g plat\u00f3ni eszm\u00e9i el\u0151tt tisztelegni.\n\t\t\t\t\t\t\t\t<\/div>\n\t\t\t\t\t\t\t\t\t\t\t\t<\/div>\n\t\t\t\t\t\t\t\t\t<\/div>\n\t\t\t\t\t\t\t<div class=\"e-gallery-item elementor-gallery-item elementor-animated-content\" data-e-gallery-tags=\"7\" tabindex=\"0\">\n\t\t\t\t\t<div class=\"e-gallery-image elementor-gallery-item__image\" data-thumbnail=\"https:\/\/lokart.hu\/wp-content\/uploads\/2023\/06\/KREIF-ZSUZSANNA.png\" data-width=\"300\" data-height=\"302\" aria-label=\"\" role=\"img\" ><\/div>\n\t\t\t\t\t\t\t\t\t\t\t<div class=\"elementor-gallery-item__overlay\"><\/div>\n\t\t\t\t\t\t\t\t\t\t\t\t\t\t\t<div class=\"elementor-gallery-item__content\">\n\t\t\t\t\t\t\t\t\t\t\t\t\t\t<div class=\"elementor-gallery-item__title\">\n\t\t\t\t\t\t\t\t\t\t\t\t\t\t\t\t\t\t\/\/ KREIF ZSUZSANNA \/\/\t\t\t\t\t\t\t\t<\/div>\n\t\t\t\t\t\t\t\t\t\t\t\t\t\t\t<div class=\"elementor-gallery-item__description\">\n\t\t\t\t\t\t\t\t\t\t\t\t\t\t\t\t\t\tSzabad\u00fasz\u00f3 anim\u00e1ci\u00f3s filmrendez\u0151 \u00e9s illusztr\u00e1tor. Munk\u00e1iban fontos a humor, a k\u00f6r\u00fcl\u00f6tt\u00fcnk zajl\u00f3, sokszor riaszt\u00f3 jelens\u00e9gekre ironikusan reag\u00e1l, sz\u00fcrre\u00e1lisan elemelve a val\u00f3s\u00e1gt\u00f3l. A sci-fi m\u0171fajt is az\u00e9rt kedveli nagyon, mert a f\u00e1j\u00f3, aktu\u00e1lis esem\u00e9nyeket egy l\u00e9p\u00e9s t\u00e1vols\u00e1gra, kital\u00e1lt helysz\u00ednekre lehet helyezni, \u00e9s \u00edgy \u00faj szemsz\u00f6gb\u0151l megvizsg\u00e1lni. A filmk\u00e9sz\u00edt\u00e9s mellett rendszeresen illusztr\u00e1l a HvgExtra Pszichol\u00f3gia magazinban, \u00e9s tan\u00edt a MOME anim\u00e1ci\u00f3 szak\u00e1n.\t\t\t\t\t\t\t\t<\/div>\n\t\t\t\t\t\t\t\t\t\t\t\t<\/div>\n\t\t\t\t\t\t\t\t\t<\/div>\n\t\t\t\t\t\t\t<div class=\"e-gallery-item elementor-gallery-item elementor-animated-content\" data-e-gallery-tags=\"8\" tabindex=\"0\">\n\t\t\t\t\t<div class=\"e-gallery-image elementor-gallery-item__image\" data-thumbnail=\"https:\/\/lokart.hu\/wp-content\/uploads\/2023\/06\/MENYHART-MARCELL-768x733.jpg\" data-width=\"768\" data-height=\"733\" aria-label=\"\" role=\"img\" ><\/div>\n\t\t\t\t\t\t\t\t\t\t\t<div class=\"elementor-gallery-item__overlay\"><\/div>\n\t\t\t\t\t\t\t\t\t\t\t\t\t\t\t<div class=\"elementor-gallery-item__content\">\n\t\t\t\t\t\t\t\t\t\t\t\t\t\t<div class=\"elementor-gallery-item__title\">\n\t\t\t\t\t\t\t\t\t\t\t\t\t\t\t\t\t\t\/\/ MENYH\u00c1RT MARCELL \/\/ J\u00c1T\u00c9KT\u00c9R \/\/\t\t\t\t\t\t\t\t<\/div>\n\t\t\t\t\t\t\t\t\t\t\t\t\t\t\t<div class=\"elementor-gallery-item__description\">\n\t\t\t\t\t\t\t\t\t\t\t\t\t\t\t\t\t\tA pusheen loop a 2022-es, \u201chajtogatott utak\u201d sorozathoz tartozik. A sorozat a digit\u00e1lis \u00e9s val\u00f3s terek \u00f6sszeolvad\u00e1s\u00e1val foglalkozik, vizu\u00e1lis humorral \u00e9s paradoxonokkal telet\u0171zdelve a munk\u00e1kat. A pusheen loop egy n\u00e9pszer\u0171 internetes mot\u00edvumot mutat be a r\u00e9gi felugr\u00f3 ablakokra, vagy paszi\u00e1nsz j\u00e1t\u00e9kokra jellemz\u0151 ism\u00e9tl\u0151d\u00e9ssel.\n\t\t\t\t\t\t\t\t<\/div>\n\t\t\t\t\t\t\t\t\t\t\t\t<\/div>\n\t\t\t\t\t\t\t\t\t<\/div>\n\t\t\t\t\t\t\t<div class=\"e-gallery-item elementor-gallery-item elementor-animated-content\" data-e-gallery-tags=\"8\" tabindex=\"0\">\n\t\t\t\t\t<div class=\"e-gallery-image elementor-gallery-item__image\" data-thumbnail=\"https:\/\/lokart.hu\/wp-content\/uploads\/2023\/06\/HELENA-HULAK-768x768.jpg\" data-width=\"768\" data-height=\"768\" aria-label=\"\" role=\"img\" ><\/div>\n\t\t\t\t\t\t\t\t\t\t\t<div class=\"elementor-gallery-item__overlay\"><\/div>\n\t\t\t\t\t\t\t\t\t\t\t\t\t\t\t<div class=\"elementor-gallery-item__content\">\n\t\t\t\t\t\t\t\t\t\t\t\t\t\t<div class=\"elementor-gallery-item__title\">\n\t\t\t\t\t\t\t\t\t\t\t\t\t\t\t\t\t\t\/\/  HELENE HULAK(FR) \/\/ J\u00c1T\u00c9KT\u00c9R \/\/\t\t\t\t\t\t\t\t<\/div>\n\t\t\t\t\t\t\t\t\t\t\t\t\t\t\t<div class=\"elementor-gallery-item__description\">\n\t\t\t\t\t\t\t\t\t\t\t\t\t\t\t\t\t\tA n\u0151i testre ir\u00e1nyul\u00f3 tekintet term\u00e9szete, k\u00fcl\u00f6n\u00f6sen a m\u00e9di\u00e1ban, bele\u00e9rtve a mozit \u00e9s a rekl\u00e1mokat, H\u00e9l\u00e8ne Hulak munk\u00e1j\u00e1ban szisztematikus dekonstrukci\u00f3 t\u00e1rgya. Munk\u00e1j\u00e1ban olyan ban\u00e1lis k\u00e9pek inspir\u00e1lt\u00e1k, amelyek a test t\u00e1rgyias\u00edt\u00f3 erotik\u00e1j\u00e1t n\u00e9pszer\u0171s\u00edtik.\t\t\t\t\t\t\t\t<\/div>\n\t\t\t\t\t\t\t\t\t\t\t\t<\/div>\n\t\t\t\t\t\t\t\t\t<\/div>\n\t\t\t\t\t\t\t<div class=\"e-gallery-item elementor-gallery-item elementor-animated-content\" data-e-gallery-tags=\"8\" tabindex=\"0\">\n\t\t\t\t\t<div class=\"e-gallery-image elementor-gallery-item__image\" data-thumbnail=\"https:\/\/lokart.hu\/wp-content\/uploads\/2023\/06\/LANA-KLJUCARIC-768x768.jpg\" data-width=\"768\" data-height=\"768\" aria-label=\"\" role=\"img\" ><\/div>\n\t\t\t\t\t\t\t\t\t\t\t<div class=\"elementor-gallery-item__overlay\"><\/div>\n\t\t\t\t\t\t\t\t\t\t\t\t\t\t\t<div class=\"elementor-gallery-item__content\">\n\t\t\t\t\t\t\t\t\t\t\t\t\t\t<div class=\"elementor-gallery-item__title\">\n\t\t\t\t\t\t\t\t\t\t\t\t\t\t\t\t\t\t\/\/ LANA KLJU\u010cARI\u0106 \/\/ J\u00c1T\u00c9KT\u00c9R \/\/\t\t\t\t\t\t\t\t<\/div>\n\t\t\t\t\t\t\t\t\t\t\t\t<\/div>\n\t\t\t\t\t\t\t\t\t<\/div>\n\t\t\t\t\t\t\t<div class=\"e-gallery-item elementor-gallery-item elementor-animated-content\" data-e-gallery-tags=\"8\" tabindex=\"0\">\n\t\t\t\t\t<div class=\"e-gallery-image elementor-gallery-item__image\" data-thumbnail=\"https:\/\/lokart.hu\/wp-content\/uploads\/2023\/06\/KANICS-DOROTTYA-JATEKTER-768x768.jpg\" data-width=\"768\" data-height=\"768\" aria-label=\"\" role=\"img\" ><\/div>\n\t\t\t\t\t\t\t\t\t\t\t<div class=\"elementor-gallery-item__overlay\"><\/div>\n\t\t\t\t\t\t\t\t\t\t\t\t\t\t\t<div class=\"elementor-gallery-item__content\">\n\t\t\t\t\t\t\t\t\t\t\t\t\t\t<div class=\"elementor-gallery-item__title\">\n\t\t\t\t\t\t\t\t\t\t\t\t\t\t\t\t\t\t\/\/ KANICS DOROTTYA \/\/ J\u00c1T\u00c9KT\u00c9R \/\/\t\t\t\t\t\t\t\t<\/div>\n\t\t\t\t\t\t\t\t\t\t\t\t\t\t\t<div class=\"elementor-gallery-item__description\">\n\t\t\t\t\t\t\t\t\t\t\t\t\t\t\t\t\t\tKutatva figyelem gyermekeim, felszabadult folthagy\u00e1si k\u00eds\u00e9rleteit, gyakran haszn\u00e1lom tiszta (elv\u00e1r\u00e1sokt\u00f3l, tanult, begyakorolt vonalakt\u00f3l mentes) v\u00e1zlataikat, hogy azt\u00e1n ezeknek az \u00f6szt\u00f6n\u00f6s form\u00e1knak a dinamik\u00e1j\u00e1val haladjak tov\u00e1bb.\n\t\t\t\t\t\t\t\t<\/div>\n\t\t\t\t\t\t\t\t\t\t\t\t<\/div>\n\t\t\t\t\t\t\t\t\t<\/div>\n\t\t\t\t\t\t\t<div class=\"e-gallery-item elementor-gallery-item elementor-animated-content\" data-e-gallery-tags=\"8\" tabindex=\"0\">\n\t\t\t\t\t<div class=\"e-gallery-image elementor-gallery-item__image\" data-thumbnail=\"https:\/\/lokart.hu\/wp-content\/uploads\/2023\/06\/BURKUS-JUDIT-CSEMETEKERT-768x768.jpg\" data-width=\"768\" data-height=\"768\" aria-label=\"\" role=\"img\" ><\/div>\n\t\t\t\t\t\t\t\t\t\t\t<div class=\"elementor-gallery-item__overlay\"><\/div>\n\t\t\t\t\t\t\t\t\t\t\t\t\t\t\t<div class=\"elementor-gallery-item__content\">\n\t\t\t\t\t\t\t\t\t\t\t\t\t\t<div class=\"elementor-gallery-item__title\">\n\t\t\t\t\t\t\t\t\t\t\t\t\t\t\t\t\t\t\/\/ BURKUS JUDIT \/\/ MARTYN FERENC GAL\u00c9RIA \/\/\t\t\t\t\t\t\t\t<\/div>\n\t\t\t\t\t\t\t\t\t\t\t\t\t\t\t<div class=\"elementor-gallery-item__description\">\n\t\t\t\t\t\t\t\t\t\t\t\t\t\t\t\t\t\tCSEMETEKERT\t\t\t\t\t\t\t\t<\/div>\n\t\t\t\t\t\t\t\t\t\t\t\t<\/div>\n\t\t\t\t\t\t\t\t\t<\/div>\n\t\t\t\t\t\t\t<div class=\"e-gallery-item elementor-gallery-item elementor-animated-content\" data-e-gallery-tags=\"8\" tabindex=\"0\">\n\t\t\t\t\t<div class=\"e-gallery-image elementor-gallery-item__image\" data-thumbnail=\"https:\/\/lokart.hu\/wp-content\/uploads\/2023\/06\/IMG-8721-768x768.jpg\" data-width=\"768\" data-height=\"768\" aria-label=\"\" role=\"img\" ><\/div>\n\t\t\t\t\t\t\t\t\t\t\t<div class=\"elementor-gallery-item__overlay\"><\/div>\n\t\t\t\t\t\t\t\t\t\t\t\t\t\t\t<div class=\"elementor-gallery-item__content\">\n\t\t\t\t\t\t\t\t\t\t\t\t\t\t<div class=\"elementor-gallery-item__title\">\n\t\t\t\t\t\t\t\t\t\t\t\t\t\t\t\t\t\t\/\/ GYENES ZSOLT \u00c9S A KE-MK HALLGAT\u00d3I \/\/ J\u00c1T\u00c9KT\u00c9R \/\/\t\t\t\t\t\t\t\t<\/div>\n\t\t\t\t\t\t\t\t\t\t\t\t<\/div>\n\t\t\t\t\t\t\t\t\t<\/div>\n\t\t\t\t\t\t\t<div class=\"e-gallery-item elementor-gallery-item elementor-animated-content\" data-e-gallery-tags=\"9\" tabindex=\"0\">\n\t\t\t\t\t<div class=\"e-gallery-image elementor-gallery-item__image\" data-thumbnail=\"https:\/\/lokart.hu\/wp-content\/uploads\/2023\/06\/valaszto-csik-4-768x296.png\" data-width=\"768\" data-height=\"296\" aria-label=\"\" role=\"img\" ><\/div>\n\t\t\t\t\t\t\t\t\t\t\t<div class=\"elementor-gallery-item__overlay\"><\/div>\n\t\t\t\t\t\t\t\t\t\t\t\t\t\t\t<div class=\"elementor-gallery-item__content\">\n\t\t\t\t\t\t\t\t\t\t\t<\/div>\n\t\t\t\t\t\t\t\t\t<\/div>\n\t\t\t\t\t\t\t<div class=\"e-gallery-item elementor-gallery-item elementor-animated-content\" data-e-gallery-tags=\"9\" tabindex=\"0\">\n\t\t\t\t\t<div class=\"e-gallery-image elementor-gallery-item__image\" data-thumbnail=\"https:\/\/lokart.hu\/wp-content\/uploads\/2023\/06\/Kobi-Levi-ChewingGumOxfords.png\" data-width=\"400\" data-height=\"400\" aria-label=\"\" role=\"img\" ><\/div>\n\t\t\t\t\t\t\t\t\t\t\t<div class=\"elementor-gallery-item__overlay\"><\/div>\n\t\t\t\t\t\t\t\t\t\t\t\t\t\t\t<div class=\"elementor-gallery-item__content\">\n\t\t\t\t\t\t\t\t\t\t\t\t\t\t<div class=\"elementor-gallery-item__title\">\n\t\t\t\t\t\t\t\t\t\t\t\t\t\t\t\t\t\t\/\/ LIZA SNOOK & AMBER AMBROSE AURELE \/\/\t\t\t\t\t\t\t\t<\/div>\n\t\t\t\t\t\t\t\t\t\t\t\t<\/div>\n\t\t\t\t\t\t\t\t\t<\/div>\n\t\t\t\t\t\t\t<div class=\"e-gallery-item elementor-gallery-item elementor-animated-content\" data-e-gallery-tags=\"9\" tabindex=\"0\">\n\t\t\t\t\t<div class=\"e-gallery-image elementor-gallery-item__image\" data-thumbnail=\"https:\/\/lokart.hu\/wp-content\/uploads\/2023\/06\/valaszto-csik-27-768x296.png\" data-width=\"768\" data-height=\"296\" aria-label=\"\" role=\"img\" ><\/div>\n\t\t\t\t\t\t\t\t\t\t\t<div class=\"elementor-gallery-item__overlay\"><\/div>\n\t\t\t\t\t\t\t\t\t\t\t\t\t\t\t<div class=\"elementor-gallery-item__content\">\n\t\t\t\t\t\t\t\t\t\t\t<\/div>\n\t\t\t\t\t\t\t\t\t<\/div>\n\t\t\t\t\t<\/div>\n\t\t\t\t\t<\/div>\n\t\t\t\t<\/div>\n\t\t\t\t\t<\/div>\n\t\t<\/div>\n\t\t\t\t\t<\/div>\n\t\t<\/section>\n\t\t\t\t<\/div>\n\t\t","protected":false},"excerpt":{"rendered":"<p>LokartExhibitions 80 exhibitors at 10 venues Facebook-f Instagram Youtube Kir\u00e1ly u. 9 Kir\u00e1ly u. 38 Kir\u00e1ly u. 50 Kir\u00e1ly u. 50 M21 Gallery E26 Zsolnay Quarter Palm House ZSOLNAY NEGYED PARK ANCORA ART GALLERY House of Arts and Literature P\u00e9cs Gallery \/\/ SZACSVA Y P\u00c1L \/\/ Painter, member of the MAM\u0170 Society. He uses video and photography in his works. He also makes installations. His works ...<\/p>\n<p class=\"read-more\"> <a class=\"\" href=\"https:\/\/lokart.hu\/en\/kiallitasok-2023\/\"> <span class=\"screen-reader-text\">Ki\u00e1ll\u00edt\u00e1sok 2023<\/span> Read More \"<\/a><\/p>","protected":false},"author":2,"featured_media":1137,"parent":0,"menu_order":0,"comment_status":"closed","ping_status":"closed","template":"elementor_header_footer","meta":{"site-sidebar-layout":"default","site-content-layout":"default","ast-global-header-display":"","ast-main-header-display":"","ast-hfb-above-header-display":"","ast-hfb-below-header-display":"","ast-hfb-mobile-header-display":"","site-post-title":"","ast-breadcrumbs-content":"","ast-featured-img":"","footer-sml-layout":"","theme-transparent-header-meta":"","adv-header-id-meta":"","stick-header-meta":"","header-above-stick-meta":"","header-main-stick-meta":"","header-below-stick-meta":"","footnotes":""},"class_list":["post-4592","page","type-page","status-publish","has-post-thumbnail","hentry"],"_links":{"self":[{"href":"https:\/\/lokart.hu\/en\/wp-json\/wp\/v2\/pages\/4592","targetHints":{"allow":["GET"]}}],"collection":[{"href":"https:\/\/lokart.hu\/en\/wp-json\/wp\/v2\/pages"}],"about":[{"href":"https:\/\/lokart.hu\/en\/wp-json\/wp\/v2\/types\/page"}],"author":[{"embeddable":true,"href":"https:\/\/lokart.hu\/en\/wp-json\/wp\/v2\/users\/2"}],"replies":[{"embeddable":true,"href":"https:\/\/lokart.hu\/en\/wp-json\/wp\/v2\/comments?post=4592"}],"version-history":[{"count":2,"href":"https:\/\/lokart.hu\/en\/wp-json\/wp\/v2\/pages\/4592\/revisions"}],"predecessor-version":[{"id":4594,"href":"https:\/\/lokart.hu\/en\/wp-json\/wp\/v2\/pages\/4592\/revisions\/4594"}],"wp:featuredmedia":[{"embeddable":true,"href":"https:\/\/lokart.hu\/en\/wp-json\/wp\/v2\/media\/1137"}],"wp:attachment":[{"href":"https:\/\/lokart.hu\/en\/wp-json\/wp\/v2\/media?parent=4592"}],"curies":[{"name":"wp","href":"https:\/\/api.w.org\/{rel}","templated":true}]}}