{"id":4673,"date":"2025-04-28T10:06:35","date_gmt":"2025-04-28T08:06:35","guid":{"rendered":"https:\/\/lokart.hu\/?page_id=4673"},"modified":"2025-07-23T07:25:33","modified_gmt":"2025-07-23T05:25:33","slug":"festivalrol-2025","status":"publish","type":"page","link":"https:\/\/lokart.hu\/en\/festivalrol-2025\/","title":{"rendered":"About Festival 2025"},"content":{"rendered":"\t\t<div data-elementor-type=\"wp-page\" data-elementor-id=\"4673\" class=\"elementor elementor-4673\" data-elementor-post-type=\"page\">\n\t\t\t\t\t\t<section class=\"elementor-section elementor-top-section elementor-element elementor-element-3a84469f elementor-section-height-min-height elementor-section-items-stretch elementor-section-boxed elementor-section-height-default\" data-id=\"3a84469f\" data-element_type=\"section\" data-e-type=\"section\" data-settings=\"{&quot;background_background&quot;:&quot;classic&quot;}\">\n\t\t\t\t\t\t\t<div class=\"elementor-background-overlay\"><\/div>\n\t\t\t\t\t\t\t<div class=\"elementor-container elementor-column-gap-default\">\n\t\t\t\t\t<div class=\"elementor-column elementor-col-100 elementor-top-column elementor-element elementor-element-7ec79fe1\" data-id=\"7ec79fe1\" data-element_type=\"column\" data-e-type=\"column\" data-settings=\"{&quot;background_background&quot;:&quot;classic&quot;,&quot;background_motion_fx_motion_fx_scrolling&quot;:&quot;yes&quot;,&quot;background_motion_fx_translateY_effect&quot;:&quot;yes&quot;,&quot;background_motion_fx_translateY_direction&quot;:&quot;negative&quot;,&quot;background_motion_fx_translateY_speed&quot;:{&quot;unit&quot;:&quot;px&quot;,&quot;size&quot;:&quot;2.5&quot;,&quot;sizes&quot;:[]},&quot;background_motion_fx_translateY_affectedRange&quot;:{&quot;unit&quot;:&quot;%&quot;,&quot;size&quot;:&quot;&quot;,&quot;sizes&quot;:{&quot;start&quot;:0,&quot;end&quot;:100}},&quot;background_motion_fx_devices&quot;:[&quot;desktop&quot;,&quot;tablet&quot;,&quot;mobile&quot;]}\">\n\t\t\t<div class=\"elementor-widget-wrap elementor-element-populated\">\n\t\t\t\t\t<div class=\"elementor-background-overlay\"><\/div>\n\t\t\t\t\t\t<div class=\"elementor-element elementor-element-11d0f5a3 animated-slow elementor-invisible elementor-widget elementor-widget-heading\" data-id=\"11d0f5a3\" data-element_type=\"widget\" data-e-type=\"widget\" data-settings=\"{&quot;_animation&quot;:&quot;fadeIn&quot;}\" data-widget_type=\"heading.default\">\n\t\t\t\t<div class=\"elementor-widget-container\">\n\t\t\t\t\t<h1 class=\"elementor-heading-title elementor-size-default\">r\u00e9sztvev\u0151k<br>2025<\/h1>\t\t\t\t<\/div>\n\t\t\t\t<\/div>\n\t\t\t\t<div class=\"elementor-element elementor-element-576dc660 elementor-shape-square elementor-grid-1 elementor-widget__width-auto elementor-fixed e-grid-align-center elementor-widget elementor-widget-social-icons\" data-id=\"576dc660\" data-element_type=\"widget\" data-e-type=\"widget\" data-settings=\"{&quot;_position&quot;:&quot;fixed&quot;}\" data-widget_type=\"social-icons.default\">\n\t\t\t\t<div class=\"elementor-widget-container\">\n\t\t\t\t\t\t\t<div class=\"elementor-social-icons-wrapper elementor-grid\" role=\"list\">\n\t\t\t\t\t\t\t<span class=\"elementor-grid-item\" role=\"listitem\">\n\t\t\t\t\t<a class=\"elementor-icon elementor-social-icon elementor-social-icon-facebook-f elementor-repeater-item-63c08dc\" href=\"https:\/\/www.facebook.com\/lokart.pecs\" target=\"_blank\">\n\t\t\t\t\t\t<span class=\"elementor-screen-only\">Facebook-f<\/span>\n\t\t\t\t\t\t<svg aria-hidden=\"true\" class=\"e-font-icon-svg e-fab-facebook-f\" viewBox=\"0 0 320 512\" xmlns=\"http:\/\/www.w3.org\/2000\/svg\"><path d=\"M279.14 288l14.22-92.66h-88.91v-60.13c0-25.35 12.42-50.06 52.24-50.06h40.42V6.26S260.43 0 225.36 0c-73.22 0-121.08 44.38-121.08 124.72v70.62H22.89V288h81.39v224h100.17V288z\"><\/path><\/svg>\t\t\t\t\t<\/a>\n\t\t\t\t<\/span>\n\t\t\t\t\t\t\t<span class=\"elementor-grid-item\" role=\"listitem\">\n\t\t\t\t\t<a class=\"elementor-icon elementor-social-icon elementor-social-icon-instagram elementor-repeater-item-f90d36f\" href=\"https:\/\/instagram.com\/pecsi_galeriak\" target=\"_blank\">\n\t\t\t\t\t\t<span class=\"elementor-screen-only\">Instagram<\/span>\n\t\t\t\t\t\t<svg aria-hidden=\"true\" class=\"e-font-icon-svg e-fab-instagram\" viewBox=\"0 0 448 512\" xmlns=\"http:\/\/www.w3.org\/2000\/svg\"><path d=\"M224.1 141c-63.6 0-114.9 51.3-114.9 114.9s51.3 114.9 114.9 114.9S339 319.5 339 255.9 287.7 141 224.1 141zm0 189.6c-41.1 0-74.7-33.5-74.7-74.7s33.5-74.7 74.7-74.7 74.7 33.5 74.7 74.7-33.6 74.7-74.7 74.7zm146.4-194.3c0 14.9-12 26.8-26.8 26.8-14.9 0-26.8-12-26.8-26.8s12-26.8 26.8-26.8 26.8 12 26.8 26.8zm76.1 27.2c-1.7-35.9-9.9-67.7-36.2-93.9-26.2-26.2-58-34.4-93.9-36.2-37-2.1-147.9-2.1-184.9 0-35.8 1.7-67.6 9.9-93.9 36.1s-34.4 58-36.2 93.9c-2.1 37-2.1 147.9 0 184.9 1.7 35.9 9.9 67.7 36.2 93.9s58 34.4 93.9 36.2c37 2.1 147.9 2.1 184.9 0 35.9-1.7 67.7-9.9 93.9-36.2 26.2-26.2 34.4-58 36.2-93.9 2.1-37 2.1-147.8 0-184.8zM398.8 388c-7.8 19.6-22.9 34.7-42.6 42.6-29.5 11.7-99.5 9-132.1 9s-102.7 2.6-132.1-9c-19.6-7.8-34.7-22.9-42.6-42.6-11.7-29.5-9-99.5-9-132.1s-2.6-102.7 9-132.1c7.8-19.6 22.9-34.7 42.6-42.6 29.5-11.7 99.5-9 132.1-9s102.7-2.6 132.1 9c19.6 7.8 34.7 22.9 42.6 42.6 11.7 29.5 9 99.5 9 132.1s2.7 102.7-9 132.1z\"><\/path><\/svg>\t\t\t\t\t<\/a>\n\t\t\t\t<\/span>\n\t\t\t\t\t\t\t<span class=\"elementor-grid-item\" role=\"listitem\">\n\t\t\t\t\t<a class=\"elementor-icon elementor-social-icon elementor-social-icon-youtube elementor-repeater-item-90b4e82\" href=\"https:\/\/youtube.com\/@pecsigaleriak\" target=\"_blank\">\n\t\t\t\t\t\t<span class=\"elementor-screen-only\">Youtube<\/span>\n\t\t\t\t\t\t<svg aria-hidden=\"true\" class=\"e-font-icon-svg e-fab-youtube\" viewBox=\"0 0 576 512\" xmlns=\"http:\/\/www.w3.org\/2000\/svg\"><path d=\"M549.655 124.083c-6.281-23.65-24.787-42.276-48.284-48.597C458.781 64 288 64 288 64S117.22 64 74.629 75.486c-23.497 6.322-42.003 24.947-48.284 48.597-11.412 42.867-11.412 132.305-11.412 132.305s0 89.438 11.412 132.305c6.281 23.65 24.787 41.5 48.284 47.821C117.22 448 288 448 288 448s170.78 0 213.371-11.486c23.497-6.321 42.003-24.171 48.284-47.821 11.412-42.867 11.412-132.305 11.412-132.305s0-89.438-11.412-132.305zm-317.51 213.508V175.185l142.739 81.205-142.739 81.201z\"><\/path><\/svg>\t\t\t\t\t<\/a>\n\t\t\t\t<\/span>\n\t\t\t\t\t<\/div>\n\t\t\t\t\t\t<\/div>\n\t\t\t\t<\/div>\n\t\t\t\t<div class=\"elementor-element elementor-element-5a905c8 elementor-widget-divider--separator-type-pattern elementor-widget-divider--view-line elementor-widget elementor-widget-divider\" data-id=\"5a905c8\" data-element_type=\"widget\" data-e-type=\"widget\" data-widget_type=\"divider.default\">\n\t\t\t\t<div class=\"elementor-widget-container\">\n\t\t\t\t\t\t\t<div class=\"elementor-divider\" style=\"--divider-pattern-url: url(&quot;data:image\/svg+xml,%3Csvg xmlns=&#039;http:\/\/www.w3.org\/2000\/svg&#039; preserveAspectRatio=&#039;none&#039; overflow=&#039;visible&#039; height=&#039;100%&#039; viewBox=&#039;0 0 20 16&#039; fill=&#039;none&#039; stroke=&#039;black&#039; stroke-width=&#039;1&#039; stroke-linecap=&#039;square&#039; stroke-miterlimit=&#039;10&#039;%3E%3Cg transform=&#039;translate(-12.000000, 0)&#039;%3E%3Cpath d=&#039;M28,0L10,18&#039;\/%3E%3Cpath d=&#039;M18,0L0,18&#039;\/%3E%3Cpath d=&#039;M48,0L30,18&#039;\/%3E%3Cpath d=&#039;M38,0L20,18&#039;\/%3E%3C\/g%3E%3C\/svg%3E&quot;);\">\n\t\t\t<span class=\"elementor-divider-separator\">\n\t\t\t\t\t\t<\/span>\n\t\t<\/div>\n\t\t\t\t\t\t<\/div>\n\t\t\t\t<\/div>\n\t\t\t\t<div class=\"elementor-element elementor-element-87560e6 elementor-icon-list--layout-inline elementor-mobile-align-start elementor-list-item-link-full_width elementor-widget elementor-widget-icon-list\" data-id=\"87560e6\" data-element_type=\"widget\" data-e-type=\"widget\" data-widget_type=\"icon-list.default\">\n\t\t\t\t<div class=\"elementor-widget-container\">\n\t\t\t\t\t\t\t<ul class=\"elementor-icon-list-items elementor-inline-items\">\n\t\t\t\t\t\t\t<li class=\"elementor-icon-list-item elementor-inline-item\">\n\t\t\t\t\t\t\t\t\t\t<span class=\"elementor-icon-list-text\">60 ki\u00e1ll\u00edt\u00f3<\/span>\n\t\t\t\t\t\t\t\t\t<\/li>\n\t\t\t\t\t\t\t\t<li class=\"elementor-icon-list-item elementor-inline-item\">\n\t\t\t\t\t\t\t\t\t\t\t<span class=\"elementor-icon-list-icon\">\n\t\t\t\t\t\t\t<svg aria-hidden=\"true\" class=\"e-font-icon-svg e-fas-circle\" viewBox=\"0 0 512 512\" xmlns=\"http:\/\/www.w3.org\/2000\/svg\"><path d=\"M256 8C119 8 8 119 8 256s111 248 248 248 248-111 248-248S393 8 256 8z\"><\/path><\/svg>\t\t\t\t\t\t<\/span>\n\t\t\t\t\t\t\t\t\t\t<span class=\"elementor-icon-list-text\">6 helysz\u00ednen<\/span>\n\t\t\t\t\t\t\t\t\t<\/li>\n\t\t\t\t\t\t<\/ul>\n\t\t\t\t\t\t<\/div>\n\t\t\t\t<\/div>\n\t\t\t\t\t<\/div>\n\t\t<\/div>\n\t\t\t\t\t<\/div>\n\t\t<\/section>\n\t\t\t\t<section class=\"elementor-section elementor-top-section elementor-element elementor-element-4b88174a elementor-section-boxed elementor-section-height-default elementor-section-height-default\" data-id=\"4b88174a\" data-element_type=\"section\" data-e-type=\"section\" data-settings=\"{&quot;background_background&quot;:&quot;classic&quot;}\">\n\t\t\t\t\t\t<div class=\"elementor-container elementor-column-gap-no\">\n\t\t\t\t\t<div class=\"elementor-column elementor-col-100 elementor-top-column elementor-element elementor-element-48a4aafd\" data-id=\"48a4aafd\" data-element_type=\"column\" data-e-type=\"column\">\n\t\t\t<div class=\"elementor-widget-wrap elementor-element-populated\">\n\t\t\t\t\t\t<div class=\"elementor-element elementor-element-4f5d14e4 elementor-widget elementor-widget-gallery\" data-id=\"4f5d14e4\" data-element_type=\"widget\" data-e-type=\"widget\" data-settings=\"{&quot;columns&quot;:3,&quot;aspect_ratio&quot;:&quot;1:1&quot;,&quot;gap_mobile&quot;:{&quot;unit&quot;:&quot;px&quot;,&quot;size&quot;:&quot;5&quot;,&quot;sizes&quot;:[]},&quot;overlay_title&quot;:&quot;title&quot;,&quot;overlay_description&quot;:&quot;description&quot;,&quot;background_overlay_hover_animation&quot;:&quot;enter-from-bottom&quot;,&quot;lazyload&quot;:&quot;yes&quot;,&quot;gallery_layout&quot;:&quot;grid&quot;,&quot;columns_tablet&quot;:2,&quot;columns_mobile&quot;:1,&quot;gap&quot;:{&quot;unit&quot;:&quot;px&quot;,&quot;size&quot;:10,&quot;sizes&quot;:[]},&quot;gap_tablet&quot;:{&quot;unit&quot;:&quot;px&quot;,&quot;size&quot;:10,&quot;sizes&quot;:[]},&quot;link_to&quot;:&quot;file&quot;,&quot;show_all_galleries&quot;:&quot;yes&quot;,&quot;overlay_background&quot;:&quot;yes&quot;,&quot;content_hover_animation&quot;:&quot;fade-in&quot;}\" data-widget_type=\"gallery.default\">\n\t\t\t\t<div class=\"elementor-widget-container\">\n\t\t\t\t\t\t\t\t<div class=\"elementor-gallery__titles-container e--pointer-underline e--animation-fade\" aria-label=\"Gallery filter\">\n\t\t\t\t\t\t\t\t\t<a class=\"elementor-item elementor-gallery-title\" role=\"button\" tabindex=\"0\" data-gallery-index=\"all\">\n\t\t\t\t\t\t\t\t\t\t\t<\/a>\n\t\t\t\t\n\t\t\t\t\t\t\t\t\t<a class=\"elementor-item elementor-gallery-title\" role=\"button\" tabindex=\"0\" data-gallery-index=\"0\">\n\t\t\t\t\t\tKur\u00e1torok\t\t\t\t\t<\/a>\n\t\t\t\t\t\t\t\t\t\t<a class=\"elementor-item elementor-gallery-title\" role=\"button\" tabindex=\"0\" data-gallery-index=\"1\">\n\t\t\t\t\t\tM\u0171v\u00e9szek\t\t\t\t\t<\/a>\n\t\t\t\t\t\t\t\t\t\t<a class=\"elementor-item elementor-gallery-title\" role=\"button\" tabindex=\"0\" data-gallery-index=\"2\">\n\t\t\t\t\t\tszakmai zs\u0171ri\t\t\t\t\t<\/a>\n\t\t\t\t\t\t\t\t\t\t<a class=\"elementor-item elementor-gallery-title\" role=\"button\" tabindex=\"0\" data-gallery-index=\"3\">\n\t\t\t\t\t\tKritikusok zs\u0171rije\t\t\t\t\t<\/a>\n\t\t\t\t\t\t\t\t<\/div>\n\t\t\t\t\t<div class=\"elementor-gallery__container\">\n\t\t\t\t\t\t\t<a class=\"e-gallery-item elementor-gallery-item elementor-animated-content\" data-e-gallery-tags=\"0\" href=\"https:\/\/lokart.hu\/wp-content\/uploads\/2025\/06\/ATD_7804-1-1-scaled.jpg\" data-elementor-open-lightbox=\"yes\" data-elementor-lightbox-slideshow=\"4f5d14e4\" data-e-action-hash=\"#elementor-action%3Aaction%3Dlightbox%26settings%3DeyJpZCI6NTIyNSwidXJsIjoiaHR0cHM6XC9cL2xva2FydC5odVwvd3AtY29udGVudFwvdXBsb2Fkc1wvMjAyNVwvMDZcL0FURF83ODA0LTEtMS1zY2FsZWQuanBnIiwic2xpZGVzaG93IjoiNGY1ZDE0ZTQifQ%3D%3D\">\n\t\t\t\t\t<div class=\"e-gallery-image elementor-gallery-item__image\" data-thumbnail=\"https:\/\/lokart.hu\/wp-content\/uploads\/2025\/06\/ATD_7804-1-1-768x768.jpg\" data-width=\"768\" data-height=\"768\" aria-label=\"\" role=\"img\" ><\/div>\n\t\t\t\t\t\t\t\t\t\t\t<div class=\"elementor-gallery-item__overlay\"><\/div>\n\t\t\t\t\t\t\t\t\t\t\t\t\t\t\t<div class=\"elementor-gallery-item__content\">\n\t\t\t\t\t\t\t\t\t\t\t\t\t\t<div class=\"elementor-gallery-item__title\">\n\t\t\t\t\t\t\t\t\t\t\t\t\t\t\t\t\t\t\u25c9 FENYVESI \u00c1RON \u25c9\t\t\t\t\t\t\t\t<\/div>\n\t\t\t\t\t\t\t\t\t\t\t\t\t\t\t<div class=\"elementor-gallery-item__description\">\n\t\t\t\t\t\t\t\t\t\t\t\t\t\t\t\t\t\tFenyvesi \u00c1ron m\u0171v\u00e9szett\u00f6rt\u00e9n\u00e9sz 1983-ban sz\u00fcletett \u00dajvid\u00e9ken. 2018 \u00f3ta az acb Gal\u00e9ria f\u0151kur\u00e1tora. 2002-ben kezdte meg tanulm\u00e1nyait az E\u00f6tv\u00f6s Lor\u00e1nd Tudom\u00e1nyegyetem B\u00f6lcs\u00e9szettudom\u00e1nyi Kar\u00e1n, ahol m\u0171v\u00e9szett\u00f6rt\u00e9net \u00e9s eszt\u00e9tika szakon tanult. 2008-2009 k\u00f6z\u00f6tt a Fiatal K\u00e9pz\u0151m\u0171v\u00e9szek St\u00fadi\u00f3ja Egyes\u00fclet titk\u00e1ra volt. 2009 \u00e9s 2010 k\u00f6z\u00f6tt elnyerte a K\u00e1llai Ern\u0151 m\u0171v\u00e9szett\u00f6rt\u00e9n\u00e9szi-m\u0171kritikusi \u00f6szt\u00f6nd\u00edjat, amelynek keret\u00e9ben a modernista ut\u00f3pi\u00e1k \u00e9s a fiatal magyar kort\u00e1rs k\u00e9pz\u0151m\u0171v\u00e9szet kapcsolat\u00e1t kutatta. 2009-ben jel\u00f6lt\u00e9k a Lorenzo Bonaldi D\u00edjra. 2009-t\u0151l 2017-ig az Esterh\u00e1zy M\u0171v\u00e9szeti D\u00edj zs\u0171ritagjak\u00e9nt tev\u00e9kenykedett. 2011 \u00e9s 2018 k\u00f6z\u00f6tt a Traf\u00f3 Gal\u00e9ri\u00e1t igazgatta. Magyar m\u0171v\u00e9szeti foly\u00f3iratok mellett t\u00f6bb \u00edr\u00e1s\u00e1t is publik\u00e1lta az ArtReview.  Budapesten \u00e9l \u00e9s dolgozik.\t\t\t\t\t\t\t\t<\/div>\n\t\t\t\t\t\t\t\t\t\t\t\t<\/div>\n\t\t\t\t\t\t\t\t\t<\/a>\n\t\t\t\t\t\t\t<a class=\"e-gallery-item elementor-gallery-item elementor-animated-content\" data-e-gallery-tags=\"0\" href=\"https:\/\/lokart.hu\/wp-content\/uploads\/2025\/05\/foToth-Fekete_V.jpg\" data-elementor-open-lightbox=\"yes\" data-elementor-lightbox-slideshow=\"4f5d14e4\" data-e-action-hash=\"#elementor-action%3Aaction%3Dlightbox%26settings%3DeyJpZCI6NTA4NywidXJsIjoiaHR0cHM6XC9cL2xva2FydC5odVwvd3AtY29udGVudFwvdXBsb2Fkc1wvMjAyNVwvMDVcL2ZvVG90aC1GZWtldGVfVi5qcGciLCJzbGlkZXNob3ciOiI0ZjVkMTRlNCJ9\">\n\t\t\t\t\t<div class=\"e-gallery-image elementor-gallery-item__image\" data-thumbnail=\"https:\/\/lokart.hu\/wp-content\/uploads\/2025\/05\/foToth-Fekete_V-768x732.jpg\" data-width=\"768\" data-height=\"732\" aria-label=\"\" role=\"img\" ><\/div>\n\t\t\t\t\t\t\t\t\t\t\t<div class=\"elementor-gallery-item__overlay\"><\/div>\n\t\t\t\t\t\t\t\t\t\t\t\t\t\t\t<div class=\"elementor-gallery-item__content\">\n\t\t\t\t\t\t\t\t\t\t\t\t\t\t<div class=\"elementor-gallery-item__title\">\n\t\t\t\t\t\t\t\t\t\t\t\t\t\t\t\t\t\t\u25c9 FEKETE VAL\u00c9RIA \u25c9\t\t\t\t\t\t\t\t<\/div>\n\t\t\t\t\t\t\t\t\t\t\t\t\t\t\t<div class=\"elementor-gallery-item__description\">\n\t\t\t\t\t\t\t\t\t\t\t\t\t\t\t\t\t\tA Zsolnay \u00d6r\u00f6ks\u00e9gkezel\u0151 Nkft Vizu\u00e1lis M\u0171v\u00e9szeti Centrum koncepci\u00f3j\u00e1nak\nkidolgoz\u00f3ja \u00e9s m\u0171v\u00e9szeti vezet\u0151je.\nEgyetemi \u00e9s doktori tanulm\u00e1nyait a p\u00e9csi, a nanterre-i \u00e9s a szegedi\negyetemen v\u00e9gezte. Sz\u00e1mos hazai \u00e9s k\u00fclf\u00f6ldi ki\u00e1ll\u00edt\u00e1s kur\u00e1tora.\n2021-ben alap\u00edt\u00f3 kur\u00e1tora a LOKART \u2013 kort\u00e1rs k\u00e9pz\u0151m\u0171v\u00e9szeti\nfesztiv\u00e1lnak, amely az\u00f3ta nemzetk\u00f6zi bienn\u00e1l\u00e9k\u00e9nt k\u00e9t \u00e9vente ker\u00fcl\nmegrendez\u00e9sre.\t\t\t\t\t\t\t\t<\/div>\n\t\t\t\t\t\t\t\t\t\t\t\t<\/div>\n\t\t\t\t\t\t\t\t\t<\/a>\n\t\t\t\t\t\t\t<a class=\"e-gallery-item elementor-gallery-item elementor-animated-content\" data-e-gallery-tags=\"0\" href=\"https:\/\/lokart.hu\/wp-content\/uploads\/2023\/06\/szazados-laszlo.jpg\" data-elementor-open-lightbox=\"yes\" data-elementor-lightbox-slideshow=\"4f5d14e4\" data-e-action-hash=\"#elementor-action%3Aaction%3Dlightbox%26settings%3DeyJpZCI6MzcwMCwidXJsIjoiaHR0cHM6XC9cL2xva2FydC5odVwvd3AtY29udGVudFwvdXBsb2Fkc1wvMjAyM1wvMDZcL3N6YXphZG9zLWxhc3psby5qcGciLCJzbGlkZXNob3ciOiI0ZjVkMTRlNCJ9\">\n\t\t\t\t\t<div class=\"e-gallery-image elementor-gallery-item__image\" data-thumbnail=\"https:\/\/lokart.hu\/wp-content\/uploads\/2023\/06\/szazados-laszlo-768x909.jpg\" data-width=\"768\" data-height=\"909\" aria-label=\"\" role=\"img\" ><\/div>\n\t\t\t\t\t\t\t\t\t\t\t<div class=\"elementor-gallery-item__overlay\"><\/div>\n\t\t\t\t\t\t\t\t\t\t\t\t\t\t\t<div class=\"elementor-gallery-item__content\">\n\t\t\t\t\t\t\t\t\t\t\t\t\t\t<div class=\"elementor-gallery-item__title\">\n\t\t\t\t\t\t\t\t\t\t\t\t\t\t\t\t\t\t\u25c9 SZ\u00c1ZADOS L\u00c1SZL\u00d3 \u25c9\t\t\t\t\t\t\t\t<\/div>\n\t\t\t\t\t\t\t\t\t\t\t\t\t\t\t<div class=\"elementor-gallery-item__description\">\n\t\t\t\t\t\t\t\t\t\t\t\t\t\t\t\t\t\tAz ELTE BTK m\u0171v\u00e9szett\u00f6rt\u00e9net-t\u00f6rt\u00e9nelem szak\u00e1n diplom\u00e1zott. 1988-t\u00f3l dolgozik a Magyar Nemzeti Gal\u00e9ri\u00e1ban, 2020-ig a Jelenkori Gy\u0171jtem\u00e9ny, 2021-t\u0151l a Sz\u00e9pm\u0171v\u00e9szeti M\u00fazeum \u2013 K\u00f6z\u00e9p-Eur\u00f3pai M\u0171v\u00e9szett\u00f6rt\u00e9neti Kutat\u00f3int\u00e9zet, Arch\u00edvum \u00e9s Dokument\u00e1ci\u00f3s K\u00f6zpont f\u0151muzeol\u00f3gusa. 2022-t\u0151l a p\u00e9csi Vizu\u00e1lis M\u0171v\u00e9szeti Centrum kur\u00e1tora. 1997 \u00f3ta szerkeszt\u0151je a Balkon c\u00edm\u0171 kort\u00e1rs m\u0171v\u00e9szeti foly\u00f3iratnak. 1999 \u00f3ta tagja az AICA Magyar Szekci\u00f3j\u00e1nak. \u00c1lland\u00f3, illetve monografikus \u00e9s tematikus id\u0151szaki ki\u00e1ll\u00edt\u00e1sok rendez\u0151je, k\u00f6zrem\u0171k\u00f6d\u0151je, valamint a hozz\u00e1juk kapcsol\u00f3d\u00f3 kiadv\u00e1nyok szerkeszt\u0151je, munkat\u00e1rsa. Kutat\u00e1si ter\u00fclete a 20. sz\u00e1zad m\u00e1sodik fel\u00e9nek magyar m\u0171v\u00e9szete \u00e9s int\u00e9zm\u00e9nyt\u00f6rt\u00e9nete, valamint a kort\u00e1rs magyar k\u00e9pz\u0151m\u0171v\u00e9szet, kitekint\u00e9ssel annak olyan hat\u00e1rter\u00fcleteire is, mint pl. a t\u00e1nc \u00e9s a mozg\u00e1sm\u0171v\u00e9szet.\t\t\t\t\t\t\t\t<\/div>\n\t\t\t\t\t\t\t\t\t\t\t\t<\/div>\n\t\t\t\t\t\t\t\t\t<\/a>\n\t\t\t\t\t\t\t<a class=\"e-gallery-item elementor-gallery-item elementor-animated-content\" data-e-gallery-tags=\"1\" href=\"https:\/\/lokart.hu\/wp-content\/uploads\/2025\/04\/Benes.Jozsef-foto.Gerle_.-Margit-min-scaled.jpg\" data-elementor-open-lightbox=\"yes\" data-elementor-lightbox-slideshow=\"4f5d14e4\" data-e-action-hash=\"#elementor-action%3Aaction%3Dlightbox%26settings%3DeyJpZCI6NDY3NiwidXJsIjoiaHR0cHM6XC9cL2xva2FydC5odVwvd3AtY29udGVudFwvdXBsb2Fkc1wvMjAyNVwvMDRcL0JlbmVzLkpvenNlZi1mb3RvLkdlcmxlXy4tTWFyZ2l0LW1pbi1zY2FsZWQuanBnIiwic2xpZGVzaG93IjoiNGY1ZDE0ZTQifQ%3D%3D\">\n\t\t\t\t\t<div class=\"e-gallery-image elementor-gallery-item__image\" data-thumbnail=\"https:\/\/lokart.hu\/wp-content\/uploads\/2025\/04\/Benes.Jozsef-foto.Gerle_.-Margit-min-768x1196.jpg\" data-width=\"768\" data-height=\"1196\" aria-label=\"\" role=\"img\" ><\/div>\n\t\t\t\t\t\t\t\t\t\t\t<div class=\"elementor-gallery-item__overlay\"><\/div>\n\t\t\t\t\t\t\t\t\t\t\t\t\t\t\t<div class=\"elementor-gallery-item__content\">\n\t\t\t\t\t\t\t\t\t\t\t\t\t\t<div class=\"elementor-gallery-item__title\">\n\t\t\t\t\t\t\t\t\t\t\t\t\t\t\t\t\t\t\u25c9 BENES J\u00d3ZSEF \u25c9\t\t\t\t\t\t\t\t<\/div>\n\t\t\t\t\t\t\t\t\t\t\t\t\t\t\t<div class=\"elementor-gallery-item__description\">\n\t\t\t\t\t\t\t\t\t\t\t\t\t\t\t\t\t\tBenes J\u00f3zsef (1930\u20132017) vajdas\u00e1gi sz\u00fclet\u00e9s\u0171 magyar k\u00e9pz\u0151m\u0171v\u00e9sz, fest\u0151 \u00e9s grafikus. A Belgr\u00e1di K\u00e9pz\u0151m\u0171v\u00e9szeti Akad\u00e9mi\u00e1n diplom\u00e1zott, mestere Nedeljko Gvozdenovic volt. Alkot\u00f3i p\u00e1ly\u00e1j\u00e1n a fest\u00e9szet \u00e9s a sokszoros\u00edtott grafika k\u00fcl\u00f6n\u00f6sen fontos szerepet kapott. M\u0171veit sz\u00e1mos \u00f6n\u00e1ll\u00f3 \u00e9s csoportos ki\u00e1ll\u00edt\u00e1son mutatt\u00e1k be Eur\u00f3pa-szerte, t\u00f6bbek k\u00f6z\u00f6tt Londonban, Ljubljan\u00e1ban, Krakk\u00f3ban, Budapesten \u00e9s Szegeden. Munk\u00e1ss\u00e1g\u00e1t rangos d\u00edjakkal ismert\u00e9k el, k\u00f6zt\u00fck a Munk\u00e1csy-d\u00edjjal \u00e9s t\u00f6bb nemzetk\u00f6zi grafikai bienn\u00e1l\u00e9 f\u0151d\u00edj\u00e1val. Egy\u00e9ni l\u00e1t\u00e1sm\u00f3dj\u00e1t l\u00edrai expresszivit\u00e1s, m\u00e9ly hum\u00e1num \u00e9s formai k\u00eds\u00e9rletez\u00e9s jellemzi. \u00c9letm\u0171ve a d\u00e9lvid\u00e9ki \u00e9s magyar kort\u00e1rs k\u00e9pz\u0151m\u0171v\u00e9szet meghat\u00e1roz\u00f3 r\u00e9sz\u00e9v\u00e9 v\u00e1lt.\t\t\t\t\t\t\t\t<\/div>\n\t\t\t\t\t\t\t\t\t\t\t\t<\/div>\n\t\t\t\t\t\t\t\t\t<\/a>\n\t\t\t\t\t\t\t<a class=\"e-gallery-item elementor-gallery-item elementor-animated-content\" data-e-gallery-tags=\"1\" href=\"https:\/\/lokart.hu\/wp-content\/uploads\/2025\/05\/csaky_marianne_portre_nagyobb-1.jpg\" data-elementor-open-lightbox=\"yes\" data-elementor-lightbox-slideshow=\"4f5d14e4\" data-e-action-hash=\"#elementor-action%3Aaction%3Dlightbox%26settings%3DeyJpZCI6NDgwNSwidXJsIjoiaHR0cHM6XC9cL2xva2FydC5odVwvd3AtY29udGVudFwvdXBsb2Fkc1wvMjAyNVwvMDVcL2NzYWt5X21hcmlhbm5lX3BvcnRyZV9uYWd5b2JiLTEuanBnIiwic2xpZGVzaG93IjoiNGY1ZDE0ZTQifQ%3D%3D\">\n\t\t\t\t\t<div class=\"e-gallery-image elementor-gallery-item__image\" data-thumbnail=\"https:\/\/lokart.hu\/wp-content\/uploads\/2025\/05\/csaky_marianne_portre_nagyobb-1-768x772.jpg\" data-width=\"768\" data-height=\"772\" aria-label=\"\" role=\"img\" ><\/div>\n\t\t\t\t\t\t\t\t\t\t\t<div class=\"elementor-gallery-item__overlay\"><\/div>\n\t\t\t\t\t\t\t\t\t\t\t\t\t\t\t<div class=\"elementor-gallery-item__content\">\n\t\t\t\t\t\t\t\t\t\t\t\t\t\t<div class=\"elementor-gallery-item__title\">\n\t\t\t\t\t\t\t\t\t\t\t\t\t\t\t\t\t\t\u25c9 CS\u00c1KY MARIANNE \u25c9\t\t\t\t\t\t\t\t<\/div>\n\t\t\t\t\t\t\t\t\t\t\t\t\t\t\t<div class=\"elementor-gallery-item__description\">\n\t\t\t\t\t\t\t\t\t\t\t\t\t\t\t\t\t\tCs\u00e1ky Marianne Budapesten sz\u00fcletett, \u00e9s Br\u00fcsszelben \u00e9l. A Magyar K\u00e9pz\u0151m\u0171v\u00e9szeti Egyetemen szerzett DLA fokozatot. Munk\u00e1ss\u00e1g\u00e1nak f\u00f3kusz\u00e1ban a szem\u00e9lyes \u00e9s a k\u00f6z\u00f6ss\u00e9gi identit\u00e1s, a t\u00f6rt\u00e9nelem szem\u00e9lyes meg\u00e9l\u00e9se, valamint a test \u00e9s a szexualit\u00e1s tematik\u00e1ja \u00e1ll. Az anyagok \u00e9s m\u0171fajok sz\u00e9les sk\u00e1l\u00e1j\u00e1val dolgozik, a szobr\u00e1szatt\u00f3l a rajzon, fot\u00f3n, h\u00edmz\u00e9sen kereszt\u00fcl a vide\u00f3ig. Sz\u00e1mos helyen \u00e9lt \u00e9s dolgozott \u00c1zsi\u00e1ban, Eur\u00f3p\u00e1ban \u00e9s Amerik\u00e1ban. Tan\u00edt, el\u0151ad\u00e1sokat tart \u00e9s ki\u00e1ll\u00edt. 2018-ban br\u00fcsszeli m\u0171term\u00e9ben l\u00e9trehozta a Streetview Anderlecht nev\u0171 f\u00fcggetlen ki\u00e1ll\u00edt\u00f3helyet.\t\t\t\t\t\t\t\t<\/div>\n\t\t\t\t\t\t\t\t\t\t\t\t<\/div>\n\t\t\t\t\t\t\t\t\t<\/a>\n\t\t\t\t\t\t\t<a class=\"e-gallery-item elementor-gallery-item elementor-animated-content\" data-e-gallery-tags=\"1\" href=\"https:\/\/lokart.hu\/wp-content\/uploads\/2025\/05\/Czene_Marta2025-1-scaled.jpg\" data-elementor-open-lightbox=\"yes\" data-elementor-lightbox-slideshow=\"4f5d14e4\" data-e-action-hash=\"#elementor-action%3Aaction%3Dlightbox%26settings%3DeyJpZCI6NTAwMCwidXJsIjoiaHR0cHM6XC9cL2xva2FydC5odVwvd3AtY29udGVudFwvdXBsb2Fkc1wvMjAyNVwvMDVcL0N6ZW5lX01hcnRhMjAyNS0xLXNjYWxlZC5qcGciLCJzbGlkZXNob3ciOiI0ZjVkMTRlNCJ9\">\n\t\t\t\t\t<div class=\"e-gallery-image elementor-gallery-item__image\" data-thumbnail=\"https:\/\/lokart.hu\/wp-content\/uploads\/2025\/05\/Czene_Marta2025-1-768x768.jpg\" data-width=\"768\" data-height=\"768\" aria-label=\"\" role=\"img\" ><\/div>\n\t\t\t\t\t\t\t\t\t\t\t<div class=\"elementor-gallery-item__overlay\"><\/div>\n\t\t\t\t\t\t\t\t\t\t\t\t\t\t\t<div class=\"elementor-gallery-item__content\">\n\t\t\t\t\t\t\t\t\t\t\t\t\t\t<div class=\"elementor-gallery-item__title\">\n\t\t\t\t\t\t\t\t\t\t\t\t\t\t\t\t\t\t\u25c9 CZENE M\u00c1RTA \u25c9\t\t\t\t\t\t\t\t<\/div>\n\t\t\t\t\t\t\t\t\t\t\t\t\t\t\t<div class=\"elementor-gallery-item__description\">\n\t\t\t\t\t\t\t\t\t\t\t\t\t\t\t\t\t\tCzene M\u00e1rta m\u0171v\u00e9szet\u00e9nek f\u00f3kusza a szem\u00e9lyes \u00e9s n\u0151i identit\u00e1s, illetve a m\u00falt rekonstru\u00e1l\u00e1sa \u00e9s \u00e9rtelmez\u00e9se vizu\u00e1lis t\u00f6rt\u00e9netmes\u00e9l\u00e9s \u00e1ltal. A narrat\u00edv k\u00e9pek a m\u0171v\u00e9sz t\u00f6rt\u00e9neteit \u00e9s szerepeit id\u00e9zik fel, amit \u0151 egyfajta identit\u00e1skeres\u0151 nyomoz\u00f3munk\u00e1hoz hasonl\u00edt. Az \u00e9rtelmezhet\u0151s\u00e9g hat\u00e1rhelyzeteit, a t\u00f6r\u00e9keny egyens\u00falyt keresi az elbesz\u00e9lt \u00e9s az \u00e9rzet szinten megjelen\u0151, ki nem mondott vagy kimondhatatlan k\u00f6z\u00f6tt. Az ut\u00f3bbi \u00e9vekben a klasszikus t\u00e1blak\u00e9p m\u0171faj\u00e1t megk\u00e9rd\u0151jelezve k\u00fcl\u00f6nb\u00f6z\u0151 anyagok, festm\u00e9nyek, rajzok, falfest\u00e9s, fot\u00f3 \u00e9s nyomtatott ponyva, t\u00f6bb egym\u00e1s feletti r\u00e9tegben egy\u00fctt \u00e9p\u00edtik k\u00e9pinstall\u00e1ci\u00f3it. A p\u00e1rhuzamos \u00e9rz\u00e9kel\u00e9s mellett az eml\u00e9kek m\u00e1r el\u00e9rhetetlen r\u00e9sz\u00e9re utal\u00f3 t\u00e9rbeli takar\u00e1s is fontos, visszat\u00e9r\u0151 mot\u00edvum a sz\u00e1m\u00e1ra.\t\t\t\t\t\t\t\t<\/div>\n\t\t\t\t\t\t\t\t\t\t\t\t<\/div>\n\t\t\t\t\t\t\t\t\t<\/a>\n\t\t\t\t\t\t\t<a class=\"e-gallery-item elementor-gallery-item elementor-animated-content\" data-e-gallery-tags=\"1\" href=\"https:\/\/lokart.hu\/wp-content\/uploads\/2025\/06\/Portre_1980-in-Toronto-working-on-my-project-Classifying-Nature-1.jpg\" data-elementor-open-lightbox=\"yes\" data-elementor-lightbox-slideshow=\"4f5d14e4\" data-e-action-hash=\"#elementor-action%3Aaction%3Dlightbox%26settings%3DeyJpZCI6NTI2NSwidXJsIjoiaHR0cHM6XC9cL2xva2FydC5odVwvd3AtY29udGVudFwvdXBsb2Fkc1wvMjAyNVwvMDZcL1BvcnRyZV8xOTgwLWluLVRvcm9udG8td29ya2luZy1vbi1teS1wcm9qZWN0LUNsYXNzaWZ5aW5nLU5hdHVyZS0xLmpwZyIsInNsaWRlc2hvdyI6IjRmNWQxNGU0In0%3D\">\n\t\t\t\t\t<div class=\"e-gallery-image elementor-gallery-item__image\" data-thumbnail=\"https:\/\/lokart.hu\/wp-content\/uploads\/2025\/06\/Portre_1980-in-Toronto-working-on-my-project-Classifying-Nature-1-768x899.jpg\" data-width=\"768\" data-height=\"899\" aria-label=\"\" role=\"img\" ><\/div>\n\t\t\t\t\t\t\t\t\t\t\t<div class=\"elementor-gallery-item__overlay\"><\/div>\n\t\t\t\t\t\t\t\t\t\t\t\t\t\t\t<div class=\"elementor-gallery-item__content\">\n\t\t\t\t\t\t\t\t\t\t\t\t\t\t<div class=\"elementor-gallery-item__title\">\n\t\t\t\t\t\t\t\t\t\t\t\t\t\t\t\t\t\t\u25c9 DROZDIK ORSOLYA \u25c9\t\t\t\t\t\t\t\t<\/div>\n\t\t\t\t\t\t\t\t\t\t\t\t\t\t\t<div class=\"elementor-gallery-item__description\">\n\t\t\t\t\t\t\t\t\t\t\t\t\t\t\t\t\t\t1970-77 a Magyar K\u00e9pz\u0151m\u0171v\u00e9szeti F\u0151iskol\u00e1n tanult. A magyar neoavantg\u00e1rd m\u00e1sodik gener\u00e1ci\u00f3j\u00e1hoz tartozik. A hetvenes \u00e9vek k\u00e9pz\u0151m\u0171v\u00e9szeti \u00e9let\u00e9ben nagy szerepet j\u00e1tsz\u00f3 R\u00f3zsa-k\u00f6r tagja. M\u0171veiben a n\u0151k reprezent\u00e1ci\u00f3j\u00e1nak k\u00e9rd\u00e9se foglalkoztatja. M\u0171v\u00e9szete rajzokban, grafik\u00e1kban, f\u00e9nyk\u00e9pekben, festm\u00e9nyekben, szobrokban, performanszok \u00e9s install\u00e1ci\u00f3k sor\u00e1ban bontakozik ki, amelynek versei, levelei, ars poetic\u00e1i, m\u0171v\u00e9szetelm\u00e9leti \u00edr\u00e1sai vagy ak\u00e1r m\u0171termei is r\u00e9sz\u00e9t k\u00e9pezik. A Munk\u00e1csy Mih\u00e1ly-d\u00edjas m\u0171v\u00e9sz, a SZIMA (Sz\u00e9chenyi Irodalmi \u00e9s M\u0171v\u00e9szeti Akad\u00e9mia) tagja. Alkot\u00e1sai megtal\u00e1lhat\u00f3k a b\u00e9csi \u00e9s budapesti Ludwig-gy\u0171jtem\u00e9nyben, a Sz\u00e9pm\u0171v\u00e9szeti M\u00fazeumban, neves amerikai \u00e9s eur\u00f3pai gy\u0171jtem\u00e9nyekben.\t\t\t\t\t\t\t\t<\/div>\n\t\t\t\t\t\t\t\t\t\t\t\t<\/div>\n\t\t\t\t\t\t\t\t\t<\/a>\n\t\t\t\t\t\t\t<a class=\"e-gallery-item elementor-gallery-item elementor-animated-content\" data-e-gallery-tags=\"1\" href=\"https:\/\/lokart.hu\/wp-content\/uploads\/2025\/05\/IMG_3603-min-2-scaled.jpeg\" data-elementor-open-lightbox=\"yes\" data-elementor-lightbox-slideshow=\"4f5d14e4\" data-e-action-hash=\"#elementor-action%3Aaction%3Dlightbox%26settings%3DeyJpZCI6NTA5MSwidXJsIjoiaHR0cHM6XC9cL2xva2FydC5odVwvd3AtY29udGVudFwvdXBsb2Fkc1wvMjAyNVwvMDVcL0lNR18zNjAzLW1pbi0yLXNjYWxlZC5qcGVnIiwic2xpZGVzaG93IjoiNGY1ZDE0ZTQifQ%3D%3D\">\n\t\t\t\t\t<div class=\"e-gallery-image elementor-gallery-item__image\" data-thumbnail=\"https:\/\/lokart.hu\/wp-content\/uploads\/2025\/05\/IMG_3603-min-2-768x728.jpeg\" data-width=\"768\" data-height=\"728\" aria-label=\"\" role=\"img\" ><\/div>\n\t\t\t\t\t\t\t\t\t\t\t<div class=\"elementor-gallery-item__overlay\"><\/div>\n\t\t\t\t\t\t\t\t\t\t\t\t\t\t\t<div class=\"elementor-gallery-item__content\">\n\t\t\t\t\t\t\t\t\t\t\t\t\t\t<div class=\"elementor-gallery-item__title\">\n\t\t\t\t\t\t\t\t\t\t\t\t\t\t\t\t\t\t\u25c9 EMBER S\u00c1RI \u25c9\t\t\t\t\t\t\t\t<\/div>\n\t\t\t\t\t\t\t\t\t\t\t\t\t\t\t<div class=\"elementor-gallery-item__description\">\n\t\t\t\t\t\t\t\t\t\t\t\t\t\t\t\t\t\t1985-ben sz\u00fcletett S\u00e3o Paul\u00f3ban. A Moholy-Nagy M\u0171v\u00e9szeti Egyetem fot\u00f3 szak\u00e1n diplom\u00e1zott (2009), tanult Ljubljan\u00e1ban, Glasgow-ban \u00e9s P\u00e1rizsban (\u00c9cole Jacques Lecoq). Munk\u00e1it sz\u00e1mos nemzetk\u00f6zi ki\u00e1ll\u00edt\u00e1son mutatt\u00e1k be, t\u00f6bbek k\u00f6z\u00f6tt a Velencei Bienn\u00e1l\u00e9 partneresem\u00e9nyein, az Art Encounters Bienn\u00e1l\u00e9n (Temesv\u00e1r), a Manifesta programj\u00e1ban (Pristina), valamint gal\u00e9ri\u00e1kban New Yorkt\u00f3l Mil\u00e1n\u00f3n \u00e9s Berlinen \u00e1t Pozsonyig. M\u0171v\u00e9szet\u00e9ben a fot\u00f3, install\u00e1ci\u00f3, performat\u00edv \u00e9s narrat\u00edv elemek organikusan kapcsol\u00f3dnak. Alkot\u00e1sai gyakran szem\u00e9lyes \u00e9s kollekt\u00edv eml\u00e9kezet, test \u00e9s identit\u00e1s t\u00e9m\u00e1it j\u00e1rj\u00e1k k\u00f6r\u00fcl. \t\t\t\t\t\t\t\t<\/div>\n\t\t\t\t\t\t\t\t\t\t\t\t<\/div>\n\t\t\t\t\t\t\t\t\t<\/a>\n\t\t\t\t\t\t\t<a class=\"e-gallery-item elementor-gallery-item elementor-animated-content\" data-e-gallery-tags=\"1\" href=\"https:\/\/lokart.hu\/wp-content\/uploads\/2025\/06\/ermezei_lili.jpeg\" data-elementor-open-lightbox=\"yes\" data-elementor-lightbox-slideshow=\"4f5d14e4\" data-e-action-hash=\"#elementor-action%3Aaction%3Dlightbox%26settings%3DeyJpZCI6NTI2OSwidXJsIjoiaHR0cHM6XC9cL2xva2FydC5odVwvd3AtY29udGVudFwvdXBsb2Fkc1wvMjAyNVwvMDZcL2VybWV6ZWlfbGlsaS5qcGVnIiwic2xpZGVzaG93IjoiNGY1ZDE0ZTQifQ%3D%3D\">\n\t\t\t\t\t<div class=\"e-gallery-image elementor-gallery-item__image\" data-thumbnail=\"https:\/\/lokart.hu\/wp-content\/uploads\/2025\/06\/ermezei_lili.jpeg\" data-width=\"414\" data-height=\"414\" aria-label=\"\" role=\"img\" ><\/div>\n\t\t\t\t\t\t\t\t\t\t\t<div class=\"elementor-gallery-item__overlay\"><\/div>\n\t\t\t\t\t\t\t\t\t\t\t\t\t\t\t<div class=\"elementor-gallery-item__content\">\n\t\t\t\t\t\t\t\t\t\t\t\t\t\t<div class=\"elementor-gallery-item__title\">\n\t\t\t\t\t\t\t\t\t\t\t\t\t\t\t\t\t\t\u25c9 \u00c9RMEZEI LILI \u25c9\t\t\t\t\t\t\t\t<\/div>\n\t\t\t\t\t\t\t\t\t\t\t\t\t\t\t<div class=\"elementor-gallery-item__description\">\n\t\t\t\t\t\t\t\t\t\t\t\t\t\t\t\t\t\tErmezei Lili strat\u00e9giai tervez\u0151 \u00e9s szervezetpszichol\u00f3gus, aki a pszichol\u00f3gia, design \u00e9s \u00fczleti gondolkod\u00e1s metsz\u00e9spontj\u00e1ban dolgozik. A Moholy-Nagy M\u0171v\u00e9szeti Egyetem (MOME) \u00e9s a finn Aalto Egyetem PhD-kutat\u00f3ja, t\u00e9m\u00e1ja az \u00e9szaki startup-alap\u00edt\u00f3k sk\u00e1l\u00e1zhat\u00f3s\u00e1ggal kapcsolatos gondolkod\u00e1sm\u00f3dja. MSc diplom\u00e1j\u00e1t \u00fczleti \u00e9s szervezetpszichol\u00f3gia szakon a Liverpooli Egyetemen szerezte, valamint MA v\u00e9gzetts\u00e9ggel rendelkezik vizu\u00e1lis kommunik\u00e1ci\u00f3b\u00f3l (MOME). Kor\u00e1bban a Wunderman Thompson Finland CXO-ja volt, \u00e9s nemzetk\u00f6zi m\u00e1rk\u00e1k \u2013 t\u00f6bbek k\u00f6z\u00f6tt a Finnair, Nokia, Fiskars \u2013 strat\u00e9giai fejleszt\u00e9s\u00e9n dolgozott. A Helsinki Mind alap\u00edt\u00f3jak\u00e9nt vezet\u0151ket \u00e9s szervezeteket t\u00e1mogat abban, hogy pszichol\u00f3giai \u00e9s strat\u00e9giai m\u00f3dszerekkel fejlessz\u00e9k teljes\u00edtm\u00e9ny\u00fcket. Oktat\u00f3k\u00e9nt a MOME \u00fczleti design kurzus\u00e1nak alap\u00edt\u00f3 tagja, szakter\u00fclete a vezet\u00e9sfejleszt\u00e9s, v\u00e1ltoz\u00e1smenedzsment, innov\u00e1ci\u00f3 \u00e9s coaching.\t\t\t\t\t\t\t\t<\/div>\n\t\t\t\t\t\t\t\t\t\t\t\t<\/div>\n\t\t\t\t\t\t\t\t\t<\/a>\n\t\t\t\t\t\t\t<a class=\"e-gallery-item elementor-gallery-item elementor-animated-content\" data-e-gallery-tags=\"1\" href=\"https:\/\/lokart.hu\/wp-content\/uploads\/2025\/04\/fejos_miklos_portre-min.jpg\" data-elementor-open-lightbox=\"yes\" data-elementor-lightbox-slideshow=\"4f5d14e4\" data-e-action-hash=\"#elementor-action%3Aaction%3Dlightbox%26settings%3DeyJpZCI6NDY3NywidXJsIjoiaHR0cHM6XC9cL2xva2FydC5odVwvd3AtY29udGVudFwvdXBsb2Fkc1wvMjAyNVwvMDRcL2Zlam9zX21pa2xvc19wb3J0cmUtbWluLmpwZyIsInNsaWRlc2hvdyI6IjRmNWQxNGU0In0%3D\">\n\t\t\t\t\t<div class=\"e-gallery-image elementor-gallery-item__image\" data-thumbnail=\"https:\/\/lokart.hu\/wp-content\/uploads\/2025\/04\/fejos_miklos_portre-min-768x768.jpg\" data-width=\"768\" data-height=\"768\" aria-label=\"\" role=\"img\" ><\/div>\n\t\t\t\t\t\t\t\t\t\t\t<div class=\"elementor-gallery-item__overlay\"><\/div>\n\t\t\t\t\t\t\t\t\t\t\t\t\t\t\t<div class=\"elementor-gallery-item__content\">\n\t\t\t\t\t\t\t\t\t\t\t\t\t\t<div class=\"elementor-gallery-item__title\">\n\t\t\t\t\t\t\t\t\t\t\t\t\t\t\t\t\t\t\u25c9 FEJ\u0150S MIKL\u00d3S \u25c9\t\t\t\t\t\t\t\t<\/div>\n\t\t\t\t\t\t\t\t\t\t\t\t\t\t\t<div class=\"elementor-gallery-item__description\">\n\t\t\t\t\t\t\t\t\t\t\t\t\t\t\t\t\t\tA PTE M\u0171v\u00e9szeti Karon szerzett diplom\u00e1t 2004-ben. 2024-ben ugyanitt, a M\u0171v\u00e9szeti Doktori Iskol\u00e1ban doktor\u00e1lt. Alkot\u00f3i praxis\u00e1ban kezdett\u0151l fogva az elm\u00fal\u00e1s, az id\u0151n k\u00edv\u00fclis\u00e9g gondolata fogalmaz\u00f3dik \u00fajra egym\u00e1st\u00f3l \u00e9lesen elk\u00fcl\u00f6n\u00fcl\u0151 sorozatok form\u00e1j\u00e1ban. K\u00e9pein els\u0151sorban a haszn\u00e1lat szem\u00e9lyes nyomait \u0151rz\u0151 t\u00e1rgyak, a fizikai l\u00e9t v\u00e9gess\u00e9g\u00e9t t\u00fckr\u00f6z\u0151 anyagok, ritk\u00e1bb esetben ki\u00fcresedett terek jelennek meg. \nA 2010-es \u00e9vek elej\u00e9n 17. sz\u00e1zadi holland el\u0151k\u00e9pek alapj\u00e1n \u00e9p\u00edtett \u00e9s f\u00e9nyk\u00e9pezett meg csend\u00e9let parafr\u00e1zisokat. 2014-t\u0151l k\u00e9t \u00e9ven \u00e1t keny\u00e9rtanulm\u00e1nyokat festett. A projekttel a megfigyel\u00e9s \u00e9s \u00e1br\u00e1zol\u00e1s hagyom\u00e1nyos eszk\u00f6zeihez visszany\u00falva, de az ismert m\u0171v\u00e9szett\u00f6rt\u00e9neti s\u00e9m\u00e1k tudatos mell\u0151z\u00e9s\u00e9vel k\u00eds\u00e9relte meg a vanitas probl\u00e9mak\u00f6r \u00fajragondol\u00e1s\u00e1t. \nA doktori k\u00e9pz\u00e9s alatt t\u00e9mav\u00e1laszt\u00e1sa megmaradt az egzisztenci\u00e1lis dilemm\u00e1k k\u00e9rd\u00e9sk\u00f6r\u00e9n\u00e9l, a k\u00e9pek f\u00f3kusz\u00e1ba ugyanakkor egyre kisebb m\u00e9ret\u0171 \u00e9s jelent\u0151s\u00e9g\u0171 t\u00e1rgyak ker\u00fcltek. \u00c9rz\u00e9ki sz\u00e9ps\u00e9g\u00fck m\u00e1r nem a f\u00f6ldi \u00e9let v\u00e9gess\u00e9g\u00e9t, hanem az \u00e1talakul\u00e1s v\u00e9gtelen gazdags\u00e1g\u00e1t hirdeti.   \t\t\t\t\t\t\t\t<\/div>\n\t\t\t\t\t\t\t\t\t\t\t\t<\/div>\n\t\t\t\t\t\t\t\t\t<\/a>\n\t\t\t\t\t\t\t<a class=\"e-gallery-item elementor-gallery-item elementor-animated-content\" data-e-gallery-tags=\"1\" href=\"https:\/\/lokart.hu\/wp-content\/uploads\/2025\/06\/felde_szabo_portre-min-1-scaled.jpg\" data-elementor-open-lightbox=\"yes\" data-elementor-lightbox-slideshow=\"4f5d14e4\" data-e-action-hash=\"#elementor-action%3Aaction%3Dlightbox%26settings%3DeyJpZCI6NTMyMywidXJsIjoiaHR0cHM6XC9cL2xva2FydC5odVwvd3AtY29udGVudFwvdXBsb2Fkc1wvMjAyNVwvMDZcL2ZlbGRlX3N6YWJvX3BvcnRyZS1taW4tMS1zY2FsZWQuanBnIiwic2xpZGVzaG93IjoiNGY1ZDE0ZTQifQ%3D%3D\">\n\t\t\t\t\t<div class=\"e-gallery-image elementor-gallery-item__image\" data-thumbnail=\"https:\/\/lokart.hu\/wp-content\/uploads\/2025\/06\/felde_szabo_portre-min-1-768x768.jpg\" data-width=\"768\" data-height=\"768\" aria-label=\"\" role=\"img\" ><\/div>\n\t\t\t\t\t\t\t\t\t\t\t<div class=\"elementor-gallery-item__overlay\"><\/div>\n\t\t\t\t\t\t\t\t\t\t\t\t\t\t\t<div class=\"elementor-gallery-item__content\">\n\t\t\t\t\t\t\t\t\t\t\t\t\t\t<div class=\"elementor-gallery-item__title\">\n\t\t\t\t\t\t\t\t\t\t\t\t\t\t\t\t\t\t\u25c9 FELDE-SZAB\u00d3 MARIANNA \u25c9\t\t\t\t\t\t\t\t<\/div>\n\t\t\t\t\t\t\t\t\t\t\t\t\t\t\t<div class=\"elementor-gallery-item__description\">\n\t\t\t\t\t\t\t\t\t\t\t\t\t\t\t\t\t\tK\u00e9pz\u0151m\u0171v\u00e9sz, aki munk\u00e1iban az id\u0151, a megismer\u00e9s \u00e9s az emberi l\u00e9t\nk\u00e9rd\u00e9seit kutatja. M\u0171veit a k\u00e9tked\u00e9s \u00e9s a bizonytalans\u00e1g inspir\u00e1lja \u2013\nminden alkot\u00e1sa egy \u00faj megk\u00f6zel\u00edt\u00e9s ugyanahhoz a t\u00e1rgyhoz.\nTanulm\u00e1nyait a P\u00e9csi Tudom\u00e1nyegyetemen v\u00e9gezte, majd Erasmus\n\u00f6szt\u00f6nd\u00edjjal a karlsruhei Staatliche Akademie der Bildenden K\u00fcnste\nhallgat\u00f3ja volt. Sz\u00e1mos ki\u00e1ll\u00edt\u00e1son vett r\u00e9szt itthon \u00e9s k\u00fclf\u00f6ld\u00f6n (pl.\nM\u00fcnchen, Dortmund, R\u00f3ma). Doktori tanulm\u00e1nyait a PTE M\u0171v\u00e9szeti Kar\u00e1n folytatta. M\u0171v\u00e9szet\u00e9re jellemz\u0151 a vide\u00f3, install\u00e1ci\u00f3 \u00e9s fot\u00f3 m\u00e9di-\num\u00e1nak \u00f6tv\u00f6z\u00e9se.\n\nTagja a K\u00f6zel\u00edt\u00e9s M\u0171v\u00e9szeti Egyes\u00fcletnek \u00e9s a Magyar Alkot\u00f3m\u0171v\u00e9szek\n\nOrsz\u00e1gos Egyes\u00fclet\u00e9nek. Publik\u00e1ci\u00f3i \u00e9s filmes munk\u00e1i is sz\u00e1mos elis-\nmer\u00e9sben r\u00e9szes\u00fcltek. M\u0171vei az eml\u00e9kezet, az id\u0151 \u00e9s a t\u00e9r kapcsolat\u00e1t\n\nkutatj\u00e1k, gyakran szem\u00e9lyes t\u00f6rt\u00e9netekb\u0151l kiindulva.\t\t\t\t\t\t\t\t<\/div>\n\t\t\t\t\t\t\t\t\t\t\t\t<\/div>\n\t\t\t\t\t\t\t\t\t<\/a>\n\t\t\t\t\t\t\t<a class=\"e-gallery-item elementor-gallery-item elementor-animated-content\" data-e-gallery-tags=\"1\" href=\"https:\/\/lokart.hu\/wp-content\/uploads\/2025\/05\/ficzek_ferenc.jpg\" data-elementor-open-lightbox=\"yes\" data-elementor-lightbox-slideshow=\"4f5d14e4\" data-e-action-hash=\"#elementor-action%3Aaction%3Dlightbox%26settings%3DeyJpZCI6NTAwNywidXJsIjoiaHR0cHM6XC9cL2xva2FydC5odVwvd3AtY29udGVudFwvdXBsb2Fkc1wvMjAyNVwvMDVcL2ZpY3pla19mZXJlbmMuanBnIiwic2xpZGVzaG93IjoiNGY1ZDE0ZTQifQ%3D%3D\">\n\t\t\t\t\t<div class=\"e-gallery-image elementor-gallery-item__image\" data-thumbnail=\"https:\/\/lokart.hu\/wp-content\/uploads\/2025\/05\/ficzek_ferenc.jpg\" data-width=\"310\" data-height=\"310\" aria-label=\"\" role=\"img\" ><\/div>\n\t\t\t\t\t\t\t\t\t\t\t<div class=\"elementor-gallery-item__overlay\"><\/div>\n\t\t\t\t\t\t\t\t\t\t\t\t\t\t\t<div class=\"elementor-gallery-item__content\">\n\t\t\t\t\t\t\t\t\t\t\t\t\t\t<div class=\"elementor-gallery-item__title\">\n\t\t\t\t\t\t\t\t\t\t\t\t\t\t\t\t\t\t\u25c9 FICZEK FERENC \u25c9\t\t\t\t\t\t\t\t<\/div>\n\t\t\t\t\t\t\t\t\t\t\t\t\t\t\t<div class=\"elementor-gallery-item__description\">\n\t\t\t\t\t\t\t\t\t\t\t\t\t\t\t\t\t\tFiczek Ferenc \u00e9lete (1947-1987) r\u00f6vid, de term\u00e9keny volt. A munk\u00e1ss\u00e1g\u00e1nak egy \u00e9vtizede kapcsol\u00f3dik a P\u00e9csi M\u0171hely 1968 \u00e9s 1980 k\u00f6z\u00f6tt kibontakoz\u00f3 aktivit\u00e1s\u00e1hoz. M\u0171v\u00e9szet\u00e9ben t\u00f6bbek k\u00f6z\u00f6tt a f\u00e9ny-\u00e1rny\u00e9k kontextus\u00e1ra helyezte a hangs\u00falyt, fot\u00f3iban gyakran haszn\u00e1lta a vet\u00edt\u00e9st \u00e9s mont\u00e1zst, zom\u00e1ncain \u00e9s festm\u00e9nyein a text\u00fara hat\u00e1s\u00e1t fest\u00e9ksz\u00f3r\u00f3val \u00e9rte el, form\u00e1zott v\u00e1sznaira pedig gyakran applik\u00e1lt. M\u0171veiben a geometrikus \u00e9s organikus form\u00e1k v\u00e1ltoz\u00f3 plasztikuss\u00e1g\u00e1t \u00e9s a v\u00e1ltoz\u00f3 f\u00e9nyviszonyok tulajdons\u00e1gait tanulm\u00e1nyozta, \u00e9s a k\u00e9pmanipul\u00e1ci\u00f3 m\u00e9diumreflex\u00edv gesztusaival k\u00eds\u00e9rletezett. A \u201a'70-es \u00e9vek v\u00e9g\u00e9n a vet\u00edt\u00e9s haszn\u00e1lata a mozg\u00f3k\u00e9p ir\u00e1ny\u00e1ba sodorta, a '80-as \u00e9vekt\u0151l pedig az anim\u00e1ci\u00f3 fel\u00e9 fordult, \u00f6sszegezve mindazokat a technik\u00e1kat, amelyek meghat\u00e1rozt\u00e1k munk\u00e1ss\u00e1g\u00e1t.\t\t\t\t\t\t\t\t<\/div>\n\t\t\t\t\t\t\t\t\t\t\t\t<\/div>\n\t\t\t\t\t\t\t\t\t<\/a>\n\t\t\t\t\t\t\t<a class=\"e-gallery-item elementor-gallery-item elementor-animated-content\" data-e-gallery-tags=\"1\" href=\"https:\/\/lokart.hu\/wp-content\/uploads\/2025\/04\/gobolyos_luca_ff-min.jpeg\" data-elementor-open-lightbox=\"yes\" data-elementor-lightbox-slideshow=\"4f5d14e4\" data-e-action-hash=\"#elementor-action%3Aaction%3Dlightbox%26settings%3DeyJpZCI6NDY3OCwidXJsIjoiaHR0cHM6XC9cL2xva2FydC5odVwvd3AtY29udGVudFwvdXBsb2Fkc1wvMjAyNVwvMDRcL2dvYm9seW9zX2x1Y2FfZmYtbWluLmpwZWciLCJzbGlkZXNob3ciOiI0ZjVkMTRlNCJ9\">\n\t\t\t\t\t<div class=\"e-gallery-image elementor-gallery-item__image\" data-thumbnail=\"https:\/\/lokart.hu\/wp-content\/uploads\/2025\/04\/gobolyos_luca_ff-min-768x1175.jpeg\" data-width=\"768\" data-height=\"1175\" aria-label=\"\" role=\"img\" ><\/div>\n\t\t\t\t\t\t\t\t\t\t\t<div class=\"elementor-gallery-item__overlay\"><\/div>\n\t\t\t\t\t\t\t\t\t\t\t\t\t\t\t<div class=\"elementor-gallery-item__content\">\n\t\t\t\t\t\t\t\t\t\t\t\t\t\t<div class=\"elementor-gallery-item__title\">\n\t\t\t\t\t\t\t\t\t\t\t\t\t\t\t\t\t\t\u25c9 G\u0150B\u00d6LY\u00d6S LUCA \u25c9\t\t\t\t\t\t\t\t<\/div>\n\t\t\t\t\t\t\t\t\t\t\t\t\t\t\t<div class=\"elementor-gallery-item__description\">\n\t\t\t\t\t\t\t\t\t\t\t\t\t\t\t\t\t\tG\u0151b\u00f6ly\u00f6s Luca DLA habil k\u00e9pz\u0151m\u0171v\u00e9sz, fotogr\u00e1fus, a P\u00e9csi Tudom\u00e1nyegyetem M\u0171v\u00e9szeti Kar\u00e1nak professzora, a Fotogr\u00e1fia Tansz\u00e9k vezet\u0151je. Budapesten \u00e9l \u00e9s alkot. Tanulm\u00e1nyait a Magyar Iparm\u0171v\u00e9szeti F\u0151iskol\u00e1n, a University of Brightonon \u00e9s a DLA doktori k\u00e9pz\u00e9sben v\u00e9gezte. Munk\u00e1ss\u00e1g\u00e1t sz\u00e1mos hazai \u00e9s nemzetk\u00f6zi d\u00edjjal ismert\u00e9k el, p\u00e9ld\u00e1ul a Balogh Rudolf-d\u00edjjal, a P\u00e9csi J\u00f3zsef- \u00e9s az E\u00f6tv\u00f6s-\u00f6szt\u00f6nd\u00edjjal. M\u0171vei reflex\u00edv, t\u00e1rsadalomkritikai k\u00e9rd\u00e9seket tematiz\u00e1lnak, gyakran feminista \u00e9s konceptu\u00e1lis megk\u00f6zel\u00edt\u00e9ssel. Sz\u00e1mos egy\u00e9ni \u00e9s csoportos ki\u00e1ll\u00edt\u00e1son szerepelt Eur\u00f3p\u00e1ban \u00e9s az Egyes\u00fclt \u00c1llamokban. Jelent\u0151sebb egy\u00e9ni t\u00e1rlatai a budapesti F\u00e9szek Gal\u00e9ri\u00e1ban, a FUG\u00c1-ban \u00e9s a Knoll Gal\u00e9ri\u00e1ban, valamint a helsinki, p\u00e1rizsi \u00e9s berlini kultur\u00e1lis int\u00e9zetekben ker\u00fcltek megrendez\u00e9sre. Oktat\u00f3i \u00e9s m\u0171v\u00e9szi munk\u00e1ja sor\u00e1n fontosnak tartja az elm\u00e9leti gondolkod\u00e1s \u00e9s a vizu\u00e1lis nyelv k\u00f6z\u00f6tti p\u00e1rbesz\u00e9det.\t\t\t\t\t\t\t\t<\/div>\n\t\t\t\t\t\t\t\t\t\t\t\t<\/div>\n\t\t\t\t\t\t\t\t\t<\/a>\n\t\t\t\t\t\t\t<a class=\"e-gallery-item elementor-gallery-item elementor-animated-content\" data-e-gallery-tags=\"1\" href=\"https:\/\/lokart.hu\/wp-content\/uploads\/2025\/05\/Abris-Gryllus_Nucleus_press-1-1.jpg\" data-elementor-open-lightbox=\"yes\" data-elementor-lightbox-slideshow=\"4f5d14e4\" data-e-action-hash=\"#elementor-action%3Aaction%3Dlightbox%26settings%3DeyJpZCI6NDk3OSwidXJsIjoiaHR0cHM6XC9cL2xva2FydC5odVwvd3AtY29udGVudFwvdXBsb2Fkc1wvMjAyNVwvMDVcL0FicmlzLUdyeWxsdXNfTnVjbGV1c19wcmVzcy0xLTEuanBnIiwic2xpZGVzaG93IjoiNGY1ZDE0ZTQifQ%3D%3D\">\n\t\t\t\t\t<div class=\"e-gallery-image elementor-gallery-item__image\" data-thumbnail=\"https:\/\/lokart.hu\/wp-content\/uploads\/2025\/05\/Abris-Gryllus_Nucleus_press-1-1-768x770.jpg\" data-width=\"768\" data-height=\"770\" aria-label=\"\" role=\"img\" ><\/div>\n\t\t\t\t\t\t\t\t\t\t\t<div class=\"elementor-gallery-item__overlay\"><\/div>\n\t\t\t\t\t\t\t\t\t\t\t\t\t\t\t<div class=\"elementor-gallery-item__content\">\n\t\t\t\t\t\t\t\t\t\t\t\t\t\t<div class=\"elementor-gallery-item__title\">\n\t\t\t\t\t\t\t\t\t\t\t\t\t\t\t\t\t\t\u25c9 GRYLLUS \u00c1BRIS \u25c9\t\t\t\t\t\t\t\t<\/div>\n\t\t\t\t\t\t\t\t\t\t\t\t\t\t\t<div class=\"elementor-gallery-item__description\">\n\t\t\t\t\t\t\t\t\t\t\t\t\t\t\t\t\t\tGryllus \u00c1bris (sz. 1985, Budapest) m\u00e9diam\u0171v\u00e9sz \u00e9s zeneszerz\u0151, aki az ismer\u0151s \u00e9s ismeretlen hangterek hat\u00e1r\u00e1n dolgozik. Munk\u00e1iban konceptu\u00e1lis elektronikus zen\u00e9t, install\u00e1ci\u00f3t \u00e9s performanszot \u00f6tv\u00f6z. A Moholy-Nagy M\u0171v\u00e9szeti Egyetemen v\u00e9gzett, ahol 2014 \u00f3ta oktat, jelenleg a Tervez\u0151grafika MA program vezet\u0151je. Alkot\u00e1sait olyan rangos esem\u00e9nyeken mutatt\u00e1k be, mint a Transmediale\/CTM Berlin, a Velencei Bienn\u00e1le, az Off-Bienn\u00e1le Budapest vagy a Tanzplatform M\u00fcnchen. Saj\u00e1t neve alatt 2017-t\u0151l jelentet meg albumokat (pl. Canon, Nucleus of the Decay, Relent). Zeneszerz\u0151k\u00e9nt sz\u00ednh\u00e1zi \u00e9s t\u00e1ncprodukci\u00f3kban m\u0171k\u00f6dik k\u00f6zre (Hodworks, Fren\u00e1k T\u00e1rsulat), valamint filmzen\u00e9ket is kompon\u00e1l. 2022-ben elnyerte a L\u00e1b\u00e1n Rudolf-d\u00edjat. M\u0171v\u00e9szet\u00e9ben a hang t\u00e9rbeli, vizu\u00e1lis \u00e9s \u00e9rz\u00e9ki vonatkoz\u00e1sait kutatja.\t\t\t\t\t\t\t\t<\/div>\n\t\t\t\t\t\t\t\t\t\t\t\t<\/div>\n\t\t\t\t\t\t\t\t\t<\/a>\n\t\t\t\t\t\t\t<a class=\"e-gallery-item elementor-gallery-item elementor-animated-content\" data-e-gallery-tags=\"1\" href=\"https:\/\/lokart.hu\/wp-content\/uploads\/2025\/05\/nilbar_gures-min-1-scaled.jpg\" data-elementor-open-lightbox=\"yes\" data-elementor-lightbox-slideshow=\"4f5d14e4\" data-e-action-hash=\"#elementor-action%3Aaction%3Dlightbox%26settings%3DeyJpZCI6NTAwOSwidXJsIjoiaHR0cHM6XC9cL2xva2FydC5odVwvd3AtY29udGVudFwvdXBsb2Fkc1wvMjAyNVwvMDVcL25pbGJhcl9ndXJlcy1taW4tMS1zY2FsZWQuanBnIiwic2xpZGVzaG93IjoiNGY1ZDE0ZTQifQ%3D%3D\">\n\t\t\t\t\t<div class=\"e-gallery-image elementor-gallery-item__image\" data-thumbnail=\"https:\/\/lokart.hu\/wp-content\/uploads\/2025\/05\/nilbar_gures-min-1-768x768.jpg\" data-width=\"768\" data-height=\"768\" aria-label=\"\" role=\"img\" ><\/div>\n\t\t\t\t\t\t\t\t\t\t\t<div class=\"elementor-gallery-item__overlay\"><\/div>\n\t\t\t\t\t\t\t\t\t\t\t\t\t\t\t<div class=\"elementor-gallery-item__content\">\n\t\t\t\t\t\t\t\t\t\t\t\t\t\t<div class=\"elementor-gallery-item__title\">\n\t\t\t\t\t\t\t\t\t\t\t\t\t\t\t\t\t\t\u25c9 NILBAR G\u00dcRE\u015e \u25c9\t\t\t\t\t\t\t\t<\/div>\n\t\t\t\t\t\t\t\t\t\t\t\t\t\t\t<div class=\"elementor-gallery-item__description\">\n\t\t\t\t\t\t\t\t\t\t\t\t\t\t\t\t\t\tNilbar G\u00fcre\u015f (sz. 1977, Isztambul) B.A. diplom\u00e1j\u00e1t a Marmara Egyetem K\u00e9pz\u0151m\u0171v\u00e9szeti Kar\u00e1n (Isztambul), M.A.-j\u00e1t pedig a b\u00e9csi K\u00e9pz\u0151m\u0171v\u00e9szeti Akad\u00e9mi\u00e1n szerezte. Tanulm\u00e1nyait a b\u00e9csi Alkalmazott M\u0171v\u00e9szetek Egyetem\u00e9n folytatta textilm\u0171v\u00e9szet \u00e9s m\u0171v\u00e9szetpedag\u00f3gia szakon. M\u0171v\u00e9szeti gyakorlata kiterjed a fot\u00f3, film, fest\u00e9szet, performansz, szobr\u00e1szat, install\u00e1ci\u00f3 \u00e9s textil alap\u00fa koll\u00e1zs ter\u00fclet\u00e9re. M\u0171vei szem\u00e9lyes t\u00f6rt\u00e9netekb\u0151l indulnak ki, majd t\u00e1rsadalmi igazs\u00e1gtalans\u00e1gokat, nemi szerepeket \u00e9s kultur\u00e1lis identit\u00e1sk\u00f3dokat vizsg\u00e1lnak k\u00f6lt\u0151i, ironikus eszk\u00f6z\u00f6kkel.  Egy\u00e9ni ki\u00e1ll\u00edt\u00e1sai voltak t\u00f6bbek k\u00f6z\u00f6tt B\u00e9csben, Londonban, Isztambulban, Berlinben \u00e9s Tel-Avivban. Csoportos ki\u00e1ll\u00edt\u00e1sokon szerepelt a Palais de Tokyo-ban, a Yokohamai Trienn\u00e1l\u00e9n, az Isztambuli Bienn\u00e1l\u00e9n, a Sydney-i Bienn\u00e1l\u00e9n \u00e9s a Belvedere M\u00fazeumban. \t\t\t\t\t\t\t\t<\/div>\n\t\t\t\t\t\t\t\t\t\t\t\t<\/div>\n\t\t\t\t\t\t\t\t\t<\/a>\n\t\t\t\t\t\t\t<a class=\"e-gallery-item elementor-gallery-item elementor-animated-content\" data-e-gallery-tags=\"1\" href=\"https:\/\/lokart.hu\/wp-content\/uploads\/2025\/05\/portre-gyenis.-1-1-scaled.jpg\" data-elementor-open-lightbox=\"yes\" data-elementor-lightbox-slideshow=\"4f5d14e4\" data-e-action-hash=\"#elementor-action%3Aaction%3Dlightbox%26settings%3DeyJpZCI6NDgwNywidXJsIjoiaHR0cHM6XC9cL2xva2FydC5odVwvd3AtY29udGVudFwvdXBsb2Fkc1wvMjAyNVwvMDVcL3BvcnRyZS1neWVuaXMuLTEtMS1zY2FsZWQuanBnIiwic2xpZGVzaG93IjoiNGY1ZDE0ZTQifQ%3D%3D\">\n\t\t\t\t\t<div class=\"e-gallery-image elementor-gallery-item__image\" data-thumbnail=\"https:\/\/lokart.hu\/wp-content\/uploads\/2025\/05\/portre-gyenis.-1-1-768x1134.jpg\" data-width=\"768\" data-height=\"1134\" aria-label=\"\" role=\"img\" ><\/div>\n\t\t\t\t\t\t\t\t\t\t\t<div class=\"elementor-gallery-item__overlay\"><\/div>\n\t\t\t\t\t\t\t\t\t\t\t\t\t\t\t<div class=\"elementor-gallery-item__content\">\n\t\t\t\t\t\t\t\t\t\t\t\t\t\t<div class=\"elementor-gallery-item__title\">\n\t\t\t\t\t\t\t\t\t\t\t\t\t\t\t\t\t\t\u25c9 GYENIS TIBOR \u25c9\t\t\t\t\t\t\t\t<\/div>\n\t\t\t\t\t\t\t\t\t\t\t\t\t\t\t<div class=\"elementor-gallery-item__description\">\n\t\t\t\t\t\t\t\t\t\t\t\t\t\t\t\t\t\tMagyar k\u00e9pz\u0151m\u0171v\u00e9sz. Tanulm\u00e1nyait a Janus Pannonius Tudom\u00e1nyegyetemen (1988\u20131992) \u00e9s annak Mesteriskol\u00e1j\u00e1ban (1992\u20131995) v\u00e9gezte, Bencsik Istv\u00e1n \u00e9s Konkoly Gyula mentor\u00e1l\u00e1sa mellett. Vezette a Fiatal Fot\u00f3m\u0171v\u00e9szek St\u00fadi\u00f3j\u00e1t (2005\u20132007), \u00e9s 2016 \u00f3ta tan\u00edt a Kaposv\u00e1ri Egyetemen. Munk\u00e1ss\u00e1ga a szobr\u00e1szatot, a fotogr\u00e1fi\u00e1t \u00e9s a m\u00e9diam\u0171v\u00e9szetet \u00f6leli fel, \u00f6n\u00e1ll\u00f3 ki\u00e1ll\u00edt\u00e1sai voltak Budapesten, P\u00e9csett, P\u00e1rizsban \u00e9s Portlandben, emellett sz\u00e1mos jelent\u0151s csoportos ki\u00e1ll\u00edt\u00e1son vett r\u00e9szt Eur\u00f3pa-szerte. Elnyerte a Munk\u00e1csy Mih\u00e1ly-d\u00edjat (2010), Derkovits- \u00e9s P\u00e9csi-\u00f6szt\u00f6nd\u00edjakat, valamint a Smohay-d\u00edjat. Akt\u00edvan r\u00e9szt vesz m\u0171v\u00e9szeti rezidenci\u00e1kon (k\u00fcl\u00f6n\u00f6sen Krapanj, 2004\u20132025), \u00e9s m\u0171vei nyilv\u00e1nos gy\u0171jtem\u00e9nyekben is megtal\u00e1lhat\u00f3k, t\u00f6bbek k\u00f6z\u00f6tt a Ludwig M\u00fazeumban, a Magyar Nemzeti Gal\u00e9ri\u00e1ban \u00e9s a Magyar Fotogr\u00e1fiai M\u00fazeumban.\t\t\t\t\t\t\t\t<\/div>\n\t\t\t\t\t\t\t\t\t\t\t\t<\/div>\n\t\t\t\t\t\t\t\t\t<\/a>\n\t\t\t\t\t\t\t<a class=\"e-gallery-item elementor-gallery-item elementor-animated-content\" data-e-gallery-tags=\"1\" href=\"https:\/\/lokart.hu\/wp-content\/uploads\/2025\/06\/HAJAS_Tibor.jpg\" data-elementor-open-lightbox=\"yes\" data-elementor-lightbox-slideshow=\"4f5d14e4\" data-e-action-hash=\"#elementor-action%3Aaction%3Dlightbox%26settings%3DeyJpZCI6NTQxMCwidXJsIjoiaHR0cHM6XC9cL2xva2FydC5odVwvd3AtY29udGVudFwvdXBsb2Fkc1wvMjAyNVwvMDZcL0hBSkFTX1RpYm9yLmpwZyIsInNsaWRlc2hvdyI6IjRmNWQxNGU0In0%3D\">\n\t\t\t\t\t<div class=\"e-gallery-image elementor-gallery-item__image\" data-thumbnail=\"https:\/\/lokart.hu\/wp-content\/uploads\/2025\/06\/HAJAS_Tibor-768x759.jpg\" data-width=\"768\" data-height=\"759\" aria-label=\"\" role=\"img\" ><\/div>\n\t\t\t\t\t\t\t\t\t\t\t<div class=\"elementor-gallery-item__overlay\"><\/div>\n\t\t\t\t\t\t\t\t\t\t\t\t\t\t\t<div class=\"elementor-gallery-item__content\">\n\t\t\t\t\t\t\t\t\t\t\t\t\t\t<div class=\"elementor-gallery-item__title\">\n\t\t\t\t\t\t\t\t\t\t\t\t\t\t\t\t\t\t\u25c9 HAJAS TIBOR \u25c9\t\t\t\t\t\t\t\t<\/div>\n\t\t\t\t\t\t\t\t\t\t\t\t\t\t\t<div class=\"elementor-gallery-item__description\">\n\t\t\t\t\t\t\t\t\t\t\t\t\t\t\t\t\t\tPerformansz m\u0171v\u00e9sz, k\u00e9pz\u0151m\u0171v\u00e9sz, k\u00f6lt\u0151. A budapesti undergroundb\u00f3l indul\u00f3 Hajas az 1970-es \u00e9vek magyarorsz\u00e1gi \u201enem-hivatalos\u201d m\u0171v\u00e9szet\u00e9nek meghat\u00e1roz\u00f3 alakja, a k\u00f6z\u00e9p-kelet-eur\u00f3pai body-art \u00e9s performansz egyik legjelent\u0151sebb k\u00e9pvisel\u0151je. P\u00e1ly\u00e1j\u00e1t k\u00f6lt\u0151k\u00e9nt kezdte, majd konceptu\u00e1lis m\u0171v\u00e9szet \u00e9s utcai akci\u00f3k fel\u00e9 fordult. K\u00e9s\u0151bbi performanszai sz\u00ednh\u00e1zi \u00e9s ritu\u00e1lis karakter\u0171ek voltak, \u00f6nn\u00f6n test\u00e9t a f\u00e1jdalom, \u00f6nfel\u00e1ldoz\u00e1s \u00e9s transzcendencia m\u00e9diumak\u00e9nt haszn\u00e1lta. Munk\u00e1iban megjelentek a tibeti vall\u00e1sfiloz\u00f3fia elemei is (pl. Ch\u00f6d, Tumo). Vide\u00f3- \u00e9s fot\u00f3alap\u00fa performanszait Vet\u0151 J\u00e1nos dokument\u00e1lta.\t\t\t\t\t\t\t\t<\/div>\n\t\t\t\t\t\t\t\t\t\t\t\t<\/div>\n\t\t\t\t\t\t\t\t\t<\/a>\n\t\t\t\t\t\t\t<a class=\"e-gallery-item elementor-gallery-item elementor-animated-content\" data-e-gallery-tags=\"1\" href=\"https:\/\/lokart.hu\/wp-content\/uploads\/2025\/06\/HOPP.jpg\" data-elementor-open-lightbox=\"yes\" data-elementor-lightbox-slideshow=\"4f5d14e4\" data-e-action-hash=\"#elementor-action%3Aaction%3Dlightbox%26settings%3DeyJpZCI6NTQwNiwidXJsIjoiaHR0cHM6XC9cL2xva2FydC5odVwvd3AtY29udGVudFwvdXBsb2Fkc1wvMjAyNVwvMDZcL0hPUFAuanBnIiwic2xpZGVzaG93IjoiNGY1ZDE0ZTQifQ%3D%3D\">\n\t\t\t\t\t<div class=\"e-gallery-image elementor-gallery-item__image\" data-thumbnail=\"https:\/\/lokart.hu\/wp-content\/uploads\/2025\/06\/HOPP.jpg\" data-width=\"761\" data-height=\"761\" aria-label=\"\" role=\"img\" ><\/div>\n\t\t\t\t\t\t\t\t\t\t\t<div class=\"elementor-gallery-item__overlay\"><\/div>\n\t\t\t\t\t\t\t\t\t\t\t\t\t\t\t<div class=\"elementor-gallery-item__content\">\n\t\t\t\t\t\t\t\t\t\t\t\t\t\t<div class=\"elementor-gallery-item__title\">\n\t\t\t\t\t\t\t\t\t\t\t\t\t\t\t\t\t\t\u25c9 HOPP-HAL\u00c1SZ K\u00c1ROLY \u25c9\t\t\t\t\t\t\t\t<\/div>\n\t\t\t\t\t\t\t\t\t\t\t\t\t\t\t<div class=\"elementor-gallery-item__description\">\n\t\t\t\t\t\t\t\t\t\t\t\t\t\t\t\t\t\tA geometrikus m\u0171v\u00e9szet trad\u00edci\u00f3it \u00e9s kort\u00e1rs form\u00e1it a land art tendenci\u00e1ival \u00f6tv\u00f6z\u0151 \u00e9s Lantos Ferenc tan\u00edtv\u00e1nyaib\u00f3l szervez\u0151d\u00f6tt P\u00e9csi M\u0171hely tagjak\u00e9nt kezdte p\u00e1ly\u00e1j\u00e1t az 1960-as \u00e9vek v\u00e9g\u00e9n. P\u00e9csett tanult \u00e9s dolgozott, majd a hetvenes \u00e9vek v\u00e9g\u00e9n hazak\u00f6lt\u00f6z\u00f6tt a sz\u00fcl\u0151i h\u00e1zba, Paksra. 1979-ben ind\u00edtotta el a Paksi Vizu\u00e1lis K\u00eds\u00e9rleti M\u0171v\u00e9sztelepet, a kilencvenes \u00e9vek elej\u00e9n pedig l\u00e9trehozta a Paksi K\u00e9pt\u00e1rat. A konstruktivizmus hagyom\u00e1nyai \u00e9s \u00faj m\u00f3dozatai egyar\u00e1nt nyomot hagytak medi\u00e1lis \u00e9s tematikai szempontb\u00f3l is sokr\u00e9t\u0171 p\u00e1ly\u00e1j\u00e1n, ahol a domin\u00e1ns fest\u00e9szet mellett a fotogr\u00e1fia, a fot\u00f3akci\u00f3 \u00e9s performance, a grafika, az objektm\u0171v\u00e9szet \u00e9s install\u00e1ci\u00f3 szint\u00e9n nagy hangs\u00fallyal jelent meg.\t\t\t\t\t\t\t\t<\/div>\n\t\t\t\t\t\t\t\t\t\t\t\t<\/div>\n\t\t\t\t\t\t\t\t\t<\/a>\n\t\t\t\t\t\t\t<a class=\"e-gallery-item elementor-gallery-item elementor-animated-content\" data-e-gallery-tags=\"1\" href=\"https:\/\/lokart.hu\/wp-content\/uploads\/2025\/04\/horvath_e_portre_1-min-scaled.jpg\" data-elementor-open-lightbox=\"yes\" data-elementor-lightbox-slideshow=\"4f5d14e4\" data-e-action-hash=\"#elementor-action%3Aaction%3Dlightbox%26settings%3DeyJpZCI6NDY5NSwidXJsIjoiaHR0cHM6XC9cL2xva2FydC5odVwvd3AtY29udGVudFwvdXBsb2Fkc1wvMjAyNVwvMDRcL2hvcnZhdGhfZV9wb3J0cmVfMS1taW4tc2NhbGVkLmpwZyIsInNsaWRlc2hvdyI6IjRmNWQxNGU0In0%3D\">\n\t\t\t\t\t<div class=\"e-gallery-image elementor-gallery-item__image\" data-thumbnail=\"https:\/\/lokart.hu\/wp-content\/uploads\/2025\/04\/horvath_e_portre_1-min-768x1024.jpg\" data-width=\"768\" data-height=\"1024\" aria-label=\"\" role=\"img\" ><\/div>\n\t\t\t\t\t\t\t\t\t\t\t<div class=\"elementor-gallery-item__overlay\"><\/div>\n\t\t\t\t\t\t\t\t\t\t\t\t\t\t\t<div class=\"elementor-gallery-item__content\">\n\t\t\t\t\t\t\t\t\t\t\t\t\t\t<div class=\"elementor-gallery-item__title\">\n\t\t\t\t\t\t\t\t\t\t\t\t\t\t\t\t\t\t\u25c9 HORV\u00c1TH ERZS\u00c9BET \u25c9\t\t\t\t\t\t\t\t<\/div>\n\t\t\t\t\t\t\t\t\t\t\t\t\t\t\t<div class=\"elementor-gallery-item__description\">\n\t\t\t\t\t\t\t\t\t\t\t\t\t\t\t\t\t\tHorv\u00e1th Erzs\u00e9bet DLA (sz. 1976, P\u00e9cs) szobr\u00e1sz, k\u00e9pz\u0151m\u0171v\u00e9sz. A PTE M\u0171v\u00e9szeti Kar\u00e1n v\u00e9gzett, majd DLA-fokozat\u00e1t is itt szerezte meg. Tanulm\u00e1nyokat folytatott a m\u00fcncheni K\u00e9pz\u0151m\u0171v\u00e9szeti Akad\u00e9mi\u00e1n is, ahol m\u0171v\u00e9szetter\u00e1pi\u00e1t \u00e9s szobr\u00e1szatot tanult. Munk\u00e1ss\u00e1g\u00e1t az anyaghaszn\u00e1lat, f\u00e9ny-\u00e1rny\u00e9k viszonyok \u00e9s a t\u00e9r\u00e9rz\u00e9kel\u00e9s \u00e9rz\u00e9keny vizsg\u00e1lata jellemzi. Sz\u00e1mos hazai \u00e9s nemzetk\u00f6zi egy\u00e9ni, valamint csoportos ki\u00e1ll\u00edt\u00e1son vett r\u00e9szt. Publik\u00e1ci\u00f3i m\u0171v\u00e9szetelm\u00e9leti k\u00e9rd\u00e9sekkel is foglalkoznak. Tagja t\u00f6bb szakmai szervezetnek, t\u00f6bbek k\u00f6z\u00f6tt a MAOE-nak, a VUdAK-nak \u00e9s a Nemzetk\u00f6zi Kepes T\u00e1rsas\u00e1gnak. Kur\u00e1tori \u00e9s oktat\u00f3i tev\u00e9kenys\u00e9get is folytat, m\u0171v\u00e9szeti rezidenci\u00e1k r\u00e9sztvev\u0151je Magyarorsz\u00e1gon \u00e9s k\u00fclf\u00f6ld\u00f6n.\t\t\t\t\t\t\t\t<\/div>\n\t\t\t\t\t\t\t\t\t\t\t\t<\/div>\n\t\t\t\t\t\t\t\t\t<\/a>\n\t\t\t\t\t\t\t<a class=\"e-gallery-item elementor-gallery-item elementor-animated-content\" data-e-gallery-tags=\"1\" href=\"https:\/\/lokart.hu\/wp-content\/uploads\/2025\/05\/Anna_hulacova_hunt_kastner_art_basel_hong_kong_2019.jpg\" data-elementor-open-lightbox=\"yes\" data-elementor-lightbox-slideshow=\"4f5d14e4\" data-e-action-hash=\"#elementor-action%3Aaction%3Dlightbox%26settings%3DeyJpZCI6NDgyNSwidXJsIjoiaHR0cHM6XC9cL2xva2FydC5odVwvd3AtY29udGVudFwvdXBsb2Fkc1wvMjAyNVwvMDVcL0FubmFfaHVsYWNvdmFfaHVudF9rYXN0bmVyX2FydF9iYXNlbF9ob25nX2tvbmdfMjAxOS5qcGciLCJzbGlkZXNob3ciOiI0ZjVkMTRlNCJ9\">\n\t\t\t\t\t<div class=\"e-gallery-image elementor-gallery-item__image\" data-thumbnail=\"https:\/\/lokart.hu\/wp-content\/uploads\/2025\/05\/Anna_hulacova_hunt_kastner_art_basel_hong_kong_2019.jpg\" data-width=\"722\" data-height=\"652\" aria-label=\"\" role=\"img\" ><\/div>\n\t\t\t\t\t\t\t\t\t\t\t<div class=\"elementor-gallery-item__overlay\"><\/div>\n\t\t\t\t\t\t\t\t\t\t\t\t\t\t\t<div class=\"elementor-gallery-item__content\">\n\t\t\t\t\t\t\t\t\t\t\t\t\t\t<div class=\"elementor-gallery-item__title\">\n\t\t\t\t\t\t\t\t\t\t\t\t\t\t\t\t\t\t\u25c9 ANNA HULA\u010cOVA \u25c9\t\t\t\t\t\t\t\t<\/div>\n\t\t\t\t\t\t\t\t\t\t\t\t\t\t\t<div class=\"elementor-gallery-item__description\">\n\t\t\t\t\t\t\t\t\t\t\t\t\t\t\t\t\t\tAnna Hula\u010dov\u00e1 (1984, Su\u0161ice) Csehorsz\u00e1g egyik legismertebb kort\u00e1rs szobr\u00e1sza, aki munk\u00e1iban a folkl\u00f3r, a mitol\u00f3gia \u00e9s a popkult\u00fara mot\u00edvumait \u00f6tv\u00f6zi a term\u00e9szet \u00e9s a tudom\u00e1ny t\u00e9m\u00e1ival. Szobraiban \u00e9s install\u00e1ci\u00f3iban gyakran jelennek meg antropomorf l\u00e9nyek, hibrid organizmusok, m\u00e9hek \u00e9s vir\u00e1gporz\u00f3k, amelyek kritikusan reflekt\u00e1lnak a t\u00e1rsadalmi \u00e9s \u00f6kol\u00f3giai k\u00e9rd\u00e9sekre. M\u0171vei olyan int\u00e9zm\u00e9nyekben szerepeltek, mint a Centre Pompidou, Palais de Tokyo, vagy a Kunsthalle Bratislava. Hula\u010dov\u00e1 jelenleg Klu\u010dovban \u00e9l \u00e9s alkot.\t\t\t\t\t\t\t\t<\/div>\n\t\t\t\t\t\t\t\t\t\t\t\t<\/div>\n\t\t\t\t\t\t\t\t\t<\/a>\n\t\t\t\t\t\t\t<a class=\"e-gallery-item elementor-gallery-item elementor-animated-content\" data-e-gallery-tags=\"1\" href=\"https:\/\/lokart.hu\/wp-content\/uploads\/2025\/05\/04.portre_GILKIN-24.jpg\" data-elementor-open-lightbox=\"yes\" data-elementor-lightbox-slideshow=\"4f5d14e4\" data-e-action-hash=\"#elementor-action%3Aaction%3Dlightbox%26settings%3DeyJpZCI6NDgzNSwidXJsIjoiaHR0cHM6XC9cL2xva2FydC5odVwvd3AtY29udGVudFwvdXBsb2Fkc1wvMjAyNVwvMDVcLzA0LnBvcnRyZV9HSUxLSU4tMjQuanBnIiwic2xpZGVzaG93IjoiNGY1ZDE0ZTQifQ%3D%3D\">\n\t\t\t\t\t<div class=\"e-gallery-image elementor-gallery-item__image\" data-thumbnail=\"https:\/\/lokart.hu\/wp-content\/uploads\/2025\/05\/04.portre_GILKIN-24-768x862.jpg\" data-width=\"768\" data-height=\"862\" aria-label=\"\" role=\"img\" ><\/div>\n\t\t\t\t\t\t\t\t\t\t\t<div class=\"elementor-gallery-item__overlay\"><\/div>\n\t\t\t\t\t\t\t\t\t\t\t\t\t\t\t<div class=\"elementor-gallery-item__content\">\n\t\t\t\t\t\t\t\t\t\t\t\t\t\t<div class=\"elementor-gallery-item__title\">\n\t\t\t\t\t\t\t\t\t\t\t\t\t\t\t\t\t\t\u25c9 G\u00d6ZDE \u0130LKIN \u25c9\t\t\t\t\t\t\t\t<\/div>\n\t\t\t\t\t\t\t\t\t\t\t\t\t\t\t<div class=\"elementor-gallery-item__description\">\n\t\t\t\t\t\t\t\t\t\t\t\t\t\t\t\t\t\tIsztambulban \u00e9l\u0151 k\u00e9pz\u0151m\u0171v\u00e9sz, aki h\u00e1ztart\u00e1si textileken \u2013 p\u00e9ld\u00e1ul ter\u00edt\u0151k\u00f6n, f\u00fcgg\u00f6ny\u00f6k\u00f6n \u00e9s leped\u0151k\u00f6n \u2013 kereszt\u00fcl vizsg\u00e1lja a t\u00e1rsadalmi identit\u00e1st, eml\u00e9kezetet \u00e9s nemi szerepeket. H\u00edmzett \u00e9s festett mot\u00edvumai a testet mint \u00e9rzelmi \u00e9s politikai t\u00e1jat \u00e9rtelmezik, mik\u00f6zben olyan k\u00e9rd\u00e9seket vetnek fel, mint a hovatartoz\u00e1s, gy\u00f6k\u00e9rzet \u00e9s k\u00f6z\u00f6ss\u00e9gi tapasztalat. Munk\u00e1it t\u00f6bbek k\u00f6zt a 17. Lyon Bienn\u00e1l\u00e9n, a Manifesta 15 Barcelon\u00e1n, az Istanbul Modernben, a Wellcome Collectionben (London), \u00e9s a MACVAL-ben (P\u00e1rizs) \u00e1ll\u00edtott\u00e1k ki. Sz\u00e1mos nemzetk\u00f6zi rezidencia-programon vett r\u00e9szt, t\u00f6bbek k\u00f6z\u00f6tt a Pioneer Works (New York), a K\u00fcnstlerhaus Bremen \u00e9s az IASPIS (Stockholm) szervez\u00e9s\u00e9ben.\t\t\t\t\t\t\t\t<\/div>\n\t\t\t\t\t\t\t\t\t\t\t\t<\/div>\n\t\t\t\t\t\t\t\t\t<\/a>\n\t\t\t\t\t\t\t<a class=\"e-gallery-item elementor-gallery-item elementor-animated-content\" data-e-gallery-tags=\"1\" href=\"https:\/\/lokart.hu\/wp-content\/uploads\/2025\/04\/kantor_agnes_portre-min.jpg\" data-elementor-open-lightbox=\"yes\" data-elementor-lightbox-slideshow=\"4f5d14e4\" data-e-action-hash=\"#elementor-action%3Aaction%3Dlightbox%26settings%3DeyJpZCI6NDY4MywidXJsIjoiaHR0cHM6XC9cL2xva2FydC5odVwvd3AtY29udGVudFwvdXBsb2Fkc1wvMjAyNVwvMDRcL2thbnRvcl9hZ25lc19wb3J0cmUtbWluLmpwZyIsInNsaWRlc2hvdyI6IjRmNWQxNGU0In0%3D\">\n\t\t\t\t\t<div class=\"e-gallery-image elementor-gallery-item__image\" data-thumbnail=\"https:\/\/lokart.hu\/wp-content\/uploads\/2025\/04\/kantor_agnes_portre-min-768x814.jpg\" data-width=\"768\" data-height=\"814\" aria-label=\"\" role=\"img\" ><\/div>\n\t\t\t\t\t\t\t\t\t\t\t<div class=\"elementor-gallery-item__overlay\"><\/div>\n\t\t\t\t\t\t\t\t\t\t\t\t\t\t\t<div class=\"elementor-gallery-item__content\">\n\t\t\t\t\t\t\t\t\t\t\t\t\t\t<div class=\"elementor-gallery-item__title\">\n\t\t\t\t\t\t\t\t\t\t\t\t\t\t\t\t\t\t\u25c9 K\u00c1NTOR \u00c1GNES \u25c9\t\t\t\t\t\t\t\t<\/div>\n\t\t\t\t\t\t\t\t\t\t\t\t\t\t\t<div class=\"elementor-gallery-item__description\">\n\t\t\t\t\t\t\t\t\t\t\t\t\t\t\t\t\t\tK\u00e1ntor \u00c1gnes (1982, Szeged) fest\u0151m\u0171v\u00e9sz, aki munk\u00e1iban az eml\u00e9kez\u00e9s, az \u00e9rz\u00e9kel\u00e9s \u00e9s az identit\u00e1s k\u00e9rd\u00e9seit vizsg\u00e1lja. A Magyar K\u00e9pz\u0151m\u0171v\u00e9szeti Egyetemen diplom\u00e1zott 2006-ban, mestere Maurer D\u00f3ra volt. 2015 \u00e9s 2018 k\u00f6z\u00f6tt a Szegedi Tudom\u00e1nyegyetem filoz\u00f3fiai doktori iskol\u00e1j\u00e1ban kort\u00e1rs eszt\u00e9tikai probl\u00e9m\u00e1kkal foglalkozott. 2007 \u00e9s 2022 k\u00f6z\u00f6tt a SZTE JGYPK Rajz-M\u0171v\u00e9szett\u00f6rt\u00e9net Tansz\u00e9k\u00e9nek oktat\u00f3ja. Fest\u00e9szete konceptu\u00e1lis \u00e9s szem\u00e9lyes, a test \u00e9s a l\u00e1t\u00e1s t\u00e9m\u00e1it a bels\u0151 k\u00e9pek \u00e9s az eml\u00e9kezet vizsg\u00e1lat\u00e1n kereszt\u00fcl k\u00f6zel\u00edti meg. M\u0171veit sz\u00e1mos hazai \u00e9s nemzetk\u00f6zi ki\u00e1ll\u00edt\u00e1son mutatt\u00e1k be, t\u00f6bbek k\u00f6z\u00f6tt Barcelon\u00e1ban, Mariborban, M\u00fcnchenben \u00e9s Tallinnban. 2009-ben Barcsay-d\u00edjjal t\u00fcntett\u00e9k ki, 2012-ben d\u00f6nt\u0151be ker\u00fclt a rangos Guasch Coranty Nemzetk\u00f6zi Fest\u00e9szeti D\u00edjon. M\u0171v\u00e9szet\u00e9t \u00e9rz\u00e9keny vizualit\u00e1s, konceptu\u00e1lis m\u00e9lys\u00e9g \u00e9s reflex\u00edv jelenl\u00e9t jellemzi.\t\t\t\t\t\t\t\t<\/div>\n\t\t\t\t\t\t\t\t\t\t\t\t<\/div>\n\t\t\t\t\t\t\t\t\t<\/a>\n\t\t\t\t\t\t\t<a class=\"e-gallery-item elementor-gallery-item elementor-animated-content\" data-e-gallery-tags=\"1\" href=\"https:\/\/lokart.hu\/wp-content\/uploads\/2025\/05\/El_Kazovszkij_Frankl_Aliona_fotoja.jpg\" data-elementor-open-lightbox=\"yes\" data-elementor-lightbox-slideshow=\"4f5d14e4\" data-e-action-hash=\"#elementor-action%3Aaction%3Dlightbox%26settings%3DeyJpZCI6NDg2NSwidXJsIjoiaHR0cHM6XC9cL2xva2FydC5odVwvd3AtY29udGVudFwvdXBsb2Fkc1wvMjAyNVwvMDVcL0VsX0them92c3praWpfRnJhbmtsX0FsaW9uYV9mb3RvamEuanBnIiwic2xpZGVzaG93IjoiNGY1ZDE0ZTQifQ%3D%3D\">\n\t\t\t\t\t<div class=\"e-gallery-image elementor-gallery-item__image\" data-thumbnail=\"https:\/\/lokart.hu\/wp-content\/uploads\/2025\/05\/El_Kazovszkij_Frankl_Aliona_fotoja.jpg\" data-width=\"673\" data-height=\"737\" aria-label=\"\" role=\"img\" ><\/div>\n\t\t\t\t\t\t\t\t\t\t\t<div class=\"elementor-gallery-item__overlay\"><\/div>\n\t\t\t\t\t\t\t\t\t\t\t\t\t\t\t<div class=\"elementor-gallery-item__content\">\n\t\t\t\t\t\t\t\t\t\t\t\t\t\t<div class=\"elementor-gallery-item__title\">\n\t\t\t\t\t\t\t\t\t\t\t\t\t\t\t\t\t\t\u25c9 EL KAZOVSZKIJ \u25c9\t\t\t\t\t\t\t\t<\/div>\n\t\t\t\t\t\t\t\t\t\t\t\t\t\t\t<div class=\"elementor-gallery-item__description\">\n\t\t\t\t\t\t\t\t\t\t\t\t\t\t\t\t\t\tOrosz sz\u00e1rmaz\u00e1s\u00fa magyar k\u00e9pz\u0151m\u0171v\u00e9sz, performer \u00e9s k\u00f6lt\u0151. 1965-ben k\u00f6lt\u00f6z\u00f6tt Magyarorsz\u00e1gra, 1977-ben diplom\u00e1zott a Magyar K\u00e9pz\u0151m\u0171v\u00e9szeti F\u0151iskol\u00e1n. A \u201980-as \u00e9s \u201990-es \u00e9vek magyar avantg\u00e1rdj\u00e1nak ikonikus alakja volt. Munk\u00e1ss\u00e1g\u00e1t sz\u00e1mos d\u00edjjal ismert\u00e9k el, k\u00f6zt\u00fck Munk\u00e1csy-d\u00edjjal (1989) \u00e9s Kossuth-d\u00edjjal (2002). M\u0171vei ma is er\u0151teljesen hatnak a kort\u00e1rs magyar m\u0171v\u00e9szetre.\t\t\t\t\t\t\t\t<\/div>\n\t\t\t\t\t\t\t\t\t\t\t\t<\/div>\n\t\t\t\t\t\t\t\t\t<\/a>\n\t\t\t\t\t\t\t<a class=\"e-gallery-item elementor-gallery-item elementor-animated-content\" data-e-gallery-tags=\"1\" href=\"https:\/\/lokart.hu\/wp-content\/uploads\/2025\/06\/Kismanyoky_Karoly-1030x1030-1.jpg\" data-elementor-open-lightbox=\"yes\" data-elementor-lightbox-slideshow=\"4f5d14e4\" data-e-action-hash=\"#elementor-action%3Aaction%3Dlightbox%26settings%3DeyJpZCI6NTQwOSwidXJsIjoiaHR0cHM6XC9cL2xva2FydC5odVwvd3AtY29udGVudFwvdXBsb2Fkc1wvMjAyNVwvMDZcL0tpc21hbnlva3lfS2Fyb2x5LTEwMzB4MTAzMC0xLmpwZyIsInNsaWRlc2hvdyI6IjRmNWQxNGU0In0%3D\">\n\t\t\t\t\t<div class=\"e-gallery-image elementor-gallery-item__image\" data-thumbnail=\"https:\/\/lokart.hu\/wp-content\/uploads\/2025\/06\/Kismanyoky_Karoly-1030x1030-1-768x768.jpg\" data-width=\"768\" data-height=\"768\" aria-label=\"\" role=\"img\" ><\/div>\n\t\t\t\t\t\t\t\t\t\t\t<div class=\"elementor-gallery-item__overlay\"><\/div>\n\t\t\t\t\t\t\t\t\t\t\t\t\t\t\t<div class=\"elementor-gallery-item__content\">\n\t\t\t\t\t\t\t\t\t\t\t\t\t\t<div class=\"elementor-gallery-item__title\">\n\t\t\t\t\t\t\t\t\t\t\t\t\t\t\t\t\t\t\u25c9 KISM\u00c1NYOKY K\u00c1ROLY \u25c9\t\t\t\t\t\t\t\t<\/div>\n\t\t\t\t\t\t\t\t\t\t\t\t\t\t\t<div class=\"elementor-gallery-item__description\">\n\t\t\t\t\t\t\t\t\t\t\t\t\t\t\t\t\t\tKism\u00e1nyoky K\u00e1roly (1943, P\u00e9cs \u2013 2018, P\u00e9cs) a P\u00e9csi M\u0171hely alap\u00edt\u00f3 tagja volt. K\u00eds\u00e9rletez\u0151 \u00e9s k\u00e9rd\u00e9sfeltev\u0151 attit\u0171dje arra vezette, hogy elutas\u00edtsa a m\u0171alkot\u00e1s r\u00f6gz\u00edtett, v\u00e9gleges form\u00e1j\u00e1t, \u00e9s ink\u00e1bb a folyamatot helyezze el\u0151t\u00e9rbe, nem pedig az eredm\u00e9nyt \u2013 az \u00e9l\u0151 tev\u00e9kenys\u00e9get a statikus produktummal szemben. Lantos Ferenc vizu\u00e1lis ir\u00e1ny\u00edt\u00e1sa alatt el\u0151sz\u00f6r zom\u00e1nck\u00e9peket k\u00e9sz\u00edtett a bonyh\u00e1di zom\u00e1ncgy\u00e1rban, valamint nyomatokat \u00e9s geometrikus kompoz\u00edci\u00f3kra vonatkoz\u00f3 tanulm\u00e1nyokat a m\u0171hely m\u00e1s tagjaival egy\u00fctt. A zom\u00e1ncmunk\u00e1k k\u00fclt\u00e9ri, ipari \u00e9s k\u00f6z\u00f6ss\u00e9gi jellege t\u00e1g\u00edtotta a m\u0171terem hat\u00e1rait, \u00edgy \u00e9rdekl\u0151d\u00e9se fokozatosan a helyzetalap\u00fa m\u0171v\u00e9szeti gyakorlatok fel\u00e9 fordult.\t\t\t\t\t\t\t\t<\/div>\n\t\t\t\t\t\t\t\t\t\t\t\t<\/div>\n\t\t\t\t\t\t\t\t\t<\/a>\n\t\t\t\t\t\t\t<a class=\"e-gallery-item elementor-gallery-item elementor-animated-content\" data-e-gallery-tags=\"1\" href=\"https:\/\/lokart.hu\/wp-content\/uploads\/2025\/05\/kolcsey_sara-min-1-scaled.jpg\" data-elementor-open-lightbox=\"yes\" data-elementor-lightbox-slideshow=\"4f5d14e4\" data-e-action-hash=\"#elementor-action%3Aaction%3Dlightbox%26settings%3DeyJpZCI6NDgwOCwidXJsIjoiaHR0cHM6XC9cL2xva2FydC5odVwvd3AtY29udGVudFwvdXBsb2Fkc1wvMjAyNVwvMDVcL2tvbGNzZXlfc2FyYS1taW4tMS1zY2FsZWQuanBnIiwic2xpZGVzaG93IjoiNGY1ZDE0ZTQifQ%3D%3D\">\n\t\t\t\t\t<div class=\"e-gallery-image elementor-gallery-item__image\" data-thumbnail=\"https:\/\/lokart.hu\/wp-content\/uploads\/2025\/05\/kolcsey_sara-min-1-768x1154.jpg\" data-width=\"768\" data-height=\"1154\" aria-label=\"\" role=\"img\" ><\/div>\n\t\t\t\t\t\t\t\t\t\t\t<div class=\"elementor-gallery-item__overlay\"><\/div>\n\t\t\t\t\t\t\t\t\t\t\t\t\t\t\t<div class=\"elementor-gallery-item__content\">\n\t\t\t\t\t\t\t\t\t\t\t\t\t\t<div class=\"elementor-gallery-item__title\">\n\t\t\t\t\t\t\t\t\t\t\t\t\t\t\t\t\t\t\u25c9 K\u00d6LCSEY-GYURK\u00d3 S\u00c1RA \u25c9\t\t\t\t\t\t\t\t<\/div>\n\t\t\t\t\t\t\t\t\t\t\t\t\t\t\t<div class=\"elementor-gallery-item__description\">\n\t\t\t\t\t\t\t\t\t\t\t\t\t\t\t\t\t\tFelt\u00f6rekv\u0151, autodidakta fot\u00f3s P\u00e9csett. Negyedik gyermeke 2014-es\nsz\u00fclet\u00e9se form\u00e1lta azz\u00e1, aki ma. M\u0171v\u00e9szk\u00e9nt, anyak\u00e9nt \u00e9s r\u00e1kt\u00fal\u00e9l\u0151k\u00e9nt\nt\u00f6bb hossz\u00fa t\u00e1v\u00fa projekten dolgozik, melyek szorosan kapcsol\u00f3dnak\nsaj\u00e1t \u00e9letesem\u00e9nyeihez \u00e9s tapasztalataihoz.\nArra t\u00f6rekszik, hogy megfogalmazza a n\u0151k kimondatlan gondolatait,\n\nv\u00e1gyaikat, f\u00e9lelmeiket \u00e9s szorong\u00e1saikat. Dokumentarista \u00e9s konceptu-\n\u00e1lis kereteken bel\u00fcl, metafor\u00e1k \u00e9s szimb\u00f3lumok haszn\u00e1lat\u00e1val. M\u0171v\u00e9szi\n\ngyakorlata a n\u0151is\u00e9g, a csal\u00e1di k\u00f6tel\u00e9kek \u00e9s a trauma t\u00e9m\u00e1it j\u00e1rja k\u00f6r\u00fcl.\n2025-ben a FUTURES tehets\u00e9gei k\u00f6z\u00e9 v\u00e1lasztott\u00e1k.\t\t\t\t\t\t\t\t<\/div>\n\t\t\t\t\t\t\t\t\t\t\t\t<\/div>\n\t\t\t\t\t\t\t\t\t<\/a>\n\t\t\t\t\t\t\t<a class=\"e-gallery-item elementor-gallery-item elementor-animated-content\" data-e-gallery-tags=\"1\" href=\"https:\/\/lokart.hu\/wp-content\/uploads\/2025\/04\/Janusko-Klaudia_portre-min-scaled.jpg\" data-elementor-open-lightbox=\"yes\" data-elementor-lightbox-slideshow=\"4f5d14e4\" data-e-action-hash=\"#elementor-action%3Aaction%3Dlightbox%26settings%3DeyJpZCI6NDcwMiwidXJsIjoiaHR0cHM6XC9cL2xva2FydC5odVwvd3AtY29udGVudFwvdXBsb2Fkc1wvMjAyNVwvMDRcL0phbnVza28tS2xhdWRpYV9wb3J0cmUtbWluLXNjYWxlZC5qcGciLCJzbGlkZXNob3ciOiI0ZjVkMTRlNCJ9\">\n\t\t\t\t\t<div class=\"e-gallery-image elementor-gallery-item__image\" data-thumbnail=\"https:\/\/lokart.hu\/wp-content\/uploads\/2025\/04\/Janusko-Klaudia_portre-min-768x1152.jpg\" data-width=\"768\" data-height=\"1152\" aria-label=\"\" role=\"img\" ><\/div>\n\t\t\t\t\t\t\t\t\t\t\t<div class=\"elementor-gallery-item__overlay\"><\/div>\n\t\t\t\t\t\t\t\t\t\t\t\t\t\t\t<div class=\"elementor-gallery-item__content\">\n\t\t\t\t\t\t\t\t\t\t\t\t\t\t<div class=\"elementor-gallery-item__title\">\n\t\t\t\t\t\t\t\t\t\t\t\t\t\t\t\t\t\t\u25c9 JANUSK\u00d3 KLAUDIA \u25c9\t\t\t\t\t\t\t\t<\/div>\n\t\t\t\t\t\t\t\t\t\t\t\t\t\t\t<div class=\"elementor-gallery-item__description\">\n\t\t\t\t\t\t\t\t\t\t\t\t\t\t\t\t\t\tA Magyar K\u00e9pz\u0151m\u0171v\u00e9szeti Egyetem fest\u0151m\u0171v\u00e9sz mesterszak\u00e1n sze-\nrezte diplom\u00e1j\u00e1t 2024-ben, 2023-ban pedig Erasmus-\u00f6szt\u00f6nd\u00edjjal a\n\nfinnorsz\u00e1gi Aalto Egyetemen tanult Visual Cultures, Curating and Cont-\nemporary Art szakon. Kutat\u00e1sait t\u00e1mogatta a Magyar \u00daj Nemzeti Kiv\u00e1-\nl\u00f3s\u00e1gi Program, valamint a BRAWE magyar-t\u00f6r\u00f6k nemzetk\u00f6zi feminista\n\negy\u00fcttm\u0171k\u00f6d\u00e9si programjai. 2024-ben az Izlandi S\u00cdM Residency kur\u00e1tori\ngyakorlat\u00e1nak keret\u00e9ben az \u00f6kofeminizmus szempontj\u00e1b\u00f3l vizsg\u00e1lta\na lok\u00e1lis \u00e9ghajlatv\u00e1ltoz\u00e1si hat\u00e1sainak \u00e9s az izlandi n\u0151k t\u00e1rsadalmi\nhelyzet\u00e9nek metsz\u00e9spontjait.\t\t\t\t\t\t\t\t<\/div>\n\t\t\t\t\t\t\t\t\t\t\t\t<\/div>\n\t\t\t\t\t\t\t\t\t<\/a>\n\t\t\t\t\t\t\t<a class=\"e-gallery-item elementor-gallery-item elementor-animated-content\" data-e-gallery-tags=\"1\" href=\"https:\/\/lokart.hu\/wp-content\/uploads\/2025\/06\/DodiFB2025-1-1-1-scaled.jpg\" data-elementor-open-lightbox=\"yes\" data-elementor-lightbox-slideshow=\"4f5d14e4\" data-e-action-hash=\"#elementor-action%3Aaction%3Dlightbox%26settings%3DeyJpZCI6NTEzNSwidXJsIjoiaHR0cHM6XC9cL2xva2FydC5odVwvd3AtY29udGVudFwvdXBsb2Fkc1wvMjAyNVwvMDZcL0RvZGlGQjIwMjUtMS0xLTEtc2NhbGVkLmpwZyIsInNsaWRlc2hvdyI6IjRmNWQxNGU0In0%3D\">\n\t\t\t\t\t<div class=\"e-gallery-image elementor-gallery-item__image\" data-thumbnail=\"https:\/\/lokart.hu\/wp-content\/uploads\/2025\/06\/DodiFB2025-1-1-1-768x768.jpg\" data-width=\"768\" data-height=\"768\" aria-label=\"\" role=\"img\" ><\/div>\n\t\t\t\t\t\t\t\t\t\t\t<div class=\"elementor-gallery-item__overlay\"><\/div>\n\t\t\t\t\t\t\t\t\t\t\t\t\t\t\t<div class=\"elementor-gallery-item__content\">\n\t\t\t\t\t\t\t\t\t\t\t\t\t\t<div class=\"elementor-gallery-item__title\">\n\t\t\t\t\t\t\t\t\t\t\t\t\t\t\t\t\t\t\u25c9 KANICS DOROTTYA \u25c9\t\t\t\t\t\t\t\t<\/div>\n\t\t\t\t\t\t\t\t\t\t\t\t\t\t\t<div class=\"elementor-gallery-item__description\">\n\t\t\t\t\t\t\t\t\t\t\t\t\t\t\t\t\t\tKanics Dorottya (sz. 1987, P\u00e9cs) fest\u0151m\u0171v\u00e9sz, a P\u00e9csi Tudom\u00e1nyegyetem M\u0171v\u00e9szeti Kar\u00e1n v\u00e9gzett, majd DLA tanulm\u00e1nyokat folytatott. M\u0171v\u00e9szi \u00e9rdekl\u0151d\u00e9se a test\u00e1br\u00e1zol\u00e1s, a n\u0151i l\u00e9t \u00e9lm\u00e9nyvil\u00e1ga \u00e9s a bels\u0151 vil\u00e1g szimbolikus megjelen\u00edt\u00e9se k\u00f6r\u00e9 \u00e9p\u00fcl. Munk\u00e1iban intuit\u00edv fest\u0151i nyelvet alkalmaz, gyakran szem\u00e9lyes mitol\u00f3gi\u00e1kat \u00e9s \u00e9rzelmi tereket \u00e9p\u00edt. 2008 \u00f3ta tagja az \u00dcres T\u00e9r T\u00e1rsulatnak, ahol vizu\u00e1lis alkot\u00f3k\u00e9nt \u00e9s d\u00edszlettervez\u0151k\u00e9nt is akt\u00edv. Sz\u00e1mos hazai \u00e9s nemzetk\u00f6zi csoportos ki\u00e1ll\u00edt\u00e1son szerepelt (M21, N\u00e1dor Gal\u00e9ria, Republic Gal\u00e9ria, Art and Antique, Budapest Contemporary). M\u0171vei rendszeresen l\u00e1that\u00f3k a p\u00e9csi Ancora Gal\u00e9ri\u00e1ban.\t\t\t\t\t\t\t\t<\/div>\n\t\t\t\t\t\t\t\t\t\t\t\t<\/div>\n\t\t\t\t\t\t\t\t\t<\/a>\n\t\t\t\t\t\t\t<a class=\"e-gallery-item elementor-gallery-item elementor-animated-content\" data-e-gallery-tags=\"1\" href=\"https:\/\/lokart.hu\/wp-content\/uploads\/2025\/04\/keresztes_zoltan-min-scaled.jpeg\" data-elementor-open-lightbox=\"yes\" data-elementor-lightbox-slideshow=\"4f5d14e4\" data-e-action-hash=\"#elementor-action%3Aaction%3Dlightbox%26settings%3DeyJpZCI6NDY3OSwidXJsIjoiaHR0cHM6XC9cL2xva2FydC5odVwvd3AtY29udGVudFwvdXBsb2Fkc1wvMjAyNVwvMDRcL2tlcmVzenRlc196b2x0YW4tbWluLXNjYWxlZC5qcGVnIiwic2xpZGVzaG93IjoiNGY1ZDE0ZTQifQ%3D%3D\">\n\t\t\t\t\t<div class=\"e-gallery-image elementor-gallery-item__image\" data-thumbnail=\"https:\/\/lokart.hu\/wp-content\/uploads\/2025\/04\/keresztes_zoltan-min-768x962.jpeg\" data-width=\"768\" data-height=\"962\" aria-label=\"\" role=\"img\" ><\/div>\n\t\t\t\t\t\t\t\t\t\t\t<div class=\"elementor-gallery-item__overlay\"><\/div>\n\t\t\t\t\t\t\t\t\t\t\t\t\t\t\t<div class=\"elementor-gallery-item__content\">\n\t\t\t\t\t\t\t\t\t\t\t\t\t\t<div class=\"elementor-gallery-item__title\">\n\t\t\t\t\t\t\t\t\t\t\t\t\t\t\t\t\t\t\u25c9 keresztes zolt\u00e1n \u25c9\t\t\t\t\t\t\t\t<\/div>\n\t\t\t\t\t\t\t\t\t\t\t\t\t\t\t<div class=\"elementor-gallery-item__description\">\n\t\t\t\t\t\t\t\t\t\t\t\t\t\t\t\t\t\t1985 \u00e9s 1992 k\u00f6z\u00f6tt a p\u00e9csi Dun\u00e1nt\u00fali Napl\u00f3 Fot\u00f3rovat\u00e1nak, az Uni-\nversitas di\u00e1klapnak \u00e9s t\u00f6bb helyi, valamint orsz\u00e1gos lapnak voltam\n\nfot\u00f3sa. Tagja lettem a Mecsek Fot\u00f3klubnak \u00e9s a Fiatalok Fot\u00f3m\u0171v\u00e9szeti\nSt\u00fadi\u00f3j\u00e1nak, ut\u00f3bbinak vezet\u0151s\u00e9gi tagja is voltam.\nSz\u00e1mos hazai \u00e9s nemzetk\u00f6zi ki\u00e1ll\u00edt\u00e1son vettem r\u00e9szt (Budapest, Berlin,\n\nPr\u00e1ga, Kyoto, stb.). 1988-ban a Fot\u00f3m\u0171v\u00e9szet tehets\u00e9gkutat\u00f3j\u00e1t nyer-\ntem meg \u201eErr\u0151l a v\u00e1rosr\u00f3l\u201d c. sorozatommal. F\u00e9nyk\u00e9peztem sz\u00ednh\u00e1zi\n\nel\u0151ad\u00e1sokat, koncerteket, performanszokat, ki\u00e1ll\u00edt\u00e1sokat, m\u0171t\u00e1rgyakat.\nEls\u0151 \u00f6n\u00e1ll\u00f3 ki\u00e1ll\u00edt\u00e1som 1991-ben volt P\u00e9csett.\t\t\t\t\t\t\t\t<\/div>\n\t\t\t\t\t\t\t\t\t\t\t\t<\/div>\n\t\t\t\t\t\t\t\t\t<\/a>\n\t\t\t\t\t\t\t<a class=\"e-gallery-item elementor-gallery-item elementor-animated-content\" data-e-gallery-tags=\"1\" href=\"https:\/\/lokart.hu\/wp-content\/uploads\/2025\/05\/foto-Szombat-Eva-1-1-scaled.jpg\" data-elementor-open-lightbox=\"yes\" data-elementor-lightbox-slideshow=\"4f5d14e4\" data-e-action-hash=\"#elementor-action%3Aaction%3Dlightbox%26settings%3DeyJpZCI6NDk5NSwidXJsIjoiaHR0cHM6XC9cL2xva2FydC5odVwvd3AtY29udGVudFwvdXBsb2Fkc1wvMjAyNVwvMDVcL2ZvdG8tU3pvbWJhdC1FdmEtMS0xLXNjYWxlZC5qcGciLCJzbGlkZXNob3ciOiI0ZjVkMTRlNCJ9\">\n\t\t\t\t\t<div class=\"e-gallery-image elementor-gallery-item__image\" data-thumbnail=\"https:\/\/lokart.hu\/wp-content\/uploads\/2025\/05\/foto-Szombat-Eva-1-1-768x768.jpg\" data-width=\"768\" data-height=\"768\" aria-label=\"\" role=\"img\" ><\/div>\n\t\t\t\t\t\t\t\t\t\t\t<div class=\"elementor-gallery-item__overlay\"><\/div>\n\t\t\t\t\t\t\t\t\t\t\t\t\t\t\t<div class=\"elementor-gallery-item__content\">\n\t\t\t\t\t\t\t\t\t\t\t\t\t\t<div class=\"elementor-gallery-item__title\">\n\t\t\t\t\t\t\t\t\t\t\t\t\t\t\t\t\t\t\u25c9 KERESZTES ZS\u00d3FIA \u25c9\t\t\t\t\t\t\t\t<\/div>\n\t\t\t\t\t\t\t\t\t\t\t\t\t\t\t<div class=\"elementor-gallery-item__description\">\n\t\t\t\t\t\t\t\t\t\t\t\t\t\t\t\t\t\tKeresztes Zs\u00f3fia (1985, Budapest) k\u00e9pz\u0151m\u0171v\u00e9sz, aki organikus szobrair\u00f3l \u00e9s koll\u00e1zsszer\u0171\ninstall\u00e1ci\u00f3ir\u00f3l ismert. Munk\u00e1iban a digit\u00e1lis \u00e9s testi val\u00f3s\u00e1g k\u00f6z\u00f6tti hat\u00e1rokat kutatja, gyakran\nalkalmazva mozaikszer\u0171 fel\u00fcletkezel\u00e9st \u00e9s mitologikus utal\u00e1sokat. Az ut\u00f3bbi\n\u00e9vek egyik legjelent\u0151sebb sikere a 2022-es Velencei Bienn\u00e1l\u00e9 magyar pavilonj\u00e1nak\nreprezent\u00e1l\u00e1sa volt. Egy\u00e9ni ki\u00e1ll\u00edt\u00e1sai voltak t\u00f6bbek k\u00f6zt Berlinben, New Yorkban, B\u00e9csben\n\u00e9s Budapesten. Szerepelt rangos nemzetk\u00f6zi csoportos ki\u00e1ll\u00edt\u00e1sokon, t\u00f6bbek k\u00f6z\u00f6tt a Centre\nPompidou-Metz-ben, a 15. Lyon-i Bienn\u00e1l\u00e9n, \u00e9s a Baltic Trienn\u00e1le-n. 2017-ben elnyerte az\nEsterh\u00e1zy M\u0171v\u00e9szeti D\u00edjat. Munk\u00e1ss\u00e1ga \u00e9rz\u00e9kenyen reag\u00e1l kort\u00e1rs identit\u00e1s- \u00e9s testk\u00e9p-\nk\u00e9rd\u00e9sekre, a szobr\u00e1szat \u00e9s install\u00e1ci\u00f3 hat\u00e1r\u00e1n egyens\u00falyozva.\t\t\t\t\t\t\t\t<\/div>\n\t\t\t\t\t\t\t\t\t\t\t\t<\/div>\n\t\t\t\t\t\t\t\t\t<\/a>\n\t\t\t\t\t\t\t<a class=\"e-gallery-item elementor-gallery-item elementor-animated-content\" data-e-gallery-tags=\"1\" href=\"https:\/\/lokart.hu\/wp-content\/uploads\/2025\/06\/IMG_1647-1-scaled.jpeg\" data-elementor-open-lightbox=\"yes\" data-elementor-lightbox-slideshow=\"4f5d14e4\" data-e-action-hash=\"#elementor-action%3Aaction%3Dlightbox%26settings%3DeyJpZCI6NTM4MywidXJsIjoiaHR0cHM6XC9cL2xva2FydC5odVwvd3AtY29udGVudFwvdXBsb2Fkc1wvMjAyNVwvMDZcL0lNR18xNjQ3LTEtc2NhbGVkLmpwZWciLCJzbGlkZXNob3ciOiI0ZjVkMTRlNCJ9\">\n\t\t\t\t\t<div class=\"e-gallery-image elementor-gallery-item__image\" data-thumbnail=\"https:\/\/lokart.hu\/wp-content\/uploads\/2025\/06\/IMG_1647-1-768x768.jpeg\" data-width=\"768\" data-height=\"768\" aria-label=\"\" role=\"img\" ><\/div>\n\t\t\t\t\t\t\t\t\t\t\t<div class=\"elementor-gallery-item__overlay\"><\/div>\n\t\t\t\t\t\t\t\t\t\t\t\t\t\t\t<div class=\"elementor-gallery-item__content\">\n\t\t\t\t\t\t\t\t\t\t\t\t\t\t<div class=\"elementor-gallery-item__title\">\n\t\t\t\t\t\t\t\t\t\t\t\t\t\t\t\t\t\t\u25c9 NADE\u017dDA KIR\u0106ANSKI \u25c9\t\t\t\t\t\t\t\t<\/div>\n\t\t\t\t\t\t\t\t\t\t\t\t\t\t\t<div class=\"elementor-gallery-item__description\">\n\t\t\t\t\t\t\t\t\t\t\t\t\t\t\t\t\t\tNade\u017eda Kir\u0107anski k\u00e9pz\u0151m\u0171v\u00e9sz Zrenjaninb\u00f3l (Szerbia), szobr\u00e1sz v\u00e9gzetts\u00e9ggel rendelkezik. Alap- \u00e9s mesterdiplom\u00e1j\u00e1t a Belgr\u00e1di K\u00e9pz\u0151m\u0171v\u00e9szeti Karon kapta meg 2017-ben. M\u0171v\u00e9szeti gyakorlata sokf\u00e9le m\u00e9diumot \u00f6lel fel, bele\u00e9rtve a rajzokat, t\u00e1rgyakat, sz\u00f6vegeket, szitu\u00e1ci\u00f3kat \u00e9s helyspecifikus install\u00e1ci\u00f3kat. Munk\u00e1in kereszt\u00fcl Kir\u0107anski a t\u00e1rsadalmi-politikai val\u00f3s\u00e1gok \u00e9s a kort\u00e1rs nyelv \u00fctk\u00f6z\u00e9s\u00e9ben rejl\u0151 \u00e9rzelmi, fizikai \u00e9s szellemi munka rejtett r\u00e9tegeit kutatja \u00e9s t\u00e1rja fel. Kir\u0107anski munk\u00e1ss\u00e1ga hangs\u00falyozza a kollekt\u00edv \u00e9s egy\u00fctt\u00e9l\u00e9sen alapul\u00f3 gyakorlatok fontoss\u00e1g\u00e1t is, abban a hitben, hogy a m\u0171v\u00e9szet \u00e9s a m\u0171v\u00e9sz nem v\u00e1laszthat\u00f3k el egym\u00e1st\u00f3l. Egy\u00e9ni m\u0171v\u00e9szi tev\u00e9kenys\u00e9ge mellett r\u00e9szt vett \u00e9s szervezett rezidenciaprogramokat, m\u0171helymunk\u00e1kat, k\u00f6z\u00f6s st\u00fadi\u00f3gyakorlatokat \u00e9s csoportos ki\u00e1ll\u00edt\u00e1sokat. M\u0171v\u00e9szi p\u00e1ly\u00e1ja mellett a film-, telev\u00edzi\u00f3-, zenevide\u00f3- \u00e9s rekl\u00e1miparban is dolgozott, mint l\u00e1tv\u00e1nytervez\u0151, l\u00e1tv\u00e1nytervez\u0151-asszisztens \u00e9s kell\u00e9kes. Jelenleg a hollandiai H\u00e1g\u00e1ban \u00e9l, dolgozik \u00e9s tanul, a Kir\u00e1lyi M\u0171v\u00e9szeti Akad\u00e9mia (KABK) M\u0171v\u00e9szeti Kutat\u00e1s mesterk\u00e9pz\u00e9s\u00e9nek hallgat\u00f3ja.\t\t\t\t\t\t\t\t<\/div>\n\t\t\t\t\t\t\t\t\t\t\t\t<\/div>\n\t\t\t\t\t\t\t\t\t<\/a>\n\t\t\t\t\t\t\t<a class=\"e-gallery-item elementor-gallery-item elementor-animated-content\" data-e-gallery-tags=\"1\" href=\"https:\/\/lokart.hu\/wp-content\/uploads\/2025\/05\/IMG_4861.jpeg\" data-elementor-open-lightbox=\"yes\" data-elementor-lightbox-slideshow=\"4f5d14e4\" data-e-action-hash=\"#elementor-action%3Aaction%3Dlightbox%26settings%3DeyJpZCI6NDk4MywidXJsIjoiaHR0cHM6XC9cL2xva2FydC5odVwvd3AtY29udGVudFwvdXBsb2Fkc1wvMjAyNVwvMDVcL0lNR180ODYxLmpwZWciLCJzbGlkZXNob3ciOiI0ZjVkMTRlNCJ9\">\n\t\t\t\t\t<div class=\"e-gallery-image elementor-gallery-item__image\" data-thumbnail=\"https:\/\/lokart.hu\/wp-content\/uploads\/2025\/05\/IMG_4861.jpeg\" data-width=\"640\" data-height=\"640\" aria-label=\"\" role=\"img\" ><\/div>\n\t\t\t\t\t\t\t\t\t\t\t<div class=\"elementor-gallery-item__overlay\"><\/div>\n\t\t\t\t\t\t\t\t\t\t\t\t\t\t\t<div class=\"elementor-gallery-item__content\">\n\t\t\t\t\t\t\t\t\t\t\t\t\t\t<div class=\"elementor-gallery-item__title\">\n\t\t\t\t\t\t\t\t\t\t\t\t\t\t\t\t\t\t\u25c9 KIS R\u00d3KA CSABA  \u25c9\t\t\t\t\t\t\t\t<\/div>\n\t\t\t\t\t\t\t\t\t\t\t\t\t\t\t<div class=\"elementor-gallery-item__description\">\n\t\t\t\t\t\t\t\t\t\t\t\t\t\t\t\t\t\tKis R\u00f3ka Csaba (1981, Sz\u00e9kesfeh\u00e9rv\u00e1r) k\u00e9pz\u0151m\u0171v\u00e9sz, akinek fest\u00e9szete s\u00f6t\u00e9t szimbolik\u00e1val \u00e9s groteszk, m\u00e9gis l\u00edrai \u00e1br\u00e1zol\u00e1sm\u00f3ddal \u00f6tv\u00f6zi a figur\u00e1lis \u00e9s expressz\u00edv elemeket. A Magyar K\u00e9pz\u0151m\u0171v\u00e9szeti Egyetemen v\u00e9gzett 2007-ben, tanulm\u00e1nyokat folytatott a n\u00fcrnbergi K\u00e9pz\u0151m\u0171v\u00e9szeti Akad\u00e9mi\u00e1n is. M\u0171vei gyakran boncolgatj\u00e1k az egzisztenci\u00e1lis szorong\u00e1s \u00e9s a test torzul\u00e1s\u00e1nak t\u00e9m\u00e1it. Sz\u00e1mos \u00f6n\u00e1ll\u00f3 ki\u00e1ll\u00edt\u00e1sa volt Eur\u00f3pa-szerte, t\u00f6bbek k\u00f6zt a CACT-ben (Sv\u00e1jc), a Traf\u00f3 Gal\u00e9ri\u00e1ban (Budapest), \u00e9s a MOA-ban (Hollandia). T\u00f6bbsz\u00f6r jel\u00f6lt\u00e9k az Esterh\u00e1zy M\u0171v\u00e9szeti D\u00edjra \u00e9s a Leopold Bloom D\u00edjra, 2008-ban elnyerte a Derkovits-\u00f6szt\u00f6nd\u00edjat. Alkot\u00e1sai k\u00f6zgy\u0171jtem\u00e9nyekben is megtal\u00e1lhat\u00f3k, p\u00e9ld\u00e1ul a sv\u00e1jci MACT \u00e9s a duna\u00fajv\u00e1rosi Kort\u00e1rs M\u0171v\u00e9szeti Int\u00e9zet gy\u0171jtem\u00e9ny\u00e9ben. M\u0171v\u00e9szet\u00e9nek nyers, intenz\u00edv vil\u00e1ga \u00fajra \u00e9s \u00fajra megk\u00e9rd\u0151jelezi a sz\u00e9ps\u00e9g, a boml\u00e1s \u00e9s a groteszk hat\u00e1rait a kort\u00e1rs fest\u00e9szetben.\t\t\t\t\t\t\t\t<\/div>\n\t\t\t\t\t\t\t\t\t\t\t\t<\/div>\n\t\t\t\t\t\t\t\t\t<\/a>\n\t\t\t\t\t\t\t<a class=\"e-gallery-item elementor-gallery-item elementor-animated-content\" data-e-gallery-tags=\"1\" href=\"https:\/\/lokart.hu\/wp-content\/uploads\/2025\/04\/Adrian-Kiss-portret-VUNU-2023-4-copy-2-1-scaled.jpg\" data-elementor-open-lightbox=\"yes\" data-elementor-lightbox-slideshow=\"4f5d14e4\" data-e-action-hash=\"#elementor-action%3Aaction%3Dlightbox%26settings%3DeyJpZCI6NDY5NywidXJsIjoiaHR0cHM6XC9cL2xva2FydC5odVwvd3AtY29udGVudFwvdXBsb2Fkc1wvMjAyNVwvMDRcL0Fkcmlhbi1LaXNzLXBvcnRyZXQtVlVOVS0yMDIzLTQtY29weS0yLTEtc2NhbGVkLmpwZyIsInNsaWRlc2hvdyI6IjRmNWQxNGU0In0%3D\">\n\t\t\t\t\t<div class=\"e-gallery-image elementor-gallery-item__image\" data-thumbnail=\"https:\/\/lokart.hu\/wp-content\/uploads\/2025\/04\/Adrian-Kiss-portret-VUNU-2023-4-copy-2-1-768x1154.jpg\" data-width=\"768\" data-height=\"1154\" aria-label=\"\" role=\"img\" ><\/div>\n\t\t\t\t\t\t\t\t\t\t\t<div class=\"elementor-gallery-item__overlay\"><\/div>\n\t\t\t\t\t\t\t\t\t\t\t\t\t\t\t<div class=\"elementor-gallery-item__content\">\n\t\t\t\t\t\t\t\t\t\t\t\t\t\t<div class=\"elementor-gallery-item__title\">\n\t\t\t\t\t\t\t\t\t\t\t\t\t\t\t\t\t\t\u25c9 KISS ADRIAN  \u25c9\t\t\t\t\t\t\t\t<\/div>\n\t\t\t\t\t\t\t\t\t\t\t\t\t\t\t<div class=\"elementor-gallery-item__description\">\n\t\t\t\t\t\t\t\t\t\t\t\t\t\t\t\t\t\t2023-t\u00f3l a Rotterdami Piet Zwart Int\u00e9zetben (Hollandia) folytat MFA k\u00e9pz\u00e9st. Kor\u00e1bban 2009-2012 k\u00f6z\u00f6tt a londoni Central Saint Martins College of Art and Design-ban v\u00e9gzett alapoz\u00f3- \u00e9s alapk\u00e9pz\u00e9st.\nMunk\u00e1iban monument\u00e1lis, m\u00e9gis egyszer\u0171 konstrukci\u00f3kkal hoz l\u00e9tre atmoszf\u00e9r\u00e1kat, \u00e9rz\u00e9seit k\u00f6zvet\u00edtve. Kezdetben vasat haszn\u00e1lt, melyet a fest\u0151 v\u00e1szn\u00e1nak keret\u00e9hez hasonl\u00edt. Erre jellemz\u0151en textilb\u0151l k\u00e9sz\u00fclt, panelszer\u0171 elemek ker\u00fclnek. C\u00e9lja, hogy kapcsolatot teremtsen az emberi test \u00e9s a k\u00f6rnyez\u0151 dolgok k\u00f6z\u00f6tt. \u00d6n\u00e1ll\u00f3 ki\u00e1ll\u00edt\u00e1sai voltak Budapesten, Pr\u00e1g\u00e1ban, Ludwigsburgban \u00e9s Szlov\u00e1ki\u00e1ban, emellett sz\u00e1mos csoportos ki\u00e1ll\u00edt\u00e1son vett r\u00e9szt Eur\u00f3pa-szerte \u00e9s a tengerent\u00fal.\nSaj\u00e1t alkot\u00f3i hat\u00e1rait az anyagis\u00e1gban \u00e9s a m\u00e9retekben tal\u00e1lta meg, felismerve, hogy nagym\u00e9ret\u0171, assamblage-szer\u0171 install\u00e1ci\u00f3kkal tudja legink\u00e1bb kifejezni \u00f6tleteit. \t\t\t\t\t\t\t\t<\/div>\n\t\t\t\t\t\t\t\t\t\t\t\t<\/div>\n\t\t\t\t\t\t\t\t\t<\/a>\n\t\t\t\t\t\t\t<a class=\"e-gallery-item elementor-gallery-item elementor-animated-content\" data-e-gallery-tags=\"1\" href=\"https:\/\/lokart.hu\/wp-content\/uploads\/2025\/04\/Konyv_Kata-min.jpg\" data-elementor-open-lightbox=\"yes\" data-elementor-lightbox-slideshow=\"4f5d14e4\" data-e-action-hash=\"#elementor-action%3Aaction%3Dlightbox%26settings%3DeyJpZCI6NDY4MCwidXJsIjoiaHR0cHM6XC9cL2xva2FydC5odVwvd3AtY29udGVudFwvdXBsb2Fkc1wvMjAyNVwvMDRcL0tvbnl2X0thdGEtbWluLmpwZyIsInNsaWRlc2hvdyI6IjRmNWQxNGU0In0%3D\">\n\t\t\t\t\t<div class=\"e-gallery-image elementor-gallery-item__image\" data-thumbnail=\"https:\/\/lokart.hu\/wp-content\/uploads\/2025\/04\/Konyv_Kata-min-768x767.jpg\" data-width=\"768\" data-height=\"767\" aria-label=\"\" role=\"img\" ><\/div>\n\t\t\t\t\t\t\t\t\t\t\t<div class=\"elementor-gallery-item__overlay\"><\/div>\n\t\t\t\t\t\t\t\t\t\t\t\t\t\t\t<div class=\"elementor-gallery-item__content\">\n\t\t\t\t\t\t\t\t\t\t\t\t\t\t<div class=\"elementor-gallery-item__title\">\n\t\t\t\t\t\t\t\t\t\t\t\t\t\t\t\t\t\t\u25c9 K\u00d6NYV KATA \u25c9\t\t\t\t\t\t\t\t<\/div>\n\t\t\t\t\t\t\t\t\t\t\t\t\t\t\t<div class=\"elementor-gallery-item__description\">\n\t\t\t\t\t\t\t\t\t\t\t\t\t\t\t\t\t\tJelenleg Si\u00f3fokon \u00e9l \u00e9s alkot, valamint Sz\u00e9kesfeh\u00e9rv\u00e1ron egy alap\u00edtv\u00e1nyi iskol\u00e1ban rajz, m\u0171v\u00e9szett\u00f6rt\u00e9net szaktan\u00e1r. Egy gyermek \u00e9desanyja.\nK\u00f6nyv Kata a szakmai sz\u00ednvonal, \u00e9s a k\u00f6z\u00f6ss\u00e9g ir\u00e1nt elk\u00f6telezett alkot\u00f3,\naki v\u00e1ltozatos technikai megold\u00e1sokon kereszt\u00fcl keresi a v\u00e1laszt a\nfigurat\u00edv pikt\u00fara kort\u00e1rs k\u00e9rd\u00e9sfelvet\u00e9seire. A fest\u00e9szeti formanyelvet meg\u00faj\u00edt\u00f3 sz\u00e1nd\u00e9kkal, ugyanakkor annak hagyom\u00e1nyait tisztelve, sokszor groteszkbe hajl\u00f3 humorral alkotja meg az ut\u00f3bbi id\u0151ben mindink\u00e1bb filoz\u00f3fiai t\u00f6lt\u00f6tts\u00e9g\u0171 munk\u00e1it.\t\t\t\t\t\t\t\t<\/div>\n\t\t\t\t\t\t\t\t\t\t\t\t<\/div>\n\t\t\t\t\t\t\t\t\t<\/a>\n\t\t\t\t\t\t\t<a class=\"e-gallery-item elementor-gallery-item elementor-animated-content\" data-e-gallery-tags=\"1\" href=\"https:\/\/lokart.hu\/wp-content\/uploads\/2025\/04\/ladik_katalin.jpeg\" data-elementor-open-lightbox=\"yes\" data-elementor-lightbox-slideshow=\"4f5d14e4\" data-e-action-hash=\"#elementor-action%3Aaction%3Dlightbox%26settings%3DeyJpZCI6NDcwNCwidXJsIjoiaHR0cHM6XC9cL2xva2FydC5odVwvd3AtY29udGVudFwvdXBsb2Fkc1wvMjAyNVwvMDRcL2xhZGlrX2thdGFsaW4uanBlZyIsInNsaWRlc2hvdyI6IjRmNWQxNGU0In0%3D\">\n\t\t\t\t\t<div class=\"e-gallery-image elementor-gallery-item__image\" data-thumbnail=\"https:\/\/lokart.hu\/wp-content\/uploads\/2025\/04\/ladik_katalin.jpeg\" data-width=\"465\" data-height=\"640\" aria-label=\"\" role=\"img\" ><\/div>\n\t\t\t\t\t\t\t\t\t\t\t<div class=\"elementor-gallery-item__overlay\"><\/div>\n\t\t\t\t\t\t\t\t\t\t\t\t\t\t\t<div class=\"elementor-gallery-item__content\">\n\t\t\t\t\t\t\t\t\t\t\t\t\t\t<div class=\"elementor-gallery-item__title\">\n\t\t\t\t\t\t\t\t\t\t\t\t\t\t\t\t\t\t\u25c9 LADIK KATALIN \u25c9\t\t\t\t\t\t\t\t<\/div>\n\t\t\t\t\t\t\t\t\t\t\t\t\t\t\t<div class=\"elementor-gallery-item__description\">\n\t\t\t\t\t\t\t\t\t\t\t\t\t\t\t\t\t\tLadik Katalin (sz. 1942, \u00dajvid\u00e9k, Jugoszl\u00e1via) k\u00f6lt\u0151, k\u00e9pz\u0151m\u0171v\u00e9sz \u00e9s sz\u00edn\u00e9szn\u0151. Vizu\u00e1lis \u00e9s hangk\u00f6lt\u00e9szete, performanszai \u00e9s body art munk\u00e1i a test \u00e9s a nyelv, a hang \u00e9s a vizualit\u00e1s k\u00f6z\u00f6tti kapcsolatok k\u00f6zvet\u00edt\u00e9s\u00e9n, intermedialit\u00e1s\u00e1n alapulnak. P\u00e1ly\u00e1ja kezdet\u00e9t\u0151l (kb. 1960\u201362) k\u00f6ltem\u00e9nyeiben alapvet\u0151 szerepet kapott a dallamoss\u00e1g, el\u0151adhat\u00f3s\u00e1g; a hatvanas \u00e9vek v\u00e9g\u00e9re a hangk\u00f6lt\u00e9szet \u00e9s a performansz v\u00e1ltak legfontosabb m\u0171fajaiv\u00e1.\nMunk\u00e1ss\u00e1g\u00e1nak meghat\u00e1roz\u00f3 eleme a feminista szeml\u00e9let: els\u0151 performanszait\u00f3l kezdve saj\u00e1t test\u00e9t sz\u00f6vegk\u00e9nt \u00e9s hangk\u00e9nt is \u00e9rtelmezhet\u0151 m\u00e9diumk\u00e9nt haszn\u00e1lta, a sz\u00ednpadon t\u00f6bbnem\u0171 \u00e9s t\u00f6bbidentit\u00e1s\u00fa szerepl\u0151ket hozott l\u00e9tre. Koll\u00e1zsverseiben a szab\u00e1smint\u00e1k haszn\u00e1lata a hagyom\u00e1nyos n\u0151i szerepeket b\u00edr\u00e1lja. A performanszokon \u00e9s vizu\u00e1lis munk\u00e1kon t\u00fal r\u00e1di\u00f3s, sz\u00ednh\u00e1zi \u00e9s filmes tev\u00e9kenys\u00e9ge is jelent\u0151s, csak\u00fagy, mint hangk\u00f6lt\u00e9szeti \u00e9s zenei felv\u00e9telei.\t\t\t\t\t\t\t\t<\/div>\n\t\t\t\t\t\t\t\t\t\t\t\t<\/div>\n\t\t\t\t\t\t\t\t\t<\/a>\n\t\t\t\t\t\t\t<a class=\"e-gallery-item elementor-gallery-item elementor-animated-content\" data-e-gallery-tags=\"1\" href=\"https:\/\/lokart.hu\/wp-content\/uploads\/2025\/06\/345A8493-1.jpg\" data-elementor-open-lightbox=\"yes\" data-elementor-lightbox-slideshow=\"4f5d14e4\" data-e-action-hash=\"#elementor-action%3Aaction%3Dlightbox%26settings%3DeyJpZCI6NTEzOSwidXJsIjoiaHR0cHM6XC9cL2xva2FydC5odVwvd3AtY29udGVudFwvdXBsb2Fkc1wvMjAyNVwvMDZcLzM0NUE4NDkzLTEuanBnIiwic2xpZGVzaG93IjoiNGY1ZDE0ZTQifQ%3D%3D\">\n\t\t\t\t\t<div class=\"e-gallery-image elementor-gallery-item__image\" data-thumbnail=\"https:\/\/lokart.hu\/wp-content\/uploads\/2025\/06\/345A8493-1-768x768.jpg\" data-width=\"768\" data-height=\"768\" aria-label=\"\" role=\"img\" ><\/div>\n\t\t\t\t\t\t\t\t\t\t\t<div class=\"elementor-gallery-item__overlay\"><\/div>\n\t\t\t\t\t\t\t\t\t\t\t\t\t\t\t<div class=\"elementor-gallery-item__content\">\n\t\t\t\t\t\t\t\t\t\t\t\t\t\t<div class=\"elementor-gallery-item__title\">\n\t\t\t\t\t\t\t\t\t\t\t\t\t\t\t\t\t\t\u25c9 MAJOR JUDIT \u25c9\t\t\t\t\t\t\t\t<\/div>\n\t\t\t\t\t\t\t\t\t\t\t\t\t\t\t<div class=\"elementor-gallery-item__description\">\n\t\t\t\t\t\t\t\t\t\t\t\t\t\t\t\t\t\tKeramikus, k\u00e9pz\u0151m\u0171v\u00e9sz-tan\u00e1r. Tanulm\u00e1nyait a szegedi T\u00f6m\u00f6rk\u00e9ny Istv\u00e1n M\u0171v\u00e9szeti Szakk\u00f6z\u00e9piskol\u00e1ban, majd a Magyar Iparm\u0171v\u00e9szeti F\u0151iskola ker\u00e1mia- \u00e9s tan\u00e1rszak\u00e1n v\u00e9gezte (1986\u20131991). 1995-ben szerezte mesterdiplom\u00e1j\u00e1t a p\u00e9csi K\u00e9pz\u0151m\u0171v\u00e9szeti Mesteriskol\u00e1n, a Sikl\u00f3si Nemzetk\u00f6zi Ker\u00e1mia Alkot\u00f3h\u00e1zban. Mesterei: Schrammel Imre, Keser\u00fc Ilona, Bak Imre. 1993\u20131996 k\u00f6z\u00f6tt Moholy-Nagy L\u00e1szl\u00f3 Formatervez\u00e9si \u00d6szt\u00f6nd\u00edjban r\u00e9szes\u00fclt. R\u00e9szt vett tanulm\u00e1nyutakon (Gm\u00fcnd, Sz\u00f6ul, Faenza), hazai \u00e9s nemzetk\u00f6zi szimp\u00f3ziumokon (Sikl\u00f3s, Pulkau, G\u00e9bArt).\nT\u00f6bb mint 100 ki\u00e1ll\u00edt\u00e1son szerepelt \u00f6n\u00e1ll\u00f3an \u00e9s csoportosan itthon \u00e9s k\u00fclf\u00f6ld\u00f6n. Ker\u00e1mi\u00e1ban, install\u00e1ci\u00f3ban, k\u00e9pversben \u00e9s \u00edr\u00e1sban keresi a sz\u00e9ps\u00e9g \u00faj fogalmait. 2023-t\u00f3l publik\u00e1l verset nyomtatott \u00e9s online irodalmi lapokban, t\u00f6bb k\u00f6tete jelent meg.\t\t\t\t\t\t\t\t<\/div>\n\t\t\t\t\t\t\t\t\t\t\t\t<\/div>\n\t\t\t\t\t\t\t\t\t<\/a>\n\t\t\t\t\t\t\t<a class=\"e-gallery-item elementor-gallery-item elementor-animated-content\" data-e-gallery-tags=\"1\" href=\"https:\/\/lokart.hu\/wp-content\/uploads\/2025\/04\/Makrai-Adel.jpg\" data-elementor-open-lightbox=\"yes\" data-elementor-lightbox-slideshow=\"4f5d14e4\" data-e-action-hash=\"#elementor-action%3Aaction%3Dlightbox%26settings%3DeyJpZCI6NDY5OCwidXJsIjoiaHR0cHM6XC9cL2xva2FydC5odVwvd3AtY29udGVudFwvdXBsb2Fkc1wvMjAyNVwvMDRcL01ha3JhaS1BZGVsLmpwZyIsInNsaWRlc2hvdyI6IjRmNWQxNGU0In0%3D\">\n\t\t\t\t\t<div class=\"e-gallery-image elementor-gallery-item__image\" data-thumbnail=\"https:\/\/lokart.hu\/wp-content\/uploads\/2025\/04\/Makrai-Adel-768x951.jpg\" data-width=\"768\" data-height=\"951\" aria-label=\"\" role=\"img\" ><\/div>\n\t\t\t\t\t\t\t\t\t\t\t<div class=\"elementor-gallery-item__overlay\"><\/div>\n\t\t\t\t\t\t\t\t\t\t\t\t\t\t\t<div class=\"elementor-gallery-item__content\">\n\t\t\t\t\t\t\t\t\t\t\t\t\t\t<div class=\"elementor-gallery-item__title\">\n\t\t\t\t\t\t\t\t\t\t\t\t\t\t\t\t\t\t\u25c9 MAKRAI AD\u00c9L \u25c9\t\t\t\t\t\t\t\t<\/div>\n\t\t\t\t\t\t\t\t\t\t\t\t\t\t\t<div class=\"elementor-gallery-item__description\">\n\t\t\t\t\t\t\t\t\t\t\t\t\t\t\t\t\t\tFestm\u00e9nyimen korunk emberei k\u00f6sz\u00f6nnek vissza (korunk lenyomataink\u00e9nt) akik r\u00e9szben a val\u00f3s\u00e1gban, r\u00e9szben a m\u00e9di\u00e1n kereszt\u00fcl ker\u00fcltek l\u00e1t\u00f3sz\u00f6gembe, mindek\u00f6zben \u00f6nmagamat igyekszem elhelyezni ebben a vil\u00e1gban \u00e9s olyan \u00e1lland\u00f3 \u00e9rt\u00e9keket keresni, amelyekbe kapaszkodni lehet \u00e9s \u00e9rdemes felh\u00edvni r\u00e1 az ut\u00f3kor figyelm\u00e9t. K\u00e9peim szerepl\u0151i egyben t\u00e1rsadalomkritik\u00e1k is: Kik vagyunk mi? Mit jelent a 40 feletti koroszt\u00e1ly sz\u00e1m\u00e1ra az online jelenl\u00e9t? - szelfik \u00e9s MASZKOK, filterek, fikt\u00edv Insta-story-szer\u0171 sorozatk\u00e9pek, gesztus-l\u00e1jkok \u2013 felv\u00e1llalom, szeretn\u00e9m, akarom..? N\u0151i szerepek meg\u00e9l\u00e9se, az id\u0151 m\u00fal\u00e1s\u00e1nak elfogad\u00e1sa. \t\t\t\t\t\t\t\t<\/div>\n\t\t\t\t\t\t\t\t\t\t\t\t<\/div>\n\t\t\t\t\t\t\t\t\t<\/a>\n\t\t\t\t\t\t\t<a class=\"e-gallery-item elementor-gallery-item elementor-animated-content\" data-e-gallery-tags=\"1\" href=\"https:\/\/lokart.hu\/wp-content\/uploads\/2025\/04\/Matis_Rita_foto-Sasvari-Janos-min.jpg\" data-elementor-open-lightbox=\"yes\" data-elementor-lightbox-slideshow=\"4f5d14e4\" data-e-action-hash=\"#elementor-action%3Aaction%3Dlightbox%26settings%3DeyJpZCI6NDY4MSwidXJsIjoiaHR0cHM6XC9cL2xva2FydC5odVwvd3AtY29udGVudFwvdXBsb2Fkc1wvMjAyNVwvMDRcL01hdGlzX1JpdGFfZm90by1TYXN2YXJpLUphbm9zLW1pbi5qcGciLCJzbGlkZXNob3ciOiI0ZjVkMTRlNCJ9\">\n\t\t\t\t\t<div class=\"e-gallery-image elementor-gallery-item__image\" data-thumbnail=\"https:\/\/lokart.hu\/wp-content\/uploads\/2025\/04\/Matis_Rita_foto-Sasvari-Janos-min-768x931.jpg\" data-width=\"768\" data-height=\"931\" aria-label=\"\" role=\"img\" ><\/div>\n\t\t\t\t\t\t\t\t\t\t\t<div class=\"elementor-gallery-item__overlay\"><\/div>\n\t\t\t\t\t\t\t\t\t\t\t\t\t\t\t<div class=\"elementor-gallery-item__content\">\n\t\t\t\t\t\t\t\t\t\t\t\t\t\t<div class=\"elementor-gallery-item__title\">\n\t\t\t\t\t\t\t\t\t\t\t\t\t\t\t\t\t\t\u25c9 M\u00c1TIS RITA \u25c9\t\t\t\t\t\t\t\t<\/div>\n\t\t\t\t\t\t\t\t\t\t\t\t\t\t\t<div class=\"elementor-gallery-item__description\">\n\t\t\t\t\t\t\t\t\t\t\t\t\t\t\t\t\t\tM\u00e1tis Rita (1967, P\u00e9cs) fest\u0151m\u0171v\u00e9sz, egyetemi oktat\u00f3, DLA-fokozattal rendelkez\u0151 alkot\u00f3. A P\u00e9csi M\u0171v\u00e9szeti Szakk\u00f6z\u00e9piskola ut\u00e1n a Janus Pannonius Tudom\u00e1nyegyetemen szerzett tan\u00e1ri diplom\u00e1t (Keser\u00fc Ilona tan\u00edtv\u00e1nyak\u00e9nt), majd Konkoly Gyula mester ir\u00e1ny\u00edt\u00e1s\u00e1val a K\u00e9pz\u0151m\u0171v\u00e9szeti Mesteriskol\u00e1t is elv\u00e9gezte. Tanulm\u00e1nyutakon vett r\u00e9szt P\u00e1rizsban, B\u00e9csben (KulturKontakt), Sv\u00e9dorsz\u00e1gban \u00e9s R\u00f3m\u00e1ban (Magyar Akad\u00e9mia \u00f6szt\u00f6nd\u00edja, 2019). DLA-dolgozat\u00e1t 2016-ban v\u00e9dte meg a PTE M\u0171v\u00e9szeti Kar\u00e1n. Jelenleg a MATE Rippl-R\u00f3nai M\u0171v\u00e9szeti Int\u00e9zet\u00e9nek docense. Munk\u00e1i megtal\u00e1lhat\u00f3k k\u00f6zgy\u0171jtem\u00e9nyekben (Szombathely, Linz). T\u00f6bb mint 40 \u00f6n\u00e1ll\u00f3 \u00e9s sz\u00e1zn\u00e1l is t\u00f6bb csoportos ki\u00e1ll\u00edt\u00e1son szerepelt. 2017-ben elnyerte a PAB r\u00e9gi\u00f3 legjobb PhD-munk\u00e1j\u00e1\u00e9rt j\u00e1r\u00f3 elismer\u00e9st.\t\t\t\t\t\t\t\t<\/div>\n\t\t\t\t\t\t\t\t\t\t\t\t<\/div>\n\t\t\t\t\t\t\t\t\t<\/a>\n\t\t\t\t\t\t\t<a class=\"e-gallery-item elementor-gallery-item elementor-animated-content\" data-e-gallery-tags=\"1\" href=\"https:\/\/lokart.hu\/wp-content\/uploads\/2025\/06\/MELTEM_ISIK.jpg\" data-elementor-open-lightbox=\"yes\" data-elementor-lightbox-slideshow=\"4f5d14e4\" data-e-action-hash=\"#elementor-action%3Aaction%3Dlightbox%26settings%3DeyJpZCI6NTQwOCwidXJsIjoiaHR0cHM6XC9cL2xva2FydC5odVwvd3AtY29udGVudFwvdXBsb2Fkc1wvMjAyNVwvMDZcL01FTFRFTV9JU0lLLmpwZyIsInNsaWRlc2hvdyI6IjRmNWQxNGU0In0%3D\">\n\t\t\t\t\t<div class=\"e-gallery-image elementor-gallery-item__image\" data-thumbnail=\"https:\/\/lokart.hu\/wp-content\/uploads\/2025\/06\/MELTEM_ISIK.jpg\" data-width=\"481\" data-height=\"517\" aria-label=\"\" role=\"img\" ><\/div>\n\t\t\t\t\t\t\t\t\t\t\t<div class=\"elementor-gallery-item__overlay\"><\/div>\n\t\t\t\t\t\t\t\t\t\t\t\t\t\t\t<div class=\"elementor-gallery-item__content\">\n\t\t\t\t\t\t\t\t\t\t\t\t\t\t<div class=\"elementor-gallery-item__title\">\n\t\t\t\t\t\t\t\t\t\t\t\t\t\t\t\t\t\t\u25c9 I\u015eIK MELTEM \u25c9\t\t\t\t\t\t\t\t<\/div>\n\t\t\t\t\t\t\t\t\t\t\t\t\t\t\t<div class=\"elementor-gallery-item__description\">\n\t\t\t\t\t\t\t\t\t\t\t\t\t\t\t\t\t\tAnkar\u00e1ban sz\u00fcletett. A Bilkent Egyetemen grafikai tervez\u00e9st, a New York-i FIT-en \u00e9kszertervez\u00e9st tanult, majd 2011-ben a Sabanc\u0131 Egyetemen vizu\u00e1lis m\u0171v\u00e9szetekb\u0151l szerzett mesterdiplom\u00e1t. 2016 \u00f3ta doktori kutat\u00e1s\u00e1t az \u00d6zye\u011fin Egyetem Design, Technology and Society programj\u00e1ban folytatja. Egy\u00e9ni ki\u00e1ll\u00edt\u00e1sai k\u00f6z\u00fcl kiemelkedik a Twice into the stream (2012) \u00e9s Suspicious affinities (2015) a Galeri Nev Isztambulban. Szerepelt t\u00f6bb jelent\u0151s csoportos ki\u00e1ll\u00edt\u00e1son is, p\u00e9ld\u00e1ul az Istanbul Modernben, a Leica Gal\u00e9ri\u00e1ban \u00e9s a wroc\u0142awi Eur\u00f3pa Kultur\u00e1lis F\u0151v\u00e1rosa programban. 2015 \u00f3ta a Sabanc\u0131 Egyetem Vizu\u00e1lis M\u0171v\u00e9szetek \u00e9s Kommunik\u00e1ci\u00f3-tervez\u00e9s Tansz\u00e9k\u00e9nek oktat\u00f3ja, jelenleg Isztambulban \u00e9l \u00e9s dolgozik.\t\t\t\t\t\t\t\t<\/div>\n\t\t\t\t\t\t\t\t\t\t\t\t<\/div>\n\t\t\t\t\t\t\t\t\t<\/a>\n\t\t\t\t\t\t\t<a class=\"e-gallery-item elementor-gallery-item elementor-animated-content\" data-e-gallery-tags=\"1\" href=\"https:\/\/lokart.hu\/wp-content\/uploads\/2025\/05\/menyhart_marcell_foto_Marci_Getto-1.jpg\" data-elementor-open-lightbox=\"yes\" data-elementor-lightbox-slideshow=\"4f5d14e4\" data-e-action-hash=\"#elementor-action%3Aaction%3Dlightbox%26settings%3DeyJpZCI6NDgyNiwidXJsIjoiaHR0cHM6XC9cL2xva2FydC5odVwvd3AtY29udGVudFwvdXBsb2Fkc1wvMjAyNVwvMDVcL21lbnloYXJ0X21hcmNlbGxfZm90b19NYXJjaV9HZXR0by0xLmpwZyIsInNsaWRlc2hvdyI6IjRmNWQxNGU0In0%3D\">\n\t\t\t\t\t<div class=\"e-gallery-image elementor-gallery-item__image\" data-thumbnail=\"https:\/\/lokart.hu\/wp-content\/uploads\/2025\/05\/menyhart_marcell_foto_Marci_Getto-1-768x768.jpg\" data-width=\"768\" data-height=\"768\" aria-label=\"\" role=\"img\" ><\/div>\n\t\t\t\t\t\t\t\t\t\t\t<div class=\"elementor-gallery-item__overlay\"><\/div>\n\t\t\t\t\t\t\t\t\t\t\t\t\t\t\t<div class=\"elementor-gallery-item__content\">\n\t\t\t\t\t\t\t\t\t\t\t\t\t\t<div class=\"elementor-gallery-item__title\">\n\t\t\t\t\t\t\t\t\t\t\t\t\t\t\t\t\t\t\u25c9 MENYH\u00c1RT MARCELL \u25c9\t\t\t\t\t\t\t\t<\/div>\n\t\t\t\t\t\t\t\t\t\t\t\t\t\t\t<div class=\"elementor-gallery-item__description\">\n\t\t\t\t\t\t\t\t\t\t\t\t\t\t\t\t\t\tMenyh\u00e1rt Marcell (1999) k\u00e9pz\u0151m\u0171v\u00e9sz, P\u00e9csett \u00e9l \u00e9s dolgozik. Munk\u00e1iban a popkult\u00fara, a digit\u00e1lis k\u00e9pi vil\u00e1g \u00e9s a kort\u00e1rs t\u00e1rsadalom vizu\u00e1lis jelens\u00e9gei keverednek k\u00eds\u00e9rletez\u0151 fest\u00e9szeti gesztusokkal \u00e9s egy\u00e9ni ikonogr\u00e1fi\u00e1val. K\u00e9pz\u0151m\u0171v\u00e9szeti tanulm\u00e1nyait a p\u00e9csi M\u0171v\u00e9szeti Gimn\u00e1ziumban, majd a PTE M\u0171v\u00e9szeti Kar\u00e1n folytatta. Rendszeres r\u00e9sztvev\u0151je hazai csoportos ki\u00e1ll\u00edt\u00e1soknak, t\u00f6bbek k\u00f6z\u00f6tt a N\u00e1dor Gal\u00e9ri\u00e1ban, a Horizont Gal\u00e9ri\u00e1ban, valamint a Budapesti Art Marketen is szerepelt. 2023-ban k\u00e9t \u00f6n\u00e1ll\u00f3 t\u00e1rlata is volt: New High Score (P\u00e9cs, M\u0171v\u00e9szetek \u00e9s Irodalom H\u00e1za) \u00e9s Macro Pop (Nick Gal\u00e9ria, P\u00e9cs). 2024-ben Getto J\u00f3zseffel k\u00f6z\u00f6sen mutatta be Playroom c\u00edm\u0171 du\u00f3ki\u00e1ll\u00edt\u00e1s\u00e1t Balatonf\u00fcreden, a Zsdr\u00e1lArt Gal\u00e9ri\u00e1ban. Munk\u00e1ss\u00e1g\u00e1t j\u00e1t\u00e9kos vizualit\u00e1s, konceptu\u00e1lis r\u00e9tegek \u00e9s t\u00e1rsadalomkritikus hangv\u00e9tel jellemzi.\t\t\t\t\t\t\t\t<\/div>\n\t\t\t\t\t\t\t\t\t\t\t\t<\/div>\n\t\t\t\t\t\t\t\t\t<\/a>\n\t\t\t\t\t\t\t<a class=\"e-gallery-item elementor-gallery-item elementor-animated-content\" data-e-gallery-tags=\"1\" href=\"https:\/\/lokart.hu\/wp-content\/uploads\/2025\/05\/Nemes-Anna-portre_Apor-Andras_fotoja-2-scaled.jpg\" data-elementor-open-lightbox=\"yes\" data-elementor-lightbox-slideshow=\"4f5d14e4\" data-e-action-hash=\"#elementor-action%3Aaction%3Dlightbox%26settings%3DeyJpZCI6NDk4NywidXJsIjoiaHR0cHM6XC9cL2xva2FydC5odVwvd3AtY29udGVudFwvdXBsb2Fkc1wvMjAyNVwvMDVcL05lbWVzLUFubmEtcG9ydHJlX0Fwb3ItQW5kcmFzX2ZvdG9qYS0yLXNjYWxlZC5qcGciLCJzbGlkZXNob3ciOiI0ZjVkMTRlNCJ9\">\n\t\t\t\t\t<div class=\"e-gallery-image elementor-gallery-item__image\" data-thumbnail=\"https:\/\/lokart.hu\/wp-content\/uploads\/2025\/05\/Nemes-Anna-portre_Apor-Andras_fotoja-2-768x768.jpg\" data-width=\"768\" data-height=\"768\" aria-label=\"\" role=\"img\" ><\/div>\n\t\t\t\t\t\t\t\t\t\t\t<div class=\"elementor-gallery-item__overlay\"><\/div>\n\t\t\t\t\t\t\t\t\t\t\t\t\t\t\t<div class=\"elementor-gallery-item__content\">\n\t\t\t\t\t\t\t\t\t\t\t\t\t\t<div class=\"elementor-gallery-item__title\">\n\t\t\t\t\t\t\t\t\t\t\t\t\t\t\t\t\t\t\u25c9 NEMES ANNA \u25c9\t\t\t\t\t\t\t\t<\/div>\n\t\t\t\t\t\t\t\t\t\t\t\t\t\t\t<div class=\"elementor-gallery-item__description\">\n\t\t\t\t\t\t\t\t\t\t\t\t\t\t\t\t\t\tNemes Anna (1989, Budapest) 2014-ben v\u00e9gzett a Magyar K\u00e9pz\u0151m\u0171v\u00e9szeti Egyetem fest\u0151 szak\u00e1n. T\u00f6bb egy\u00e9ni \u00e9s csoportos ki\u00e1ll\u00edt\u00e1son mutatta be alkot\u00e1sait nagy sikerrel itthon \u00e9s k\u00fclf\u00f6ld\u00f6n egyar\u00e1nt. 2023-ban elnyerte az ACAX | Agency for Contemporary Art Exchange \u00f6szt\u00f6nd\u00edj\u00e1t, mellyel 2024-ben k\u00e9t h\u00f3napot t\u00f6lt\u00f6tt a New York-i Residency Unlimited studi\u00f3 rezidenci\u00e1j\u00e1n.\nNemes nagy technikai tud\u00e1ssal \u00e9s precizit\u00e1ssal megalkotott m\u0171veit \u00fajabban a fekete sz\u00edn domin\u00e1ns haszn\u00e1lata hat\u00e1rozza meg. Absztrakt fest\u00e9kfoltok, olajjal megfestett \u00e9rz\u00e9keny r\u00e9szletek \u00e9s azok finom \u00f6sszekapcsol\u00f3d\u00e1sai alkotj\u00e1k a kompoz\u00edci\u00f3kat: a festm\u00e9nyek \u00e1ltal az organikus absztrakci\u00f3 \u00e9s a figurat\u00edv \u00e1br\u00e1zol\u00e1s k\u00fcl\u00f6nleges dial\u00f3gus\u00e1ba nyerhet\u00fcnk betekint\u00e9st. Nemes Anna k\u00e9pz\u0151m\u0171v\u00e9szeti munk\u00e1ss\u00e1ga mellett filmez\u00e9ssel is foglalkozik. Csuja L\u00e1szl\u00f3val k\u00f6z\u00f6sen rendezett Szel\u00edd c\u00edm\u0171 filmje els\u0151 magyar j\u00e1t\u00e9kfilmk\u00e9nt ker\u00fclt be a Sundance Nemzetk\u00f6zi Filmfesztiv\u00e1l versenyprogramj\u00e1ba. \t\t\t\t\t\t\t\t<\/div>\n\t\t\t\t\t\t\t\t\t\t\t\t<\/div>\n\t\t\t\t\t\t\t\t\t<\/a>\n\t\t\t\t\t\t\t<a class=\"e-gallery-item elementor-gallery-item elementor-animated-content\" data-e-gallery-tags=\"1\" href=\"https:\/\/lokart.hu\/wp-content\/uploads\/2025\/06\/portre-1.jpg\" data-elementor-open-lightbox=\"yes\" data-elementor-lightbox-slideshow=\"4f5d14e4\" data-e-action-hash=\"#elementor-action%3Aaction%3Dlightbox%26settings%3DeyJpZCI6NTMxOSwidXJsIjoiaHR0cHM6XC9cL2xva2FydC5odVwvd3AtY29udGVudFwvdXBsb2Fkc1wvMjAyNVwvMDZcL3BvcnRyZS0xLmpwZyIsInNsaWRlc2hvdyI6IjRmNWQxNGU0In0%3D\">\n\t\t\t\t\t<div class=\"e-gallery-image elementor-gallery-item__image\" data-thumbnail=\"https:\/\/lokart.hu\/wp-content\/uploads\/2025\/06\/portre-1.jpg\" data-width=\"567\" data-height=\"567\" aria-label=\"\" role=\"img\" ><\/div>\n\t\t\t\t\t\t\t\t\t\t\t<div class=\"elementor-gallery-item__overlay\"><\/div>\n\t\t\t\t\t\t\t\t\t\t\t\t\t\t\t<div class=\"elementor-gallery-item__content\">\n\t\t\t\t\t\t\t\t\t\t\t\t\t\t<div class=\"elementor-gallery-item__title\">\n\t\t\t\t\t\t\t\t\t\t\t\t\t\t\t\t\t\t\u25c9 NY\u00c1RI ZSOLT \u25c9\t\t\t\t\t\t\t\t<\/div>\n\t\t\t\t\t\t\t\t\t\t\t\t\t\t\t<div class=\"elementor-gallery-item__description\">\n\t\t\t\t\t\t\t\t\t\t\t\t\t\t\t\t\t\tSzobr\u00e1szm\u0171v\u00e9sz, 1991-ben v\u00e9gzett a p\u00e9csi Janus Pannonius Tudo-\nm\u00e1nyegyetemen, majd 1994-ig a K\u00e9pz\u0151m\u0171v\u00e9szeti Mesteriskol\u00e1ban\n\ntanult. 2002\u20132005 k\u00f6z\u00f6tt a P\u00e9csi Tudom\u00e1nyegyetem DLA-hallgat\u00f3ja\nvolt, doktori fokozat\u00e1t 2013-ban szerezte meg. Mestere Bencsik Istv\u00e1n\nvolt. 1998 \u00f3ta a P\u00e9csi M\u0171v\u00e9szeti Gimn\u00e1zium \u00e9s Szakgimn\u00e1zium tan\u00e1ra.\nTagja a B\u00e1zis Szobr\u00e1szegyes\u00fcletnek.\nM\u0171v\u00e9szete a klasszikus szobr\u00e1szati form\u00e1kra \u00e9p\u00fcl, mik\u00f6zben kort\u00e1rs\n\nmegk\u00f6zel\u00edt\u00e9s jellemzi. Sz\u00e1mos egy\u00e9ni \u00e9s csoportos ki\u00e1ll\u00edt\u00e1son szere-\npelt itthon \u00e9s k\u00fclf\u00f6ld\u00f6n, t\u00f6bbek k\u00f6z\u00f6tt P\u00e9csen, Budapesten, B\u00e9csben \u00e9s\n\nEsslingenben. Munk\u00e1i k\u00f6zt\u00e9ri alkot\u00e1sk\u00e9nt is megjelennek, k\u00fcl\u00f6n\u00f6sen\na p\u00e9csi r\u00e9gi\u00f3ban.\t\t\t\t\t\t\t\t<\/div>\n\t\t\t\t\t\t\t\t\t\t\t\t<\/div>\n\t\t\t\t\t\t\t\t\t<\/a>\n\t\t\t\t\t\t\t<a class=\"e-gallery-item elementor-gallery-item elementor-animated-content\" data-e-gallery-tags=\"1\" href=\"https:\/\/lokart.hu\/wp-content\/uploads\/2025\/04\/Nyilas_Marta_Self-Painted-into-Life-II.-2016-oilcanvas-64x60cm-min.jpg\" data-elementor-open-lightbox=\"yes\" data-elementor-lightbox-slideshow=\"4f5d14e4\" data-e-action-hash=\"#elementor-action%3Aaction%3Dlightbox%26settings%3DeyJpZCI6NDY4MiwidXJsIjoiaHR0cHM6XC9cL2xva2FydC5odVwvd3AtY29udGVudFwvdXBsb2Fkc1wvMjAyNVwvMDRcL055aWxhc19NYXJ0YV9TZWxmLVBhaW50ZWQtaW50by1MaWZlLUlJLi0yMDE2LW9pbGNhbnZhcy02NHg2MGNtLW1pbi5qcGciLCJzbGlkZXNob3ciOiI0ZjVkMTRlNCJ9\">\n\t\t\t\t\t<div class=\"e-gallery-image elementor-gallery-item__image\" data-thumbnail=\"https:\/\/lokart.hu\/wp-content\/uploads\/2025\/04\/Nyilas_Marta_Self-Painted-into-Life-II.-2016-oilcanvas-64x60cm-min.jpg\" data-width=\"389\" data-height=\"519\" aria-label=\"\" role=\"img\" ><\/div>\n\t\t\t\t\t\t\t\t\t\t\t<div class=\"elementor-gallery-item__overlay\"><\/div>\n\t\t\t\t\t\t\t\t\t\t\t\t\t\t\t<div class=\"elementor-gallery-item__content\">\n\t\t\t\t\t\t\t\t\t\t\t\t\t\t<div class=\"elementor-gallery-item__title\">\n\t\t\t\t\t\t\t\t\t\t\t\t\t\t\t\t\t\t\u25c9 NYILAS M\u00c1RTA \u25c9\t\t\t\t\t\t\t\t<\/div>\n\t\t\t\t\t\t\t\t\t\t\t\t\t\t\t<div class=\"elementor-gallery-item__description\">\n\t\t\t\t\t\t\t\t\t\t\t\t\t\t\t\t\t\tNyilas M\u00e1rta (sz. 1967, Kolozsv\u00e1r) k\u00e9pz\u0151m\u0171v\u00e9sz, fest\u0151. A kolozsv\u00e1ri \u201eIoan Andreescu\u201d K\u00e9pz\u0151m\u0171v\u00e9szeti Akad\u00e9mi\u00e1n kezdte tanulm\u00e1nyait, majd a p\u00e9csi Janus Pannonius Tudom\u00e1nyegyetemen \u00e9s a M\u0171v\u00e9szeti Kar doktori k\u00e9pz\u0151j\u00e9ben folytatta, ahol DLA-fokozatot (2005), k\u00e9s\u0151bb habilit\u00e1ci\u00f3t (2009) szerzett. Mestere Keser\u00fc Ilona volt. M\u0171v\u00e9szet\u00e9ben a fest\u00e9szet, textil \u00e9s intermedi\u00e1lis kifejez\u00e9sm\u00f3dok tal\u00e1lkoznak. Munk\u00e1it sz\u00e1mos hazai \u00e9s nemzetk\u00f6zi egy\u00e9ni \u00e9s csoportos ki\u00e1ll\u00edt\u00e1son mutatta be (Budapest, R\u00f3ma, Kolozsv\u00e1r, Szentendre). D\u00edjai \u00e9s \u00f6szt\u00f6nd\u00edjai k\u00f6zt szerepel a Derkovits-\u00f6szt\u00f6nd\u00edj, a Nemzeti Kultur\u00e1lis Alap t\u00e1mogat\u00e1sa, valamint r\u00f3mai \u00f6szt\u00f6nd\u00edjak. Oktat\u00e1si \u00e9s kur\u00e1tori tev\u00e9kenys\u00e9ge mellett akt\u00edv m\u0171v\u00e9szk\u00e9nt rendszeresen publik\u00e1l \u00e9s szerepel szakmai rendezv\u00e9nyeken.\t\t\t\t\t\t\t\t<\/div>\n\t\t\t\t\t\t\t\t\t\t\t\t<\/div>\n\t\t\t\t\t\t\t\t\t<\/a>\n\t\t\t\t\t\t\t<a class=\"e-gallery-item elementor-gallery-item elementor-animated-content\" data-e-gallery-tags=\"1\" href=\"https:\/\/lokart.hu\/wp-content\/uploads\/2025\/06\/IMG_3869-1-scaled.jpeg\" data-elementor-open-lightbox=\"yes\" data-elementor-lightbox-slideshow=\"4f5d14e4\" data-e-action-hash=\"#elementor-action%3Aaction%3Dlightbox%26settings%3DeyJpZCI6NTI3MSwidXJsIjoiaHR0cHM6XC9cL2xva2FydC5odVwvd3AtY29udGVudFwvdXBsb2Fkc1wvMjAyNVwvMDZcL0lNR18zODY5LTEtc2NhbGVkLmpwZWciLCJzbGlkZXNob3ciOiI0ZjVkMTRlNCJ9\">\n\t\t\t\t\t<div class=\"e-gallery-image elementor-gallery-item__image\" data-thumbnail=\"https:\/\/lokart.hu\/wp-content\/uploads\/2025\/06\/IMG_3869-1-768x768.jpeg\" data-width=\"768\" data-height=\"768\" aria-label=\"\" role=\"img\" ><\/div>\n\t\t\t\t\t\t\t\t\t\t\t<div class=\"elementor-gallery-item__overlay\"><\/div>\n\t\t\t\t\t\t\t\t\t\t\t\t\t\t\t<div class=\"elementor-gallery-item__content\">\n\t\t\t\t\t\t\t\t\t\t\t\t\t\t<div class=\"elementor-gallery-item__title\">\n\t\t\t\t\t\t\t\t\t\t\t\t\t\t\t\t\t\t\u25c9 NY\u00cdRI ORSOLYA \u25c9\t\t\t\t\t\t\t\t<\/div>\n\t\t\t\t\t\t\t\t\t\t\t\t\t\t\t<div class=\"elementor-gallery-item__description\">\n\t\t\t\t\t\t\t\t\t\t\t\t\t\t\t\t\t\tNy\u00edri Orsolya (1995, Kaposv\u00e1r) Budapesten \u00e9l \u00e9s dolgozik, 2023 \u00f3ta az art quarter budapest m\u0171v\u00e9szeti k\u00f6z\u00f6ss\u00e9g tagja. Tanulm\u00e1nyait a Zichy Mih\u00e1ly Iparm\u0171v\u00e9szeti Szakgimn\u00e1ziumban kezdte, majd a Magyar K\u00e9pz\u0151m\u0171v\u00e9szeti Egyetem fest\u0151m\u0171v\u00e9sz szak\u00e1n szerzett diplom\u00e1t. Munk\u00e1iban gyakran reflekt\u00e1l a popul\u00e1ris kult\u00far\u00e1ra, a vizu\u00e1lis k\u00f6zhelyekre \u00e9s a n\u0151i reprezent\u00e1ci\u00f3 k\u00e9rd\u00e9seire. Sz\u00e1mos egy\u00e9ni \u00e9s csoportos ki\u00e1ll\u00edt\u00e1son szerepelt, t\u00f6bbek k\u00f6zt a Moln\u00e1r Ani Gal\u00e9ri\u00e1ban, a Q Contemporaryben, valamint az Aurora Project Space-ben. Legfrissebb egy\u00e9ni ki\u00e1ll\u00edt\u00e1sa \u201eAz akarat er\u0151s, de a h\u00fas gyenge\u201d c\u00edmmel volt l\u00e1that\u00f3 a Horizont Gal\u00e9ri\u00e1ban. Publik\u00e1ci\u00f3i megjelentek t\u00f6bbek k\u00f6z\u00f6tt az Artportal, a Magyar Narancs \u00e9s az Artkartell fel\u00fcletein. Tagja a Fiatal K\u00e9pz\u0151m\u0171v\u00e9szek St\u00fadi\u00f3ja Egyes\u00fcletnek (FKSE) \u00e9s az Odd Spot m\u0171v\u00e9szeti k\u00f6z\u00f6ss\u00e9gnek.\t\t\t\t\t\t\t\t<\/div>\n\t\t\t\t\t\t\t\t\t\t\t\t<\/div>\n\t\t\t\t\t\t\t\t\t<\/a>\n\t\t\t\t\t\t\t<a class=\"e-gallery-item elementor-gallery-item elementor-animated-content\" data-e-gallery-tags=\"1\" href=\"https:\/\/lokart.hu\/wp-content\/uploads\/2025\/05\/IzOztat_portrait-1-1-min-1-scaled.jpg\" data-elementor-open-lightbox=\"yes\" data-elementor-lightbox-slideshow=\"4f5d14e4\" data-e-action-hash=\"#elementor-action%3Aaction%3Dlightbox%26settings%3DeyJpZCI6NDk3NSwidXJsIjoiaHR0cHM6XC9cL2xva2FydC5odVwvd3AtY29udGVudFwvdXBsb2Fkc1wvMjAyNVwvMDVcL0l6T3p0YXRfcG9ydHJhaXQtMS0xLW1pbi0xLXNjYWxlZC5qcGciLCJzbGlkZXNob3ciOiI0ZjVkMTRlNCJ9\">\n\t\t\t\t\t<div class=\"e-gallery-image elementor-gallery-item__image\" data-thumbnail=\"https:\/\/lokart.hu\/wp-content\/uploads\/2025\/05\/IzOztat_portrait-1-1-min-1-768x768.jpg\" data-width=\"768\" data-height=\"768\" aria-label=\"\" role=\"img\" ><\/div>\n\t\t\t\t\t\t\t\t\t\t\t<div class=\"elementor-gallery-item__overlay\"><\/div>\n\t\t\t\t\t\t\t\t\t\t\t\t\t\t\t<div class=\"elementor-gallery-item__content\">\n\t\t\t\t\t\t\t\t\t\t\t\t\t\t<div class=\"elementor-gallery-item__title\">\n\t\t\t\t\t\t\t\t\t\t\t\t\t\t\t\t\t\t\u25c9 \u0130Z \u00d6ZTAT \u25c9\t\t\t\t\t\t\t\t<\/div>\n\t\t\t\t\t\t\t\t\t\t\t\t\t\t\t<div class=\"elementor-gallery-item__description\">\n\t\t\t\t\t\t\t\t\t\t\t\t\t\t\t\t\t\t\u0130z \u00d6ztat m\u0171v\u00e9szeti gyakorlata \u2013 legyen az egy\u00e9ni vagy kollekt\u00edv \u2013 kutat\u00e1salap\u00fa \u00e9s m\u00e9diumokban gazdagon r\u00e9tegzett. Munk\u00e1iban az er\u0151szakos t\u00f6rt\u00e9nelmi m\u00falt tart\u00f3ss\u00e1g\u00e1t vizsg\u00e1lja form\u00e1kon, anyagokon, tereken \u00e9s nyelvi strukt\u00far\u00e1kon kereszt\u00fcl. 2024\u20132025-ben a Berlini M\u0171v\u00e9szeti Kutat\u00e1si Program \u00f6szt\u00f6nd\u00edjasa. Tudom\u00e1nyos cikkei, essz\u00e9i \u00e9s fikci\u00f3s sz\u00f6vegei sz\u00e1mos f\u00f3rumon jelentek meg. Az oktat\u00e1s \u00e9s a m\u0171v\u00e9szet metsz\u00e9spontj\u00e1n dolgozott, int\u00e9zm\u00e9nyi, akad\u00e9miai \u00e9s \u00f6nszervez\u0151d\u0151 keretek k\u00f6z\u00f6tt is. V\u00e1logatott ki\u00e1ll\u00edt\u00e1sai k\u00f6z\u00e9 tartozik a Self-determination: A Global Perspective (IMMA, Dublin, 2023), The Colony (Schwules Museum, Berlin, 2018), Tamawuj (Sharjah Bienn\u00e1le 13, 2017), Land without Land (Heidelberger Kunstverein, 2016) \u00e9s Salt Water: A Theory on Thought Forms (14. Isztambuli Bienn\u00e1le, 2015).\t\t\t\t\t\t\t\t<\/div>\n\t\t\t\t\t\t\t\t\t\t\t\t<\/div>\n\t\t\t\t\t\t\t\t\t<\/a>\n\t\t\t\t\t\t\t<a class=\"e-gallery-item elementor-gallery-item elementor-animated-content\" data-e-gallery-tags=\"1\" href=\"https:\/\/lokart.hu\/wp-content\/uploads\/2025\/06\/Petranyi_Luca-Portre-1.jpg\" data-elementor-open-lightbox=\"yes\" data-elementor-lightbox-slideshow=\"4f5d14e4\" data-e-action-hash=\"#elementor-action%3Aaction%3Dlightbox%26settings%3DeyJpZCI6NTI3MiwidXJsIjoiaHR0cHM6XC9cL2xva2FydC5odVwvd3AtY29udGVudFwvdXBsb2Fkc1wvMjAyNVwvMDZcL1BldHJhbnlpX0x1Y2EtUG9ydHJlLTEuanBnIiwic2xpZGVzaG93IjoiNGY1ZDE0ZTQifQ%3D%3D\">\n\t\t\t\t\t<div class=\"e-gallery-image elementor-gallery-item__image\" data-thumbnail=\"https:\/\/lokart.hu\/wp-content\/uploads\/2025\/06\/Petranyi_Luca-Portre-1-768x768.jpg\" data-width=\"768\" data-height=\"768\" aria-label=\"\" role=\"img\" ><\/div>\n\t\t\t\t\t\t\t\t\t\t\t<div class=\"elementor-gallery-item__overlay\"><\/div>\n\t\t\t\t\t\t\t\t\t\t\t\t\t\t\t<div class=\"elementor-gallery-item__content\">\n\t\t\t\t\t\t\t\t\t\t\t\t\t\t<div class=\"elementor-gallery-item__title\">\n\t\t\t\t\t\t\t\t\t\t\t\t\t\t\t\t\t\t\u25c9 PETR\u00c1NYI LUCA \u25c9\t\t\t\t\t\t\t\t<\/div>\n\t\t\t\t\t\t\t\t\t\t\t\t\t\t\t<div class=\"elementor-gallery-item__description\">\n\t\t\t\t\t\t\t\t\t\t\t\t\t\t\t\t\t\tPetr\u00e1nyi Luca \u00e9p\u00edt\u0151m\u0171v\u00e9sz, k\u00e9pz\u0151m\u0171v\u00e9sz \u00e9s kur\u00e1tor. M\u0171v\u00e9szeti gyakorlata az \u00e9p\u00edt\u00e9szet, a k\u00e9pz\u0151m\u0171v\u00e9szet, a performansz \u00e9s a k\u00f6z\u00f6ss\u00e9gi m\u0171v\u00e9szet hat\u00e1rter\u00fcletein mozog. A MOME \u00e9p\u00edt\u0151m\u0171v\u00e9sz szak\u00e1n diplom\u00e1zott 2018-ban, doktori tanulm\u00e1nyait is itt folytatja. Munk\u00e1it t\u00f6bbek k\u00f6z\u00f6tt a Merapi vulk\u00e1nn\u00e1l v\u00e9gzett terepkutat\u00e1s inspir\u00e1lta, diplom\u00e1ja finalistak\u00e9nt szerepelt a nemzetk\u00f6zi YTAA d\u00edjon. Tanulm\u00e1nyait Indon\u00e9zi\u00e1ban is folytatta, ahol tradicion\u00e1lis t\u00e1ncot, batikot \u00e9s grafik\u00e1t tanult. Sz\u00e1mos nemzetk\u00f6zi \u00e9s hazai ki\u00e1ll\u00edt\u00e1son vett r\u00e9szt alkot\u00f3k\u00e9nt \u00e9s kur\u00e1tork\u00e9nt is. A Useless Galeri kur\u00e1tori du\u00f3 t\u00e1rsalap\u00edt\u00f3ja, a FKSE vezet\u0151s\u00e9gi tagja, \u00e9s alap\u00edt\u00f3ja a k\u00f6z\u00f6ss\u00e9gi f\u00f3kusz\u00fa B\u00e1bel projektnek. Munk\u00e1i \u00e9rz\u00e9kenyen reflekt\u00e1lnak identit\u00e1sra, k\u00f6z\u00f6ss\u00e9gekre \u00e9s a kultur\u00e1lis \u00e1tj\u00e1rhat\u00f3s\u00e1g k\u00e9rd\u00e9seire.\t\t\t\t\t\t\t\t<\/div>\n\t\t\t\t\t\t\t\t\t\t\t\t<\/div>\n\t\t\t\t\t\t\t\t\t<\/a>\n\t\t\t\t\t\t\t<a class=\"e-gallery-item elementor-gallery-item elementor-animated-content\" data-e-gallery-tags=\"1\" href=\"https:\/\/lokart.hu\/wp-content\/uploads\/2025\/05\/portreIMG_20231127_141651_569_-PHOTO_-DANIEL-DORKO-1-scaled.jpg\" data-elementor-open-lightbox=\"yes\" data-elementor-lightbox-slideshow=\"4f5d14e4\" data-e-action-hash=\"#elementor-action%3Aaction%3Dlightbox%26settings%3DeyJpZCI6NDk4MSwidXJsIjoiaHR0cHM6XC9cL2xva2FydC5odVwvd3AtY29udGVudFwvdXBsb2Fkc1wvMjAyNVwvMDVcL3BvcnRyZUlNR18yMDIzMTEyN18xNDE2NTFfNTY5Xy1QSE9UT18tREFOSUVMLURPUktPLTEtc2NhbGVkLmpwZyIsInNsaWRlc2hvdyI6IjRmNWQxNGU0In0%3D\">\n\t\t\t\t\t<div class=\"e-gallery-image elementor-gallery-item__image\" data-thumbnail=\"https:\/\/lokart.hu\/wp-content\/uploads\/2025\/05\/portreIMG_20231127_141651_569_-PHOTO_-DANIEL-DORKO-1-768x768.jpg\" data-width=\"768\" data-height=\"768\" aria-label=\"\" role=\"img\" ><\/div>\n\t\t\t\t\t\t\t\t\t\t\t<div class=\"elementor-gallery-item__overlay\"><\/div>\n\t\t\t\t\t\t\t\t\t\t\t\t\t\t\t<div class=\"elementor-gallery-item__content\">\n\t\t\t\t\t\t\t\t\t\t\t\t\t\t<div class=\"elementor-gallery-item__title\">\n\t\t\t\t\t\t\t\t\t\t\t\t\t\t\t\t\t\t\u25c9 P\u00c9LI BARNA \u25c9\t\t\t\t\t\t\t\t<\/div>\n\t\t\t\t\t\t\t\t\t\t\t\t\t\t\t<div class=\"elementor-gallery-item__description\">\n\t\t\t\t\t\t\t\t\t\t\t\t\t\t\t\t\t\t1972-ben sz\u00fcletett Nagyv\u00e1radon, Rom\u00e1ni\u00e1ban. Budapesten \u00e9l \u00e9s dolgozik. 1994 \u00e9s 2000 k\u00f6z\u00f6tt a Magyar K\u00e9pz\u0151m\u0171v\u00e9szeti Egyetem szobr\u00e1sz szak\u00e1n tanult. Egy\u00e9ni ki\u00e1ll\u00edt\u00e1sai jelent\u0151s budapesti helysz\u00edneken ker\u00fcltek megrendez\u00e9sre, k\u00f6zt\u00fck a Traf\u00f3 Gal\u00e9ri\u00e1ban, Horizont Gal\u00e9ri\u00e1ban, Art9 Gal\u00e9ri\u00e1ban \u00e9s a Dovin Gal\u00e9ri\u00e1ban. Munk\u00e1ss\u00e1ga sor\u00e1n rendszeresen egy\u00fcttm\u0171k\u00f6d\u00f6tt Galbovy Attil\u00e1val \u00e9s Kov\u00e1ch Gerg\u0151vel. Sz\u00e1mos hazai \u00e9s nemzetk\u00f6zi csoportos ki\u00e1ll\u00edt\u00e1son szerepelt, p\u00e9ld\u00e1ul a M\u0171csarnokban, a MODEM-ben, a budapesti Art Marketen, valamint a p\u00e1rizsi Art Paris \u00e9s a k\u00f6lni Art Cologne v\u00e1s\u00e1rokon. M\u0171vei megtal\u00e1lhat\u00f3k t\u00f6bbek k\u00f6z\u00f6tt a Paksi K\u00e9pt\u00e1r, a Duna\u00fajv\u00e1rosi Kort\u00e1rs M\u0171v\u00e9szeti Int\u00e9zet \u00e9s a MEO Kort\u00e1rs M\u0171v\u00e9szeti Gy\u0171jtem\u00e9ny kollekci\u00f3iban. D\u00edjai k\u00f6z\u00e9 tartozik a Derkovits-\u00f6szt\u00f6nd\u00edj (2004\u20132006), a Herczeg Kl\u00e1ra-d\u00edj (2004, Galbovy Attil\u00e1val megosztva) \u00e9s a Herman Lip\u00f3t-d\u00edj (2000).\t\t\t\t\t\t\t\t<\/div>\n\t\t\t\t\t\t\t\t\t\t\t\t<\/div>\n\t\t\t\t\t\t\t\t\t<\/a>\n\t\t\t\t\t\t\t<a class=\"e-gallery-item elementor-gallery-item elementor-animated-content\" data-e-gallery-tags=\"1\" href=\"https:\/\/lokart.hu\/wp-content\/uploads\/2025\/06\/pinczehelyi_andras-1.jpg\" data-elementor-open-lightbox=\"yes\" data-elementor-lightbox-slideshow=\"4f5d14e4\" data-e-action-hash=\"#elementor-action%3Aaction%3Dlightbox%26settings%3DeyJpZCI6NTE2NywidXJsIjoiaHR0cHM6XC9cL2xva2FydC5odVwvd3AtY29udGVudFwvdXBsb2Fkc1wvMjAyNVwvMDZcL3BpbmN6ZWhlbHlpX2FuZHJhcy0xLmpwZyIsInNsaWRlc2hvdyI6IjRmNWQxNGU0In0%3D\">\n\t\t\t\t\t<div class=\"e-gallery-image elementor-gallery-item__image\" data-thumbnail=\"https:\/\/lokart.hu\/wp-content\/uploads\/2025\/06\/pinczehelyi_andras-1-768x768.jpg\" data-width=\"768\" data-height=\"768\" aria-label=\"\" role=\"img\" ><\/div>\n\t\t\t\t\t\t\t\t\t\t\t<div class=\"elementor-gallery-item__overlay\"><\/div>\n\t\t\t\t\t\t\t\t\t\t\t\t\t\t\t<div class=\"elementor-gallery-item__content\">\n\t\t\t\t\t\t\t\t\t\t\t\t\t\t<div class=\"elementor-gallery-item__title\">\n\t\t\t\t\t\t\t\t\t\t\t\t\t\t\t\t\t\t\u25c9 PINCZEHELYI ANDR\u00c1S \u25c9\t\t\t\t\t\t\t\t<\/div>\n\t\t\t\t\t\t\t\t\t\t\t\t\t\t\t<div class=\"elementor-gallery-item__description\">\n\t\t\t\t\t\t\t\t\t\t\t\t\t\t\t\t\t\tPinczehelyi Andr\u00e1s (1982, P\u00e9cs) fest\u0151m\u0171v\u00e9sz, aki a kort\u00e1rs figurat\u00edv fest\u00e9szet egyik izgalmas hazai k\u00e9pvisel\u0151je. 2008-ban diplom\u00e1zott a P\u00e9csi Tudom\u00e1nyegyetem M\u0171v\u00e9szeti Kar\u00e1n, \u00e9s ugyanebben az \u00e9vben lett a Magyar Alkot\u00f3m\u0171v\u00e9szek Orsz\u00e1gos Egyes\u00fclet\u00e9nek tagja. Munk\u00e1i rendszeresen szerepelnek hazai \u00e9s nemzetk\u00f6zi ki\u00e1ll\u00edt\u00e1sokon, k\u00fcl\u00f6n\u00f6sen a stuttgarti Dengler und Dengler Gal\u00e9ri\u00e1ban. 2011-ben elnyerte a R\u00f3mai Magyar Akad\u00e9mia \u00f6szt\u00f6nd\u00edj\u00e1t, 2011-ben az Esterh\u00e1zy M\u0171v\u00e9szeti D\u00edj d\u00f6nt\u0151se volt. Alkot\u00e1sait gyakran jellemzi finom ir\u00f3nia, pszichol\u00f3giai \u00e9rz\u00e9kenys\u00e9g \u00e9s a h\u00e9tk\u00f6znapi t\u00e1rgyak szimbolikus \u00fajragondol\u00e1sa. Fest\u00e9szet\u00e9n t\u00fal performanszokkal, d\u00edszlettervez\u00e9ssel \u00e9s egy\u00fcttm\u0171k\u00f6d\u00e9sen alapul\u00f3 projektekkel is foglalkozik. Meghat\u00e1roz\u00f3 alakja a p\u00e9csi kort\u00e1rs k\u00e9pz\u0151m\u0171v\u00e9szeti k\u00f6zegnek.\t\t\t\t\t\t\t\t<\/div>\n\t\t\t\t\t\t\t\t\t\t\t\t<\/div>\n\t\t\t\t\t\t\t\t\t<\/a>\n\t\t\t\t\t\t\t<a class=\"e-gallery-item elementor-gallery-item elementor-animated-content\" data-e-gallery-tags=\"1\" href=\"https:\/\/lokart.hu\/wp-content\/uploads\/2025\/06\/2025_Pinczehelyi-Sandor_-foTOTH-1-min-1-scaled.jpg\" data-elementor-open-lightbox=\"yes\" data-elementor-lightbox-slideshow=\"4f5d14e4\" data-e-action-hash=\"#elementor-action%3Aaction%3Dlightbox%26settings%3DeyJpZCI6NTIwNiwidXJsIjoiaHR0cHM6XC9cL2xva2FydC5odVwvd3AtY29udGVudFwvdXBsb2Fkc1wvMjAyNVwvMDZcLzIwMjVfUGluY3plaGVseWktU2FuZG9yXy1mb1RPVEgtMS1taW4tMS1zY2FsZWQuanBnIiwic2xpZGVzaG93IjoiNGY1ZDE0ZTQifQ%3D%3D\">\n\t\t\t\t\t<div class=\"e-gallery-image elementor-gallery-item__image\" data-thumbnail=\"https:\/\/lokart.hu\/wp-content\/uploads\/2025\/06\/2025_Pinczehelyi-Sandor_-foTOTH-1-min-1-768x768.jpg\" data-width=\"768\" data-height=\"768\" aria-label=\"\" role=\"img\" ><\/div>\n\t\t\t\t\t\t\t\t\t\t\t<div class=\"elementor-gallery-item__overlay\"><\/div>\n\t\t\t\t\t\t\t\t\t\t\t\t\t\t\t<div class=\"elementor-gallery-item__content\">\n\t\t\t\t\t\t\t\t\t\t\t\t\t\t<div class=\"elementor-gallery-item__title\">\n\t\t\t\t\t\t\t\t\t\t\t\t\t\t\t\t\t\t\u25c9 PINCZEHELYI S\u00c1NDOR \u25c9\t\t\t\t\t\t\t\t<\/div>\n\t\t\t\t\t\t\t\t\t\t\t\t\t\t\t<div class=\"elementor-gallery-item__description\">\n\t\t\t\t\t\t\t\t\t\t\t\t\t\t\t\t\t\tPinczehelyi S\u00e1ndor (1946, Szigetv\u00e1r) k\u00e9pz\u0151m\u0171v\u00e9sz, a magyar avantg\u00e1rd \u00e9s posztavantg\u00e1rd egyik meghat\u00e1roz\u00f3 alakja. A P\u00e9csi M\u0171hely alap\u00edt\u00f3 tagja, fest\u0151, grafikus \u00e9s a magyar plak\u00e1tm\u0171v\u00e9szet kiemelked\u0151 k\u00e9pvisel\u0151je. 1977\u20131999 k\u00f6z\u00f6tt a P\u00e9csi Gal\u00e9ria vezet\u0151je, sz\u00e1mos hazai \u00e9s nemzetk\u00f6zi ki\u00e1ll\u00edt\u00e1s szervez\u0151je. 2001\u20132005 k\u00f6z\u00f6tt a PTE M\u0171v\u00e9szeti Kar Vizu\u00e1lis M\u0171v\u00e9szeti Int\u00e9zet\u00e9nek igazgat\u00f3ja. M\u0171vei szerepeltek t\u00f6bbek k\u00f6z\u00f6tt a Velencei Bienn\u00e1l\u00e9n (1988), sz\u00e1mos m\u00fazeum \u00e9s mag\u00e1ngy\u0171jtem\u00e9ny \u0151rzi alkot\u00e1sait. Alap\u00edt\u00f3ja a DOPP plak\u00e1tcsoportnak \u00e9s a Magyar Plak\u00e1t T\u00e1rsas\u00e1gnak, melynek eln\u00f6ke is volt. Munk\u00e1ss\u00e1g\u00e1t t\u00f6bbek k\u00f6z\u00f6tt Munk\u00e1csy-d\u00edjjal, \u00c9rdemes \u00e9s Kiv\u00e1l\u00f3 M\u0171v\u00e9sz c\u00edmmel, valamint a Magyar \u00c9rdemrend Tisztikeresztj\u00e9vel ismert\u00e9k el. 2013-t\u00f3l a Sz\u00e9chenyi Irodalmi \u00e9s M\u0171v\u00e9szeti Akad\u00e9mia rendes tagja.\t\t\t\t\t\t\t\t<\/div>\n\t\t\t\t\t\t\t\t\t\t\t\t<\/div>\n\t\t\t\t\t\t\t\t\t<\/a>\n\t\t\t\t\t\t\t<a class=\"e-gallery-item elementor-gallery-item elementor-animated-content\" data-e-gallery-tags=\"1\" href=\"https:\/\/lokart.hu\/wp-content\/uploads\/2025\/05\/IMG_4172-1-scaled.jpg\" data-elementor-open-lightbox=\"yes\" data-elementor-lightbox-slideshow=\"4f5d14e4\" data-e-action-hash=\"#elementor-action%3Aaction%3Dlightbox%26settings%3DeyJpZCI6NDgyNywidXJsIjoiaHR0cHM6XC9cL2xva2FydC5odVwvd3AtY29udGVudFwvdXBsb2Fkc1wvMjAyNVwvMDVcL0lNR180MTcyLTEtc2NhbGVkLmpwZyIsInNsaWRlc2hvdyI6IjRmNWQxNGU0In0%3D\">\n\t\t\t\t\t<div class=\"e-gallery-image elementor-gallery-item__image\" data-thumbnail=\"https:\/\/lokart.hu\/wp-content\/uploads\/2025\/05\/IMG_4172-1-768x1024.jpg\" data-width=\"768\" data-height=\"1024\" aria-label=\"\" role=\"img\" ><\/div>\n\t\t\t\t\t\t\t\t\t\t\t<div class=\"elementor-gallery-item__overlay\"><\/div>\n\t\t\t\t\t\t\t\t\t\t\t\t\t\t\t<div class=\"elementor-gallery-item__content\">\n\t\t\t\t\t\t\t\t\t\t\t\t\t\t<div class=\"elementor-gallery-item__title\">\n\t\t\t\t\t\t\t\t\t\t\t\t\t\t\t\t\t\t\u25c9 PIR\u00d3TH T\u00cdMEA \u25c9\t\t\t\t\t\t\t\t<\/div>\n\t\t\t\t\t\t\t\t\t\t\t\t\t\t\t<div class=\"elementor-gallery-item__description\">\n\t\t\t\t\t\t\t\t\t\t\t\t\t\t\t\t\t\tPir\u00f3th T\u00edmea (1991) Budapesten \u00e9l\u0151 \u00e9s alkot\u00f3 k\u00e9pz\u0151m\u0171v\u00e9sz. 2015-ben v\u00e9gzett a Magyar K\u00e9pz\u0151m\u0171v\u00e9szeti Egyetem fest\u0151 szak\u00e1n. Munk\u00e1ss\u00e1ga az abject vizu\u00e1lis elemz\u00e9s\u00e9n alapul. Abject a kritikai elm\u00e9letben az, ami a norm\u00e1kt\u00f3l \u00e9s szab\u00e1lyokt\u00f3l val\u00f3 elvetetts\u00e9gre \u00e9s elszakad\u00e1sra utal, k\u00fcl\u00f6n\u00f6sen a t\u00e1rsadalom \u00e9s az erk\u00f6lcs szintj\u00e9n.\nAz undorral vagy rendelleness\u00e9ggel val\u00f3 tal\u00e1lkoz\u00e1s okozta k\u00e9ts\u00e9g \u00e9s zsigeri \u00e9rz\u00e9s bemutat\u00e1sa a munk\u00e1i f\u0151 inspir\u00e1ci\u00f3ja.\t\t\t\t\t\t\t\t<\/div>\n\t\t\t\t\t\t\t\t\t\t\t\t<\/div>\n\t\t\t\t\t\t\t\t\t<\/a>\n\t\t\t\t\t\t\t<a class=\"e-gallery-item elementor-gallery-item elementor-animated-content\" data-e-gallery-tags=\"1\" href=\"https:\/\/lokart.hu\/wp-content\/uploads\/2025\/06\/moholy-130-kuttner-adam008-1_prof-1.jpg\" data-elementor-open-lightbox=\"yes\" data-elementor-lightbox-slideshow=\"4f5d14e4\" data-e-action-hash=\"#elementor-action%3Aaction%3Dlightbox%26settings%3DeyJpZCI6NTI5OSwidXJsIjoiaHR0cHM6XC9cL2xva2FydC5odVwvd3AtY29udGVudFwvdXBsb2Fkc1wvMjAyNVwvMDZcL21vaG9seS0xMzAta3V0dG5lci1hZGFtMDA4LTFfcHJvZi0xLmpwZyIsInNsaWRlc2hvdyI6IjRmNWQxNGU0In0%3D\">\n\t\t\t\t\t<div class=\"e-gallery-image elementor-gallery-item__image\" data-thumbnail=\"https:\/\/lokart.hu\/wp-content\/uploads\/2025\/06\/moholy-130-kuttner-adam008-1_prof-1-768x766.jpg\" data-width=\"768\" data-height=\"766\" aria-label=\"\" role=\"img\" ><\/div>\n\t\t\t\t\t\t\t\t\t\t\t<div class=\"elementor-gallery-item__overlay\"><\/div>\n\t\t\t\t\t\t\t\t\t\t\t\t\t\t\t<div class=\"elementor-gallery-item__content\">\n\t\t\t\t\t\t\t\t\t\t\t\t\t\t<div class=\"elementor-gallery-item__title\">\n\t\t\t\t\t\t\t\t\t\t\t\t\t\t\t\t\t\t\u25c9 REINING VIVIEN \u25c9\t\t\t\t\t\t\t\t<\/div>\n\t\t\t\t\t\t\t\t\t\t\t\t\t\t\t<div class=\"elementor-gallery-item__description\">\n\t\t\t\t\t\t\t\t\t\t\t\t\t\t\t\t\t\tREINING Vivien 1999-ben sz\u00fcletett Moh\u00e1cson. 2019-ben a P\u00e9csi M\u0171v\u00e9szeti Gimn\u00e1zium \u00e9s Szakgimn\u00e1zium ker\u00e1mia szak\u00e1n v\u00e9gzett, majd 2024-ben diplom\u00e1zott a Magyar K\u00e9pz\u0151m\u0171v\u00e9szeti Egyetem k\u00e9pgrafika szak\u00e1n. Jelenleg ugyanitt k\u00e9pz\u0151m\u0171v\u00e9sz-tan\u00e1r szakon tanul, amelyet 2025 nyar\u00e1n fejez be.\nM\u0171v\u00e9szeti gyakorlata az anyag, technika \u00e9s t\u00e9ma szoros egys\u00e9g\u00e9re \u00e9p\u00fcl. K\u00f6zponti k\u00e9rd\u00e9sei a csal\u00e1di eml\u00e9kezet, az eml\u00e9kek szem\u00e9lyes feldolgoz\u00e1sa, az elm\u00fal\u00e1s, a felejt\u00e9s \u00e9s az eml\u00e9kez\u00e9s. Munk\u00e1i nemcsak ezek \u00e9rz\u00e9keny lek\u00e9pez\u00e9sei, hanem elemz\u0151 reflexi\u00f3k is azok m\u0171k\u00f6d\u00e9s\u00e9r\u0151l. Gyakran efemer, id\u0151vel v\u00e1ltoz\u00f3 anyagokat alkalmaz, melyek az alkot\u00e1s r\u00e9sz\u00e9v\u00e9 v\u00e1lva saj\u00e1t t\u00f6rv\u00e9nyszer\u0171s\u00e9geik szerint form\u00e1l\u00f3dnak tov\u00e1bb, \u00edgy maguk is r\u00e9szt vesznek a jelent\u00e9sk\u00e9pz\u00e9sben.\t\t\t\t\t\t\t\t<\/div>\n\t\t\t\t\t\t\t\t\t\t\t\t<\/div>\n\t\t\t\t\t\t\t\t\t<\/a>\n\t\t\t\t\t\t\t<a class=\"e-gallery-item elementor-gallery-item elementor-animated-content\" data-e-gallery-tags=\"1\" href=\"https:\/\/lokart.hu\/wp-content\/uploads\/2025\/06\/Rezsonya-Kata-CVportre-2.jpg\" data-elementor-open-lightbox=\"yes\" data-elementor-lightbox-slideshow=\"4f5d14e4\" data-e-action-hash=\"#elementor-action%3Aaction%3Dlightbox%26settings%3DeyJpZCI6NTQxOSwidXJsIjoiaHR0cHM6XC9cL2xva2FydC5odVwvd3AtY29udGVudFwvdXBsb2Fkc1wvMjAyNVwvMDZcL1JlenNvbnlhLUthdGEtQ1Zwb3J0cmUtMi5qcGciLCJzbGlkZXNob3ciOiI0ZjVkMTRlNCJ9\">\n\t\t\t\t\t<div class=\"e-gallery-image elementor-gallery-item__image\" data-thumbnail=\"https:\/\/lokart.hu\/wp-content\/uploads\/2025\/06\/Rezsonya-Kata-CVportre-2-768x768.jpg\" data-width=\"768\" data-height=\"768\" aria-label=\"\" role=\"img\" ><\/div>\n\t\t\t\t\t\t\t\t\t\t\t<div class=\"elementor-gallery-item__overlay\"><\/div>\n\t\t\t\t\t\t\t\t\t\t\t\t\t\t\t<div class=\"elementor-gallery-item__content\">\n\t\t\t\t\t\t\t\t\t\t\t\t\t\t<div class=\"elementor-gallery-item__title\">\n\t\t\t\t\t\t\t\t\t\t\t\t\t\t\t\t\t\t\u25c9 REZSONYA KATALIN \u25c9\t\t\t\t\t\t\t\t<\/div>\n\t\t\t\t\t\t\t\t\t\t\t\t\t\t\t<div class=\"elementor-gallery-item__description\">\n\t\t\t\t\t\t\t\t\t\t\t\t\t\t\t\t\t\tRezsonya Katalin szobr\u00e1szm\u0171v\u00e9sz, DLA-fokozat\u00e1t 2001-ben szerezte meg a P\u00e9csi Tudom\u00e1nyegyetemen. M\u0171v\u00e9szeti tanulm\u00e1nyait a JPTE-n kezdte R\u00e9tfalvi S\u00e1ndor tan\u00edtv\u00e1nyak\u00e9nt, majd a PTE K\u00e9pz\u0151m\u0171v\u00e9szeti Mesteriskol\u00e1n \u00e9s a Wimbledon School of Arton folytatta. 2008 \u00e9s 2022 k\u00f6z\u00f6tt a PTE M\u0171v\u00e9szeti Kar\u00e1n oktatott. Munk\u00e1ss\u00e1g\u00e1t sz\u00e1mos nemzetk\u00f6zi \u00f6szt\u00f6nd\u00edj t\u00e1mogatta, t\u00f6bbek k\u00f6z\u00f6tt Genfben, Norv\u00e9gi\u00e1ban, Londonban \u00e9s az Egyes\u00fclt \u00c1llamokban. Egy\u00e9ni ki\u00e1ll\u00edt\u00e1sai sor\u00e1n install\u00e1ci\u00f3s \u00e9s k\u00f6zt\u00e9ri szobrai a term\u00e9szet \u00e9s az ember k\u00f6zti kapcsolatok formai \u00e9s filoz\u00f3fiai k\u00e9rd\u00e9seit vizsg\u00e1lj\u00e1k. Jelent\u0151s k\u00f6zt\u00e9ri m\u0171vei tal\u00e1lhat\u00f3k Horv\u00e1torsz\u00e1gban, Litv\u00e1ni\u00e1ban, N\u00e9metorsz\u00e1gban \u00e9s Jap\u00e1nban. Alkot\u00e1saira a forma letisztults\u00e1ga, az anyag\u00e9rz\u00e9kenys\u00e9g \u00e9s a f\u00e9ny haszn\u00e1lata jellemz\u0151. Szobr\u00e1szata egyszerre reflekt\u00e1l t\u00e9rre, emberre \u00e9s bels\u0151 csendekre.\t\t\t\t\t\t\t\t<\/div>\n\t\t\t\t\t\t\t\t\t\t\t\t<\/div>\n\t\t\t\t\t\t\t\t\t<\/a>\n\t\t\t\t\t\t\t<a class=\"e-gallery-item elementor-gallery-item elementor-animated-content\" data-e-gallery-tags=\"1\" href=\"https:\/\/lokart.hu\/wp-content\/uploads\/2025\/05\/DSCF2236-1-scaled.jpg\" data-elementor-open-lightbox=\"yes\" data-elementor-lightbox-slideshow=\"4f5d14e4\" data-e-action-hash=\"#elementor-action%3Aaction%3Dlightbox%26settings%3DeyJpZCI6NDk4MiwidXJsIjoiaHR0cHM6XC9cL2xva2FydC5odVwvd3AtY29udGVudFwvdXBsb2Fkc1wvMjAyNVwvMDVcL0RTQ0YyMjM2LTEtc2NhbGVkLmpwZyIsInNsaWRlc2hvdyI6IjRmNWQxNGU0In0%3D\">\n\t\t\t\t\t<div class=\"e-gallery-image elementor-gallery-item__image\" data-thumbnail=\"https:\/\/lokart.hu\/wp-content\/uploads\/2025\/05\/DSCF2236-1-768x768.jpg\" data-width=\"768\" data-height=\"768\" aria-label=\"\" role=\"img\" ><\/div>\n\t\t\t\t\t\t\t\t\t\t\t<div class=\"elementor-gallery-item__overlay\"><\/div>\n\t\t\t\t\t\t\t\t\t\t\t\t\t\t\t<div class=\"elementor-gallery-item__content\">\n\t\t\t\t\t\t\t\t\t\t\t\t\t\t<div class=\"elementor-gallery-item__title\">\n\t\t\t\t\t\t\t\t\t\t\t\t\t\t\t\t\t\t\u25c9 R\u00d3ZSA S\u00c1RA LUCA \u25c9\t\t\t\t\t\t\t\t<\/div>\n\t\t\t\t\t\t\t\t\t\t\t\t\t\t\t<div class=\"elementor-gallery-item__description\">\n\t\t\t\t\t\t\t\t\t\t\t\t\t\t\t\t\t\tR\u00f3zsa Luca S\u00e1ra (1990, Budapest) fest\u0151m\u0171v\u00e9sz, Budapesten \u00e9l \u00e9s dolgozik. Alapk\u00e9pz\u00e9s\u00e9t az Eszterh\u00e1zy K\u00e1roly F\u0151iskol\u00e1n, mesterdiplom\u00e1j\u00e1t pedig a Magyar K\u00e9pz\u0151m\u0171v\u00e9szeti Egyetemen szerezte, ahol Ga\u00e1l J\u00f3zsef tan\u00edtv\u00e1nya volt. Tanulm\u00e1nyai sor\u00e1n Erasmus-\u00f6szt\u00f6nd\u00edjjal megfordult Krakk\u00f3ban \u00e9s Kolozsv\u00e1ron is. M\u0171v\u00e9szet\u00e9nek k\u00f6z\u00e9ppontj\u00e1ban az ember \u00e9s a hatalom kapcsolata, valamint az egy\u00e9ni l\u00e9tez\u00e9s k\u00e9rd\u00e9sk\u00f6re \u00e1ll. Festm\u00e9nyei gyakran mer\u00edtenek a barokk \u00e9s renesz\u00e1nsz ikonogr\u00e1fia vil\u00e1g\u00e1b\u00f3l, torz, monument\u00e1lis figur\u00e1i a klasszikus reprezentat\u00edv portr\u00e9fest\u00e9szetet id\u00e9zik. Ezek az alakok a hatalom vizu\u00e1lis megtestes\u00fcl\u00e9seik\u00e9nt tornyosulnak f\u00f6l\u00e9nk, \u00edt\u00e9lkez\u0151 tekintet\u00fck r\u00e9v\u00e9n p\u00e1rbesz\u00e9det kezdem\u00e9nyezve a n\u00e9z\u0151vel. Legfrissebb munk\u00e1iban a szem\u00e9lyes egzisztencia, az \u00e9n \u00e9s az ego muland\u00f3s\u00e1ggal val\u00f3 szembes\u00fcl\u00e9se ker\u00fcl f\u00f3kuszba. Munk\u00e1it t\u00f6bbek k\u00f6z\u00f6tt a Steve Turner (Los Angeles), a Double Q Gallery (Hongkong), a VILTIN Gal\u00e9ria (Budapest) \u00e9s az ABC-ARTE (Mil\u00e1n\u00f3) mutatta be. Sz\u00e1mos rangos d\u00edj birtokosa, k\u00f6zt\u00fck az Esterh\u00e1zy Art Award \u00e9s a Derkovits-\u00f6szt\u00f6nd\u00edj.\t\t\t\t\t\t\t\t<\/div>\n\t\t\t\t\t\t\t\t\t\t\t\t<\/div>\n\t\t\t\t\t\t\t\t\t<\/a>\n\t\t\t\t\t\t\t<a class=\"e-gallery-item elementor-gallery-item elementor-animated-content\" data-e-gallery-tags=\"1\" href=\"https:\/\/lokart.hu\/wp-content\/uploads\/2025\/05\/schell-reka-1-1.jpg\" data-elementor-open-lightbox=\"yes\" data-elementor-lightbox-slideshow=\"4f5d14e4\" data-e-action-hash=\"#elementor-action%3Aaction%3Dlightbox%26settings%3DeyJpZCI6NTA5NSwidXJsIjoiaHR0cHM6XC9cL2xva2FydC5odVwvd3AtY29udGVudFwvdXBsb2Fkc1wvMjAyNVwvMDVcL3NjaGVsbC1yZWthLTEtMS5qcGciLCJzbGlkZXNob3ciOiI0ZjVkMTRlNCJ9\">\n\t\t\t\t\t<div class=\"e-gallery-image elementor-gallery-item__image\" data-thumbnail=\"https:\/\/lokart.hu\/wp-content\/uploads\/2025\/05\/schell-reka-1-1-768x702.jpg\" data-width=\"768\" data-height=\"702\" aria-label=\"\" role=\"img\" ><\/div>\n\t\t\t\t\t\t\t\t\t\t\t<div class=\"elementor-gallery-item__overlay\"><\/div>\n\t\t\t\t\t\t\t\t\t\t\t\t\t\t\t<div class=\"elementor-gallery-item__content\">\n\t\t\t\t\t\t\t\t\t\t\t\t\t\t<div class=\"elementor-gallery-item__title\">\n\t\t\t\t\t\t\t\t\t\t\t\t\t\t\t\t\t\t\u25c9 SCHELL R\u00c9KA \u25c9\t\t\t\t\t\t\t\t<\/div>\n\t\t\t\t\t\t\t\t\t\t\t\t\t\t\t<div class=\"elementor-gallery-item__description\">\n\t\t\t\t\t\t\t\t\t\t\t\t\t\t\t\t\t\tSchell R\u00e9ka 2000-ben sz\u00fcletett Budapesten. 2024-ben szerzett MA-diplom\u00e1t a Magyar K\u00e9pz\u0151m\u0171v\u00e9szeti Egyetem k\u00e9pgrafika szak\u00e1n \u00e9s BA-diplom\u00e1t a P\u00e1zm\u00e1ny P\u00e9ter Katolikus Egyetem olasz szak\u00e1n. Munk\u00e1iban a szem\u00e9lyes, a csal\u00e1di \u00e9s a kollekt\u00edv eml\u00e9kezet r\u00e9tegei elevenednek meg, transzparens m\u00f3don sejtetik az egyes r\u00e9tegek m\u00f6g\u00f6tt megb\u00fav\u00f3 egy\u00e9ni vagy k\u00f6z\u00f6ss\u00e9gi tapasztalatokat. Az eml\u00e9kezetek elt\u00e9r\u0151 t\u00e9r- \u00e9s id\u0151beli dimenzi\u00f3i legt\u00f6bbsz\u00f6r a fot\u00f3, a plexikarc, a textilnyomat \u00e9s a fekete akril technik\u00e1in kereszt\u00fcl \u00e9rv\u00e9nyes\u00fclnek, \u00e9s gyakran a kereszt\u00e9ny ikonogr\u00e1fia jegyeivel ruh\u00e1z\u00f3dnak f\u00f6l, ugyanakkor nem vetik el a prof\u00e1n szimb\u00f3lumrendszert sem, s\u0151t a k\u00e9t \u00e1br\u00e1zol\u00e1sm\u00f3d \u00f6ssze is kapcsol\u00f3dik. Schell munk\u00e1iban a k\u00e9pis\u00e9g \u00e9s a textus egyar\u00e1nt fontos szerepet kap, legt\u00f6bb munk\u00e1j\u00e1ban a sz\u00f6veg v\u00e1lik a legteljesebb k\u00e9pi absztrakci\u00f3 eszk\u00f6z\u00e9v\u00e9. \t\t\t\t\t\t\t\t<\/div>\n\t\t\t\t\t\t\t\t\t\t\t\t<\/div>\n\t\t\t\t\t\t\t\t\t<\/a>\n\t\t\t\t\t\t\t<a class=\"e-gallery-item elementor-gallery-item elementor-animated-content\" data-e-gallery-tags=\"1\" href=\"https:\/\/lokart.hu\/wp-content\/uploads\/2025\/06\/03_zsuzsi_simon-1-1-scaled.jpg\" data-elementor-open-lightbox=\"yes\" data-elementor-lightbox-slideshow=\"4f5d14e4\" data-e-action-hash=\"#elementor-action%3Aaction%3Dlightbox%26settings%3DeyJpZCI6NTE1NiwidXJsIjoiaHR0cHM6XC9cL2xva2FydC5odVwvd3AtY29udGVudFwvdXBsb2Fkc1wvMjAyNVwvMDZcLzAzX3pzdXpzaV9zaW1vbi0xLTEtc2NhbGVkLmpwZyIsInNsaWRlc2hvdyI6IjRmNWQxNGU0In0%3D\">\n\t\t\t\t\t<div class=\"e-gallery-image elementor-gallery-item__image\" data-thumbnail=\"https:\/\/lokart.hu\/wp-content\/uploads\/2025\/06\/03_zsuzsi_simon-1-1-768x768.jpg\" data-width=\"768\" data-height=\"768\" aria-label=\"\" role=\"img\" ><\/div>\n\t\t\t\t\t\t\t\t\t\t\t<div class=\"elementor-gallery-item__overlay\"><\/div>\n\t\t\t\t\t\t\t\t\t\t\t\t\t\t\t<div class=\"elementor-gallery-item__content\">\n\t\t\t\t\t\t\t\t\t\t\t\t\t\t<div class=\"elementor-gallery-item__title\">\n\t\t\t\t\t\t\t\t\t\t\t\t\t\t\t\t\t\t\u25c9 SIMON ZSUZSI \u25c9\t\t\t\t\t\t\t\t<\/div>\n\t\t\t\t\t\t\t\t\t\t\t\t\t\t\t<div class=\"elementor-gallery-item__description\">\n\t\t\t\t\t\t\t\t\t\t\t\t\t\t\t\t\t\tSimon Zsuzsanna interm\u00e9diam\u0171v\u00e9sz, aki munk\u00e1iban t\u00e1rsadalmi \u00e9s feminista k\u00e9rd\u00e9sekkel foglalkozik, gyakran saj\u00e1t test\u00e9t \u00e9s szem\u00e9lyes \u00e9lm\u00e9nyeit haszn\u00e1lva m\u00e9diumk\u00e9nt. 2015-ben diplom\u00e1zott a Magyar K\u00e9pz\u0151m\u0171v\u00e9szeti Egyetem interm\u00e9dia szak\u00e1n, tanult Krakk\u00f3ban is az Erasmus program keret\u00e9ben. M\u0171v\u00e9szeti gyakorlat\u00e1ban fot\u00f3, vide\u00f3, performansz \u00e9s install\u00e1ci\u00f3 is szerepel. Sz\u00e1mos egy\u00e9ni \u00e9s csoportos ki\u00e1ll\u00edt\u00e1son vett r\u00e9szt Magyarorsz\u00e1gon \u00e9s k\u00fclf\u00f6ld\u00f6n, t\u00f6bbek k\u00f6z\u00f6tt a Ludwig M\u00fazeumban, a Budapest Gal\u00e9ri\u00e1ban, az ICA-D-ben \u00e9s Berlinben. Tagja a Fiatal K\u00e9pz\u0151m\u0171v\u00e9szek St\u00fadi\u00f3j\u00e1nak (FKSE), a Futures tehets\u00e9gprogramnak \u00e9s a Secondary Archive kezdem\u00e9nyez\u00e9snek. Munk\u00e1ss\u00e1ga a testpolitika, n\u0151i reprezent\u00e1ci\u00f3 \u00e9s a k\u00f6z\u00f6ss\u00e9gi szerepv\u00e1llal\u00e1s k\u00f6r\u00e9 szervez\u0151dik.\t\t\t\t\t\t\t\t<\/div>\n\t\t\t\t\t\t\t\t\t\t\t\t<\/div>\n\t\t\t\t\t\t\t\t\t<\/a>\n\t\t\t\t\t\t\t<a class=\"e-gallery-item elementor-gallery-item elementor-animated-content\" data-e-gallery-tags=\"1\" href=\"https:\/\/lokart.hu\/wp-content\/uploads\/2025\/06\/SIPOS_BOGLARKA_PORTRE-1-scaled.jpg\" data-elementor-open-lightbox=\"yes\" data-elementor-lightbox-slideshow=\"4f5d14e4\" data-e-action-hash=\"#elementor-action%3Aaction%3Dlightbox%26settings%3DeyJpZCI6NTE1NCwidXJsIjoiaHR0cHM6XC9cL2xva2FydC5odVwvd3AtY29udGVudFwvdXBsb2Fkc1wvMjAyNVwvMDZcL1NJUE9TX0JPR0xBUktBX1BPUlRSRS0xLXNjYWxlZC5qcGciLCJzbGlkZXNob3ciOiI0ZjVkMTRlNCJ9\">\n\t\t\t\t\t<div class=\"e-gallery-image elementor-gallery-item__image\" data-thumbnail=\"https:\/\/lokart.hu\/wp-content\/uploads\/2025\/06\/SIPOS_BOGLARKA_PORTRE-1-768x768.jpg\" data-width=\"768\" data-height=\"768\" aria-label=\"\" role=\"img\" ><\/div>\n\t\t\t\t\t\t\t\t\t\t\t<div class=\"elementor-gallery-item__overlay\"><\/div>\n\t\t\t\t\t\t\t\t\t\t\t\t\t\t\t<div class=\"elementor-gallery-item__content\">\n\t\t\t\t\t\t\t\t\t\t\t\t\t\t<div class=\"elementor-gallery-item__title\">\n\t\t\t\t\t\t\t\t\t\t\t\t\t\t\t\t\t\t\u25c9 SIPOS BOGL\u00c1RKA \u25c9\t\t\t\t\t\t\t\t<\/div>\n\t\t\t\t\t\t\t\t\t\t\t\t\t\t\t<div class=\"elementor-gallery-item__description\">\n\t\t\t\t\t\t\t\t\t\t\t\t\t\t\t\t\t\tVizu\u00e1lis m\u0171v\u00e9sz, jelenleg doktori tanulm\u00e1nyait v\u00e9gzi a budapesti Moholy-Nagy M\u0171v\u00e9szeti Egyetemen. Diplom\u00e1j\u00e1t a Magyar K\u00e9pz\u0151m\u0171v\u00e9szeti Egyetemen szerezte 2019-ben, \u00e9s nemzetk\u00f6zi \u00f6szt\u00f6nd\u00edjak keret\u00e9ben tanult az Accademia di Belle Arti di Rom\u00e1n \u00e9s a Universidad de Castilla-La Manch\u00e1n. Munk\u00e1iban gyakran foglalkozik a grafika \u00e9s a rajz anyagi \u00e9s szimbolikus dimenzi\u00f3ival, filoz\u00f3fiai \u00e9s mitol\u00f3giai utal\u00e1sokra alapozva. Sipos h\u00e1romszoros Derkovits Gyula K\u00e9pz\u0151m\u0171v\u00e9szeti \u00d6szt\u00f6nd\u00edjas (2020, 2021, 2024), \u00e9s 2020-ban R\u00e9kassy Csaba-d\u00edjjal t\u00fcntett\u00e9k ki. Legut\u00f3bbi ki\u00e1ll\u00edt\u00e1sai k\u00f6z\u00e9 tartozik az UNUS MUNDUS (R\u00f3ma, 2024), a BARDO (Budapest, 2025) \u00e9s a Miskolci Grafikai Trienn\u00e1l\u00e9 (2023). \t\t\t\t\t\t\t\t<\/div>\n\t\t\t\t\t\t\t\t\t\t\t\t<\/div>\n\t\t\t\t\t\t\t\t\t<\/a>\n\t\t\t\t\t\t\t<a class=\"e-gallery-item elementor-gallery-item elementor-animated-content\" data-e-gallery-tags=\"1\" href=\"https:\/\/lokart.hu\/wp-content\/uploads\/2025\/04\/suveges_rita_portre_foto_Belicza-Laszlo_Gabor-min.jpg\" data-elementor-open-lightbox=\"yes\" data-elementor-lightbox-slideshow=\"4f5d14e4\" data-e-action-hash=\"#elementor-action%3Aaction%3Dlightbox%26settings%3DeyJpZCI6NDY4NCwidXJsIjoiaHR0cHM6XC9cL2xva2FydC5odVwvd3AtY29udGVudFwvdXBsb2Fkc1wvMjAyNVwvMDRcL3N1dmVnZXNfcml0YV9wb3J0cmVfZm90b19CZWxpY3phLUxhc3psb19HYWJvci1taW4uanBnIiwic2xpZGVzaG93IjoiNGY1ZDE0ZTQifQ%3D%3D\">\n\t\t\t\t\t<div class=\"e-gallery-image elementor-gallery-item__image\" data-thumbnail=\"https:\/\/lokart.hu\/wp-content\/uploads\/2025\/04\/suveges_rita_portre_foto_Belicza-Laszlo_Gabor-min-768x607.jpg\" data-width=\"768\" data-height=\"607\" aria-label=\"\" role=\"img\" ><\/div>\n\t\t\t\t\t\t\t\t\t\t\t<div class=\"elementor-gallery-item__overlay\"><\/div>\n\t\t\t\t\t\t\t\t\t\t\t\t\t\t\t<div class=\"elementor-gallery-item__content\">\n\t\t\t\t\t\t\t\t\t\t\t\t\t\t<div class=\"elementor-gallery-item__title\">\n\t\t\t\t\t\t\t\t\t\t\t\t\t\t\t\t\t\t\u25c9 S\u00dcVEGES RITA \u25c9\t\t\t\t\t\t\t\t<\/div>\n\t\t\t\t\t\t\t\t\t\t\t\t\t\t\t<div class=\"elementor-gallery-item__description\">\n\t\t\t\t\t\t\t\t\t\t\t\t\t\t\t\t\t\tS\u00fcveges Rita (1986, Szolnok) Budapesten \u00e9l\u0151 k\u00e9pz\u0151m\u0171v\u00e9sz. M\u0171v\u00e9szeti gyakorlat\u00e1t a kl\u00edmak\u00e9pzelet, az \u00f6kol\u00f3giai \u00e9rz\u00e9keny\u00edt\u00e9s \u00e9s a spekulat\u00edv m\u0171v\u00e9szet hat\u00e1rter\u00fcletei hat\u00e1rozz\u00e1k meg. Fest\u00e9szet\u00e9ben, install\u00e1ci\u00f3iban \u00e9s kollekt\u00edv projektjeiben az ember \u00e9s k\u00f6rnyezete k\u00f6z\u00f6tti viszonyok \u00fajragondol\u00e1s\u00e1ra t\u00f6rekszik. A Magyar K\u00e9pz\u0151m\u0171v\u00e9szeti Egyetemen szerzett DLA fokozatot, jelenleg a xtro realm m\u0171v\u00e9szcsoport tagja. Sz\u00e1mos nemzetk\u00f6zi rezidencia- \u00e9s \u00f6szt\u00f6nd\u00edjprogram (R\u00f3mai Magyar Akad\u00e9mia, ISCP New York, MQ AIR B\u00e9cs, K\u00fcnstlerdorf Sch\u00f6ppingen stb.) r\u00e9sztvev\u0151je. Egy\u00e9ni ki\u00e1ll\u00edt\u00e1sa volt t\u00f6bbek k\u00f6z\u00f6tt az INDA Gal\u00e9ri\u00e1ban, a Magyar Nemzeti Gal\u00e9ri\u00e1ban \u00e9s a Smohay-d\u00edj ki\u00e1ll\u00edt\u00e1son. Munk\u00e1it a Magyar Nemzeti Gal\u00e9ria, a Kiscelli M\u00fazeum \u00e9s a Szent Istv\u00e1n Kir\u00e1ly M\u00fazeum is \u0151rzi. Kiemelt \u00e9rdekl\u0151d\u00e9si ter\u00fcletei a kl\u00edmav\u00e1ls\u00e1g eszt\u00e9tik\u00e1ja, a geotechnol\u00f3giai fant\u00e1zi\u00e1k \u00e9s az \u00f6ko-narrat\u00edv\u00e1k vizualit\u00e1sa.\t\t\t\t\t\t\t\t<\/div>\n\t\t\t\t\t\t\t\t\t\t\t\t<\/div>\n\t\t\t\t\t\t\t\t\t<\/a>\n\t\t\t\t\t\t\t<a class=\"e-gallery-item elementor-gallery-item elementor-animated-content\" data-e-gallery-tags=\"1\" href=\"https:\/\/lokart.hu\/wp-content\/uploads\/2025\/06\/SZIJARTO_Kalman.jpg\" data-elementor-open-lightbox=\"yes\" data-elementor-lightbox-slideshow=\"4f5d14e4\" data-e-action-hash=\"#elementor-action%3Aaction%3Dlightbox%26settings%3DeyJpZCI6NTQwNywidXJsIjoiaHR0cHM6XC9cL2xva2FydC5odVwvd3AtY29udGVudFwvdXBsb2Fkc1wvMjAyNVwvMDZcL1NaSUpBUlRPX0thbG1hbi5qcGciLCJzbGlkZXNob3ciOiI0ZjVkMTRlNCJ9\">\n\t\t\t\t\t<div class=\"e-gallery-image elementor-gallery-item__image\" data-thumbnail=\"https:\/\/lokart.hu\/wp-content\/uploads\/2025\/06\/SZIJARTO_Kalman.jpg\" data-width=\"709\" data-height=\"709\" aria-label=\"\" role=\"img\" ><\/div>\n\t\t\t\t\t\t\t\t\t\t\t<div class=\"elementor-gallery-item__overlay\"><\/div>\n\t\t\t\t\t\t\t\t\t\t\t\t\t\t\t<div class=\"elementor-gallery-item__content\">\n\t\t\t\t\t\t\t\t\t\t\t\t\t\t<div class=\"elementor-gallery-item__title\">\n\t\t\t\t\t\t\t\t\t\t\t\t\t\t\t\t\t\t\u25c9 SZIJ\u00c1RT\u00d3 K\u00c1LM\u00c1N \u25c9\t\t\t\t\t\t\t\t<\/div>\n\t\t\t\t\t\t\t\t\t\t\t\t\t\t\t<div class=\"elementor-gallery-item__description\">\n\t\t\t\t\t\t\t\t\t\t\t\t\t\t\t\t\t\tSzij\u00e1rt\u00f3 K\u00e1lm\u00e1n (1946, Szigetv\u00e1r) a P\u00e9csi M\u0171hely alap\u00edt\u00f3 tagja volt. A hatvanas \u00e9vek v\u00e9g\u00e9n egy r\u00f6vid geometrikus peri\u00f3dust k\u00f6vet\u0151en m\u00e1r 1970-ben a k\u00eds\u00e9rleti m\u00e9diumok fel\u00e9 fordult. Egyszer\u0171 vonalas elemek term\u00e9szetes k\u00f6rnyezetbe helyez\u00e9s\u00e9vel azt kutatta, mik\u00e9nt k\u00e9pesek ezek a t\u00e1jjal k\u00f6lcs\u00f6nhat\u00e1sba l\u00e9pni. Az Art Gesztusok (1971\u20131974) c\u00edm\u0171 fot\u00f3sorozat\u00e1ban a \"ART\" feliratot \u00f6sszekapcsolta a teny\u00e9r nyit\u00f3-z\u00e1r\u00f3 mozdulataival, k\u00f6lt\u0151i \u00e9s politikai t\u00f6bbletjelent\u00e9seket adva e gesztusoknak. M\u0171v\u00e9szi p\u00e1ly\u00e1j\u00e1nak egyik legemblematikusabb darabja azonban a Transzform\u00e1ci\u00f3k c\u00edm\u0171 munka maradt: egy fot\u00f3sorozat (1977\u20131978) \u00e9s egy performansz (1979\u20131980) alkotja. \t\t\t\t\t\t\t\t<\/div>\n\t\t\t\t\t\t\t\t\t\t\t\t<\/div>\n\t\t\t\t\t\t\t\t\t<\/a>\n\t\t\t\t\t\t\t<a class=\"e-gallery-item elementor-gallery-item elementor-animated-content\" data-e-gallery-tags=\"1\" href=\"https:\/\/lokart.hu\/wp-content\/uploads\/2025\/06\/20250521_163037-1.jpg\" data-elementor-open-lightbox=\"yes\" data-elementor-lightbox-slideshow=\"4f5d14e4\" data-e-action-hash=\"#elementor-action%3Aaction%3Dlightbox%26settings%3DeyJpZCI6NTI3NCwidXJsIjoiaHR0cHM6XC9cL2xva2FydC5odVwvd3AtY29udGVudFwvdXBsb2Fkc1wvMjAyNVwvMDZcLzIwMjUwNTIxXzE2MzAzNy0xLmpwZyIsInNsaWRlc2hvdyI6IjRmNWQxNGU0In0%3D\">\n\t\t\t\t\t<div class=\"e-gallery-image elementor-gallery-item__image\" data-thumbnail=\"https:\/\/lokart.hu\/wp-content\/uploads\/2025\/06\/20250521_163037-1-768x820.jpg\" data-width=\"768\" data-height=\"820\" aria-label=\"\" role=\"img\" ><\/div>\n\t\t\t\t\t\t\t\t\t\t\t<div class=\"elementor-gallery-item__overlay\"><\/div>\n\t\t\t\t\t\t\t\t\t\t\t\t\t\t\t<div class=\"elementor-gallery-item__content\">\n\t\t\t\t\t\t\t\t\t\t\t\t\t\t<div class=\"elementor-gallery-item__title\">\n\t\t\t\t\t\t\t\t\t\t\t\t\t\t\t\t\t\t\u25c9 SZONDI PETRA VIR\u00c1G \u25c9\t\t\t\t\t\t\t\t<\/div>\n\t\t\t\t\t\t\t\t\t\t\t\t\t\t\t<div class=\"elementor-gallery-item__description\">\n\t\t\t\t\t\t\t\t\t\t\t\t\t\t\t\t\t\tSzondi Petra Vir\u00e1g (sz\u00fcl. 1998, P\u00e9cs) ker\u00e1miatervez\u0151 m\u0171v\u00e9sz, aki 2024-ben fejezte be mesterk\u00e9pz\u00e9s\u00e9t a P\u00e9csi Tudom\u00e1nyegyetem M\u0171v\u00e9szeti Kar\u00e1nak design szak\u00e1n, ker\u00e1mia tervez\u00e9s specializ\u00e1ci\u00f3val. Tanulm\u00e1nyait ugyanitt kezdte a t\u00e1rgyalkot\u00e1s BA szakon, valamint a P\u00e9csi M\u0171v\u00e9szeti Gimn\u00e1ziumban ker\u00e1miatervez\u0151k\u00e9nt v\u00e9gzett. Rendszeresen r\u00e9szt vesz hazai \u00e9s nemzetk\u00f6zi m\u0171v\u00e9sztelepeken (pl. Tokaj, Horv\u00e1torsz\u00e1g, Kecskem\u00e9t), szakmai gyakorlatokat v\u00e9gzett a Zsolnay Porcel\u00e1nmanufakt\u00far\u00e1ban \u00e9s a H\u00f3dmez\u0151v\u00e1s\u00e1rhelyi Ker\u00e1mia K\u00f6zpontban. Munk\u00e1i t\u00f6bb jelent\u0151s hazai \u00e9s k\u00fclf\u00f6ldi diz\u00e1jnki\u00e1ll\u00edt\u00e1son szerepeltek: Milan Design Week \u2013 ALCOVA, Designblock Pr\u00e1ga, 360 Design Budapest, Orsz\u00e1gos Ker\u00e1mia Trienn\u00e1l\u00e9 (M21, P\u00e9cs). M\u0171v\u00e9szete \u00e9rz\u00e9kenyen reflekt\u00e1l a k\u00e9zm\u0171ves hagyom\u00e1nyokra, mik\u00f6zben kort\u00e1rs diz\u00e1jn nyelvezet\u00e9n kereszt\u00fcl alkot egyedi, anyagcentrikus t\u00e1rgyakat.\t\t\t\t\t\t\t\t<\/div>\n\t\t\t\t\t\t\t\t\t\t\t\t<\/div>\n\t\t\t\t\t\t\t\t\t<\/a>\n\t\t\t\t\t\t\t<a class=\"e-gallery-item elementor-gallery-item elementor-animated-content\" data-e-gallery-tags=\"1\" href=\"https:\/\/lokart.hu\/wp-content\/uploads\/2025\/06\/20191217_183557-1-1.jpg\" data-elementor-open-lightbox=\"yes\" data-elementor-lightbox-slideshow=\"4f5d14e4\" data-e-action-hash=\"#elementor-action%3Aaction%3Dlightbox%26settings%3DeyJpZCI6NTI3MywidXJsIjoiaHR0cHM6XC9cL2xva2FydC5odVwvd3AtY29udGVudFwvdXBsb2Fkc1wvMjAyNVwvMDZcLzIwMTkxMjE3XzE4MzU1Ny0xLTEuanBnIiwic2xpZGVzaG93IjoiNGY1ZDE0ZTQifQ%3D%3D\">\n\t\t\t\t\t<div class=\"e-gallery-image elementor-gallery-item__image\" data-thumbnail=\"https:\/\/lokart.hu\/wp-content\/uploads\/2025\/06\/20191217_183557-1-1-768x768.jpg\" data-width=\"768\" data-height=\"768\" aria-label=\"\" role=\"img\" ><\/div>\n\t\t\t\t\t\t\t\t\t\t\t<div class=\"elementor-gallery-item__overlay\"><\/div>\n\t\t\t\t\t\t\t\t\t\t\t\t\t\t\t<div class=\"elementor-gallery-item__content\">\n\t\t\t\t\t\t\t\t\t\t\t\t\t\t<div class=\"elementor-gallery-item__title\">\n\t\t\t\t\t\t\t\t\t\t\t\t\t\t\t\t\t\t\u25c9 SZ\u00d6LL\u0150SI G\u00c9ZA \u25c9\t\t\t\t\t\t\t\t<\/div>\n\t\t\t\t\t\t\t\t\t\t\t\t\t\t\t<div class=\"elementor-gallery-item__description\">\n\t\t\t\t\t\t\t\t\t\t\t\t\t\t\t\t\t\tSz\u00f6ll\u0151si G\u00e9za (sz. 1977) a kort\u00e1rs magyar k\u00e9pz\u0151m\u0171v\u00e9szet mark\u00e1ns, provokat\u00edv alakja, akinek munk\u00e1ss\u00e1ga a test, identit\u00e1s \u00e9s a poszthum\u00e1n \u00e1talakul\u00e1sok t\u00e9m\u00e1it j\u00e1rja k\u00f6r\u00fcl. Tanulm\u00e1nyait a Moholy-Nagy M\u0171v\u00e9szeti Egyetemen, a Maidstone-i University for the Creative Arts-on, valamint a P\u00e9csi Tudom\u00e1nyegyetemen v\u00e9gezte, ahol doktori fokozatot szerzett. M\u0171v\u00e9szete gyakran vegy\u00edti a popkult\u00far\u00e1t, horror-eszt\u00e9tik\u00e1t \u00e9s kritikai testpolitikai narrat\u00edv\u00e1kat. Ki\u00e1ll\u00edtott t\u00f6bbek k\u00f6z\u00f6tt a Ludwig M\u00fazeumban, a pr\u00e1gai Rudolfinumban, a londoni Saatchi Gal\u00e9ri\u00e1ban, valamint New Yorkban \u00e9s Miamiban is. Alkot\u00e1sai jelen vannak hazai \u00e9s nemzetk\u00f6zi gy\u0171jtem\u00e9nyekben, munk\u00e1ss\u00e1g\u00e1t sz\u00e1mos d\u00edjjal ismert\u00e9k el. K\u00e9pi vil\u00e1ga egyszerre groteszk \u00e9s \u00e9rz\u00e9keny, vizu\u00e1lisan s\u0171r\u0171 \u00e9s filoz\u00f3fiailag r\u00e9tegzett. Sz\u00f6ll\u0151si a testet nemcsak m\u00e9diumk\u00e9nt, hanem kritikai eszk\u00f6zk\u00e9nt is haszn\u00e1lja a kort\u00e1rs val\u00f3s\u00e1g \u00e9rtelmez\u00e9s\u00e9ben.\t\t\t\t\t\t\t\t<\/div>\n\t\t\t\t\t\t\t\t\t\t\t\t<\/div>\n\t\t\t\t\t\t\t\t\t<\/a>\n\t\t\t\t\t\t\t<a class=\"e-gallery-item elementor-gallery-item elementor-animated-content\" data-e-gallery-tags=\"1\" href=\"https:\/\/lokart.hu\/wp-content\/uploads\/2025\/06\/portre_katatranker-1.jpg\" data-elementor-open-lightbox=\"yes\" data-elementor-lightbox-slideshow=\"4f5d14e4\" data-e-action-hash=\"#elementor-action%3Aaction%3Dlightbox%26settings%3DeyJpZCI6NTI3MCwidXJsIjoiaHR0cHM6XC9cL2xva2FydC5odVwvd3AtY29udGVudFwvdXBsb2Fkc1wvMjAyNVwvMDZcL3BvcnRyZV9rYXRhdHJhbmtlci0xLmpwZyIsInNsaWRlc2hvdyI6IjRmNWQxNGU0In0%3D\">\n\t\t\t\t\t<div class=\"e-gallery-image elementor-gallery-item__image\" data-thumbnail=\"https:\/\/lokart.hu\/wp-content\/uploads\/2025\/06\/portre_katatranker-1-768x768.jpg\" data-width=\"768\" data-height=\"768\" aria-label=\"\" role=\"img\" ><\/div>\n\t\t\t\t\t\t\t\t\t\t\t<div class=\"elementor-gallery-item__overlay\"><\/div>\n\t\t\t\t\t\t\t\t\t\t\t\t\t\t\t<div class=\"elementor-gallery-item__content\">\n\t\t\t\t\t\t\t\t\t\t\t\t\t\t<div class=\"elementor-gallery-item__title\">\n\t\t\t\t\t\t\t\t\t\t\t\t\t\t\t\t\t\t\u25c9 TRANKER KATA \u25c9\t\t\t\t\t\t\t\t<\/div>\n\t\t\t\t\t\t\t\t\t\t\t\t\t\t\t<div class=\"elementor-gallery-item__description\">\n\t\t\t\t\t\t\t\t\t\t\t\t\t\t\t\t\t\tTranker Kata (1989, Sz\u00e9kesfeh\u00e9rv\u00e1r) Budapesten \u00e9l\u0151 \u00e9s alkot\u00f3 k\u00e9pz\u0151m\u0171v\u00e9sz. A Magyar K\u00e9pz\u0151m\u0171v\u00e9szeti Egyetemen szerzett fest\u0151 diplom\u00e1t, majd a hamburgi Hochschule f\u00fcr Angewandte Wissenschaften m\u00e9dialaborj\u00e1ban tanult. Munk\u00e1i gyakran reflekt\u00e1lnak t\u00e1rsadalmi \u00e9s pszichol\u00f3giai strukt\u00far\u00e1kra, mik\u00f6zben az egy\u00e9ni \u00e9s kollekt\u00edv eml\u00e9kezet k\u00e9rd\u00e9seit vizsg\u00e1lj\u00e1k. Festm\u00e9nyei, install\u00e1ci\u00f3i \u00e9s interm\u00e9dia alap\u00fa munk\u00e1i finom egyens\u00falyt teremtenek az absztrakci\u00f3 \u00e9s a narrativit\u00e1s k\u00f6z\u00f6tt, gyakran szem\u00e9lyes vagy fikt\u00edv t\u00f6rt\u00e9neteken kereszt\u00fcl. Sz\u00e1mos hazai \u00e9s nemzetk\u00f6zi ki\u00e1ll\u00edt\u00e1son szerepelt (Ludwig M\u00fazeum, Magyar Nemzeti Gal\u00e9ria, Viltin Gal\u00e9ria, Studio das weisse haus \u2013 B\u00e9cs, Kunstverein Eisenstadt \u2013 Ausztria), \u00e9s elismert d\u00edjak, \u00f6szt\u00f6nd\u00edjak birtokosa (Esterh\u00e1zy Art Award, Derkovits-\u00f6szt\u00f6nd\u00edj, Herczeg Kl\u00e1ra-d\u00edj). M\u0171v\u00e9szet\u00e9t a k\u00fcl\u00f6nf\u00e9le m\u00e9diumok k\u00f6z\u00f6tti \u00e1tj\u00e1rhat\u00f3s\u00e1g \u00e9s egy saj\u00e1tos n\u0151i n\u00e9z\u0151pont jellemzi.\t\t\t\t\t\t\t\t<\/div>\n\t\t\t\t\t\t\t\t\t\t\t\t<\/div>\n\t\t\t\t\t\t\t\t\t<\/a>\n\t\t\t\t\t\t\t<a class=\"e-gallery-item elementor-gallery-item elementor-animated-content\" data-e-gallery-tags=\"1\" href=\"https:\/\/lokart.hu\/wp-content\/uploads\/2025\/06\/Profile-Photo_MerveTuna_credit_Muhsin_Akgun-1-1-1-scaled.jpg\" data-elementor-open-lightbox=\"yes\" data-elementor-lightbox-slideshow=\"4f5d14e4\" data-e-action-hash=\"#elementor-action%3Aaction%3Dlightbox%26settings%3DeyJpZCI6NTE0MSwidXJsIjoiaHR0cHM6XC9cL2xva2FydC5odVwvd3AtY29udGVudFwvdXBsb2Fkc1wvMjAyNVwvMDZcL1Byb2ZpbGUtUGhvdG9fTWVydmVUdW5hX2NyZWRpdF9NdWhzaW5fQWtndW4tMS0xLTEtc2NhbGVkLmpwZyIsInNsaWRlc2hvdyI6IjRmNWQxNGU0In0%3D\">\n\t\t\t\t\t<div class=\"e-gallery-image elementor-gallery-item__image\" data-thumbnail=\"https:\/\/lokart.hu\/wp-content\/uploads\/2025\/06\/Profile-Photo_MerveTuna_credit_Muhsin_Akgun-1-1-1-768x768.jpg\" data-width=\"768\" data-height=\"768\" aria-label=\"\" role=\"img\" ><\/div>\n\t\t\t\t\t\t\t\t\t\t\t<div class=\"elementor-gallery-item__overlay\"><\/div>\n\t\t\t\t\t\t\t\t\t\t\t\t\t\t\t<div class=\"elementor-gallery-item__content\">\n\t\t\t\t\t\t\t\t\t\t\t\t\t\t<div class=\"elementor-gallery-item__title\">\n\t\t\t\t\t\t\t\t\t\t\t\t\t\t\t\t\t\t\u25c9 MERVE TUNA \u25c9\t\t\t\t\t\t\t\t<\/div>\n\t\t\t\t\t\t\t\t\t\t\t\t\t\t\t<div class=\"elementor-gallery-item__description\">\n\t\t\t\t\t\t\t\t\t\t\t\t\t\t\t\t\t\tMerve Tuna (1984, Eski\u015fehir) Isztambulban \u00e9l\u0151 m\u0171v\u00e9sz \u00e9s tervez\u0151, aki t\u00e1rgy- \u00e9s divattervez\u0151i h\u00e1tter\u00e9b\u0151l kiindulva alkot \u201eprot\u00e9zisszer\u0171\u201d t\u00e1rgyakat, melyek a t\u00e1rsadalmi viszonyok libidin\u00e1lis vet\u00fclet\u00e9t vizsg\u00e1lj\u00e1k. Munk\u00e1i k\u00f6z\u00e9ppontj\u00e1ban a szexualit\u00e1s, tabu, fetisizmus \u00e9s hatalmi rel\u00e1ci\u00f3k \u00e1llnak, melyeket pszichoszexu\u00e1lis fejl\u0151d\u00e9s, a tudattalan alakul\u00e1sa \u00e9s maszkizmus-fetisizmus etiol\u00f3gi\u00e1ja fel\u0151l k\u00f6zel\u00edt meg. Objektumai \u00e9s filmjei fesz\u00fclts\u00e9get, cs\u00e1b\u00edt\u00e1st, vagy \u00e9pp zavart keltenek \u2013 gyakran ironikus vagy humoros reflexi\u00f3kon kereszt\u00fcl. Munk\u00e1iban hangs\u00falyos szerepet kap a taktilit\u00e1s, legyen sz\u00f3 lin\u00f3metszetr\u0151l, textilmunk\u00e1r\u00f3l, performance-r\u00f3l vagy szobrokr\u00f3l. Filmjei \u00e9s narrat\u00edv alap\u00fa alkot\u00e1sai az el\u0151verb\u00e1lis \u00e9s tudattalan jelent\u00e9startom\u00e1nyokat kutatj\u00e1k, gyakran zenei egy\u00fcttm\u0171k\u00f6d\u00e9sek r\u00e9v\u00e9n.\t\t\t\t\t\t\t\t<\/div>\n\t\t\t\t\t\t\t\t\t\t\t\t<\/div>\n\t\t\t\t\t\t\t\t\t<\/a>\n\t\t\t\t\t\t\t<a class=\"e-gallery-item elementor-gallery-item elementor-animated-content\" data-e-gallery-tags=\"1\" href=\"https:\/\/lokart.hu\/wp-content\/uploads\/2025\/05\/FB_IMG_1747313817329.jpg\" data-elementor-open-lightbox=\"yes\" data-elementor-lightbox-slideshow=\"4f5d14e4\" data-e-action-hash=\"#elementor-action%3Aaction%3Dlightbox%26settings%3DeyJpZCI6NDk5OSwidXJsIjoiaHR0cHM6XC9cL2xva2FydC5odVwvd3AtY29udGVudFwvdXBsb2Fkc1wvMjAyNVwvMDVcL0ZCX0lNR18xNzQ3MzEzODE3MzI5LmpwZyIsInNsaWRlc2hvdyI6IjRmNWQxNGU0In0%3D\">\n\t\t\t\t\t<div class=\"e-gallery-image elementor-gallery-item__image\" data-thumbnail=\"https:\/\/lokart.hu\/wp-content\/uploads\/2025\/05\/FB_IMG_1747313817329.jpg\" data-width=\"720\" data-height=\"720\" aria-label=\"\" role=\"img\" ><\/div>\n\t\t\t\t\t\t\t\t\t\t\t<div class=\"elementor-gallery-item__overlay\"><\/div>\n\t\t\t\t\t\t\t\t\t\t\t\t\t\t\t<div class=\"elementor-gallery-item__content\">\n\t\t\t\t\t\t\t\t\t\t\t\t\t\t<div class=\"elementor-gallery-item__title\">\n\t\t\t\t\t\t\t\t\t\t\t\t\t\t\t\t\t\t\u25c9 UDVARI BOGL\u00c1RKA \u25c9\t\t\t\t\t\t\t\t<\/div>\n\t\t\t\t\t\t\t\t\t\t\t\t\t\t\t<div class=\"elementor-gallery-item__description\">\n\t\t\t\t\t\t\t\t\t\t\t\t\t\t\t\t\t\tUdvari Bogl\u00e1rka \u00c9va (sz. 1998, Budapest) szobr\u00e1szm\u0171v\u00e9sz, a P\u00e9csi Tudom\u00e1nyegyetem M\u0171v\u00e9szeti Kar\u00e1n v\u00e9gzett 2023-ban. Munk\u00e1ss\u00e1g\u00e1t a test, az anyag \u00e9s forma kapcsolat\u00e1nak \u00e9rz\u00e9keny vizsg\u00e1lata jellemzi, kifejez\u0151eszk\u00f6zei k\u00f6z\u00f6tt megjelennek a klasszikus \u00e9s k\u00eds\u00e9rleti szobr\u00e1szati technik\u00e1k, valamint a kort\u00e1rs konceptu\u00e1lis megk\u00f6zel\u00edt\u00e9s. M\u0171veit sz\u00e1mos csoportos ki\u00e1ll\u00edt\u00e1son mutatt\u00e1k be Budapesten, P\u00e9csett \u00e9s Tokajban, t\u00f6bbek k\u00f6z\u00f6tt a N\u00e1dor Gal\u00e9ri\u00e1ban, az m21 Gal\u00e9ri\u00e1ban, a FISE Gal\u00e9ri\u00e1ban \u00e9s a Zsdral Art Gal\u00e9ri\u00e1ban. Rendszeres r\u00e9sztvev\u0151je m\u0171v\u00e9sztelepeknek \u00e9s rezidencia-programoknak (Artistaille, Miszla, Eger\u00e1g). 2021-ben elnyerte a Fundamenta\u2013Amadeus Nagyalkot\u00f3i \u00d6szt\u00f6nd\u00edjat. 2024-t\u0151l a B\u00e1zis Szobr\u00e1sz Egyes\u00fclet tagja, 2022 \u00f3ta az EMEZEK m\u0171v\u00e9szcsoport akt\u00edv alkot\u00f3ja. Munk\u00e1iban a szem\u00e9lyes testtapasztalat, az anyagok nyelvezete \u00e9s a kort\u00e1rs szobr\u00e1szat hat\u00e1rter\u00fcletei k\u00f6zti p\u00e1rbesz\u00e9dre t\u00f6rekszik.\t\t\t\t\t\t\t\t<\/div>\n\t\t\t\t\t\t\t\t\t\t\t\t<\/div>\n\t\t\t\t\t\t\t\t\t<\/a>\n\t\t\t\t\t\t\t<a class=\"e-gallery-item elementor-gallery-item elementor-animated-content\" data-e-gallery-tags=\"1\" href=\"https:\/\/lokart.hu\/wp-content\/uploads\/2025\/04\/ujj_zsuzsi01-1-scaled.jpg\" data-elementor-open-lightbox=\"yes\" data-elementor-lightbox-slideshow=\"4f5d14e4\" data-e-action-hash=\"#elementor-action%3Aaction%3Dlightbox%26settings%3DeyJpZCI6NDc2MSwidXJsIjoiaHR0cHM6XC9cL2xva2FydC5odVwvd3AtY29udGVudFwvdXBsb2Fkc1wvMjAyNVwvMDRcL3Vqal96c3V6c2kwMS0xLXNjYWxlZC5qcGciLCJzbGlkZXNob3ciOiI0ZjVkMTRlNCJ9\">\n\t\t\t\t\t<div class=\"e-gallery-image elementor-gallery-item__image\" data-thumbnail=\"https:\/\/lokart.hu\/wp-content\/uploads\/2025\/04\/ujj_zsuzsi01-1-768x1051.jpg\" data-width=\"768\" data-height=\"1051\" aria-label=\"\" role=\"img\" ><\/div>\n\t\t\t\t\t\t\t\t\t\t\t<div class=\"elementor-gallery-item__overlay\"><\/div>\n\t\t\t\t\t\t\t\t\t\t\t\t\t\t\t<div class=\"elementor-gallery-item__content\">\n\t\t\t\t\t\t\t\t\t\t\t\t\t\t<div class=\"elementor-gallery-item__title\">\n\t\t\t\t\t\t\t\t\t\t\t\t\t\t\t\t\t\t\u25c9 UJJ ZSUZSI \u25c9\t\t\t\t\t\t\t\t<\/div>\n\t\t\t\t\t\t\t\t\t\t\t\t\t\t\t<div class=\"elementor-gallery-item__description\">\n\t\t\t\t\t\t\t\t\t\t\t\t\t\t\t\t\t\tUjj Zsuzsi k\u00e9pz\u0151m\u0171v\u00e9sz, el\u0151ad\u00f3 \u00e9s zen\u00e9sz, aki az 1980-as \u00e9vekben a fotogr\u00e1fia kifejez\u00e9si lehet\u0151s\u00e9geit \u00fajra\u00e9rtelmezve alkotta meg a nemi identit\u00e1s, az \u00f6nazonoss\u00e1g \u00e9s a szem\u00e9lyes tapasztalatok ment\u00e9n \u00e9p\u00fcl\u0151, egyed\u00fcl\u00e1ll\u00f3 fot\u00f3performansz-sorozat\u00e1t. Az int\u00e9zm\u00e9nyes m\u0171v\u00e9szeti strukt\u00far\u00e1kon k\u00edv\u00fcl dolgozva fekete-feh\u00e9r, be\u00e1ll\u00edtott, saj\u00e1t test\u00e9t m\u00e9diumk\u00e9nt haszn\u00e1l\u00f3 munk\u00e1iban a vizualit\u00e1st a k\u00f6lt\u00e9szettel, a zen\u00e9vel \u00e9s a mozg\u00f3k\u00e9pi gondolkod\u00e1ssal kapcsolta \u00f6ssze \u2014 mindezt az \u00faj hull\u00e1m korszak\u00e1nak interdiszciplin\u00e1ris szellemis\u00e9g\u00e9ben.\t\t\t\t\t\t\t\t<\/div>\n\t\t\t\t\t\t\t\t\t\t\t\t<\/div>\n\t\t\t\t\t\t\t\t\t<\/a>\n\t\t\t\t\t\t\t<a class=\"e-gallery-item elementor-gallery-item elementor-animated-content\" data-e-gallery-tags=\"1\" href=\"https:\/\/lokart.hu\/wp-content\/uploads\/2025\/05\/Valy-Sandor-Portre-1-scaled.jpg\" data-elementor-open-lightbox=\"yes\" data-elementor-lightbox-slideshow=\"4f5d14e4\" data-e-action-hash=\"#elementor-action%3Aaction%3Dlightbox%26settings%3DeyJpZCI6NDgyMywidXJsIjoiaHR0cHM6XC9cL2xva2FydC5odVwvd3AtY29udGVudFwvdXBsb2Fkc1wvMjAyNVwvMDVcL1ZhbHktU2FuZG9yLVBvcnRyZS0xLXNjYWxlZC5qcGciLCJzbGlkZXNob3ciOiI0ZjVkMTRlNCJ9\">\n\t\t\t\t\t<div class=\"e-gallery-image elementor-gallery-item__image\" data-thumbnail=\"https:\/\/lokart.hu\/wp-content\/uploads\/2025\/05\/Valy-Sandor-Portre-1-768x512.jpg\" data-width=\"768\" data-height=\"512\" aria-label=\"\" role=\"img\" ><\/div>\n\t\t\t\t\t\t\t\t\t\t\t<div class=\"elementor-gallery-item__overlay\"><\/div>\n\t\t\t\t\t\t\t\t\t\t\t\t\t\t\t<div class=\"elementor-gallery-item__content\">\n\t\t\t\t\t\t\t\t\t\t\t\t\t\t<div class=\"elementor-gallery-item__title\">\n\t\t\t\t\t\t\t\t\t\t\t\t\t\t\t\t\t\t\u25c9 V\u00c1LY S\u00c1NDOR \u25c9\t\t\t\t\t\t\t\t<\/div>\n\t\t\t\t\t\t\t\t\t\t\t\t\t\t\t<div class=\"elementor-gallery-item__description\">\n\t\t\t\t\t\t\t\t\t\t\t\t\t\t\t\t\t\tV\u00e1ly S\u00e1ndor (1968) Magyar sz\u00e1rmaz\u00e1s\u00fa, Umbri\u00e1ban \u00e9l\u0151 finn audiovizu\u00e1lis m\u0171v\u00e9sz.\nM\u0171v\u00e9szet\u00e9t konceptu\u00e1lis \u00e9s filoz\u00f3fiai dimenzi\u00f3 jellemzi, amellyel a kort\u00e1rs m\u0171v\u00e9szet ter\u00fclet\u00e9n mozog.\nMunk\u00e1ss\u00e1ga a zen\u00e9t\u0151l a filmm\u0171v\u00e9szetig, a performance-t\u00f3l az irodalomig terjed. V\u00e1ly holisztikus\nm\u0171alkot\u00e1sokat hoz l\u00e9tre, amelyek \u00e1tfog\u00f3 egys\u00e9geket alkotnak.\t\t\t\t\t\t\t\t<\/div>\n\t\t\t\t\t\t\t\t\t\t\t\t<\/div>\n\t\t\t\t\t\t\t\t\t<\/a>\n\t\t\t\t\t\t\t<a class=\"e-gallery-item elementor-gallery-item elementor-animated-content\" data-e-gallery-tags=\"1\" href=\"https:\/\/lokart.hu\/wp-content\/uploads\/2025\/06\/VARGA_RITA_HJL_03782-1-1.jpg\" data-elementor-open-lightbox=\"yes\" data-elementor-lightbox-slideshow=\"4f5d14e4\" data-e-action-hash=\"#elementor-action%3Aaction%3Dlightbox%26settings%3DeyJpZCI6NTE0NiwidXJsIjoiaHR0cHM6XC9cL2xva2FydC5odVwvd3AtY29udGVudFwvdXBsb2Fkc1wvMjAyNVwvMDZcL1ZBUkdBX1JJVEFfSEpMXzAzNzgyLTEtMS5qcGciLCJzbGlkZXNob3ciOiI0ZjVkMTRlNCJ9\">\n\t\t\t\t\t<div class=\"e-gallery-image elementor-gallery-item__image\" data-thumbnail=\"https:\/\/lokart.hu\/wp-content\/uploads\/2025\/06\/VARGA_RITA_HJL_03782-1-1-768x768.jpg\" data-width=\"768\" data-height=\"768\" aria-label=\"\" role=\"img\" ><\/div>\n\t\t\t\t\t\t\t\t\t\t\t<div class=\"elementor-gallery-item__overlay\"><\/div>\n\t\t\t\t\t\t\t\t\t\t\t\t\t\t\t<div class=\"elementor-gallery-item__content\">\n\t\t\t\t\t\t\t\t\t\t\t\t\t\t<div class=\"elementor-gallery-item__title\">\n\t\t\t\t\t\t\t\t\t\t\t\t\t\t\t\t\t\t\u25c9 VARGA RITA \u25c9\t\t\t\t\t\t\t\t<\/div>\n\t\t\t\t\t\t\t\t\t\t\t\t\t\t\t<div class=\"elementor-gallery-item__description\">\n\t\t\t\t\t\t\t\t\t\t\t\t\t\t\t\t\t\tVarga Rita fest\u0151m\u0171v\u00e9sz, kur\u00e1tor, a PTE KPVK oktat\u00f3ja. 1973-ban sz\u00fcletett Szolnokon, 1993 \u00f3ta \u00e9l P\u00e9csett. Tanulm\u00e1nyait a P\u00e9csi Tudom\u00e1nyegyetem M\u0171v\u00e9szeti Kar\u00e1n \u00e9s a K\u00e9pz\u0151m\u0171v\u00e9szeti Mesteriskol\u00e1n v\u00e9gezte, t\u00f6bb k\u00fclf\u00f6ldi \u00f6szt\u00f6nd\u00edjat is elnyert (New York, R\u00f3ma). Alap\u00edt\u00f3 tagja \u00e9s vezet\u0151je a K\u00f6zel\u00edt\u00e9s M\u0171v\u00e9szeti Egyes\u00fcletnek. Sz\u00e1mos nemzetk\u00f6zi \u00e9s hazai m\u0171v\u00e9szeti projekt szervez\u0151je, p\u00e9ld\u00e1ul a Priv\u00e1t Nacionalizmus \u00e9s Temporary City. Egy\u00e9ni \u00e9s csoportos ki\u00e1ll\u00edt\u00e1sai voltak t\u00f6bbek k\u00f6zt Budapesten, B\u00e9csben, Passauban, Moszkv\u00e1ban, Drezd\u00e1ban \u00e9s R\u00f3m\u00e1ban. Munk\u00e1ss\u00e1g\u00e1t t\u00f6bb \u00f6szt\u00f6nd\u00edjjal \u00e9s d\u00edjjal ismert\u00e9k el (Derkovits-\u00f6szt\u00f6nd\u00edj, MMA-\u00f6szt\u00f6nd\u00edj). Kur\u00e1tork\u00e9nt kiemelten foglalkozik kort\u00e1rs t\u00e1rsadalmi k\u00e9rd\u00e9seket tematiz\u00e1l\u00f3 ki\u00e1ll\u00edt\u00e1sokkal, m\u00e9diam\u0171v\u00e9szettel \u00e9s f\u00e9nyalap\u00fa install\u00e1ci\u00f3kkal.\t\t\t\t\t\t\t\t<\/div>\n\t\t\t\t\t\t\t\t\t\t\t\t<\/div>\n\t\t\t\t\t\t\t\t\t<\/a>\n\t\t\t\t\t\t\t<a class=\"e-gallery-item elementor-gallery-item elementor-animated-content\" data-e-gallery-tags=\"1\" href=\"https:\/\/lokart.hu\/wp-content\/uploads\/2025\/04\/vekony_dorottya-min-1-1-scaled.jpg\" data-elementor-open-lightbox=\"yes\" data-elementor-lightbox-slideshow=\"4f5d14e4\" data-e-action-hash=\"#elementor-action%3Aaction%3Dlightbox%26settings%3DeyJpZCI6NDc5NCwidXJsIjoiaHR0cHM6XC9cL2xva2FydC5odVwvd3AtY29udGVudFwvdXBsb2Fkc1wvMjAyNVwvMDRcL3Zla29ueV9kb3JvdHR5YS1taW4tMS0xLXNjYWxlZC5qcGciLCJzbGlkZXNob3ciOiI0ZjVkMTRlNCJ9\">\n\t\t\t\t\t<div class=\"e-gallery-image elementor-gallery-item__image\" data-thumbnail=\"https:\/\/lokart.hu\/wp-content\/uploads\/2025\/04\/vekony_dorottya-min-1-1-768x1152.jpg\" data-width=\"768\" data-height=\"1152\" aria-label=\"\" role=\"img\" ><\/div>\n\t\t\t\t\t\t\t\t\t\t\t<div class=\"elementor-gallery-item__overlay\"><\/div>\n\t\t\t\t\t\t\t\t\t\t\t\t\t\t\t<div class=\"elementor-gallery-item__content\">\n\t\t\t\t\t\t\t\t\t\t\t\t\t\t<div class=\"elementor-gallery-item__title\">\n\t\t\t\t\t\t\t\t\t\t\t\t\t\t\t\t\t\t\u25c9 V\u00c9KONY DOROTTYA  \u25c9\t\t\t\t\t\t\t\t<\/div>\n\t\t\t\t\t\t\t\t\t\t\t\t\t\t\t<div class=\"elementor-gallery-item__description\">\n\t\t\t\t\t\t\t\t\t\t\t\t\t\t\t\t\t\tAz elm\u00falt \u00e9vekben azt kutatja, hogy mik\u00e9nt v\u00e1ltoztak meg a t\u00e1rsadalmi \u00e9s biol\u00f3giai test hat\u00e1rai a biopolitikai diskurzusban a 20. sz\u00e1zad folyam\u00e1n, \u00e9s milyen jelent\u00e9ssel b\u00edrnak napjainkban. M\u00e1r t\u00f6bb \u00e9ve foglalkozik a term\u00e9kenys\u00e9g \u00e9s a reprodukci\u00f3s jogok k\u00e9rd\u00e9sk\u00f6r\u00e9vel. Figyelme azok fel\u00e9 a helyzetek fel\u00e9 fordul, ahol e jogok gyakorl\u00e1s\u00e1ban valamilyen akad\u00e1ly l\u00e9p fel, ahol a term\u00e9kenys\u00e9g \u201eterm\u00e9ketlens\u00e9gg\u00e9\u201d v\u00e1lik, ahol a sz\u00fclet\u00e9s \u00e9s a sz\u00fcl\u00e9s esem\u00e9nye nem val\u00f3sulhat meg. K\u00fcl\u00f6n\u00f6sen az \u00e9rdekli, hogyan birk\u00f3znak meg az \u00e1ltala megismert n\u0151k ezekkel a (kr\u00edzis)helyzetekkel, \u00e9s mik\u00e9nt hoznak l\u00e9tre emp\u00e1ti\u00e1ra \u00e9s elfogad\u00e1sra \u00e9p\u00fcl\u0151, \u00fajonnan form\u00e1l\u00f3d\u00f3 t\u00e1mogat\u00f3 k\u00f6z\u00f6ss\u00e9geket.\t\t\t\t\t\t\t\t<\/div>\n\t\t\t\t\t\t\t\t\t\t\t\t<\/div>\n\t\t\t\t\t\t\t\t\t<\/a>\n\t\t\t\t\t\t\t<a class=\"e-gallery-item elementor-gallery-item elementor-animated-content\" data-e-gallery-tags=\"1\" href=\"https:\/\/lokart.hu\/wp-content\/uploads\/2025\/06\/IMG_6334-scaled.jpg\" data-elementor-open-lightbox=\"yes\" data-elementor-lightbox-slideshow=\"4f5d14e4\" data-e-action-hash=\"#elementor-action%3Aaction%3Dlightbox%26settings%3DeyJpZCI6NTE0OCwidXJsIjoiaHR0cHM6XC9cL2xva2FydC5odVwvd3AtY29udGVudFwvdXBsb2Fkc1wvMjAyNVwvMDZcL0lNR182MzM0LXNjYWxlZC5qcGciLCJzbGlkZXNob3ciOiI0ZjVkMTRlNCJ9\">\n\t\t\t\t\t<div class=\"e-gallery-image elementor-gallery-item__image\" data-thumbnail=\"https:\/\/lokart.hu\/wp-content\/uploads\/2025\/06\/IMG_6334-768x775.jpg\" data-width=\"768\" data-height=\"775\" aria-label=\"\" role=\"img\" ><\/div>\n\t\t\t\t\t\t\t\t\t\t\t<div class=\"elementor-gallery-item__overlay\"><\/div>\n\t\t\t\t\t\t\t\t\t\t\t\t\t\t\t<div class=\"elementor-gallery-item__content\">\n\t\t\t\t\t\t\t\t\t\t\t\t\t\t<div class=\"elementor-gallery-item__title\">\n\t\t\t\t\t\t\t\t\t\t\t\t\t\t\t\t\t\t\u25c9 VEREBICS \u00c1GNES \u25c9\t\t\t\t\t\t\t\t<\/div>\n\t\t\t\t\t\t\t\t\t\t\t\t\t\t\t<div class=\"elementor-gallery-item__description\">\n\t\t\t\t\t\t\t\t\t\t\t\t\t\t\t\t\t\tK\u00e9pz\u0151m\u0171v\u00e9sz, munk\u00e1iban a test, az identit\u00e1s \u00e9s a term\u00e9szetes\u2013mesters\u00e9ges hat\u00e1rainak k\u00e9rd\u00e9seit vizsg\u00e1lja. A Magyar K\u00e9pz\u0151m\u0171v\u00e9szeti Egyetemen v\u00e9gzett 2006-ban, 2004-ben az Erasmus program keret\u00e9ben a marseille-i \u00c9cole Sup\u00e9rieure des Beaux-Arts hallgat\u00f3ja volt. Sz\u00e1mos egy\u00e9ni ki\u00e1ll\u00edt\u00e1sa volt Magyarorsz\u00e1gon, emellett szerepelt t\u00f6bb jelent\u0151s nemzetk\u00f6zi csoportos t\u00e1rlaton is, t\u00f6bbek k\u00f6z\u00f6tt a Ludwig M\u00fazeumban (Budapest), a Frissiras M\u00fazeumban (Ath\u00e9n), a MODEM-ben \u00e9s a Bridge Art Fair-en (Miami). M\u0171vei k\u00f6z- \u00e9s mag\u00e1ngy\u0171jtem\u00e9nyekben is megtal\u00e1lhat\u00f3k. D\u00edjai k\u00f6z\u00e9 tartozik a STRABAG Fest\u00e9szeti D\u00edj (2007), az Essl Award (2005) \u00e9s a R\u00f3mai Magyar Akad\u00e9mia \u00f6szt\u00f6nd\u00edja (2009). Tagja a Fiatal K\u00e9pz\u0151m\u0171v\u00e9szek St\u00fadi\u00f3ja Egyes\u00fclet\u00e9nek (FKSE).\t\t\t\t\t\t\t\t<\/div>\n\t\t\t\t\t\t\t\t\t\t\t\t<\/div>\n\t\t\t\t\t\t\t\t\t<\/a>\n\t\t\t\t\t\t\t<a class=\"e-gallery-item elementor-gallery-item elementor-animated-content\" data-e-gallery-tags=\"2\" href=\"https:\/\/lokart.hu\/wp-content\/uploads\/2025\/05\/DON-Tamas_Foto-Dobokay-Mate-min-1-scaled.jpg\" data-elementor-open-lightbox=\"yes\" data-elementor-lightbox-slideshow=\"4f5d14e4\" data-e-action-hash=\"#elementor-action%3Aaction%3Dlightbox%26settings%3DeyJpZCI6NDg4MSwidXJsIjoiaHR0cHM6XC9cL2xva2FydC5odVwvd3AtY29udGVudFwvdXBsb2Fkc1wvMjAyNVwvMDVcL0RPTi1UYW1hc19Gb3RvLURvYm9rYXktTWF0ZS1taW4tMS1zY2FsZWQuanBnIiwic2xpZGVzaG93IjoiNGY1ZDE0ZTQifQ%3D%3D\">\n\t\t\t\t\t<div class=\"e-gallery-image elementor-gallery-item__image\" data-thumbnail=\"https:\/\/lokart.hu\/wp-content\/uploads\/2025\/05\/DON-Tamas_Foto-Dobokay-Mate-min-1-768x759.jpg\" data-width=\"768\" data-height=\"759\" aria-label=\"\" role=\"img\" ><\/div>\n\t\t\t\t\t\t\t\t\t\t\t<div class=\"elementor-gallery-item__overlay\"><\/div>\n\t\t\t\t\t\t\t\t\t\t\t\t\t\t\t<div class=\"elementor-gallery-item__content\">\n\t\t\t\t\t\t\t\t\t\t\t\t\t\t<div class=\"elementor-gallery-item__title\">\n\t\t\t\t\t\t\t\t\t\t\t\t\t\t\t\t\t\t\u25c9 DON TAM\u00c1S MIL\u00c1N \u25c9\t\t\t\t\t\t\t\t<\/div>\n\t\t\t\t\t\t\t\t\t\t\t\t\t\t\t<div class=\"elementor-gallery-item__description\">\n\t\t\t\t\t\t\t\t\t\t\t\t\t\t\t\t\t\tDon Tam\u00e1s, kur\u00e1tor, a szakdolgozati \u00e9s kutat\u00e1si t\u00e9m\u00e1ja a fiatal, p\u00e1lyakezd\u0151 k\u00e9pz\u0151m\u0171v\u00e9szek integr\u00e1ci\u00f3s lehet\u0151s\u00e9gei a magyarorsz\u00e1gi kort\u00e1rs k\u00e9pz\u0151m\u0171v\u00e9szeti int\u00e9zm\u00e9nyrendszerben, ezenk\u00edv\u00fcl \u00e9rdekl\u0151d\u00e9si ter\u00fcletei k\u00f6z\u00e9 tartoznak a t\u00e1rsadalmi \u00e9s politikai probl\u00e9m\u00e1kra reflekt\u00e1l\u00f3 projektek, a rendszerv\u00e1lt\u00e1s ut\u00e1ni kort\u00e1rs k\u00e9pz\u0151m\u0171v\u00e9szeti int\u00e9zm\u00e9nyrendszer t\u00f6rt\u00e9nete, valamint a m\u0171v\u00e9szetpedag\u00f3gia. 2018 febru\u00e1rja \u00f3ta a debreceni MODEM kur\u00e1tora, 2021 \u00f3ta vezet\u0151 kur\u00e1tora emellett t\u00f6bb f\u00fcggetlen kur\u00e1tori projekten is dolgozott, p\u00e9ld\u00e1ul a B\u00e1nkit\u00f3 K\u00e9pz\u0151m\u0171v\u00e9szeti Fesztiv\u00e1l \u00e9s a K\u00fcsz\u00f6b Fesztiv\u00e1l szervez\u0151jek\u00e9nt. Emellett a METU Design- \u00e9s m\u0171v\u00e9szetmenedzsment MA k\u00e9pz\u00e9sen mesteroktat\u00f3. \t\t\t\t\t\t\t\t<\/div>\n\t\t\t\t\t\t\t\t\t\t\t\t<\/div>\n\t\t\t\t\t\t\t\t\t<\/a>\n\t\t\t\t\t\t\t<a class=\"e-gallery-item elementor-gallery-item elementor-animated-content\" data-e-gallery-tags=\"2\" href=\"https:\/\/lokart.hu\/wp-content\/uploads\/2025\/05\/fabenyijulia-1.jpg\" data-elementor-open-lightbox=\"yes\" data-elementor-lightbox-slideshow=\"4f5d14e4\" data-e-action-hash=\"#elementor-action%3Aaction%3Dlightbox%26settings%3DeyJpZCI6NDg0MSwidXJsIjoiaHR0cHM6XC9cL2xva2FydC5odVwvd3AtY29udGVudFwvdXBsb2Fkc1wvMjAyNVwvMDVcL2ZhYmVueWlqdWxpYS0xLmpwZyIsInNsaWRlc2hvdyI6IjRmNWQxNGU0In0%3D\">\n\t\t\t\t\t<div class=\"e-gallery-image elementor-gallery-item__image\" data-thumbnail=\"https:\/\/lokart.hu\/wp-content\/uploads\/2025\/05\/fabenyijulia-1-768x627.jpg\" data-width=\"768\" data-height=\"627\" aria-label=\"\" role=\"img\" ><\/div>\n\t\t\t\t\t\t\t\t\t\t\t<div class=\"elementor-gallery-item__overlay\"><\/div>\n\t\t\t\t\t\t\t\t\t\t\t\t\t\t\t<div class=\"elementor-gallery-item__content\">\n\t\t\t\t\t\t\t\t\t\t\t\t\t\t<div class=\"elementor-gallery-item__title\">\n\t\t\t\t\t\t\t\t\t\t\t\t\t\t\t\t\t\t\u25c9 FAB\u00c9NYI J\u00daLIA \u25c9 A SZAKMAI ZS\u0170RI ELN\u00d6KE \u25c9\t\t\t\t\t\t\t\t<\/div>\n\t\t\t\t\t\t\t\t\t\t\t\t\t\t\t<div class=\"elementor-gallery-item__description\">\n\t\t\t\t\t\t\t\t\t\t\t\t\t\t\t\t\t\tFab\u00e9nyi J\u00falia m\u0171v\u00e9szett\u00f6rt\u00e9n\u00e9sz, kur\u00e1tor, a Ludwig M\u00fazeum \u2013 Kort\u00e1rs M\u0171v\u00e9szeti M\u00fazeum igazgat\u00f3ja 2013 \u00f3ta. Kor\u00e1bban a p\u00e9csi Janus Pannonius M\u00fazeum \u00e9s a Vasarely M\u00fazeum vezet\u0151jek\u00e9nt dolgozott. Kur\u00e1tori \u00e9s szakmai munk\u00e1j\u00e1ban kiemelt figyelmet ford\u00edt a kort\u00e1rs k\u00e9pz\u0151m\u0171v\u00e9szet nemzetk\u00f6zi p\u00e1rbesz\u00e9dbe val\u00f3 bekapcsol\u00e1s\u00e1ra, valamint a k\u00f6z\u00e9p-eur\u00f3pai r\u00e9gi\u00f3 m\u0171v\u00e9szeinek nemzetk\u00f6zi l\u00e1that\u00f3s\u00e1g\u00e1ra. 2015-ben a Velencei Bienn\u00e1le magyar pavilonj\u00e1nak nemzeti biztosa volt. Munk\u00e1ss\u00e1g\u00e1t t\u00f6bb hazai \u00e9s nemzetk\u00f6zi elismer\u00e9s \u00f6vezi.\t\t\t\t\t\t\t\t<\/div>\n\t\t\t\t\t\t\t\t\t\t\t\t<\/div>\n\t\t\t\t\t\t\t\t\t<\/a>\n\t\t\t\t\t\t\t<a class=\"e-gallery-item elementor-gallery-item elementor-animated-content\" data-e-gallery-tags=\"2\" href=\"https:\/\/lokart.hu\/wp-content\/uploads\/2025\/05\/KevserGuler_MuhsinAkgun_16-min-1-1-scaled.jpg\" data-elementor-open-lightbox=\"yes\" data-elementor-lightbox-slideshow=\"4f5d14e4\" data-e-action-hash=\"#elementor-action%3Aaction%3Dlightbox%26settings%3DeyJpZCI6NDg0NSwidXJsIjoiaHR0cHM6XC9cL2xva2FydC5odVwvd3AtY29udGVudFwvdXBsb2Fkc1wvMjAyNVwvMDVcL0tldnNlckd1bGVyX011aHNpbkFrZ3VuXzE2LW1pbi0xLTEtc2NhbGVkLmpwZyIsInNsaWRlc2hvdyI6IjRmNWQxNGU0In0%3D\">\n\t\t\t\t\t<div class=\"e-gallery-image elementor-gallery-item__image\" data-thumbnail=\"https:\/\/lokart.hu\/wp-content\/uploads\/2025\/05\/KevserGuler_MuhsinAkgun_16-min-1-1-768x705.jpg\" data-width=\"768\" data-height=\"705\" aria-label=\"\" role=\"img\" ><\/div>\n\t\t\t\t\t\t\t\t\t\t\t<div class=\"elementor-gallery-item__overlay\"><\/div>\n\t\t\t\t\t\t\t\t\t\t\t\t\t\t\t<div class=\"elementor-gallery-item__content\">\n\t\t\t\t\t\t\t\t\t\t\t\t\t\t<div class=\"elementor-gallery-item__title\">\n\t\t\t\t\t\t\t\t\t\t\t\t\t\t\t\t\t\t\u25c9 KEVSER G\u00dcLER \u25c9\t\t\t\t\t\t\t\t<\/div>\n\t\t\t\t\t\t\t\t\t\t\t\t\t\t\t<div class=\"elementor-gallery-item__description\">\n\t\t\t\t\t\t\t\t\t\t\t\t\t\t\t\t\t\tKevser G\u00fcler 2024 \u00f3ta az Isztambuli Bienn\u00e1l\u00e9 igazgat\u00f3ja. 2015 \u00e9s 2017 k\u00f6z\u00f6tt a Cappadox Fesztiv\u00e1l Kort\u00e1rs M\u0171v\u00e9szeti Programj\u00e1nak alap\u00edt\u00f3 csapat\u00e1ban dolgozott, \u00e9s annak t\u00e1rskur\u00e1tora volt. 2014 \u00e9s 2019 k\u00f6z\u00f6tt az Arter gy\u0171jtem\u00e9ny\u00e9nek kutat\u00f3jak\u00e9nt tev\u00e9kenykedett, 2020 \u00e9s 2021 k\u00f6z\u00f6tt pedig a Yap\u0131 Kredi Kultur\u00e1lis \u00e9s M\u0171v\u00e9szeti Int\u00e9zet kur\u00e1torak\u00e9nt \u00e9s ki\u00e1ll\u00edt\u00e1si igazgat\u00f3jak\u00e9nt. 2007 \u00e9s 2014 k\u00f6z\u00f6tt az Isztambuli Bienn\u00e1l\u00e9 szervez\u0151csapat\u00e1nak is tagja volt.\t\t\t\t\t\t\t\t<\/div>\n\t\t\t\t\t\t\t\t\t\t\t\t<\/div>\n\t\t\t\t\t\t\t\t\t<\/a>\n\t\t\t\t\t\t\t<a class=\"e-gallery-item elementor-gallery-item elementor-animated-content\" data-e-gallery-tags=\"2\" href=\"https:\/\/lokart.hu\/wp-content\/uploads\/2025\/05\/hans-knoll-viennafair-2012-1.png\" data-elementor-open-lightbox=\"yes\" data-elementor-lightbox-slideshow=\"4f5d14e4\" data-e-action-hash=\"#elementor-action%3Aaction%3Dlightbox%26settings%3DeyJpZCI6NDg4MCwidXJsIjoiaHR0cHM6XC9cL2xva2FydC5odVwvd3AtY29udGVudFwvdXBsb2Fkc1wvMjAyNVwvMDVcL2hhbnMta25vbGwtdmllbm5hZmFpci0yMDEyLTEucG5nIiwic2xpZGVzaG93IjoiNGY1ZDE0ZTQifQ%3D%3D\">\n\t\t\t\t\t<div class=\"e-gallery-image elementor-gallery-item__image\" data-thumbnail=\"https:\/\/lokart.hu\/wp-content\/uploads\/2025\/05\/hans-knoll-viennafair-2012-1.png\" data-width=\"501\" data-height=\"360\" aria-label=\"\" role=\"img\" ><\/div>\n\t\t\t\t\t\t\t\t\t\t\t<div class=\"elementor-gallery-item__overlay\"><\/div>\n\t\t\t\t\t\t\t\t\t\t\t\t\t\t\t<div class=\"elementor-gallery-item__content\">\n\t\t\t\t\t\t\t\t\t\t\t\t\t\t<div class=\"elementor-gallery-item__title\">\n\t\t\t\t\t\t\t\t\t\t\t\t\t\t\t\t\t\t\u25c9 HANS KNOLL \u25c9\t\t\t\t\t\t\t\t<\/div>\n\t\t\t\t\t\t\t\t\t\t\t\t\t\t\t<div class=\"elementor-gallery-item__description\">\n\t\t\t\t\t\t\t\t\t\t\t\t\t\t\t\t\t\tHans Knoll (1956, Alkoven, Fels\u0151-Ausztria) b\u00e9csi sz\u00e9khely\u0171 gal\u00e9riatulajdonos \u00e9s kultur\u00e1lis szakember. Kereskedelmi k\u00e9pzetts\u00e9ge \u00e9s linzi gyakorlata ut\u00e1n az 1980-as \u00e9vek k\u00f6zep\u00e9n alap\u00edtotta els\u0151 gal\u00e9ri\u00e1j\u00e1t B\u00e9csben, majd 1989-ben \u2014 m\u00e9g a vasf\u00fcgg\u00f6ny leoml\u00e1sa el\u0151tt \u2014 nyitott meg egy m\u00e1sikat Budapesten. Az\u00f3ta meghat\u00e1roz\u00f3 szerepet j\u00e1tszik a k\u00f6z\u00e9p- \u00e9s kelet-eur\u00f3pai kort\u00e1rs m\u0171v\u00e9szet nemzetk\u00f6zi kapcsolatrendszer\u00e9nek alak\u00edt\u00e1s\u00e1ban. Olyan v\u00e1rosokban szervezett jelent\u0151s ki\u00e1ll\u00edt\u00e1sokat \u00e9s projekteket, mint Budapest, Brno, Vars\u00f3, Moszkva vagy Tallinn.  2016 \u00e9s 2020 k\u00f6z\u00f6tt az Osztr\u00e1k Kort\u00e1rs Gal\u00e9ri\u00e1k Sz\u00f6vets\u00e9g\u00e9nek eln\u00f6ke volt, 2006 \u00e9s 2019 k\u00f6z\u00f6tt a B\u00e9csi Zenem\u0171v\u00e9szeti Egyetem kultur\u00e1lis menedzsment szak\u00e1nak oktat\u00f3ja.\t\t\t\t\t\t\t\t<\/div>\n\t\t\t\t\t\t\t\t\t\t\t\t<\/div>\n\t\t\t\t\t\t\t\t\t<\/a>\n\t\t\t\t\t\t\t<a class=\"e-gallery-item elementor-gallery-item elementor-animated-content\" data-e-gallery-tags=\"2\" href=\"https:\/\/lokart.hu\/wp-content\/uploads\/2025\/05\/marilou_laneuville_photo_yanis_ourabah-min-1.jpg\" data-elementor-open-lightbox=\"yes\" data-elementor-lightbox-slideshow=\"4f5d14e4\" data-e-action-hash=\"#elementor-action%3Aaction%3Dlightbox%26settings%3DeyJpZCI6NDg1MSwidXJsIjoiaHR0cHM6XC9cL2xva2FydC5odVwvd3AtY29udGVudFwvdXBsb2Fkc1wvMjAyNVwvMDVcL21hcmlsb3VfbGFuZXV2aWxsZV9waG90b195YW5pc19vdXJhYmFoLW1pbi0xLmpwZyIsInNsaWRlc2hvdyI6IjRmNWQxNGU0In0%3D\">\n\t\t\t\t\t<div class=\"e-gallery-image elementor-gallery-item__image\" data-thumbnail=\"https:\/\/lokart.hu\/wp-content\/uploads\/2025\/05\/marilou_laneuville_photo_yanis_ourabah-min-1-768x807.jpg\" data-width=\"768\" data-height=\"807\" aria-label=\"\" role=\"img\" ><\/div>\n\t\t\t\t\t\t\t\t\t\t\t<div class=\"elementor-gallery-item__overlay\"><\/div>\n\t\t\t\t\t\t\t\t\t\t\t\t\t\t\t<div class=\"elementor-gallery-item__content\">\n\t\t\t\t\t\t\t\t\t\t\t\t\t\t<div class=\"elementor-gallery-item__title\">\n\t\t\t\t\t\t\t\t\t\t\t\t\t\t\t\t\t\t\u25c9 MARILOU LANEUVILLE \u25c9\t\t\t\t\t\t\t\t<\/div>\n\t\t\t\t\t\t\t\t\t\t\t\t\t\t\t<div class=\"elementor-gallery-item__description\">\n\t\t\t\t\t\t\t\t\t\t\t\t\t\t\t\t\t\tA kanadai sz\u00e1rmaz\u00e1s\u00fa Marilou Laneuville 2008 \u00f3ta dolgozik a Lyoni Kort\u00e1rs M\u0171v\u00e9szeti M\u00fazeumban (macLYON), ahol a Ki\u00e1ll\u00edt\u00e1sok \u00e9s kiadv\u00e1nyok oszt\u00e1lyvezet\u0151je, valamint kur\u00e1tor. Sz\u00e1mos ki\u00e1ll\u00edt\u00e1st rendezett, k\u00f6zt\u00fck a Echoes of the Past, Promises of the Future (2025) c\u00edm\u0171 t\u00e1rlatot, amely az \u00faj technol\u00f3gi\u00e1kat vizsg\u00e1lja; AYA TAKANO \u2013 New Myth (2023); Nathalie Djurberg & Hans Berg \u2013 The Skin Is a Thin Container (2023); valamint Christine Rebet \u2013 Escapology (2021). Akt\u00edvan r\u00e9szt vesz a macLYON m\u0171v\u00e9sz- \u00e9s kur\u00e1tori rezidenciaprogramjainak kialak\u00edt\u00e1s\u00e1ban is, emellett sz\u00e1mos essz\u00e9t publik\u00e1lt ki\u00e1ll\u00edt\u00e1si katal\u00f3gusokban. 2019 \u00f3ta a Jeune cr\u00e9ation internationale c\u00edm\u0171 ki\u00e1ll\u00edt\u00e1s t\u00e1rsm\u0171v\u00e9szeti vezet\u0151je, amely a Lyoni Bienn\u00e1l\u00e9 keret\u00e9ben mutat be p\u00e1lyakezd\u0151 m\u0171v\u00e9szeket. Fot\u00f3: Yanis Ourabah\t\t\t\t\t\t\t\t<\/div>\n\t\t\t\t\t\t\t\t\t\t\t\t<\/div>\n\t\t\t\t\t\t\t\t\t<\/a>\n\t\t\t\t\t\t\t<a class=\"e-gallery-item elementor-gallery-item elementor-animated-content\" data-e-gallery-tags=\"3\" href=\"https:\/\/lokart.hu\/wp-content\/uploads\/2025\/04\/Bordacs_Andrea_portre-min.jpg\" data-elementor-open-lightbox=\"yes\" data-elementor-lightbox-slideshow=\"4f5d14e4\" data-e-action-hash=\"#elementor-action%3Aaction%3Dlightbox%26settings%3DeyJpZCI6NDY4NSwidXJsIjoiaHR0cHM6XC9cL2xva2FydC5odVwvd3AtY29udGVudFwvdXBsb2Fkc1wvMjAyNVwvMDRcL0JvcmRhY3NfQW5kcmVhX3BvcnRyZS1taW4uanBnIiwic2xpZGVzaG93IjoiNGY1ZDE0ZTQifQ%3D%3D\">\n\t\t\t\t\t<div class=\"e-gallery-image elementor-gallery-item__image\" data-thumbnail=\"https:\/\/lokart.hu\/wp-content\/uploads\/2025\/04\/Bordacs_Andrea_portre-min-768x895.jpg\" data-width=\"768\" data-height=\"895\" aria-label=\"\" role=\"img\" ><\/div>\n\t\t\t\t\t\t\t\t\t\t\t<div class=\"elementor-gallery-item__overlay\"><\/div>\n\t\t\t\t\t\t\t\t\t\t\t\t\t\t\t<div class=\"elementor-gallery-item__content\">\n\t\t\t\t\t\t\t\t\t\t\t\t\t\t<div class=\"elementor-gallery-item__title\">\n\t\t\t\t\t\t\t\t\t\t\t\t\t\t\t\t\t\t\u25c9 BORD\u00c1CS ANDREA \u25c9\t\t\t\t\t\t\t\t<\/div>\n\t\t\t\t\t\t\t\t\t\t\t\t\t\t\t<div class=\"elementor-gallery-item__description\">\n\t\t\t\t\t\t\t\t\t\t\t\t\t\t\t\t\t\tDr. Bord\u00e1cs Andrea,  eszt\u00e9ta, az ELTE BDPK Vizu\u00e1lis M\u0171v\u00e9szeti Tansz\u00e9k\u00e9nek tansz\u00e9kvezet\u0151je, docens\nMagyar \u2013 t\u00f6rt\u00e9nelem \u2013 eszt\u00e9tika - kultur\u00e1lis menedzser szakokon v\u00e9gzett. A kutat\u00e1sai f\u0151 ir\u00e1nya r\u00e9szben a m\u0171v\u00e9szet-m\u0171v\u00e9szetelm\u00e9let hat\u00e1r\u00e1n mozog. Az oktat\u00e1s mellett m\u0171v\u00e9szeti kritik\u00e1kat, tanulm\u00e1nyokat, k\u00f6nyveket \u00edr, szerkeszt, \u00e9s f\u00fcggetlen kur\u00e1tori munk\u00e1i vannak. A kort\u00e1rs m\u0171v\u00e9szetben els\u0151sorban a testk\u00e9p, a feminista n\u00e9z\u0151pont, a n\u0151i szerepek, a hagyom\u00e1nyra val\u00f3 reflexi\u00f3, azaz az \u00fajra\u00edr\u00e1sa, \u00fajra\u00e9rtelmez\u00e9se, a digit\u00e1lis vil\u00e1g \u00e9s a m\u0171v\u00e9szeti oktat\u00e1s, m\u0171v\u00e9szetk\u00f6zvet\u00edt\u00e9s t\u00e9m\u00e1i \u00e1llnak a hozz\u00e1 a legk\u00f6zelebb. A fontos kutat\u00e1si f\u00f3kusza m\u00e9g a centrum-perif\u00e9ria k\u00e9rd\u00e9se, a k\u00f6z\u00e9p-eur\u00f3pai m\u0171v\u00e9szet.\t\t\t\t\t\t\t\t<\/div>\n\t\t\t\t\t\t\t\t\t\t\t\t<\/div>\n\t\t\t\t\t\t\t\t\t<\/a>\n\t\t\t\t\t\t\t<a class=\"e-gallery-item elementor-gallery-item elementor-animated-content\" data-e-gallery-tags=\"3\" href=\"https:\/\/lokart.hu\/wp-content\/uploads\/2025\/04\/kocsis_katica_portre_Szalmas-Krisztina_fotoja-1-scaled.jpg\" data-elementor-open-lightbox=\"yes\" data-elementor-lightbox-slideshow=\"4f5d14e4\" data-e-action-hash=\"#elementor-action%3Aaction%3Dlightbox%26settings%3DeyJpZCI6NDc0NCwidXJsIjoiaHR0cHM6XC9cL2xva2FydC5odVwvd3AtY29udGVudFwvdXBsb2Fkc1wvMjAyNVwvMDRcL2tvY3Npc19rYXRpY2FfcG9ydHJlX1N6YWxtYXMtS3Jpc3p0aW5hX2ZvdG9qYS0xLXNjYWxlZC5qcGciLCJzbGlkZXNob3ciOiI0ZjVkMTRlNCJ9\">\n\t\t\t\t\t<div class=\"e-gallery-image elementor-gallery-item__image\" data-thumbnail=\"https:\/\/lokart.hu\/wp-content\/uploads\/2025\/04\/kocsis_katica_portre_Szalmas-Krisztina_fotoja-1-768x960.jpg\" data-width=\"768\" data-height=\"960\" aria-label=\"\" role=\"img\" ><\/div>\n\t\t\t\t\t\t\t\t\t\t\t<div class=\"elementor-gallery-item__overlay\"><\/div>\n\t\t\t\t\t\t\t\t\t\t\t\t\t\t\t<div class=\"elementor-gallery-item__content\">\n\t\t\t\t\t\t\t\t\t\t\t\t\t\t<div class=\"elementor-gallery-item__title\">\n\t\t\t\t\t\t\t\t\t\t\t\t\t\t\t\t\t\t\u25c9 KOCSIS KATICA \u25c9\t\t\t\t\t\t\t\t<\/div>\n\t\t\t\t\t\t\t\t\t\t\t\t\t\t\t<div class=\"elementor-gallery-item__description\">\n\t\t\t\t\t\t\t\t\t\t\t\t\t\t\t\t\t\tKocsis Katica,  eszt\u00e9ta akt\u00edv szerepl\u0151je a hazai kort\u00e1rs m\u0171v\u00e9szeti sz\u00ednt\u00e9rnek. \u00dajs\u00e1g\u00edr\u00f3k\u00e9nt \u00e9s kur\u00e1tork\u00e9nt egyar\u00e1nt dolgozik, a kor\u00e1bban megval\u00f3sult projektjei jellemz\u0151en n\u0151i t\u00e9m\u00e1kat j\u00e1rtak k\u00f6rbe, de rendezett m\u00e1r t\u00e1rlatot a s\u00e9r\u00fcl\u00e9kenys\u00e9g \u00e9s a bolyong\u00e1s otthonkeres\u00e9s t\u00e9m\u00e1j\u00e1ban is. Az instagramon fut\u00f3 videointerj\u00fa-sorozat\u00e1ban az alkot\u00f3kat m\u0171termeikben k\u00e9rdezi, amelyek egyszerre engednek betekint\u00e9st eezekbe a nem mindig l\u00e1that\u00f3 terekbe, mik\u00f6zben k\u00f6zvetlen hangv\u00e9tel\u00fck a kort\u00e1rs m\u0171v\u00e9szekkel val\u00f3 kapcsol\u00f3d\u00e1st c\u00e9lozza. \u00c1prilisban jelent meg els\u0151, Weiler P\u00e9terr\u0151l \u00edrt k\u00f6nyve, jelenleg a Kacsuk-gy\u0171jtem\u00e9nyr\u0151l sz\u00f3l\u00f3 k\u00f6teten dolgozik. A Focus On Black Art online magazin alap\u00edt\u00f3ja, ezen a fel\u00fcleten fekete alkot\u00f3kkal k\u00e9sz\u00edtett interj\u00fakat publik\u00e1l amelyek a fekete m\u0171v\u00e9szet m\u00e9lyebb megismer\u00e9s\u00e9t teszik lehet\u0151v\u00e9.\t\t\t\t\t\t\t\t<\/div>\n\t\t\t\t\t\t\t\t\t\t\t\t<\/div>\n\t\t\t\t\t\t\t\t\t<\/a>\n\t\t\t\t\t\t\t<a class=\"e-gallery-item elementor-gallery-item elementor-animated-content\" data-e-gallery-tags=\"3\" href=\"https:\/\/lokart.hu\/wp-content\/uploads\/2025\/04\/Gergely_Nagy_Photo_Krisztina_Erdei_2022_web-min-scaled.jpeg\" data-elementor-open-lightbox=\"yes\" data-elementor-lightbox-slideshow=\"4f5d14e4\" data-e-action-hash=\"#elementor-action%3Aaction%3Dlightbox%26settings%3DeyJpZCI6NDY4NiwidXJsIjoiaHR0cHM6XC9cL2xva2FydC5odVwvd3AtY29udGVudFwvdXBsb2Fkc1wvMjAyNVwvMDRcL0dlcmdlbHlfTmFneV9QaG90b19LcmlzenRpbmFfRXJkZWlfMjAyMl93ZWItbWluLXNjYWxlZC5qcGVnIiwic2xpZGVzaG93IjoiNGY1ZDE0ZTQifQ%3D%3D\">\n\t\t\t\t\t<div class=\"e-gallery-image elementor-gallery-item__image\" data-thumbnail=\"https:\/\/lokart.hu\/wp-content\/uploads\/2025\/04\/Gergely_Nagy_Photo_Krisztina_Erdei_2022_web-min-768x658.jpeg\" data-width=\"768\" data-height=\"658\" aria-label=\"\" role=\"img\" ><\/div>\n\t\t\t\t\t\t\t\t\t\t\t<div class=\"elementor-gallery-item__overlay\"><\/div>\n\t\t\t\t\t\t\t\t\t\t\t\t\t\t\t<div class=\"elementor-gallery-item__content\">\n\t\t\t\t\t\t\t\t\t\t\t\t\t\t<div class=\"elementor-gallery-item__title\">\n\t\t\t\t\t\t\t\t\t\t\t\t\t\t\t\t\t\t\u25c9 NAGY GERGELY \u25c9\t\t\t\t\t\t\t\t<\/div>\n\t\t\t\t\t\t\t\t\t\t\t\t\t\t\t<div class=\"elementor-gallery-item__description\">\n\t\t\t\t\t\t\t\t\t\t\t\t\t\t\t\t\t\tNagy Gergely (1969), \u00fajs\u00e1g\u00edr\u00f3, szerkeszt\u0151, \u00edr\u00f3. Budapesten \u00e9l \u00e9s dolgozik. Jelenleg a Qubit.hu munkat\u00e1rsa. Az ELTE BTK doktorandusz \u00f6szt\u00f6nd\u00edjasa. F\u0151 \u00e9rdekl\u0151d\u00e9si ter\u00fcletei a kort\u00e1rs m\u0171v\u00e9szet, a kult\u00farpolitika \u00e9s a kultur\u00e1lis ellen\u00e1ll\u00e1s. Sok\u00e9ves \u00fajs\u00e1g\u00edr\u00f3i munka ut\u00e1n 2013 \u00f3ta el\u0151bb az Artportal, majd A m\u0171 online m\u0171v\u00e9szeti magazin f\u0151szerkeszt\u0151je. Egyik kezdem\u00e9nyez\u0151je az East Art Mags-nek, a kelet-k\u00f6z\u00e9p-eur\u00f3pai r\u00e9gi\u00f3 \u00f6t m\u0171v\u00e9szeti magazinj\u00e1t \u00f6sszefog\u00f3 egy\u00fcttm\u0171k\u00f6d\u00e9si projektnek. Egyik alap\u00edt\u00f3ja az OFF-Bienn\u00e1le Budapestnek, a t\u00e9rs\u00e9g legnagyobb civil kort\u00e1rs m\u0171v\u00e9szeti kezdem\u00e9nyez\u00e9s\u00e9t gondoz\u00f3 civil szervezetnek. Tagja a Kritikus Kult\u00fara csoportnak, amely esem\u00e9nyeket, konferenci\u00e1kat szervez a hazai progressz\u00edv kult\u00fara helyzet\u00e9vel kapcsolatban. N\u00e9gy k\u00f6nyv szerz\u0151je. \t\t\t\t\t\t\t\t<\/div>\n\t\t\t\t\t\t\t\t\t\t\t\t<\/div>\n\t\t\t\t\t\t\t\t\t<\/a>\n\t\t\t\t\t\t\t<a class=\"e-gallery-item elementor-gallery-item elementor-animated-content\" data-e-gallery-tags=\"3\" href=\"https:\/\/lokart.hu\/wp-content\/uploads\/2025\/04\/sirbik_attila-1.jpeg\" data-elementor-open-lightbox=\"yes\" data-elementor-lightbox-slideshow=\"4f5d14e4\" data-e-action-hash=\"#elementor-action%3Aaction%3Dlightbox%26settings%3DeyJpZCI6NDcwNSwidXJsIjoiaHR0cHM6XC9cL2xva2FydC5odVwvd3AtY29udGVudFwvdXBsb2Fkc1wvMjAyNVwvMDRcL3NpcmJpa19hdHRpbGEtMS5qcGVnIiwic2xpZGVzaG93IjoiNGY1ZDE0ZTQifQ%3D%3D\">\n\t\t\t\t\t<div class=\"e-gallery-image elementor-gallery-item__image\" data-thumbnail=\"https:\/\/lokart.hu\/wp-content\/uploads\/2025\/04\/sirbik_attila-1-768x768.jpeg\" data-width=\"768\" data-height=\"768\" aria-label=\"\" role=\"img\" ><\/div>\n\t\t\t\t\t\t\t\t\t\t\t<div class=\"elementor-gallery-item__overlay\"><\/div>\n\t\t\t\t\t\t\t\t\t\t\t\t\t\t\t<div class=\"elementor-gallery-item__content\">\n\t\t\t\t\t\t\t\t\t\t\t\t\t\t<div class=\"elementor-gallery-item__title\">\n\t\t\t\t\t\t\t\t\t\t\t\t\t\t\t\t\t\t\u25c9 SIRBIK ATTILA \u25c9\t\t\t\t\t\t\t\t<\/div>\n\t\t\t\t\t\t\t\t\t\t\t\t\t\t\t<div class=\"elementor-gallery-item__description\">\n\t\t\t\t\t\t\t\t\t\t\t\t\t\t\t\t\t\tSirbik Attila \u00fajs\u00e1g\u00edr\u00f3, \u00edr\u00f3, kult\u00faraszervez\u0151, v\u00e1llakoz\u00f3 Jugoszl\u00e1vi\u00e1ban sz\u00fcletett, Po\u017earevacon volt katona. Jelenleg Budapesten \u00e9l \u00e9s dolgozik.\nK\u00e9pz\u0151m\u0171v\u00e9szeti \u00edr\u00e1sait szerbiai \u00e9s magyarorsz\u00e1gi lapokban publik\u00e1lja. 2000 \u00e9s 2024 k\u00f6z\u00f6tt az \u00daj M\u0171v\u00e9szet Online f\u0151szerkeszt\u0151je volt. Web- \u00e9s brand\u00e9p\u00edt\u00e9ssel is foglalkozik. A Symposion Kiad\u00f3 vezet\u0151je. T\u00f6bb k\u00f6nyv szerz\u0151je \u00e9s t\u00e1rsszerz\u0151je. Els\u0151 reg\u00e9nye St. Euphemia c\u00edmmel jelent meg a Magvet\u0151 \u00e9s a Forum kiad\u00f3 k\u00f6z\u00f6s gondoz\u00e1s\u00e1ban.\t\t\t\t\t\t\t\t<\/div>\n\t\t\t\t\t\t\t\t\t\t\t\t<\/div>\n\t\t\t\t\t\t\t\t\t<\/a>\n\t\t\t\t\t\t\t<a class=\"e-gallery-item elementor-gallery-item elementor-animated-content\" data-e-gallery-tags=\"3\" href=\"https:\/\/lokart.hu\/wp-content\/uploads\/2025\/04\/Topor-Tunde-_foto-Acsai-Miklos-1-1-scaled.jpeg\" data-elementor-open-lightbox=\"yes\" data-elementor-lightbox-slideshow=\"4f5d14e4\" data-e-action-hash=\"#elementor-action%3Aaction%3Dlightbox%26settings%3DeyJpZCI6NDc0NSwidXJsIjoiaHR0cHM6XC9cL2xva2FydC5odVwvd3AtY29udGVudFwvdXBsb2Fkc1wvMjAyNVwvMDRcL1RvcG9yLVR1bmRlLV9mb3RvLUFjc2FpLU1pa2xvcy0xLTEtc2NhbGVkLmpwZWciLCJzbGlkZXNob3ciOiI0ZjVkMTRlNCJ9\">\n\t\t\t\t\t<div class=\"e-gallery-image elementor-gallery-item__image\" data-thumbnail=\"https:\/\/lokart.hu\/wp-content\/uploads\/2025\/04\/Topor-Tunde-_foto-Acsai-Miklos-1-1-768x1154.jpeg\" data-width=\"768\" data-height=\"1154\" aria-label=\"\" role=\"img\" ><\/div>\n\t\t\t\t\t\t\t\t\t\t\t<div class=\"elementor-gallery-item__overlay\"><\/div>\n\t\t\t\t\t\t\t\t\t\t\t\t\t\t\t<div class=\"elementor-gallery-item__content\">\n\t\t\t\t\t\t\t\t\t\t\t\t\t\t<div class=\"elementor-gallery-item__title\">\n\t\t\t\t\t\t\t\t\t\t\t\t\t\t\t\t\t\t\u25c9 TOPOR T\u00dcNDE \u25c9 A KRITIKUSOK ZS\u0170RIJ\u00c9NEK ELN\u00d6KE \u25c9\t\t\t\t\t\t\t\t<\/div>\n\t\t\t\t\t\t\t\t\t\t\t\t\t\t\t<div class=\"elementor-gallery-item__description\">\n\t\t\t\t\t\t\t\t\t\t\t\t\t\t\t\t\t\t1989-ben az ELTE-n v\u00e9gzett m\u0171v\u00e9szett\u00f6rt\u00e9net-magyaron. Dolgozott a Qualitas Gal\u00e9ri\u00e1ban, ki\u00e1ll\u00edt\u00e1st rendezett a R\u00f3mai Iskola fest\u0151ib\u0151l. 1991\u201393 k\u00f6z\u00f6tt m\u0171v\u00e9szeti t\u00e9v\u00e9m\u0171sorok k\u00e9sz\u00edt\u00e9s\u00e9ben vett r\u00e9szt, Vaszary J\u00e1nosr\u00f3l kisfilmet k\u00e9sz\u00edtett. 1995-ben megalap\u00edtotta a Vendemiaire m\u0171v\u00e9szeti tan\u00e1csad\u00f3 c\u00e9get. \u00cdr\u00e1sai jelentek meg t\u00f6bb m\u0171v\u00e9szeti lapban, majd 2003-ban Artmagazint alap\u00edtott, amelynek 2005-t\u0151l f\u0151szerkeszt\u0151je. R\u00f3nai \u00c9va textilm\u0171v\u00e9szr\u0151l k\u00f6nyvet \u00edrt. 2007 \u00f3ta a M\u00fcpa m\u0171v\u00e9szeti tan\u00e1csad\u00f3ja, t\u00e1rlatokat vezet, r\u00e1di\u00f3m\u0171sorokban \u00e9s podcastban n\u00e9pszer\u0171s\u00edti a kort\u00e1rs m\u0171v\u00e9szetet. Az \u00c9let a k\u00e9pben-podcast sorozatban Winkler N\u00f3r\u00e1val ki\u00e1ll\u00edt\u00e1sokr\u00f3l besz\u00e9lget. 2024-ben Pro Cultura Urbis-d\u00edjat kapott.\t\t\t\t\t\t\t\t<\/div>\n\t\t\t\t\t\t\t\t\t\t\t\t<\/div>\n\t\t\t\t\t\t\t\t\t<\/a>\n\t\t\t\t\t<\/div>\n\t\t\t\t\t<\/div>\n\t\t\t\t<\/div>\n\t\t\t\t\t<\/div>\n\t\t<\/div>\n\t\t\t\t\t<\/div>\n\t\t<\/section>\n\t\t<div class=\"elementor-element elementor-element-94fb761 e-flex e-con-boxed e-con e-parent\" data-id=\"94fb761\" data-element_type=\"container\" data-e-type=\"container\">\n\t\t\t\t\t<div class=\"e-con-inner\">\n\t\t\t\t\t<\/div>\n\t\t\t\t<\/div>\n\t\t\t\t<\/div>\n\t\t","protected":false},"excerpt":{"rendered":"<p>r\u00e9sztvev\u0151k2025 Facebook-f Instagram Youtube 60 ki\u00e1ll\u00edt\u00f3 6 helysz\u00ednen Kur\u00e1torok M\u0171v\u00e9szek szakmai zs\u0171ri Kritikusok zs\u0171rije \u25c9 FENYVESI \u00c1RON \u25c9 Fenyvesi \u00c1ron m\u0171v\u00e9szett\u00f6rt\u00e9n\u00e9sz 1983-ban sz\u00fcletett \u00dajvid\u00e9ken. 2018 \u00f3ta az acb Gal\u00e9ria f\u0151kur\u00e1tora. 2002-ben kezdte meg tanulm\u00e1nyait az E\u00f6tv\u00f6s Lor\u00e1nd Tudom\u00e1nyegyetem B\u00f6lcs\u00e9szettudom\u00e1nyi Kar\u00e1n, ahol m\u0171v\u00e9szett\u00f6rt\u00e9net \u00e9s eszt\u00e9tika szakon tanult. 2008-2009 k\u00f6z\u00f6tt a Fiatal K\u00e9pz\u0151m\u0171v\u00e9szek St\u00fadi\u00f3ja Egyes\u00fclet titk\u00e1ra volt. &hellip;<\/p>\n<p class=\"read-more\"> <a class=\"\" href=\"https:\/\/lokart.hu\/en\/festivalrol-2025\/\"> <span class=\"screen-reader-text\">About Festival 2025<\/span> Read More \"<\/a><\/p>","protected":false},"author":5,"featured_media":0,"parent":0,"menu_order":0,"comment_status":"closed","ping_status":"closed","template":"elementor_header_footer","meta":{"site-sidebar-layout":"no-sidebar","site-content-layout":"page-builder","ast-global-header-display":"","ast-main-header-display":"","ast-hfb-above-header-display":"","ast-hfb-below-header-display":"","ast-hfb-mobile-header-display":"","site-post-title":"disabled","ast-breadcrumbs-content":"","ast-featured-img":"disabled","footer-sml-layout":"","theme-transparent-header-meta":"","adv-header-id-meta":"","stick-header-meta":"","header-above-stick-meta":"","header-main-stick-meta":"","header-below-stick-meta":"","footnotes":""},"class_list":["post-4673","page","type-page","status-publish","hentry"],"_links":{"self":[{"href":"https:\/\/lokart.hu\/en\/wp-json\/wp\/v2\/pages\/4673","targetHints":{"allow":["GET"]}}],"collection":[{"href":"https:\/\/lokart.hu\/en\/wp-json\/wp\/v2\/pages"}],"about":[{"href":"https:\/\/lokart.hu\/en\/wp-json\/wp\/v2\/types\/page"}],"author":[{"embeddable":true,"href":"https:\/\/lokart.hu\/en\/wp-json\/wp\/v2\/users\/5"}],"replies":[{"embeddable":true,"href":"https:\/\/lokart.hu\/en\/wp-json\/wp\/v2\/comments?post=4673"}],"version-history":[{"count":260,"href":"https:\/\/lokart.hu\/en\/wp-json\/wp\/v2\/pages\/4673\/revisions"}],"predecessor-version":[{"id":5877,"href":"https:\/\/lokart.hu\/en\/wp-json\/wp\/v2\/pages\/4673\/revisions\/5877"}],"wp:attachment":[{"href":"https:\/\/lokart.hu\/en\/wp-json\/wp\/v2\/media?parent=4673"}],"curies":[{"name":"wp","href":"https:\/\/api.w.org\/{rel}","templated":true}]}}